{"id":33173,"date":"2025-06-26T15:57:22","date_gmt":"2025-06-26T13:57:22","guid":{"rendered":"https:\/\/chiarabevents.com\/?post_type=event-planner&#038;p=33173"},"modified":"2025-06-26T15:57:22","modified_gmt":"2025-06-26T13:57:22","slug":"organizace-narozeninovych-oslav-v-barcelone-pozzo-di-gotto","status":"publish","type":"event-planner","link":"https:\/\/chiarabevents.com\/cs\/planovac-akci\/organizace-narozeninovych-oslav-v-barcelone-pozzo-di-gotto\/","title":{"rendered":"Organizace narozeninov\u00e9 oslavy v Barcellona Pozzo di Gotto"},"content":{"rendered":"<h2>\u00davod<\/h2>\n<p>Po\u0159\u00e1d\u00e1n\u00ed narozeninov\u00e9 oslavy v <strong>Barcelona Pozzo di Gotto<\/strong> znamen\u00e1 prom\u011bnit oby\u010dejnou spole\u010denskou chvilku v jedine\u010dn\u00fd z\u00e1\u017eitek, kter\u00fd spoj\u00ed p\u0159\u00e1tele a rodinu v atmosf\u00e9\u0159e p\u0159\u00e1telstv\u00ed. <strong>joy<\/strong>, <strong>styl<\/strong> e <strong>emoce<\/strong>. Barcellona Pozzo di Gotto se nach\u00e1z\u00ed na tyrh\u00e9nsk\u00e9m pob\u0159e\u017e\u00ed Messiny a nab\u00edz\u00ed malebn\u00e9 scen\u00e9rie, sugestivn\u00ed m\u00edsta a kulturn\u00ed d\u011bdictv\u00ed, kter\u00e9 jsou ide\u00e1ln\u00ed kulisou pro oslavu v\u00fdznamn\u00e9ho miln\u00edku. S podporou <a href=\"https:\/\/chiarabevents.com\/cs\/\">Chiara Ud\u00e1losti<\/a>o ka\u017ed\u00fd detail - od napl\u00e1nov\u00e1n\u00ed konceptu a\u017e po uzav\u0159en\u00ed akce - se postar\u00e1me s preciznost\u00ed, kreativitou a hlubokou znalost\u00ed oblasti, abychom v\u00e1m p\u0159ipravili nezapomenuteln\u00e9 narozeniny.<\/p>\n<h2>Pro\u010d si pro sv\u00e9 narozeniny vybrat Barcellona Pozzo di Gotto?<\/h2>\n<p>Barcellona Pozzo di Gotto nen\u00ed jen m\u011bstem u mo\u0159e, ale tak\u00e9 k\u0159i\u017eovatkou <strong>historie<\/strong>, <strong>tradice<\/strong> e <strong>krajiny<\/strong> unik\u00e1tn\u00ed. Jeho \u017eiv\u00e1 n\u00e1m\u011bst\u00ed, dl\u00e1\u017ed\u011bn\u00e9 uli\u010dky a pohledy na Milazzsk\u00fd z\u00e1liv vytv\u00e1\u0159ej\u00ed dokonalou kombinaci m\u011bstsk\u00e9ho prost\u0159ed\u00ed a p\u0159\u00edrodn\u00edch kr\u00e1s. Uspo\u0159\u00e1dat zde narozeniny znamen\u00e1:<\/p>\n<ul>\n<li>Pono\u0159te se do prost\u0159ed\u00ed architektury z 18. stolet\u00ed, kter\u00e1 dod\u00e1 ka\u017ed\u00e9 fotografii na pam\u00e1tku kouzlo a autenticitu.<\/li>\n<li>Bl\u00edzkost mo\u0159e vyu\u017eijte k venkovn\u00edm radov\u00e1nk\u00e1m, od z\u00e1padu slunce na promen\u00e1d\u011b a\u017e po ve\u010de\u0159i pod hv\u011bzdami.<\/li>\n<li>Slad\u011bn\u00ed soukrom\u00fdch soukrom\u00fdch prostor a ve\u0159ejn\u00fdch m\u00edst, zaji\u0161t\u011bn\u00ed flexibility a rozmanitosti sc\u00e9n\u00e1\u0159\u016f.<\/li>\n<\/ul>\n<p>Spole\u010dnost Chiara Events tyto vlastnosti posiluje a vyb\u00edr\u00e1 \u0159e\u0161en\u00ed, kter\u00e1 odr\u00e1\u017eej\u00ed styl oslavence a zaji\u0161\u0165uj\u00ed hladkou organizaci bez stresu.<\/p>\n<h2>Od vize ke konceptu<\/h2>\n<p>Prvn\u00edm krokem k \u00fasp\u011b\u0161n\u00e9 oslav\u011b je hloubkov\u00fd rozhovor, b\u011bhem kter\u00e9ho si vyslechneme va\u0161e p\u0159\u00e1n\u00ed, po\u010det host\u016f a o\u010dek\u00e1v\u00e1n\u00ed, pokud jde o. <strong>n\u00e1lada<\/strong>, <strong>t\u00e9ma<\/strong> e <strong>rozpo\u010det<\/strong>. V t\u00e9to f\u00e1zi definujeme <strong>fil rouge<\/strong> ud\u00e1losti, tj. tv\u016fr\u010d\u00ed my\u0161lenka, kter\u00e1 bude \u0159\u00eddit v\u0161echna n\u00e1sledn\u00e1 rozhodnut\u00ed. Na\u0161i pl\u00e1nova\u010di akc\u00ed vypracuj\u00ed <strong>digit\u00e1ln\u00ed moodboard<\/strong>, kol\u00e1\u017e obr\u00e1zk\u016f, barevn\u00fdch palet a materi\u00e1l\u016f, kter\u00e9 shrnuj\u00ed po\u017eadovanou atmosf\u00e9ru, a p\u0159edstavit 3D rendery, kter\u00e9 umo\u017e\u0148uj\u00ed n\u00e1hled na uspo\u0159\u00e1d\u00e1n\u00ed prostor.<\/p>\n<p>Tato metodika spolupr\u00e1ce v\u00e1m d\u00e1v\u00e1 mo\u017enost zas\u00e1hnout do ka\u017ed\u00e9ho detailu: upravit barvy z\u00e1v\u011bs\u016f, navrhnout styl stolov\u00e1n\u00ed a sezen\u00ed, vybrat nejvhodn\u011bj\u0161\u00ed osv\u011btlen\u00ed a ur\u010dit po\u0159ad\u00ed z\u00e1bavy. V\u00fdsledkem je koncept na m\u00edru, v\u011brn\u00fd va\u0161\u00ed osobnosti a emoc\u00edm, kter\u00e9 chcete p\u0159edat.<\/p>\n<h2>Exkluzivn\u00ed m\u00edsta v Barcellona Pozzo di Gotto<\/h2>\n<p>V\u00fdb\u011br m\u00edsta je pro vytvo\u0159en\u00ed spr\u00e1vn\u00e9 atmosf\u00e9ry kl\u00ed\u010dov\u00fd. Zde jsou n\u011bkter\u00e9 z na\u0161ich nejobl\u00edben\u011bj\u0161\u00edch n\u00e1vrh\u016f:<\/p>\n<h3>Radnice a historick\u00e1 n\u00e1dvo\u0159\u00ed<\/h3>\n<p>Palazzo Comunale se nach\u00e1z\u00ed v sam\u00e9m srdci historick\u00e9ho centra m\u011bsta s v\u00fdhledem na dl\u00e1\u017ed\u011bn\u00e1 n\u00e1m\u011bst\u00ed a p\u016fvabn\u00e9 uli\u010dky. Na jeho vnit\u0159n\u00edch dvorech - vhodn\u011b vyt\u00e1p\u011bn\u00fdch nebo klimatizovan\u00fdch - lze po\u0159\u00e1dat jak elegantn\u00ed akce s ve\u010de\u0159\u00ed vsed\u011b, tak koktejly a aperitivy ve stoje. Odhalen\u00e9 kamenn\u00e9 zdivo a klenby z 18. stolet\u00ed se st\u00e1vaj\u00ed p\u0159irozenou kulisou, kterou umoc\u0148uje ad hoc projekt osv\u011btlen\u00ed.<\/p>\n<h3>Panoramatick\u00e9 terasy s v\u00fdhledem na mo\u0159e<\/h3>\n<p>Jen p\u00e1r krok\u016f od p\u0159\u00edstavu se nach\u00e1z\u00ed n\u011bkolik soukrom\u00fdch teras s jedine\u010dn\u00fdm v\u00fdhledem na z\u00e1liv Milazzo. Tyto otev\u0159en\u00e9 prostory jsou ide\u00e1ln\u00ed pro aperitivy p\u0159i z\u00e1padu slunce nebo ve\u010de\u0159e pod hv\u011bzdami a jsou vybaveny elegantn\u00edmi alt\u00e1nky, pohovkami a diskr\u00e9tn\u00edm zvukov\u00fdm syst\u00e9mem, kter\u00fd umoc\u0148uje konverzaci. V\u016fn\u011b soln\u00e9 mlhy a \u0161um\u011bn\u00ed vln vytv\u00e1\u0159ej\u00ed p\u0159irozen\u00e9 pozad\u00ed pro relaxaci a p\u0159ekvapen\u00ed host\u016f.<\/p>\n<h3>Statky a agroturistick\u00e9 objekty v okol\u00ed<\/h3>\n<p>N\u011bkolik kilometr\u016f od pob\u0159e\u017e\u00ed se v \u00fadol\u00edch ve vnitrozem\u00ed nach\u00e1zej\u00ed historick\u00e9 mas\u00e9rsk\u00e9 farmy, kter\u00e9 jsou pono\u0159en\u00e9 do olivov\u00fdch h\u00e1j\u016f a vinic. Tyto rustik\u00e1ln\u00ed a elegantn\u00ed prostory umo\u017e\u0148uj\u00ed st\u0159\u00eddat p\u0159\u00edjemn\u00e9 chv\u00edle pod \u0161ir\u00fdm nebem, jako je gurm\u00e1nsk\u00e9 grilov\u00e1n\u00ed a ochutn\u00e1vka v\u00edna, s intimn\u011bj\u0161\u00edm prost\u0159ed\u00edm uvnit\u0159, pod kamenn\u00fdmi klenbami. Kuchyn\u011b, p\u0159\u00edsn\u011b km 0, je rysem spojen\u00ed \u00fazem\u00ed a tradice.<\/p>\n<h3>V\u00edce\u00fa\u010delov\u00e9 haly a m\u011bstsk\u00e9 lofty<\/h3>\n<p>Pro ty, kte\u0159\u00ed d\u00e1vaj\u00ed p\u0159ednost modern\u00ed atmosf\u00e9\u0159e, vyb\u00edr\u00e1me pokoje v renovovan\u00fdch budov\u00e1ch a loftech s velk\u00fdmi okny, kde se minimalistick\u00fd design snoub\u00ed s okouzluj\u00edc\u00edmi detaily. Tyto modul\u00e1rn\u00ed prostory se p\u0159izp\u016fsob\u00ed ka\u017ed\u00e9 pot\u0159eb\u011b: obd\u00e9ln\u00edkov\u00e9 stoly pro ve\u010de\u0159i, tane\u010dn\u00ed parket pro ve\u010d\u00edrek a technologick\u00e1 sestava pro projekce nebo DJ sety.<\/p>\n<h2>Zku\u0161enosti s cateringem a stravov\u00e1n\u00edm<\/h2>\n<p>Gastronomick\u00e1 cesta je jedn\u00edm z nejo\u010dek\u00e1van\u011bj\u0161\u00edch okam\u017eik\u016f. S Chiara Events spolupracujeme s hv\u011bzdn\u00fdmi \u0161\u00e9fkucha\u0159i a mlad\u00fdmi m\u00edstn\u00edmi talenty na tvorb\u011b menu. <strong>na zak\u00e1zku<\/strong>dok\u00e1\u017ee vypr\u00e1v\u011bt o \u00fazem\u00ed prost\u0159ednictv\u00edm autentick\u00fdch chut\u00ed a gurm\u00e1nsk\u00fdch prezentac\u00ed.<\/p>\n<h3>P\u0159edkrmy a j\u00eddla z ruky<\/h3>\n<ul>\n<li>R\u00fd\u017eov\u00e9 Arancini pln\u011bn\u00e9 pist\u00e1ciemi a buvol\u00ed mozzarellou.<\/li>\n<li>Minikapon\u00e1t z grilovan\u00e9 zeleniny a kruton\u016f s mandlov\u00fdm pestem.<\/li>\n<li>Tatar\u00e1k z modr\u00e9 ryby se sicilsk\u00fdmi citrusov\u00fdmi plody.<\/li>\n<\/ul>\n<h3>Prvn\u00ed a druh\u00fd kurz<\/h3>\n<ul>\n<li>Ru\u010dn\u011b vyr\u00e1b\u011bn\u00e9 \u010derstv\u00e9 t\u011bstoviny s tradi\u010dn\u00edmi om\u00e1\u010dkami, jako jsou t\u011bstoviny se sardinkami, nebo s modern\u00ed interpretac\u00ed alla norma.<\/li>\n<li>Filet z tu\u0148\u00e1ka s drobenkou z \u010dern\u00fdch oliv a pep\u0159ov\u00fdm kr\u00e9mem.<\/li>\n<li>Hov\u011bz\u00ed pl\u00e1tky s rozmar\u00fdnem na l\u016f\u017eku z h\u0159\u00edbk\u016f.<\/li>\n<\/ul>\n<h3>Dezerty a sladkosti<\/h3>\n<ul>\n<li>\u010cerstv\u011b pln\u011bn\u00e9 cannoli s \u010derstvou ricottou a nasekan\u00fdmi pist\u00e1ciemi.<\/li>\n<li>Opunciov\u00fd parfait.<\/li>\n<li>L\u017ei\u010dkov\u00e9 dezerty inspirovan\u00e9 \"risu\" z Enny v modern\u00ed interpretaci.<\/li>\n<\/ul>\n<p>Kvalifikovan\u00fd sommeli\u00e9r p\u00e1ruje v\u00edna z vina\u0159stv\u00ed Etny a oblasti Nebrodi a prov\u00e1d\u00ed hosty kr\u00e1tk\u00fdm smyslov\u00fdm z\u00e1\u017eitkem, kter\u00fd obohat\u00ed cel\u00fd ve\u010der.<\/p>\n<h2>Inscenace a emocion\u00e1ln\u00ed sc\u00e9nografie<\/h2>\n<p>Sc\u00e9na je navr\u017eena tak, aby vytv\u00e1\u0159ela <strong>emoce<\/strong> a vylep\u0161it vybran\u00e9 m\u00edsto. Jemn\u00e9 l\u00e1tky, sez\u00f3nn\u00ed kv\u011btiny a n\u00e1bytek na m\u00edru jsou kombinov\u00e1ny v designu, kter\u00fd spojuje estetiku a funk\u010dnost.<\/p>\n<h3>Lehk\u00e9 hry<\/h3>\n<p>Hlavn\u00ed body programu doprov\u00e1z\u00ed dynamick\u00fd syst\u00e9m osv\u011btlen\u00ed: tepl\u00e1, m\u011bkk\u00e1 sv\u011btla b\u011bhem ve\u010de\u0159e, diskr\u00e9tn\u00ed z\u00e1blesky a lasery na tane\u010dn\u00edm parketu, projekce obraz\u016f a vide\u00ed na st\u011bn\u00e1ch, kdy\u017e se n\u00e1lada zm\u011bn\u00ed na \"digit\u00e1ln\u00ed\".<\/p>\n<h3>P\u0159izp\u016fsoben\u00e9 detaily<\/h3>\n<p>Laserem grav\u00edrovan\u00e9 jmenovky, menu ti\u0161t\u011bn\u00e9 na ru\u010dn\u00edm pap\u00ed\u0159e a d\u00e1rkov\u00e9 krabi\u010dky s typick\u00fdmi produkty, jako je extra panensk\u00fd olivov\u00fd olej, med z pomeran\u010dov\u00fdch kv\u011bt\u016f a citrusov\u00fd d\u017eem, host\u016fm hmatateln\u011b p\u0159ipomenou oslavu.<\/p>\n<h2>Z\u00e1bava a okam\u017eik pravdy<\/h2>\n<p>Chiara Events navrhuje pro udr\u017een\u00ed \u00fa\u010dasti na akci chv\u00edle <strong>z\u00e1bava<\/strong> p\u0159izp\u016fsoben\u00e9 publiku a n\u00e1lad\u011b ve\u010dera.<\/p>\n<h3>Hudba a performance<\/h3>\n<ul>\n<li>Akustick\u00e9 duo nebo jazzov\u00e9 trio pro aperitivy.<\/li>\n<li>Saxofon a soulov\u00e9 vok\u00e1ly b\u011bhem ve\u010de\u0159e.<\/li>\n<li>Dj set a zp\u011bv\u00e1k po ve\u010de\u0159i.<\/li>\n<\/ul>\n<p>Do programu je mo\u017en\u00e9 za\u0159adit vystoupen\u00ed tane\u010dn\u00edk\u016f, \u017eiv\u00fdch zp\u011bv\u00e1k\u016f nebo folklorn\u00edch skupin, kter\u00e9 obohacuj\u00ed m\u00edstn\u00ed tradice.<\/p>\n<h3>Interaktivn\u00ed koutek<\/h3>\n<p>Tematick\u00e9 fotost\u00e1nky, koktejlov\u00e1 stanovi\u0161t\u011b s odborn\u00fdmi barmany a stanovi\u0161t\u011b viz\u00e1\u017eist\u016f pro okam\u017eit\u00e9 selfie zaujmou hosty, kte\u0159\u00ed mohou sd\u00edlet tyto okam\u017eiky na soci\u00e1ln\u00edch s\u00edt\u00edch d\u00edky ofici\u00e1ln\u00edmu hashtagu, kter\u00fd spravuje medi\u00e1ln\u00ed koordin\u00e1tor.<\/p>\n<h3>Velk\u00e9 fin\u00e1le<\/h3>\n<p>Moment p\u0159ekvapen\u00ed - nap\u0159\u00edklad vypu\u0161t\u011bn\u00ed l\u00e9taj\u00edc\u00edch lampion\u016f nebo mal\u00fd, nen\u00e1padn\u00fd oh\u0148ostroj - zakon\u010d\u00ed ve\u010der spole\u010dn\u00fdmi emocemi a u\u010din\u00ed narozeniny skute\u010dn\u011b nesmazateln\u00fdmi.<\/p>\n<h2>Logistika a technick\u00e1 koordinace<\/h2>\n<p>\u00dasp\u011bch akce z\u00e1vis\u00ed na organizaci <strong>z\u00e1kulis\u00ed<\/strong>. N\u00e1\u0161 logistick\u00fd koordin\u00e1tor m\u00e1 na starosti:<\/p>\n<ol>\n<li>Z\u00edsk\u00e1v\u00e1n\u00ed povolen\u00ed a opr\u00e1vn\u011bn\u00ed k z\u00e1boru ve\u0159ejn\u00e9ho prostranstv\u00ed nebo vyu\u017e\u00edv\u00e1n\u00ed historick\u00fdch prostor.<\/li>\n<li>Pl\u00e1nov\u00e1n\u00ed nakl\u00e1dky a vykl\u00e1dky materi\u00e1l\u016f, koordinace \u010das\u016f mont\u00e1\u017ee a demont\u00e1\u017ee.<\/li>\n<li>V p\u0159\u00edpad\u011b pot\u0159eby zajist\u011bte parkovac\u00ed m\u00edsta a kyvadlovou dopravu.<\/li>\n<li>Vytvo\u0159te bezpe\u010dnostn\u00ed pl\u00e1ny se stevardy, m\u00edsty prvn\u00ed pomoci a jasn\u00fdmi evakua\u010dn\u00edmi trasami.<\/li>\n<li>Aktivujte z\u00e1lo\u017en\u00ed pl\u00e1ny pro p\u0159\u00edpad nep\u0159\u00edzniv\u00e9ho po\u010das\u00ed poskytnut\u00edm kryt\u00fdch prostor nebo nap\u00ednac\u00edch konstrukc\u00ed.<\/li>\n<\/ol>\n<p>Jedin\u00e9 kontaktn\u00ed m\u00edsto koordinuje dodavatele, techniky a provozovatele a zaji\u0161\u0165uje, \u017ee ka\u017ed\u00fd krok prob\u011bhne bez probl\u00e9m\u016f, tak\u017ee si m\u016f\u017eete oslavu u\u017e\u00edt v naprost\u00e9m klidu.<\/p>\n<h2>Komunikace a pozv\u00e1nky<\/h2>\n<p>Pro komunikaci ud\u00e1losti s hosty nab\u00edz\u00edme slu\u017eby. <strong>grafick\u00fd design<\/strong> e <strong>digit\u00e1ln\u00ed marketing<\/strong>:<\/p>\n<ul>\n<li>Pozv\u00e1nky na m\u00edru - pap\u00edrov\u00e9 nebo digit\u00e1ln\u00ed - slad\u011bn\u00e9 s konceptem.<\/li>\n<li>Vyhrazen\u00e1 vstupn\u00ed str\u00e1nka s modulem RSVP.<\/li>\n<li>P\u0159ipom\u00ednka prost\u0159ednictv\u00edm e-mailu, SMS nebo aplikace WhatsApp.<\/li>\n<\/ul>\n<p>B\u011bhem ve\u010dera se o \u017eiv\u00e9 vys\u00edl\u00e1n\u00ed na soci\u00e1ln\u00edch s\u00edt\u00edch star\u00e1 mana\u017eer soci\u00e1ln\u00edch m\u00e9di\u00ed, kter\u00fd pou\u017e\u00edv\u00e1 v\u00e1\u0161 ofici\u00e1ln\u00ed hashtag a vytv\u00e1\u0159\u00ed vysoce kvalitn\u00ed video a foto obsah.<\/p>\n<h2>Udr\u017eitelnost a p\u00e9\u010de o p\u016fdu<\/h2>\n<p>Chiara Ud\u00e1losti propaguje postupy <strong>ekologicky \u0161etrn\u00e9<\/strong> v ka\u017ed\u00e9 f\u00e1zi:<\/p>\n<ul>\n<li>V\u00fdb\u011br recyklovateln\u00fdch nebo opakovan\u011b pou\u017eiteln\u00fdch materi\u00e1l\u016f.<\/li>\n<li>Stravov\u00e1n\u00ed na 0 km se sn\u00ed\u017een\u00edm mno\u017estv\u00ed potravinov\u00e9ho odpadu.<\/li>\n<li>Pou\u017e\u00edv\u00e1n\u00ed \u00fasporn\u00fdch LED sv\u011btel a t\u0159\u00edd\u011bn\u00e9ho sb\u011bru.<\/li>\n<\/ul>\n<p>Tato pozornost v\u011bnovan\u00e1 \u017eivotn\u00edmu prost\u0159ed\u00ed odr\u00e1\u017e\u00ed \u00factu k \u00fazem\u00ed Barcellona Pozzo di Gotto a zvy\u0161uje jeho m\u00edstn\u00ed v\u00fdjime\u010dnost.<\/p>\n<h2>\u010casto kladen\u00e9 dotazy - Party in Barcellona Pozzo di Gotto<\/h2>\n<p><strong>1. S jak\u00fdm p\u0159edstihem m\u00e1m za\u010d\u00edt s organizac\u00ed oslavy?<\/strong><br \/>\nV p\u0159\u00edpad\u011b narozenin se slo\u017eit\u00fdm uspo\u0159\u00e1d\u00e1n\u00edm a mnoha dodavateli je vhodn\u00e9 za\u010d\u00edt s p\u0159\u00edpravami alespo\u0148 v t\u011bchto term\u00ednech <strong>t\u0159i m\u011bs\u00edce<\/strong> prvn\u00ed. U jednodu\u0161\u0161\u00edch ud\u00e1lost\u00ed, <strong>\u0161est a\u017e osm t\u00fddn\u016f<\/strong> m\u016f\u017ee b\u00fdt dosta\u010duj\u00edc\u00ed.<\/p>\n<p><strong>2. Je mo\u017en\u00e9 hospoda\u0159it s omezen\u00fdm rozpo\u010dtem, ani\u017e by byl ob\u011btov\u00e1n styl?<\/strong><br \/>\nAno: Chiara Events jasn\u011b definuje priority a vyb\u00edr\u00e1 modul\u00e1rn\u00ed \u0159e\u0161en\u00ed a chytr\u00e9 materi\u00e1ly, kter\u00e9 zaru\u010duj\u00ed p\u016fsobiv\u00fd v\u00fdsledek i s omezen\u00fdm rozpo\u010dtem.<\/p>\n<p><strong>3. Nab\u00edz\u00edte \u0159e\u0161en\u00ed pro d\u011btsk\u00e9 a rodinn\u00e9 oslavy?<\/strong><br \/>\nSamoz\u0159ejm\u011b. Navrhujeme d\u011btsk\u00e9 koutky, specializovanou z\u00e1bavu a j\u00eddeln\u00ed\u010dky vhodn\u00e9 pro d\u011bti, kter\u00e9 spojuj\u00ed bezpe\u010dnost a z\u00e1bavu.<\/p>\n<p><strong>4. Mohu p\u0159idat fotografick\u00e9 a video slu\u017eby?<\/strong><br \/>\nAno: spolupracujeme s profesion\u00e1ln\u00edmi fotografy a kameramany, abychom vytvo\u0159ili emotivn\u00ed z\u00e1znam ve\u010dera s digit\u00e1ln\u00edmi alby a videoz\u00e1znamy.<\/p>\n<p><strong>5. Jak si mohu vy\u017e\u00e1dat individu\u00e1ln\u00ed nab\u00eddku?<\/strong><br \/>\nNav\u0161tivte str\u00e1nku \"Kontakt <a href=\"https:\/\/chiarabevents.com\/cs\/\">Chiara Ud\u00e1losti<\/a>vypl\u0148te online formul\u00e1\u0159 nebo n\u00e1m p\u0159\u00edmo zavolejte. Ozveme se v\u00e1m do 24 hodin a poskytneme v\u00e1m bezplatnou a nez\u00e1vaznou konzultaci.<\/p>\n<p>D\u016fv\u011b\u0159ujte Chiara Events pro<strong>po\u0159\u00e1d\u00e1n\u00ed narozeninov\u00fdch oslav v Barcellona Pozzo di Gotto<\/strong>N\u00e1\u0161 t\u00fdm profesion\u00e1l\u016f prom\u011bn\u00ed ka\u017edou va\u0161i p\u0159edstavu ve vzru\u0161uj\u00edc\u00ed z\u00e1\u017eitek, kter\u00fd bude v\u011bnov\u00e1n i t\u011bm nejmen\u0161\u00edm detail\u016fm a dokonale za\u010dlen\u011bn do srdce Sic\u00edlie.<\/p>","protected":false},"featured_media":33174,"template":"","class_list":["post-33173","event-planner","type-event-planner","status-publish","has-post-thumbnail","hentry"],"yoast_head":"<!-- This site is optimized with the Yoast SEO Premium plugin v21.8 (Yoast SEO v27.3) - https:\/\/yoast.com\/product\/yoast-seo-premium-wordpress\/ -->\n<title>Festa a Barcellona Pozzo di Gotto ChiaraB Events Wedding Planner<\/title>\n<meta name=\"description\" content=\"Festa di compleanno a Barcellona Pozzo di Gotto con un evento su misura: scegli ChiaraB Events per un compleanno curato in ogni dettaglio.\" \/>\n<meta name=\"robots\" content=\"index, follow, max-snippet:-1, max-image-preview:large, max-video-preview:-1\" \/>\n<link rel=\"canonical\" href=\"https:\/\/chiarabevents.com\/cs\/planovac-akci\/organizace-narozeninovych-oslav-v-barcelone-pozzo-di-gotto\/\" \/>\n<meta property=\"og:locale\" content=\"cs_CZ\" \/>\n<meta property=\"og:type\" content=\"article\" \/>\n<meta property=\"og:title\" content=\"Organizzazione feste di compleanno a Barcellona Pozzo di Gotto\" \/>\n<meta property=\"og:description\" content=\"Festa di compleanno a Barcellona Pozzo di Gotto con un evento su misura: scegli ChiaraB Events per un compleanno curato in ogni dettaglio.\" \/>\n<meta property=\"og:url\" content=\"https:\/\/chiarabevents.com\/cs\/planovac-akci\/organizace-narozeninovych-oslav-v-barcelone-pozzo-di-gotto\/\" \/>\n<meta property=\"og:site_name\" content=\"ChiaraB Events Wedding Planner\" \/>\n<meta property=\"article:publisher\" content=\"https:\/\/www.facebook.com\/chiarabevent\" \/>\n<meta property=\"og:image\" content=\"https:\/\/chiarabevents.com\/wp-content\/uploads\/2025\/06\/984-1-6.jpg\" \/>\n\t<meta property=\"og:image:width\" content=\"1500\" \/>\n\t<meta property=\"og:image:height\" content=\"1000\" \/>\n\t<meta property=\"og:image:type\" content=\"image\/jpeg\" \/>\n<meta name=\"twitter:card\" content=\"summary_large_image\" \/>\n<meta name=\"twitter:label1\" content=\"Est. reading time\" \/>\n\t<meta name=\"twitter:data1\" content=\"9 minutes\" \/>\n<script type=\"application\/ld+json\" class=\"yoast-schema-graph\">{\"@context\":\"https:\\\/\\\/schema.org\",\"@graph\":[{\"@type\":\"WebPage\",\"@id\":\"https:\\\/\\\/chiarabevents.com\\\/hu\\\/esemenyszervezo\\\/szuletesnapi-bulik-szervezese-barcellona-pozzo-di-gotto-ban\\\/\",\"url\":\"https:\\\/\\\/chiarabevents.com\\\/hu\\\/esemenyszervezo\\\/szuletesnapi-bulik-szervezese-barcellona-pozzo-di-gotto-ban\\\/\",\"name\":\"Festa a Barcellona Pozzo di Gotto ChiaraB Events Wedding Planner\",\"isPartOf\":{\"@id\":\"https:\\\/\\\/chiarabevents.com\\\/#website\"},\"primaryImageOfPage\":{\"@id\":\"https:\\\/\\\/chiarabevents.com\\\/hu\\\/esemenyszervezo\\\/szuletesnapi-bulik-szervezese-barcellona-pozzo-di-gotto-ban\\\/#primaryimage\"},\"image\":{\"@id\":\"https:\\\/\\\/chiarabevents.com\\\/hu\\\/esemenyszervezo\\\/szuletesnapi-bulik-szervezese-barcellona-pozzo-di-gotto-ban\\\/#primaryimage\"},\"thumbnailUrl\":\"https:\\\/\\\/chiarabevents.com\\\/wp-content\\\/uploads\\\/2025\\\/06\\\/984-1-6.jpg\",\"datePublished\":\"2025-06-26T13:57:22+00:00\",\"description\":\"Festa di compleanno a Barcellona Pozzo di Gotto con un evento su misura: scegli ChiaraB Events per un compleanno curato in ogni dettaglio.\",\"breadcrumb\":{\"@id\":\"https:\\\/\\\/chiarabevents.com\\\/hu\\\/esemenyszervezo\\\/szuletesnapi-bulik-szervezese-barcellona-pozzo-di-gotto-ban\\\/#breadcrumb\"},\"inLanguage\":\"cs-CZ\",\"potentialAction\":[{\"@type\":\"ReadAction\",\"target\":[\"https:\\\/\\\/chiarabevents.com\\\/hu\\\/esemenyszervezo\\\/szuletesnapi-bulik-szervezese-barcellona-pozzo-di-gotto-ban\\\/\"]}]},{\"@type\":\"ImageObject\",\"inLanguage\":\"cs-CZ\",\"@id\":\"https:\\\/\\\/chiarabevents.com\\\/hu\\\/esemenyszervezo\\\/szuletesnapi-bulik-szervezese-barcellona-pozzo-di-gotto-ban\\\/#primaryimage\",\"url\":\"https:\\\/\\\/chiarabevents.com\\\/wp-content\\\/uploads\\\/2025\\\/06\\\/984-1-6.jpg\",\"contentUrl\":\"https:\\\/\\\/chiarabevents.com\\\/wp-content\\\/uploads\\\/2025\\\/06\\\/984-1-6.jpg\",\"width\":1500,\"height\":1000,\"caption\":\"festa a Barcellona Pozzo di Gotto\"},{\"@type\":\"BreadcrumbList\",\"@id\":\"https:\\\/\\\/chiarabevents.com\\\/hu\\\/esemenyszervezo\\\/szuletesnapi-bulik-szervezese-barcellona-pozzo-di-gotto-ban\\\/#breadcrumb\",\"itemListElement\":[{\"@type\":\"ListItem\",\"position\":1,\"name\":\"Home\",\"item\":\"https:\\\/\\\/chiarabevents.com\\\/\"},{\"@type\":\"ListItem\",\"position\":2,\"name\":\"Organizzazione feste di compleanno a Barcellona Pozzo di Gotto\"}]},{\"@type\":\"WebSite\",\"@id\":\"https:\\\/\\\/chiarabevents.com\\\/#website\",\"url\":\"https:\\\/\\\/chiarabevents.com\\\/\",\"name\":\"ChiaraB Events Wedding Planner\",\"description\":\"Un meraviglioso percorso fatto insieme\",\"publisher\":{\"@id\":\"https:\\\/\\\/chiarabevents.com\\\/#organization\"},\"potentialAction\":[{\"@type\":\"SearchAction\",\"target\":{\"@type\":\"EntryPoint\",\"urlTemplate\":\"https:\\\/\\\/chiarabevents.com\\\/?s={search_term_string}\"},\"query-input\":{\"@type\":\"PropertyValueSpecification\",\"valueRequired\":true,\"valueName\":\"search_term_string\"}}],\"inLanguage\":\"cs-CZ\"},{\"@type\":\"Organization\",\"@id\":\"https:\\\/\\\/chiarabevents.com\\\/#organization\",\"name\":\"ChiaraB Events Wedding Planner\",\"url\":\"https:\\\/\\\/chiarabevents.com\\\/\",\"logo\":{\"@type\":\"ImageObject\",\"inLanguage\":\"cs-CZ\",\"@id\":\"https:\\\/\\\/chiarabevents.com\\\/#\\\/schema\\\/logo\\\/image\\\/\",\"url\":\"https:\\\/\\\/chiarabevents.com\\\/wp-content\\\/uploads\\\/2023\\\/12\\\/cropped-Monogramma_chiarab.png\",\"contentUrl\":\"https:\\\/\\\/chiarabevents.com\\\/wp-content\\\/uploads\\\/2023\\\/12\\\/cropped-Monogramma_chiarab.png\",\"width\":512,\"height\":512,\"caption\":\"ChiaraB Events Wedding Planner\"},\"image\":{\"@id\":\"https:\\\/\\\/chiarabevents.com\\\/#\\\/schema\\\/logo\\\/image\\\/\"},\"sameAs\":[\"https:\\\/\\\/www.facebook.com\\\/chiarabevent\",\"https:\\\/\\\/www.instagram.com\\\/chiarab_events\\\/\"]}]}<\/script>\n<!-- \/ Yoast SEO Premium plugin. -->","yoast_head_json":{"title":"P\u00e1rty v Barcellona Pozzo di Gotto ChiaraB Events Wedding Planner","description":"Narozeninov\u00e1 oslava v Barcellona Pozzo di Gotto s akc\u00ed na m\u00edru: zvolte ChiaraB Events pro narozeniny, kde je postar\u00e1no o ka\u017ed\u00fd detail.","robots":{"index":"index","follow":"follow","max-snippet":"max-snippet:-1","max-image-preview":"max-image-preview:large","max-video-preview":"max-video-preview:-1"},"canonical":"https:\/\/chiarabevents.com\/cs\/planovac-akci\/organizace-narozeninovych-oslav-v-barcelone-pozzo-di-gotto\/","og_locale":"cs_CZ","og_type":"article","og_title":"Organizzazione feste di compleanno a Barcellona Pozzo di Gotto","og_description":"Festa di compleanno a Barcellona Pozzo di Gotto con un evento su misura: scegli ChiaraB Events per un compleanno curato in ogni dettaglio.","og_url":"https:\/\/chiarabevents.com\/cs\/planovac-akci\/organizace-narozeninovych-oslav-v-barcelone-pozzo-di-gotto\/","og_site_name":"ChiaraB Events Wedding Planner","article_publisher":"https:\/\/www.facebook.com\/chiarabevent","og_image":[{"width":1500,"height":1000,"url":"https:\/\/chiarabevents.com\/wp-content\/uploads\/2025\/06\/984-1-6.jpg","type":"image\/jpeg"}],"twitter_card":"summary_large_image","twitter_misc":{"Est. reading time":"9 minutes"},"schema":{"@context":"https:\/\/schema.org","@graph":[{"@type":"WebPage","@id":"https:\/\/chiarabevents.com\/hu\/esemenyszervezo\/szuletesnapi-bulik-szervezese-barcellona-pozzo-di-gotto-ban\/","url":"https:\/\/chiarabevents.com\/hu\/esemenyszervezo\/szuletesnapi-bulik-szervezese-barcellona-pozzo-di-gotto-ban\/","name":"P\u00e1rty v Barcellona Pozzo di Gotto ChiaraB Events Wedding Planner","isPartOf":{"@id":"https:\/\/chiarabevents.com\/#website"},"primaryImageOfPage":{"@id":"https:\/\/chiarabevents.com\/hu\/esemenyszervezo\/szuletesnapi-bulik-szervezese-barcellona-pozzo-di-gotto-ban\/#primaryimage"},"image":{"@id":"https:\/\/chiarabevents.com\/hu\/esemenyszervezo\/szuletesnapi-bulik-szervezese-barcellona-pozzo-di-gotto-ban\/#primaryimage"},"thumbnailUrl":"https:\/\/chiarabevents.com\/wp-content\/uploads\/2025\/06\/984-1-6.jpg","datePublished":"2025-06-26T13:57:22+00:00","description":"Narozeninov\u00e1 oslava v Barcellona Pozzo di Gotto s akc\u00ed na m\u00edru: zvolte ChiaraB Events pro narozeniny, kde je postar\u00e1no o ka\u017ed\u00fd detail.","breadcrumb":{"@id":"https:\/\/chiarabevents.com\/hu\/esemenyszervezo\/szuletesnapi-bulik-szervezese-barcellona-pozzo-di-gotto-ban\/#breadcrumb"},"inLanguage":"cs-CZ","potentialAction":[{"@type":"ReadAction","target":["https:\/\/chiarabevents.com\/hu\/esemenyszervezo\/szuletesnapi-bulik-szervezese-barcellona-pozzo-di-gotto-ban\/"]}]},{"@type":"ImageObject","inLanguage":"cs-CZ","@id":"https:\/\/chiarabevents.com\/hu\/esemenyszervezo\/szuletesnapi-bulik-szervezese-barcellona-pozzo-di-gotto-ban\/#primaryimage","url":"https:\/\/chiarabevents.com\/wp-content\/uploads\/2025\/06\/984-1-6.jpg","contentUrl":"https:\/\/chiarabevents.com\/wp-content\/uploads\/2025\/06\/984-1-6.jpg","width":1500,"height":1000,"caption":"festa a Barcellona Pozzo di Gotto"},{"@type":"BreadcrumbList","@id":"https:\/\/chiarabevents.com\/hu\/esemenyszervezo\/szuletesnapi-bulik-szervezese-barcellona-pozzo-di-gotto-ban\/#breadcrumb","itemListElement":[{"@type":"ListItem","position":1,"name":"Home","item":"https:\/\/chiarabevents.com\/"},{"@type":"ListItem","position":2,"name":"Organizzazione feste di compleanno a Barcellona Pozzo di Gotto"}]},{"@type":"WebSite","@id":"https:\/\/chiarabevents.com\/#website","url":"https:\/\/chiarabevents.com\/","name":"ChiaraB Ud\u00e1losti Svatebn\u00ed pl\u00e1nova\u010d","description":"N\u00e1dhern\u00e1 spole\u010dn\u00e1 cesta","publisher":{"@id":"https:\/\/chiarabevents.com\/#organization"},"potentialAction":[{"@type":"SearchAction","target":{"@type":"EntryPoint","urlTemplate":"https:\/\/chiarabevents.com\/?s={search_term_string}"},"query-input":{"@type":"PropertyValueSpecification","valueRequired":true,"valueName":"search_term_string"}}],"inLanguage":"cs-CZ"},{"@type":"Organization","@id":"https:\/\/chiarabevents.com\/#organization","name":"ChiaraB Ud\u00e1losti Svatebn\u00ed pl\u00e1nova\u010d","url":"https:\/\/chiarabevents.com\/","logo":{"@type":"ImageObject","inLanguage":"cs-CZ","@id":"https:\/\/chiarabevents.com\/#\/schema\/logo\/image\/","url":"https:\/\/chiarabevents.com\/wp-content\/uploads\/2023\/12\/cropped-Monogramma_chiarab.png","contentUrl":"https:\/\/chiarabevents.com\/wp-content\/uploads\/2023\/12\/cropped-Monogramma_chiarab.png","width":512,"height":512,"caption":"ChiaraB Events Wedding Planner"},"image":{"@id":"https:\/\/chiarabevents.com\/#\/schema\/logo\/image\/"},"sameAs":["https:\/\/www.facebook.com\/chiarabevent","https:\/\/www.instagram.com\/chiarab_events\/"]}]}},"_links":{"self":[{"href":"https:\/\/chiarabevents.com\/cs\/wp-json\/wp\/v2\/event-planner\/33173","targetHints":{"allow":["GET"]}}],"collection":[{"href":"https:\/\/chiarabevents.com\/cs\/wp-json\/wp\/v2\/event-planner"}],"about":[{"href":"https:\/\/chiarabevents.com\/cs\/wp-json\/wp\/v2\/types\/event-planner"}],"wp:featuredmedia":[{"embeddable":true,"href":"https:\/\/chiarabevents.com\/cs\/wp-json\/wp\/v2\/media\/33174"}],"wp:attachment":[{"href":"https:\/\/chiarabevents.com\/cs\/wp-json\/wp\/v2\/media?parent=33173"}],"curies":[{"name":"wp","href":"https:\/\/api.w.org\/{rel}","templated":true}]}}