{"id":33193,"date":"2025-06-26T16:35:48","date_gmt":"2025-06-26T14:35:48","guid":{"rendered":"https:\/\/chiarabevents.com\/?post_type=event-planner&#038;p=33193"},"modified":"2025-06-26T16:35:48","modified_gmt":"2025-06-26T14:35:48","slug":"organizace-akci-v-reggio-calabria-oslavy-a-vecirky-na-miru","status":"publish","type":"event-planner","link":"https:\/\/chiarabevents.com\/cs\/planovac-akci\/organizace-akci-v-reggio-calabria-oslavy-a-vecirky-na-miru\/","title":{"rendered":"Organizace akc\u00ed v Reggio Calabria: oslavy a ve\u010d\u00edrky na m\u00edru"},"content":{"rendered":"<h2>\u00davod - Organizace akc\u00ed v Reggio Calabria<\/h2>\n<p>Spol\u00e9h\u00e1n\u00ed se na slu\u017ebu <strong>po\u0159\u00e1d\u00e1n\u00ed akc\u00ed v Reggio Calabria<\/strong> znamen\u00e1 vybrat si partnera, kter\u00fd dok\u00e1\u017ee prom\u011bnit n\u00e1pad v jedine\u010dn\u00fd z\u00e1\u017eitek, kde ka\u017ed\u00fd detail odr\u00e1\u017e\u00ed va\u0161i osobnost a hodnoty. Mezi majest\u00e1tn\u00edm profilem Messinsk\u00e9 \u00fa\u017einy, starobyl\u00fdmi kameny historick\u00e9ho centra a \u017eivou mo\u0159skou krajinou se ka\u017ed\u00fd kout Reggio Calabria st\u00e1v\u00e1 ide\u00e1ln\u00edm m\u00edstem pro soukrom\u00fd ve\u010d\u00edrek, firemn\u00ed akci nebo intimn\u00ed oslavu. Na <strong>ChiaraB Ud\u00e1losti<\/strong> (<a href=\"https:\/\/chiarabevents.com\/cs\/\">chiarabevents.com<\/a>) po va\u0161em boku za\u017eijete emotivn\u00ed cestu kreativity, profesionality a posedl\u00e9 pozornosti k organizaci, abyste vy i va\u0161i host\u00e9 za\u017eili skute\u010dn\u011b nezapomenutelnou p\u0159\u00edle\u017eitost.<\/p>\n<h2>Pro\u010d si vybrat Reggio Calabria<\/h2>\n<p>Reggio Calabria je m\u011bsto, kter\u00e9 okouzl\u00ed na prvn\u00ed pohled: profil mo\u0159e odr\u00e1\u017eej\u00edc\u00ed se v kol\u00e9bce hel\u00e9nsk\u00e9ho um\u011bn\u00ed, zlatav\u00e9 sv\u011btlo, kter\u00e9 hlad\u00ed palmy ve Villa Comunale, uli\u010dky, z nich\u017e se otev\u00edraj\u00ed ne\u010dekan\u00e9 v\u00fdhledy. Jedine\u010dn\u00e9 je nejen prost\u0159ed\u00ed, ale i schopnost t\u00e9to oblasti spojit star\u00e9 tradice s inovacemi: akce zde z\u00edsk\u00e1v\u00e1 autentick\u00fd charakter, kter\u00fd dok\u00e1\u017ee hosty p\u0159iv\u00edtat v h\u0159ejiv\u00e9 n\u00e1ru\u010di. Snadn\u00e1 dostupnost - d\u00edky leti\u0161ti, p\u0159\u00edstavu a d\u00e1lni\u010dn\u00ed s\u00edti - v kombinaci s rozmanitost\u00ed m\u00edst, od historick\u00fdch rezidenc\u00ed po panoramatick\u00e9 terasy, \u010din\u00ed z Reggia Calabria mimo\u0159\u00e1dn\u011b univerz\u00e1ln\u00ed m\u00edsto, vhodn\u00e9 pro ka\u017ed\u00fd typ oslavy.<\/p>\n<h2>N\u00e1\u0161 individu\u00e1ln\u00ed p\u0159\u00edstup<\/h2>\n<p>Kdy\u017e za\u010dneme pl\u00e1novat ud\u00e1lost s <strong>ChiaraB Ud\u00e1losti<\/strong>, prvn\u00ed f\u00e1z\u00ed je v\u017edy naslouch\u00e1n\u00ed: sedneme si s v\u00e1mi, abychom pochopili va\u0161e p\u0159\u00e1n\u00ed, sny a praktick\u00e1 omezen\u00ed, a spole\u010dn\u011b se zept\u00e1me, jak\u00e9 emoce chcete ve sv\u00fdch hostech vzbudit. Z t\u011bchto rozhovor\u016f vzejde <strong>kreativn\u00ed koncept<\/strong> kter\u00e1 je spole\u010dn\u00fdm prvkem v\u0161ech prvk\u016f akce: od barevn\u00e9 palety zvolen\u00fdch l\u00e1tek p\u0159es materi\u00e1ly pou\u017eit\u00e9 na vybaven\u00ed a\u017e po typ z\u00e1bavy, kter\u00fd nejl\u00e9pe dopln\u00ed ducha ve\u010d\u00edrku. Pot\u00e9 n\u00e1sleduje vytvo\u0159en\u00ed digit\u00e1ln\u00edho moodboardu, vizu\u00e1ln\u00edho n\u00e1stroje, kter\u00fd sdru\u017euje obr\u00e1zky, vzorn\u00edky l\u00e1tek a rendery, co\u017e umo\u017e\u0148uje sd\u00edlet a sladit o\u010dek\u00e1v\u00e1n\u00ed od sam\u00e9ho po\u010d\u00e1tku.<\/p>\n<h2>V\u00fdb\u011br m\u00edsta<\/h2>\n<p>Reggio Calabria nab\u00edz\u00ed \u0159adu prostor, kter\u00e9 vypr\u00e1v\u011bj\u00ed o historii a modernosti m\u011bsta s v\u00fdhledem na pr\u016fliv. P\u0159edstavte si, \u017ee sv\u00e9 hosty p\u0159iv\u00edt\u00e1te v <strong>vzne\u0161en\u00e9 n\u00e1dvo\u0159\u00ed<\/strong>kde se freskov\u00e9 klenby a barokn\u00ed detaily snoub\u00ed se sou\u010dasn\u00fdmi prvky, nebo v budov\u011b <strong>panoramatick\u00e1 terasa<\/strong> na mo\u0159i, kam v\u00edtr p\u0159in\u00e1\u0161\u00ed v\u016fni pomeran\u010dovn\u00edk\u016f Gioia Tauro. A tak\u00e9 <strong>vila mezi olivov\u00fdmi h\u00e1ji<\/strong> se m\u016f\u017ee st\u00e1t dokonal\u00fdm m\u00edstem pro intimn\u00ed ud\u00e1lost se \u0161um\u011bn\u00edm list\u00ed v hudebn\u00edm doprovodu. Ka\u017ed\u00e9 m\u00edsto vyb\u00edr\u00e1me na z\u00e1klad\u011b krit\u00e9ri\u00ed kapacity, snadn\u00e9 dostupnosti a souladu s koncepc\u00ed: prov\u00e1d\u00edme p\u0159esn\u00e9 prohl\u00eddky, abychom posoudili ka\u017ed\u00fd aspekt, od akustiky po logistiku a studii toku pohybu host\u016f.<\/p>\n<h2>Kreativn\u00ed instalace a emotivn\u00ed sc\u00e9nografie<\/h2>\n<p>Jakmile je m\u00edsto kon\u00e1n\u00ed ur\u010deno, n\u00e1\u0161 kreativn\u00ed t\u00fdm vytvo\u0159\u00ed sc\u00e9ny, kter\u00e9 p\u0159ekvap\u00ed a zaujmou. Spolupracujeme s <strong>sez\u00f3nn\u00ed kv\u011btiny<\/strong>vybran\u00e9 podle barev konceptu a m\u00edstn\u00edch materi\u00e1l\u016f, jako jsou nap\u0159. <strong>olivov\u00e9 d\u0159evo<\/strong> e <strong>ru\u010dn\u011b vyr\u00e1b\u011bn\u00e1 keramika<\/strong>spojit tradici a sou\u010dasnost. Jemn\u00e9 tkaniny, od surov\u00e9ho lnu po elegantn\u00ed hedv\u00e1b\u00ed, jsou vybr\u00e1ny tak, aby vytv\u00e1\u0159ely h\u0159ejivou a p\u0159\u00edjemnou atmosf\u00e9ru; sv\u011btla, navr\u017een\u00e1 profesion\u00e1ly v oblasti sv\u011bteln\u00e9ho designu, zv\u00fdraz\u0148uj\u00ed architekturu a vedou o\u010di sv\u011bteln\u00fdmi cestami. St\u0159edobodem mohou b\u00fdt z\u00e1v\u011bsn\u00e9 kompozice, kter\u00e9 vyu\u017e\u00edvaj\u00ed v\u00fd\u0161ku stropu, nebo podlahov\u00e9 instalace, kter\u00e9 prom\u011bn\u00ed podlahu v kv\u011btinov\u00fd koberec. Ka\u017ed\u00fd detail, od personalizovan\u00fdch jmenovek a\u017e po ru\u010dn\u011b vyr\u00e1b\u011bn\u00e9 v\u00fdslu\u017eky, je navr\u017een tak, aby vypr\u00e1v\u011bl p\u0159\u00edb\u011bh a zanechal trval\u00fd dojem.<\/p>\n<h2>Gastronomick\u00e1 trasa<\/h2>\n<p>St\u016fl je jedn\u00edm z hlavn\u00edch protagonist\u016f ka\u017ed\u00e9 akce. Na str\u00e1nk\u00e1ch <strong>ChiaraB Ud\u00e1losti<\/strong>se j\u00eddeln\u00ed l\u00edstek st\u00e1v\u00e1 cestou za chut\u011bmi Kal\u00e1brie i dal\u0161\u00edch zem\u00ed. Aperitiv nab\u00edz\u00ed j\u00eddlo z prstu v gurm\u00e1nsk\u00e9 interpretaci: mini arancini s ryb\u00edm rag\u00fa, tatar\u00e1k z tu\u0148\u00e1ka s bergamotsk\u00fdmi citrusy a bruschette s olivami Rossa. B\u011bhem ve\u010de\u0159e u stolu se tradi\u010dn\u00ed pokrmy, jako jsou t\u011bstoviny s \"nduja\", vracej\u00ed v rafinovan\u00e9 verzi, zat\u00edmco hlavn\u00ed chody zalo\u017een\u00e9 na \u010derstv\u00fdch ryb\u00e1ch z Tyrh\u00e9nsk\u00e9ho mo\u0159e jsou doprov\u00e1zeny mezin\u00e1rodn\u00edmi kontaminacemi. Sommeli\u00e9r zajist\u00ed p\u00e1rov\u00e1n\u00ed s m\u00edstn\u00edmi v\u00edny, od elegantn\u00edch kal\u00e1brijsk\u00fdch bublinek a\u017e po pln\u00e1 \u010derven\u00e1 v\u00edna z oblasti Grecanica. Nakonec hostinu uzav\u00edraj\u00ed dezerty inspirovan\u00e9 m\u00edstn\u00edm pe\u010divem, jako je \"bocconotto\" nebo \u0159emesln\u00e1 citronov\u00e1 zmrzlina.<\/p>\n<h2>Z\u00e1bava a zapojen\u00ed<\/h2>\n<p>\u00dasp\u011b\u0161n\u00e1 akce udr\u017e\u00ed pozornost host\u016f d\u00edky dob\u0159e vylad\u011bn\u00e9 z\u00e1bav\u011b. M\u016f\u017eeme kombinovat \u017eivou hudbu - jazzov\u00e9 duo nebo smy\u010dcov\u00e9 kvarteto na aperitivu - s interaktivn\u00edmi aktivitami, jako jsou tv\u016fr\u010d\u00ed d\u00edlny nebo \u0159\u00edzen\u00e9 degustace, kter\u00e9 podporuj\u00ed aktivn\u00ed \u00fa\u010dast. U soukrom\u00fdch ve\u010d\u00edrk\u016f je mo\u017en\u00e9 z\u0159\u00eddit <strong>tematick\u00fd fotobox<\/strong> zachycuje nejz\u00e1bavn\u011bj\u0161\u00ed okam\u017eiky, zat\u00edmco pro firemn\u00ed akce lze uspo\u0159\u00e1dat multimedi\u00e1ln\u00ed prezentace nebo venkovn\u00ed teambuildingy. Ide\u00e1ln\u00edm \"okam\u017eikem pravdy\" m\u016f\u017ee b\u00fdt p\u0159\u00edpitek p\u0159i z\u00e1padu slunce nad pr\u016flivem za doprovodu houslisty hraj\u00edc\u00edho na soukrom\u00e9 lodi nebo diskr\u00e9tn\u00ed oh\u0148ostroj odr\u00e1\u017eej\u00edc\u00ed se v klidn\u00fdch vod\u00e1ch.<\/p>\n<h2>Logistick\u00e1 koordinace a pomoc na m\u00edst\u011b<\/h2>\n<p>\u00dasp\u011bch akce z\u00e1vis\u00ed na organiza\u010dn\u00ed preciznosti. ChiaraB Events se postar\u00e1 o v\u0161echny byrokratick\u00e9 a technick\u00e9 aspekty od za\u010d\u00e1tku do konce: z\u00edsk\u00e1n\u00ed povolen\u00ed k z\u00e1boru ve\u0159ejn\u00e9ho prostranstv\u00ed, koordinace s polici\u00ed, pl\u00e1nov\u00e1n\u00ed dopravy lod\u00ed nebo kyvadlovou dopravou pro hosty, p\u0159\u00edprava podrobn\u00e9ho harmonogramu pro shrom\u00e1\u017ed\u011bn\u00ed, zkou\u0161ku, akci a demont\u00e1\u017e. A <strong>specializovan\u00fd mana\u017eer ud\u00e1lost\u00ed<\/strong> je na m\u00edst\u011b, aby koordinoval dodavatele, techniky, dodavatele j\u00eddla a person\u00e1l recepce a zajistil hladk\u00fd a v\u010dasn\u00fd pr\u016fb\u011bh. Sou\u010d\u00e1st\u00ed na\u0161ich slu\u017eeb je tak\u00e9 zaji\u0161t\u011bn\u00ed vyhrazen\u00fdch parkovac\u00edch m\u00edst a veden\u00fdch tras pro osoby se sn\u00ed\u017eenou pohyblivost\u00ed, aby nikdo nep\u0159i\u0161el o \u017e\u00e1dn\u00fd okam\u017eik slavnosti.<\/p>\n<h2>Udr\u017eitelnost a spole\u010densk\u00e1 odpov\u011bdnost<\/h2>\n<p>Spole\u010dnost ChiaraB Events si je v\u011bdoma d\u016fle\u017eitosti respektov\u00e1n\u00ed prost\u0159ed\u00ed, v n\u011bm\u017e se konaj\u00ed na\u0161e oslavy, a proto prosazuje postupy <strong>ekologicky \u0161etrn\u00e9<\/strong>Pat\u0159\u00ed mezi n\u011b pou\u017e\u00edv\u00e1n\u00ed recyklovateln\u00fdch materi\u00e1l\u016f na dekorace a kompostovateln\u00e9ho n\u00e1dob\u00ed, catering s d\u016frazem na m\u00edstn\u00ed v\u00fdrobce, sni\u017eov\u00e1n\u00ed mno\u017estv\u00ed odpadu pomoc\u00ed kalibrovan\u00fdch porc\u00ed a darov\u00e1n\u00ed zbytk\u016f j\u00eddla charitativn\u00edm organizac\u00edm. Krom\u011b toho je mo\u017en\u00e9 \u010d\u00e1st v\u00fdt\u011b\u017eku v\u011bnovat na projekty obnovy historicko-um\u011bleck\u00e9ho d\u011bdictv\u00ed Reggio Calabria nebo na iniciativy na ochranu \u017eivotn\u00edho prost\u0159ed\u00ed, d\u00edky \u010demu\u017e se ka\u017ed\u00fd ve\u010d\u00edrek stane nejen chv\u00edl\u00ed radosti, ale tak\u00e9 konkr\u00e9tn\u00edm p\u0159\u00edsp\u011bvkem pro komunitu.<\/p>\n<h2>Z\u00e1v\u011br - Organizace akc\u00ed v Reggio Calabria<\/h2>\n<p>Po\u0159\u00e1d\u00e1n\u00ed akce v Reggio Calabria s <strong>ChiaraB Ud\u00e1losti<\/strong> znamen\u00e1 spol\u00e9hat se na t\u00fdm, kter\u00fd kombinuje <strong>kreativita<\/strong>, <strong>organiza\u010dn\u00ed d\u016fslednost<\/strong> e <strong>d\u016fkladn\u00e1 znalost \u00fazem\u00ed<\/strong>. Od prvn\u00edch kontrol a\u017e po z\u00e1v\u011bre\u010dn\u00fd ve\u010der je ka\u017ed\u00fd krok navr\u017een tak, aby zd\u016fraznil jedine\u010dn\u00e9 prvky \u00fa\u017einy, od v\u00fdhledu na mo\u0159e a\u017e po citrusov\u00e9 v\u016fn\u011b, a prom\u011bnil je v malebn\u00e9 detaily. A\u0165 u\u017e chcete intimn\u00ed recepci v historick\u00e9m pal\u00e1ci, ve\u010d\u00edrek na pl\u00e1\u017ei p\u0159i z\u00e1padu slunce nebo firemn\u00ed akci, kter\u00e1 p\u0159ekvap\u00ed, s n\u00e1mi z\u00edsk\u00e1te z\u00e1\u017eitek na m\u00edru, kter\u00fd nadchne a z\u016fstane v srdc\u00edch v\u0161ech \u00fa\u010dastn\u00edk\u016f.<\/p>\n<h2>\u010casto kladen\u00e9 dotazy - Organizace akc\u00ed v Reggio Calabria<\/h2>\n<p><strong>1. Jak\u00e1 je minim\u00e1ln\u00ed doba pot\u0159ebn\u00e1 k uspo\u0159\u00e1d\u00e1n\u00ed akce v Reggio Calabria?<\/strong><br \/>\nAbyste si zajistili p\u0159\u00edstup k nejlep\u0161\u00edm lokalit\u00e1m a kvalitn\u00edm dodavatel\u016fm, doporu\u010dujeme v\u00e1m za\u010d\u00edt p\u0159\u00edpravy alespo\u0148 s <strong>t\u0159i a\u017e \u010dty\u0159i m\u011bs\u00edce<\/strong> p\u0159edem. Pro akce men\u0161\u00edho rozsahu a slo\u017eitosti, <strong>\u0161est a\u017e osm t\u00fddn\u016f<\/strong> m\u016f\u017ee b\u00fdt dosta\u010duj\u00edc\u00ed, pokud jsou koncepce a rozpo\u010det definov\u00e1ny v ran\u00e9 f\u00e1zi.<\/p>\n<p><strong>2. Lze vyu\u017e\u00edt ve\u0159ejn\u00e1 prostranstv\u00ed, jako jsou n\u00e1m\u011bst\u00ed nebo n\u00e1b\u0159e\u017e\u00ed?<\/strong><br \/>\nAno, spole\u010dnost ChiaraB Events vy\u0159izuje ve\u0161ker\u00e9 administrativn\u00ed dokumenty a povolen\u00ed pot\u0159ebn\u00e1 pro z\u00e1bor ve\u0159ejn\u00e9ho prostranstv\u00ed a koordinuje svou \u010dinnost s m\u00edstn\u00edmi \u00fa\u0159ady, aby zajistila dodr\u017eov\u00e1n\u00ed p\u0159edpis\u016f a bezpe\u010dnost host\u016f.<\/p>\n<p><strong>3. Jak je \u0159e\u0161en pl\u00e1n B v p\u0159\u00edpad\u011b \u0161patn\u00e9ho po\u010das\u00ed?<\/strong><br \/>\nPro ka\u017edou ud\u00e1lost nab\u00edz\u00edme alternativn\u00ed \u0159e\u0161en\u00ed, kter\u00e1 zahrnuj\u00ed elegantn\u00ed stany, n\u00e1hradn\u00ed kryt\u00e9 prostory ve vil\u00e1ch a historick\u00fdch pal\u00e1c\u00edch nebo p\u0159esunut\u00ed ud\u00e1losti do kryt\u00fdch prostor, co\u017e zaji\u0161\u0165uje stejnou stylistickou a logistickou konzistenci.<\/p>\n<p><strong>4. Mohu si ud\u00e1lost zcela p\u0159izp\u016fsobit?<\/strong><br \/>\nNaprosto: ka\u017ed\u00fd aspekt - od kreativn\u00edho konceptu po uspo\u0159\u00e1d\u00e1n\u00ed, od menu po z\u00e1bavu - je \u0161it\u00fd na m\u00edru a odr\u00e1\u017e\u00ed va\u0161i osobnost, firemn\u00ed image nebo t\u00e9ma oslavy.<\/p>\n<p><strong>5. Jak si mohu vy\u017e\u00e1dat individu\u00e1ln\u00ed nab\u00eddku?<\/strong><br \/>\nNav\u0161tivte sekci \"Kontakt\" na <a href=\"https:\/\/chiarabevents.com\/cs\/\">ChiaraB Ud\u00e1losti<\/a>vypl\u0148te online formul\u00e1\u0159 nebo n\u00e1m p\u0159\u00edmo zavolejte: do 24 hodin se v\u00e1m ozveme s podrobn\u00fdm n\u00e1vrhem, a to zdarma a nez\u00e1vazn\u011b.<\/p>","protected":false},"featured_media":33194,"template":"","class_list":["post-33193","event-planner","type-event-planner","status-publish","has-post-thumbnail","hentry"],"yoast_head":"<!-- This site is optimized with the Yoast SEO Premium plugin v21.8 (Yoast SEO v27.3) - https:\/\/yoast.com\/product\/yoast-seo-premium-wordpress\/ -->\n<title>Organizzazione eventi a Reggio Calabria ChiaraB Events Wedding Planner<\/title>\n<meta name=\"description\" content=\"ChiaraB Events organizzazione feste ed eventi a Reggio Calabria con soluzioni personalizzate e allestimenti creativi per ogni occasione.\" \/>\n<meta name=\"robots\" content=\"index, follow, max-snippet:-1, max-image-preview:large, max-video-preview:-1\" \/>\n<link rel=\"canonical\" href=\"https:\/\/chiarabevents.com\/cs\/planovac-akci\/organizace-akci-v-reggio-calabria-oslavy-a-vecirky-na-miru\/\" \/>\n<meta property=\"og:locale\" content=\"cs_CZ\" \/>\n<meta property=\"og:type\" content=\"article\" \/>\n<meta property=\"og:title\" content=\"Organizzazione eventi a Reggio Calabria: feste e celebrazioni su misura\" \/>\n<meta property=\"og:description\" content=\"ChiaraB Events organizzazione feste ed eventi a Reggio Calabria con soluzioni personalizzate e allestimenti creativi per ogni occasione.\" \/>\n<meta property=\"og:url\" content=\"https:\/\/chiarabevents.com\/cs\/planovac-akci\/organizace-akci-v-reggio-calabria-oslavy-a-vecirky-na-miru\/\" \/>\n<meta property=\"og:site_name\" content=\"ChiaraB Events Wedding Planner\" \/>\n<meta property=\"article:publisher\" content=\"https:\/\/www.facebook.com\/chiarabevent\" \/>\n<meta property=\"og:image\" content=\"https:\/\/chiarabevents.com\/wp-content\/uploads\/2025\/06\/984-3.jpg\" \/>\n\t<meta property=\"og:image:width\" content=\"1500\" \/>\n\t<meta property=\"og:image:height\" content=\"1000\" \/>\n\t<meta property=\"og:image:type\" content=\"image\/jpeg\" \/>\n<meta name=\"twitter:card\" content=\"summary_large_image\" \/>\n<meta name=\"twitter:label1\" content=\"Est. reading time\" \/>\n\t<meta name=\"twitter:data1\" content=\"8 minutes\" \/>\n<script type=\"application\/ld+json\" class=\"yoast-schema-graph\">{\"@context\":\"https:\\\/\\\/schema.org\",\"@graph\":[{\"@type\":\"WebPage\",\"@id\":\"https:\\\/\\\/chiarabevents.com\\\/sq\\\/organizator-ngjarjesh\\\/organizimi-i-ngjarjeve-ne-reggio-calabria-festa-dhe-kremtime-te-personalizuara\\\/\",\"url\":\"https:\\\/\\\/chiarabevents.com\\\/sq\\\/organizator-ngjarjesh\\\/organizimi-i-ngjarjeve-ne-reggio-calabria-festa-dhe-kremtime-te-personalizuara\\\/\",\"name\":\"Organizzazione eventi a Reggio Calabria ChiaraB Events Wedding Planner\",\"isPartOf\":{\"@id\":\"https:\\\/\\\/chiarabevents.com\\\/#website\"},\"primaryImageOfPage\":{\"@id\":\"https:\\\/\\\/chiarabevents.com\\\/sq\\\/organizator-ngjarjesh\\\/organizimi-i-ngjarjeve-ne-reggio-calabria-festa-dhe-kremtime-te-personalizuara\\\/#primaryimage\"},\"image\":{\"@id\":\"https:\\\/\\\/chiarabevents.com\\\/sq\\\/organizator-ngjarjesh\\\/organizimi-i-ngjarjeve-ne-reggio-calabria-festa-dhe-kremtime-te-personalizuara\\\/#primaryimage\"},\"thumbnailUrl\":\"https:\\\/\\\/chiarabevents.com\\\/wp-content\\\/uploads\\\/2025\\\/06\\\/984-3.jpg\",\"datePublished\":\"2025-06-26T14:35:48+00:00\",\"description\":\"ChiaraB Events organizzazione feste ed eventi a Reggio Calabria con soluzioni personalizzate e allestimenti creativi per ogni occasione.\",\"breadcrumb\":{\"@id\":\"https:\\\/\\\/chiarabevents.com\\\/sq\\\/organizator-ngjarjesh\\\/organizimi-i-ngjarjeve-ne-reggio-calabria-festa-dhe-kremtime-te-personalizuara\\\/#breadcrumb\"},\"inLanguage\":\"cs-CZ\",\"potentialAction\":[{\"@type\":\"ReadAction\",\"target\":[\"https:\\\/\\\/chiarabevents.com\\\/sq\\\/organizator-ngjarjesh\\\/organizimi-i-ngjarjeve-ne-reggio-calabria-festa-dhe-kremtime-te-personalizuara\\\/\"]}]},{\"@type\":\"ImageObject\",\"inLanguage\":\"cs-CZ\",\"@id\":\"https:\\\/\\\/chiarabevents.com\\\/sq\\\/organizator-ngjarjesh\\\/organizimi-i-ngjarjeve-ne-reggio-calabria-festa-dhe-kremtime-te-personalizuara\\\/#primaryimage\",\"url\":\"https:\\\/\\\/chiarabevents.com\\\/wp-content\\\/uploads\\\/2025\\\/06\\\/984-3.jpg\",\"contentUrl\":\"https:\\\/\\\/chiarabevents.com\\\/wp-content\\\/uploads\\\/2025\\\/06\\\/984-3.jpg\",\"width\":1500,\"height\":1000,\"caption\":\"Organizzazione eventi a Reggio Calabria\"},{\"@type\":\"BreadcrumbList\",\"@id\":\"https:\\\/\\\/chiarabevents.com\\\/sq\\\/organizator-ngjarjesh\\\/organizimi-i-ngjarjeve-ne-reggio-calabria-festa-dhe-kremtime-te-personalizuara\\\/#breadcrumb\",\"itemListElement\":[{\"@type\":\"ListItem\",\"position\":1,\"name\":\"Home\",\"item\":\"https:\\\/\\\/chiarabevents.com\\\/\"},{\"@type\":\"ListItem\",\"position\":2,\"name\":\"Organizzazione eventi a Reggio Calabria: feste e celebrazioni su misura\"}]},{\"@type\":\"WebSite\",\"@id\":\"https:\\\/\\\/chiarabevents.com\\\/#website\",\"url\":\"https:\\\/\\\/chiarabevents.com\\\/\",\"name\":\"ChiaraB Events Wedding Planner\",\"description\":\"Un meraviglioso percorso fatto insieme\",\"publisher\":{\"@id\":\"https:\\\/\\\/chiarabevents.com\\\/#organization\"},\"potentialAction\":[{\"@type\":\"SearchAction\",\"target\":{\"@type\":\"EntryPoint\",\"urlTemplate\":\"https:\\\/\\\/chiarabevents.com\\\/?s={search_term_string}\"},\"query-input\":{\"@type\":\"PropertyValueSpecification\",\"valueRequired\":true,\"valueName\":\"search_term_string\"}}],\"inLanguage\":\"cs-CZ\"},{\"@type\":\"Organization\",\"@id\":\"https:\\\/\\\/chiarabevents.com\\\/#organization\",\"name\":\"ChiaraB Events Wedding Planner\",\"url\":\"https:\\\/\\\/chiarabevents.com\\\/\",\"logo\":{\"@type\":\"ImageObject\",\"inLanguage\":\"cs-CZ\",\"@id\":\"https:\\\/\\\/chiarabevents.com\\\/#\\\/schema\\\/logo\\\/image\\\/\",\"url\":\"https:\\\/\\\/chiarabevents.com\\\/wp-content\\\/uploads\\\/2023\\\/12\\\/cropped-Monogramma_chiarab.png\",\"contentUrl\":\"https:\\\/\\\/chiarabevents.com\\\/wp-content\\\/uploads\\\/2023\\\/12\\\/cropped-Monogramma_chiarab.png\",\"width\":512,\"height\":512,\"caption\":\"ChiaraB Events Wedding Planner\"},\"image\":{\"@id\":\"https:\\\/\\\/chiarabevents.com\\\/#\\\/schema\\\/logo\\\/image\\\/\"},\"sameAs\":[\"https:\\\/\\\/www.facebook.com\\\/chiarabevent\",\"https:\\\/\\\/www.instagram.com\\\/chiarab_events\\\/\"]}]}<\/script>\n<!-- \/ Yoast SEO Premium plugin. -->","yoast_head_json":{"title":"Organizace akc\u00ed v Reggio Calabria ChiaraB Events Wedding Planner","description":"ChiaraB Events po\u0159\u00e1d\u00e1n\u00ed ve\u010d\u00edrk\u016f a akc\u00ed v Reggio Calabria s individu\u00e1ln\u00edmi \u0159e\u0161en\u00edmi a kreativn\u00edm uspo\u0159\u00e1d\u00e1n\u00edm pro ka\u017edou p\u0159\u00edle\u017eitost.","robots":{"index":"index","follow":"follow","max-snippet":"max-snippet:-1","max-image-preview":"max-image-preview:large","max-video-preview":"max-video-preview:-1"},"canonical":"https:\/\/chiarabevents.com\/cs\/planovac-akci\/organizace-akci-v-reggio-calabria-oslavy-a-vecirky-na-miru\/","og_locale":"cs_CZ","og_type":"article","og_title":"Organizzazione eventi a Reggio Calabria: feste e celebrazioni su misura","og_description":"ChiaraB Events organizzazione feste ed eventi a Reggio Calabria con soluzioni personalizzate e allestimenti creativi per ogni occasione.","og_url":"https:\/\/chiarabevents.com\/cs\/planovac-akci\/organizace-akci-v-reggio-calabria-oslavy-a-vecirky-na-miru\/","og_site_name":"ChiaraB Events Wedding Planner","article_publisher":"https:\/\/www.facebook.com\/chiarabevent","og_image":[{"width":1500,"height":1000,"url":"https:\/\/chiarabevents.com\/wp-content\/uploads\/2025\/06\/984-3.jpg","type":"image\/jpeg"}],"twitter_card":"summary_large_image","twitter_misc":{"Est. reading time":"8 minutes"},"schema":{"@context":"https:\/\/schema.org","@graph":[{"@type":"WebPage","@id":"https:\/\/chiarabevents.com\/sq\/organizator-ngjarjesh\/organizimi-i-ngjarjeve-ne-reggio-calabria-festa-dhe-kremtime-te-personalizuara\/","url":"https:\/\/chiarabevents.com\/sq\/organizator-ngjarjesh\/organizimi-i-ngjarjeve-ne-reggio-calabria-festa-dhe-kremtime-te-personalizuara\/","name":"Organizace akc\u00ed v Reggio Calabria ChiaraB Events Wedding Planner","isPartOf":{"@id":"https:\/\/chiarabevents.com\/#website"},"primaryImageOfPage":{"@id":"https:\/\/chiarabevents.com\/sq\/organizator-ngjarjesh\/organizimi-i-ngjarjeve-ne-reggio-calabria-festa-dhe-kremtime-te-personalizuara\/#primaryimage"},"image":{"@id":"https:\/\/chiarabevents.com\/sq\/organizator-ngjarjesh\/organizimi-i-ngjarjeve-ne-reggio-calabria-festa-dhe-kremtime-te-personalizuara\/#primaryimage"},"thumbnailUrl":"https:\/\/chiarabevents.com\/wp-content\/uploads\/2025\/06\/984-3.jpg","datePublished":"2025-06-26T14:35:48+00:00","description":"ChiaraB Events po\u0159\u00e1d\u00e1n\u00ed ve\u010d\u00edrk\u016f a akc\u00ed v Reggio Calabria s individu\u00e1ln\u00edmi \u0159e\u0161en\u00edmi a kreativn\u00edm uspo\u0159\u00e1d\u00e1n\u00edm pro ka\u017edou p\u0159\u00edle\u017eitost.","breadcrumb":{"@id":"https:\/\/chiarabevents.com\/sq\/organizator-ngjarjesh\/organizimi-i-ngjarjeve-ne-reggio-calabria-festa-dhe-kremtime-te-personalizuara\/#breadcrumb"},"inLanguage":"cs-CZ","potentialAction":[{"@type":"ReadAction","target":["https:\/\/chiarabevents.com\/sq\/organizator-ngjarjesh\/organizimi-i-ngjarjeve-ne-reggio-calabria-festa-dhe-kremtime-te-personalizuara\/"]}]},{"@type":"ImageObject","inLanguage":"cs-CZ","@id":"https:\/\/chiarabevents.com\/sq\/organizator-ngjarjesh\/organizimi-i-ngjarjeve-ne-reggio-calabria-festa-dhe-kremtime-te-personalizuara\/#primaryimage","url":"https:\/\/chiarabevents.com\/wp-content\/uploads\/2025\/06\/984-3.jpg","contentUrl":"https:\/\/chiarabevents.com\/wp-content\/uploads\/2025\/06\/984-3.jpg","width":1500,"height":1000,"caption":"Organizzazione eventi a Reggio Calabria"},{"@type":"BreadcrumbList","@id":"https:\/\/chiarabevents.com\/sq\/organizator-ngjarjesh\/organizimi-i-ngjarjeve-ne-reggio-calabria-festa-dhe-kremtime-te-personalizuara\/#breadcrumb","itemListElement":[{"@type":"ListItem","position":1,"name":"Home","item":"https:\/\/chiarabevents.com\/"},{"@type":"ListItem","position":2,"name":"Organizzazione eventi a Reggio Calabria: feste e celebrazioni su misura"}]},{"@type":"WebSite","@id":"https:\/\/chiarabevents.com\/#website","url":"https:\/\/chiarabevents.com\/","name":"ChiaraB Ud\u00e1losti Svatebn\u00ed pl\u00e1nova\u010d","description":"N\u00e1dhern\u00e1 spole\u010dn\u00e1 cesta","publisher":{"@id":"https:\/\/chiarabevents.com\/#organization"},"potentialAction":[{"@type":"SearchAction","target":{"@type":"EntryPoint","urlTemplate":"https:\/\/chiarabevents.com\/?s={search_term_string}"},"query-input":{"@type":"PropertyValueSpecification","valueRequired":true,"valueName":"search_term_string"}}],"inLanguage":"cs-CZ"},{"@type":"Organization","@id":"https:\/\/chiarabevents.com\/#organization","name":"ChiaraB Ud\u00e1losti Svatebn\u00ed pl\u00e1nova\u010d","url":"https:\/\/chiarabevents.com\/","logo":{"@type":"ImageObject","inLanguage":"cs-CZ","@id":"https:\/\/chiarabevents.com\/#\/schema\/logo\/image\/","url":"https:\/\/chiarabevents.com\/wp-content\/uploads\/2023\/12\/cropped-Monogramma_chiarab.png","contentUrl":"https:\/\/chiarabevents.com\/wp-content\/uploads\/2023\/12\/cropped-Monogramma_chiarab.png","width":512,"height":512,"caption":"ChiaraB Events Wedding Planner"},"image":{"@id":"https:\/\/chiarabevents.com\/#\/schema\/logo\/image\/"},"sameAs":["https:\/\/www.facebook.com\/chiarabevent","https:\/\/www.instagram.com\/chiarab_events\/"]}]}},"_links":{"self":[{"href":"https:\/\/chiarabevents.com\/cs\/wp-json\/wp\/v2\/event-planner\/33193","targetHints":{"allow":["GET"]}}],"collection":[{"href":"https:\/\/chiarabevents.com\/cs\/wp-json\/wp\/v2\/event-planner"}],"about":[{"href":"https:\/\/chiarabevents.com\/cs\/wp-json\/wp\/v2\/types\/event-planner"}],"wp:featuredmedia":[{"embeddable":true,"href":"https:\/\/chiarabevents.com\/cs\/wp-json\/wp\/v2\/media\/33194"}],"wp:attachment":[{"href":"https:\/\/chiarabevents.com\/cs\/wp-json\/wp\/v2\/media?parent=33193"}],"curies":[{"name":"wp","href":"https:\/\/api.w.org\/{rel}","templated":true}]}}