{"id":33208,"date":"2025-06-28T14:23:49","date_gmt":"2025-06-28T12:23:49","guid":{"rendered":"https:\/\/chiarabevents.com\/?post_type=event-planner&#038;p=33208"},"modified":"2025-06-28T14:23:49","modified_gmt":"2025-06-28T12:23:49","slug":"poradani-soukromych-oslav-v-cagliari-napady-a-mista","status":"publish","type":"event-planner","link":"https:\/\/chiarabevents.com\/cs\/planovac-akci\/poradani-soukromych-oslav-v-cagliari-napady-a-mista\/","title":{"rendered":"Po\u0159\u00e1d\u00e1n\u00ed soukrom\u00fdch oslav v Cagliari: n\u00e1pady a m\u00edsta"},"content":{"rendered":"<p>Soukrom\u00fd ve\u010d\u00edrek v Cagliari: Cagliari se sv\u00fdm panoramatem od tis\u00edcilet\u00fdch v\u011b\u017e\u00ed hradu a\u017e po zlatavou plochu Poetto je ide\u00e1ln\u00edm m\u00edstem pro oslavu okam\u017eik\u016f radosti a p\u0159\u00e1telstv\u00ed. Spolehn\u011bte se na <strong>m\u00edstn\u00ed pl\u00e1nova\u010d akc\u00ed<\/strong> jako ChiaraB Events znamen\u00e1 vstoupit do dimenze, kde je ka\u017ed\u00fd detail pe\u010dliv\u011b promy\u0161len: od v\u00fdb\u011bru t\u00e9matu a\u017e po realizaci set-upu, proch\u00e1zej\u00edc\u00ed v\u00fdb\u011brem nejexkluzivn\u011bj\u0161\u00edch m\u00edst. V t\u00e9to podrobn\u00e9 studii se dozv\u00edte, jak prom\u011bnit oby\u010dejn\u00fd soukrom\u00fd ve\u010d\u00edrek v nezapomenuteln\u00fd z\u00e1\u017eitek, a prozkoum\u00e1te kreativn\u00ed n\u00e1pady, jedine\u010dn\u00e9 sc\u00e9nografie a \u0159e\u0161en\u00ed \u0161it\u00e1 na m\u00edru ka\u017ed\u00e9 pot\u0159eb\u011b.<\/p>\n<h2>Pozn\u00e1n\u00ed oblasti a vyu\u017eit\u00ed jej\u00edho potenci\u00e1lu<\/h2>\n<p>Jedine\u010dnost Cagliari spo\u010d\u00edv\u00e1 v neoby\u010dejn\u00e9 rozmanitosti jeho prostor\u016f: v oblasti <strong>historick\u00e9 centrum<\/strong> nab\u00edz\u00ed dl\u00e1\u017ed\u011bn\u00e9 uli\u010dky a \u0161lechtick\u00e9 pal\u00e1ce, kter\u00e9 jsou ide\u00e1ln\u00ed pro ty, kdo hledaj\u00ed intimn\u00ed a \u00fatulnou atmosf\u00e9ru; \u010dtvr\u0165 Villanova se sv\u00fdmi skryt\u00fdmi n\u00e1dvo\u0159\u00edmi je hymnou ostrovn\u00ed tradice; zat\u00edmco nejp\u016fvabn\u011bj\u0161\u00ed pl\u00e1\u017ee, od Poetta po pl\u00e1\u017e Calamosca, nab\u00edzej\u00ed scen\u00e9rie se st\u0159edomo\u0159sk\u00fdm \u0161armem. Profesion\u00e1l s ko\u0159eny na tomto \u00fazem\u00ed zn\u00e1 ka\u017ed\u00fd kout m\u011bsta a um\u00ed ur\u010dit lokalitu, kter\u00e1 nejv\u00edce odpov\u00edd\u00e1 po\u017eadovan\u00e9mu konceptu, co\u017e zaru\u010duje rychl\u00e9 prohl\u00eddky, privilegovan\u00e9 vztahy s majiteli a v\u00fdhodn\u00e9 ekonomick\u00e9 podm\u00ednky d\u00edky exkluzivn\u00edm \u00famluv\u00e1m.<\/p>\n<h2>N\u00e1pady na t\u00e9mata pro soukrom\u00e9 oslavy<\/h2>\n<h3>Oslava narozenin po sardinsku<\/h3>\n<p>P\u0159edstavte si oslavu narozenin v prost\u0159ed\u00ed p\u0159ipom\u00ednaj\u00edc\u00edm chut\u011b a barvy Sardinie: rustik\u00e1ln\u00ed d\u0159ev\u011bn\u00e9 stoly prost\u0159en\u00e9 tradi\u010dn\u00edmi l\u00e1tkami, ozdoby z kor\u00e1lov\u00fdch roh\u016f a staro\u017eitn\u00e9 p\u0159\u00edbory, surov\u00e9 ln\u011bn\u00e9 ubrusy. Ud\u00e1lost o\u017eije d\u00edky cateringu, kter\u00fd nab\u00edz\u00ed <strong>typick\u00e9 speciality<\/strong> nap\u0159\u00edklad porceddu allo spiedo, ru\u010dn\u011b vyr\u00e1b\u011bn\u00e9 culurgiones a cannoli pln\u011bn\u00e9 \u010derstv\u00fdm s\u00fdrem ricotta. Ob\u011bd nebo ve\u010de\u0159i doprov\u00e1z\u00ed \u017eiv\u00e1 hudba s tradi\u010dn\u00edmi sardinsk\u00fdmi dechov\u00fdmi n\u00e1stroji launeddas a p\u0159i z\u00e1padu slunce se na okoln\u00ed st\u011bny prom\u00edtaj\u00ed sv\u011bteln\u00e1 show s geometrick\u00fdmi motivy z hrobek obr\u016f. V crescendu emoc\u00ed je svatebn\u00ed dort prezentov\u00e1n jako um\u011bleck\u00e9 d\u00edlo, zdoben\u00e9 jedl\u00fdmi kv\u011bty a detaily z cukrov\u00e9 hmoty p\u0159ipom\u00ednaj\u00edc\u00edmi n\u00e1st\u011bnn\u00e9 malby v ba\u0161t\u011b svat\u00e9ho Remyho.<\/p>\n<h3>Boho-chic tematick\u00e9 ve\u010d\u00edrky na dvorech a teras\u00e1ch<\/h3>\n<p>Pro milovn\u00edky boh\u00e9msk\u00e9ho stylu jsou vnit\u0159n\u00ed n\u00e1dvo\u0159\u00ed \u010dtvrti Stampace ide\u00e1ln\u00edm m\u00edstem pro stylovou party. <strong>boho-chic<\/strong>. Z\u00e1kladem v\u00fdzdoby jsou m\u011bkk\u00e9 pol\u0161t\u00e1\u0159e na podlaze, orient\u00e1ln\u00ed koberce, barevn\u00e9 sklen\u011bn\u00e9 lucerny a lehk\u00e9 \u0161ifonov\u00e9 z\u00e1v\u011bsy plovouc\u00ed ve v\u011btru. V barevn\u00e9 palet\u011b se m\u00eds\u00ed p\u0159\u00edrodn\u00ed t\u00f3ny, jako je p\u00edsek a terakota, s \u017eiv\u00fdmi n\u00e1dechy tyrkysov\u00e9 a kor\u00e1lov\u00e9. V koktejlov\u00e9m koutku se pod\u00e1vaj\u00ed kreativn\u00ed n\u00e1poje z m\u00edstn\u00edch citrusov\u00fdch plod\u016f a bylinek v ru\u010dn\u011b malovan\u00fdch keramick\u00fdch poh\u00e1rech. Profesion\u00e1ln\u011b p\u0159ipraven\u00e9 focen\u00ed vyu\u017e\u00edv\u00e1 zlatav\u00e9ho sv\u011btla z\u00e1padu slunce k zachycen\u00ed host\u016f a detail\u016f s efektem pohlednice.<\/p>\n<h3>Rozlu\u010dky se svobodou a rozlu\u010dky se svobodou s v\u00fdhledem na mo\u0159e<\/h3>\n<p>P\u0159\u00edtelkyn\u011b a p\u0159\u00e1tel\u00e9 oslavence za\u017eij\u00ed nezapomenuteln\u00fd z\u00e1\u017eitek p\u0159i rozlu\u010dce se svobodou na molu Poetto. Na molu se rozprost\u00edr\u00e1 velmi dlouh\u00fd spole\u010densk\u00fd st\u016fl ozdoben\u00fd kv\u011bty ibi\u0161ku a mu\u0161lemi nasb\u00edran\u00fdmi pod\u00e9l pob\u0159e\u017e\u00ed. Host\u00e9 jsou p\u0159iv\u00edt\u00e1ni aperitivem na uv\u00edtanou v podob\u011b sardinsk\u00fdch bublinek a gurm\u00e1nsk\u00fdch pokrm\u016f, jako jsou masov\u00e9 kuli\u010dky z tu\u0148\u00e1ka a \u0161p\u00edzy z mini seadas. Pot\u00e9 n\u00e1sleduje ve\u010de\u0159e pod\u00e1van\u00e1 na stolech zav\u011b\u0161en\u00fdch nad vodou a osv\u011btlen\u00fdch plovouc\u00edmi lucernami. Jako p\u0159ekvapen\u00ed hraje na pozad\u00ed \u017eiv\u00e1 hudba od velk\u00fdch mezin\u00e1rodn\u00edch klasik\u016f a\u017e po hity italsk\u00e9 hudby.<\/p>\n<h2>V\u00fdb\u011br nejexkluzivn\u011bj\u0161\u00edch lokalit<\/h2>\n<h3>Historick\u00e9 vily a \u0161lechtick\u00e9 pal\u00e1ce<\/h3>\n<p>V bezprost\u0159edn\u00ed bl\u00edzkosti centra m\u011bsta se nach\u00e1z\u00ed \u0159ada historick\u00fdch vil obklopen\u00fdch zelen\u00ed, kter\u00e9 jsou vynikaj\u00edc\u00ed volbou pro ty, kdo hledaj\u00ed soukrom\u00ed a p\u016fvab. Prostorn\u00e9 prostory, tajn\u00e9 zahrady a panoramatick\u00e9 terasy umo\u017e\u0148uj\u00ed venkovn\u00ed i vnit\u0159n\u00ed prost\u0159ed\u00ed ve freskami zdoben\u00fdch nebo klenut\u00fdch m\u00edstnostech. Tyto rezidence \u010dasto nab\u00edzej\u00ed bal\u00ed\u010dky <strong>\"na kl\u00ed\u010d<\/strong>v\u010detn\u011b z\u00e1kladn\u00edho n\u00e1bytku, audio-sv\u011bteln\u00e9ho servisu a vlastn\u00edho cateringu, co\u017e z\u00e1kazn\u00edk\u016fm zjednodu\u0161uje logistiku.<\/p>\n<h3>St\u0159e\u0161n\u00ed zahrada v centru m\u011bsta<\/h3>\n<p>Pro ty, kte\u0159\u00ed d\u00e1vaj\u00ed p\u0159ednost pobytu v centru m\u011bsta, jsou k dispozici st\u0159e\u0161n\u00ed zahrady s v\u00fdhledem na st\u0159echy Cagliari, odkud je \u00fachvatn\u00fd v\u00fdhled na m\u011bsto a z\u00e1liv Golfo degli Angeli. Tyto modern\u00ed prostory vyzna\u010duj\u00edc\u00ed se minimalistick\u00fdmi liniemi a designov\u00fdm n\u00e1bytkem se dokonale hod\u00ed k po\u0159\u00e1d\u00e1n\u00ed elegantn\u00edch a modern\u00edch ve\u010d\u00edrk\u016f. Sou\u010d\u00e1st\u00ed uspo\u0159\u00e1d\u00e1n\u00ed mohou b\u00fdt modul\u00e1rn\u00ed salonky, z\u00e1v\u011bsn\u00e9 sv\u011bteln\u00e9 instalace a odpo\u010dinkov\u00e9 z\u00f3ny s pufy a n\u00edzk\u00fdmi stolky. La <strong>panoramatick\u00fd v\u00fdhled<\/strong> se st\u00e1v\u00e1 ned\u00edlnou sou\u010d\u00e1st\u00ed sc\u00e9nick\u00e9 koncepce, kterou podtrhuj\u00ed sv\u011bteln\u00e9 efekty a profesion\u00e1ln\u00ed barov\u00fd servis.<\/p>\n<h3>Pl\u00e1\u017ee a p\u0159\u00edrodn\u00ed oblasti<\/h3>\n<p>Krom\u011b slavn\u00e9ho Poetta se v okol\u00ed Cagliari nach\u00e1zej\u00ed z\u00e1toky lemovan\u00e9 \u00fatesy a st\u0159edomo\u0159skou maki\u00ed, kter\u00e9 jsou v l\u00e9t\u011b ide\u00e1ln\u00ed pro venkovn\u00ed p\u00e1rty. Zku\u0161en\u00fd organiz\u00e1tor akc\u00ed zaji\u0161\u0165uje p\u0159epravu lod\u00ed, b\u00edl\u00e9 alt\u00e1ny, posezen\u00ed pod bedu\u00ednsk\u00fdmi stany a wellness mas\u00e1\u017en\u00ed stanice na p\u00edsku. Pro pohodl\u00ed host\u016f jsou k dispozici \u0161pi\u010dkov\u00e9 mobiln\u00ed toalety, tepl\u00e9 sprchy a prostory pro ob\u010derstven\u00ed. V odpojen\u00e9 atmosf\u00e9\u0159e se ka\u017ed\u00fd ve\u010d\u00edrek st\u00e1v\u00e1 okam\u017eikem splynut\u00ed s p\u0159\u00edrodou, daleko od m\u011bstsk\u00e9ho chaosu.<\/p>\n<h2>Galeotto se postaralo o catering: menu na m\u00edru a z\u00e1\u017eitkov\u00e9 menu<\/h2>\n<p>Gastronomick\u00fd z\u00e1\u017eitek je jedn\u00edm z nejd\u016fle\u017eit\u011bj\u0161\u00edch aspekt\u016f soukrom\u00e9ho ve\u010d\u00edrku. S ChiaraB Events navrhnete <strong>stezka chut\u00ed<\/strong> na m\u00edru, v\u00fdb\u011br z nab\u00eddky hv\u011bzdn\u00fdch \u0161\u00e9fkucha\u0159\u016f i za\u010d\u00ednaj\u00edc\u00edch osobnost\u00ed cagliarsk\u00e9 sc\u00e9ny. Od tepl\u00fdch a studen\u00fdch p\u0159edkrm\u016f formou bufetu, jejich\u017e z\u00e1kladem jsou m\u00edstn\u00ed s\u00fdry, \u0159emesln\u00e9 uzeniny a sez\u00f3nn\u00ed zelenina, se p\u0159ejde k hlavn\u00edm chod\u016fm, kter\u00e9 kombinuj\u00ed \u010derstv\u011b uloven\u00e9 ryby s modern\u011b zpracovan\u00fdmi recepty. Dezert m\u016f\u017ee b\u00fdt prezentov\u00e1n v podob\u011b kreativn\u00edch dezert\u016f po jednotliv\u00fdch porc\u00edch nebo jako velk\u00e1 \u017eiv\u00e1 showcookingov\u00e1 show, p\u0159i n\u00ed\u017e cukr\u00e1\u0159 p\u0159ed zraky host\u016f p\u0159ipravuje speciality, jako je myrtov\u00e1 zmrzlina nebo sardinsk\u00e9 citronov\u00e9 semifreddo.<\/p>\n<h2>Poutav\u00e9 z\u00e1\u017eitky pro hosty<\/h2>\n<p>Aby byla oslava opravdu nezapomenuteln\u00e1, m\u016f\u017eete p\u0159idat <strong>z\u00e1\u017eitkov\u00e9 momenty<\/strong> zapojen\u00ed v\u0161ech smysl\u016f. Nap\u0159\u00edklad \u0159emesln\u00e1 d\u00edlna parf\u00e9m\u016f umo\u017e\u0148uje host\u016fm vytvo\u0159it si vlastn\u00ed v\u016fni na b\u00e1zi myrty, helichrysu a mastichy. Nebo lze uspo\u0159\u00e1dat divadeln\u00ed p\u0159edstaven\u00ed na m\u00edst\u011b, kde herci interpretuj\u00ed epizody z historie Cagliari, pohybuj\u00ed se mezi hosty a prom\u011b\u0148uj\u00ed ve\u010d\u00edrek v interaktivn\u00ed show. Pro obohacen\u00ed obrazu nab\u00edzej\u00ed um\u011bleck\u00e9 koutky \u017eivou malbu na pl\u00e1tno nebo soch\u00e1n\u00ed tradi\u010dn\u00edho chleba pod veden\u00edm m\u00edstn\u00edch mistr\u016f.<\/p>\n<h2>Grafick\u00e9 sou\u0159adnice a pozv\u00e1nky na m\u00edru<\/h2>\n<p>Ka\u017ed\u00e1 ud\u00e1lost za\u010d\u00edn\u00e1 dlouho p\u0159ed stanoven\u00fdm dnem. <strong>pozv\u00e1nky<\/strong> jsou prvn\u00edm z\u00e1bleskem atmosf\u00e9ry, kterou budete d\u00fdchat. ChiaraB Events spolupracuje se specializovan\u00fdmi grafiky na tvorb\u011b digit\u00e1ln\u00edch a pap\u00edrov\u00fdch pozv\u00e1nek z ru\u010dn\u00edho pap\u00edru nebo ekologick\u00fdch materi\u00e1l\u016f, zdoben\u00fdch motivy inspirovan\u00fdmi keramikou z Cagliari nebo obrazy mistra Spana. Grafick\u00e1 koordinace se roz\u0161i\u0159uje i na menu, jmenovky a d\u00e1rkov\u00e9 ta\u0161ky, p\u0159i\u010dem\u017e se zachov\u00e1v\u00e1 konzistence mezi jednotliv\u00fdmi prvky a posiluje se nit zvolen\u00e9ho t\u00e9matu.<\/p>\n<h2>Logistika a p\u0159ijet\u00ed host\u016f<\/h2>\n<p>Kl\u00ed\u010dov\u00fdm aspektem pro \u00fasp\u011bch soukrom\u00e9 strany je \u0159\u00edzen\u00ed. <strong>logistika<\/strong> a recepce. T\u00fdm se star\u00e1 o koordinaci transfer\u016f, rezervaci ubytov\u00e1n\u00ed v okouzluj\u00edc\u00edch rezidenc\u00edch nebo butikov\u00fdch hotelech v Cagliari, organizaci soukrom\u00e9 dopravy a spr\u00e1vu \u0161atny pro hosty. Uv\u00edtac\u00ed pult z\u0159\u00edzen\u00fd u vchodu do m\u00edsta kon\u00e1n\u00ed akce poskytuje personalizovan\u00e9 odznaky, uv\u00edtac\u00ed n\u00e1poje a pokyny k jednotliv\u00fdm \u010d\u00e1stem akce. Pro p\u0159\u00edchoz\u00ed z jin\u00fdch region\u016f je p\u0159ipraven uv\u00edtac\u00ed bal\u00ed\u010dek s v\u00fdb\u011brem typick\u00fdch sardinsk\u00fdch produkt\u016f, od botarga po med arbutus.<\/p>\n<h2>Pl\u00e1nov\u00e1n\u00ed rozpo\u010dtu a \u010dasu<\/h2>\n<p>Na str\u00e1nk\u00e1ch <strong>chronoprogram<\/strong> je z\u00e1kladem ka\u017ed\u00e9ho projektu. Po prvn\u00ed sch\u016fzce, na kter\u00e9 se stanov\u00ed c\u00edle, po\u010det \u00fa\u010dastn\u00edk\u016f a orienta\u010dn\u00ed rozpo\u010det, se vypracuje podrobn\u00fd pl\u00e1n s operativn\u00edmi kroky: prohl\u00eddka, n\u00e1vrhy sc\u00e9ny, potvrzen\u00ed dodavatel\u016f, sestaven\u00ed menu, technick\u00e1 p\u0159\u00edprava a gener\u00e1ln\u00ed zkou\u0161ka. D\u00edky pravideln\u00e9mu pod\u00e1v\u00e1n\u00ed zpr\u00e1v je z\u00e1kazn\u00edk informov\u00e1n o ka\u017ed\u00e9m pokroku, \u010d\u00edm\u017e se p\u0159edejde p\u0159ekvapen\u00edm a zajist\u00ed se dodr\u017een\u00ed n\u00e1klad\u016f. U men\u0161\u00edch oslav posta\u010d\u00ed dva a\u017e t\u0159i m\u011bs\u00edce p\u0159\u00edprav; u slo\u017eit\u011bj\u0161\u00edch akc\u00ed, zahrnuj\u00edc\u00edch v\u00edce m\u00edst nebo soub\u011b\u017en\u00e9 aktivity, je vhodn\u00e9 za\u010d\u00edt alespo\u0148 \u010dty\u0159i a\u017e \u0161est m\u011bs\u00edc\u016f p\u0159edem.<\/p>\n<h2>Trendy a udr\u017eitelnost<\/h2>\n<p>V panoramatu soukrom\u00fdch stran v Cagliari je koncept <strong>udr\u017eitelnost<\/strong>. ChiaraB Events podporuje pou\u017e\u00edv\u00e1n\u00ed opakovan\u011b pou\u017eiteln\u00fdch a regenerovateln\u00fdch materi\u00e1l\u016f, jako jsou tkaniny z p\u0159\u00edrodn\u00edch vl\u00e1ken, certifikovan\u00fd d\u0159ev\u011bn\u00fd n\u00e1bytek a kompostovateln\u00e9 n\u00e1dob\u00ed. Catering up\u0159ednost\u0148uje bio a 0 km produkty a spolupracuje s m\u00edstn\u00edmi zem\u011bd\u011blci a ryb\u00e1\u0159i. Energeticky \u00fasporn\u00e9 LED osv\u011btlen\u00ed a zaveden\u00ed digit\u00e1ln\u00edch \u0159e\u0161en\u00ed pro spr\u00e1vu host\u016f nav\u00edc sni\u017euj\u00ed dopad akce na \u017eivotn\u00ed prost\u0159ed\u00ed, ani\u017e by to bylo na \u00fakor elegance a pohodl\u00ed.<\/p>\n<h2>\u010casto kladen\u00e9 ot\u00e1zky - Soukrom\u00e1 p\u00e1rty v Cagliari<\/h2>\n<p><strong>S jak\u00fdm p\u0159edstihem je t\u0159eba uspo\u0159\u00e1dat soukromou oslavu v Cagliari?<\/strong><br \/>\nU men\u0161\u00edch akc\u00ed s m\u00e9n\u011b ne\u017e pades\u00e1ti hosty sta\u010d\u00ed dvou a\u017e t\u0159\u00edm\u011bs\u00ed\u010dn\u00ed p\u0159edstih. U v\u011bt\u0161\u00edch oslav se slo\u017eit\u00fdm uspo\u0159\u00e1d\u00e1n\u00edm nebo p\u0159esunem na v\u00edce m\u00edst je vhodn\u00e9 za\u010d\u00edt pl\u00e1novat alespo\u0148 \u010dty\u0159i a\u017e \u0161est m\u011bs\u00edc\u016f p\u0159edem.<\/p>\n<p><strong>Je mo\u017en\u00e9 t\u00e9ma ve\u010d\u00edrku zcela p\u0159izp\u016fsobit?<\/strong><br \/>\nRozhodn\u011b. Ka\u017ed\u00fd projekt je \u0161it\u00fd na m\u00edru, od sc\u00e9nografie a\u017e po gastronomick\u00fd z\u00e1\u017eitek, v\u010detn\u011b pozv\u00e1nek a pom\u016fcek. N\u00e1\u0161 p\u0159\u00edstup na m\u00edru zaru\u010duje konzistenci a originalitu v ka\u017ed\u00e9m detailu.<\/p>\n<p><strong>Jak\u00e1 \u0159e\u0161en\u00ed nab\u00edz\u00edte pro catering?<\/strong><br \/>\nSpolupracujeme s hv\u011bzdn\u00fdmi \u0161\u00e9fkucha\u0159i a nad\u011bjn\u00fdmi m\u00edstn\u00edmi podniky a navrhujeme tradi\u010dn\u00ed i inovativn\u00ed menu. Sou\u010d\u00e1st\u00ed cateringu m\u016f\u017ee b\u00fdt show cooking, tematick\u00e9 koutky a \u0159\u00edzen\u00e9 ochutn\u00e1vky typick\u00fdch v\u00edn a destil\u00e1t\u016f.<\/p>\n<p><strong>Jak \u0159e\u0161\u00edte nep\u0159edv\u00eddan\u00e9 ud\u00e1losti?<\/strong><br \/>\nKa\u017ed\u00e1 akce m\u00e1 pohotovostn\u00ed pl\u00e1n, kter\u00fd zahrnuje z\u00e1lo\u017en\u00ed dodavatele, alternativn\u00ed \u0159e\u0161en\u00ed pro p\u0159\u00edpad nep\u0159\u00edzniv\u00e9ho po\u010das\u00ed a 24hodinovou technickou podporu. To zaji\u0161\u0165uje hladk\u00fd pr\u016fb\u011bh akce bez stresu.<\/p>\n<p><strong>Jsou zde mo\u017enosti z\u00e1bavy pro nejmen\u0161\u00ed?<\/strong><br \/>\nAno, po\u0159\u00e1d\u00e1me kreativn\u00ed d\u00edlny, loutkov\u00e1 p\u0159edstaven\u00ed a designov\u00e9 nafukovac\u00ed atrakce, kter\u00e9 koordinuj\u00ed profesion\u00e1ln\u00ed anim\u00e1to\u0159i specializuj\u00edc\u00ed se na akce pro rodiny s d\u011btmi.<\/p>\n<h2>Z\u00e1v\u011br - Soukrom\u00fd ve\u010d\u00edrek v Cagliari<\/h2>\n<p>Uspo\u0159\u00e1dat soukromou oslavu v Cagliari znamen\u00e1 zvolit si cestu emoc\u00ed, kter\u00e1 se snoub\u00ed s t\u00edm. <strong>tradice<\/strong>, <strong>kreativita<\/strong> e <strong>pohostinstv\u00ed<\/strong>. V r\u00e1mci ChiaraB Events je ka\u017ed\u00e1 f\u00e1ze, od pl\u00e1nov\u00e1n\u00ed a\u017e po realizaci, vedena t\u00fdmem odborn\u00edk\u016f, kte\u0159\u00ed znaj\u00ed ka\u017ed\u00fd kout m\u011bsta a v\u011bd\u00ed, jak jej vylep\u0161it inovativn\u00edmi a udr\u017eiteln\u00fdmi \u0159e\u0161en\u00edmi. Pokud chcete prom\u011bnit n\u00e1pad v nezapomenuteln\u00fd z\u00e1\u017eitek, objevte na\u0161e n\u00e1vrhy na t\u00e9ma <a href=\"https:\/\/chiarabevents.com\/cs\/feste-private\/\">Chiarab Events - Soukrom\u00e9 ve\u010d\u00edrky<\/a> nebo n\u00e1s kontaktujte p\u0159\u00edmo prost\u0159ednictv\u00edm <a href=\"https:\/\/chiarabevents.com\/cs\/kontakty\/\">Kontakt<\/a>. Va\u0161e p\u0159\u00ed\u0161t\u00ed akce v Cagliari bude jedine\u010dn\u00fdm p\u0159\u00edb\u011bhem, napsan\u00fdm \u0161esti rukama s kr\u00e1sou Sardinie.<\/p>","protected":false},"featured_media":33209,"template":"","class_list":["post-33208","event-planner","type-event-planner","status-publish","has-post-thumbnail","hentry"],"yoast_head":"<!-- This site is optimized with the Yoast SEO Premium plugin v21.8 (Yoast SEO v27.3) - https:\/\/yoast.com\/product\/yoast-seo-premium-wordpress\/ -->\n<title>Festa privata a Cagliari: Organizzazione ChiaraB Events Wedding Planner<\/title>\n<meta name=\"description\" content=\"Cerchi idee per una festa privata a Cagliari? Affidati a ChiaraB Events per location uniche e allestimenti personalizzati.\" \/>\n<meta name=\"robots\" content=\"index, follow, max-snippet:-1, max-image-preview:large, max-video-preview:-1\" \/>\n<link rel=\"canonical\" href=\"https:\/\/chiarabevents.com\/cs\/planovac-akci\/poradani-soukromych-oslav-v-cagliari-napady-a-mista\/\" \/>\n<meta property=\"og:locale\" content=\"cs_CZ\" \/>\n<meta property=\"og:type\" content=\"article\" \/>\n<meta property=\"og:title\" content=\"Organizzazione feste private a Cagliari: idee e location\" \/>\n<meta property=\"og:description\" content=\"Cerchi idee per una festa privata a Cagliari? Affidati a ChiaraB Events per location uniche e allestimenti personalizzati.\" \/>\n<meta property=\"og:url\" content=\"https:\/\/chiarabevents.com\/cs\/planovac-akci\/poradani-soukromych-oslav-v-cagliari-napady-a-mista\/\" \/>\n<meta property=\"og:site_name\" content=\"ChiaraB Events Wedding Planner\" \/>\n<meta property=\"article:publisher\" content=\"https:\/\/www.facebook.com\/chiarabevent\" \/>\n<meta property=\"og:image\" content=\"https:\/\/chiarabevents.com\/wp-content\/uploads\/2025\/06\/984-1-18.jpg\" \/>\n\t<meta property=\"og:image:width\" content=\"1500\" \/>\n\t<meta property=\"og:image:height\" content=\"1000\" \/>\n\t<meta property=\"og:image:type\" content=\"image\/jpeg\" \/>\n<meta name=\"twitter:card\" content=\"summary_large_image\" \/>\n<meta name=\"twitter:label1\" content=\"Est. reading time\" \/>\n\t<meta name=\"twitter:data1\" content=\"10 minutes\" \/>\n<script type=\"application\/ld+json\" class=\"yoast-schema-graph\">{\"@context\":\"https:\\\/\\\/schema.org\",\"@graph\":[{\"@type\":\"WebPage\",\"@id\":\"https:\\\/\\\/chiarabevents.com\\\/event-planner\\\/festa-privata-a-cagliari\\\/\",\"url\":\"https:\\\/\\\/chiarabevents.com\\\/event-planner\\\/festa-privata-a-cagliari\\\/\",\"name\":\"Festa privata a Cagliari: Organizzazione ChiaraB Events Wedding Planner\",\"isPartOf\":{\"@id\":\"https:\\\/\\\/chiarabevents.com\\\/#website\"},\"primaryImageOfPage\":{\"@id\":\"https:\\\/\\\/chiarabevents.com\\\/event-planner\\\/festa-privata-a-cagliari\\\/#primaryimage\"},\"image\":{\"@id\":\"https:\\\/\\\/chiarabevents.com\\\/event-planner\\\/festa-privata-a-cagliari\\\/#primaryimage\"},\"thumbnailUrl\":\"https:\\\/\\\/chiarabevents.com\\\/wp-content\\\/uploads\\\/2025\\\/06\\\/984-1-18.jpg\",\"datePublished\":\"2025-06-28T12:23:49+00:00\",\"description\":\"Cerchi idee per una festa privata a Cagliari? Affidati a ChiaraB Events per location uniche e allestimenti personalizzati.\",\"breadcrumb\":{\"@id\":\"https:\\\/\\\/chiarabevents.com\\\/event-planner\\\/festa-privata-a-cagliari\\\/#breadcrumb\"},\"inLanguage\":\"cs-CZ\",\"potentialAction\":[{\"@type\":\"ReadAction\",\"target\":[\"https:\\\/\\\/chiarabevents.com\\\/event-planner\\\/festa-privata-a-cagliari\\\/\"]}]},{\"@type\":\"ImageObject\",\"inLanguage\":\"cs-CZ\",\"@id\":\"https:\\\/\\\/chiarabevents.com\\\/event-planner\\\/festa-privata-a-cagliari\\\/#primaryimage\",\"url\":\"https:\\\/\\\/chiarabevents.com\\\/wp-content\\\/uploads\\\/2025\\\/06\\\/984-1-18.jpg\",\"contentUrl\":\"https:\\\/\\\/chiarabevents.com\\\/wp-content\\\/uploads\\\/2025\\\/06\\\/984-1-18.jpg\",\"width\":1500,\"height\":1000,\"caption\":\"festa privata a Cagliari\"},{\"@type\":\"BreadcrumbList\",\"@id\":\"https:\\\/\\\/chiarabevents.com\\\/event-planner\\\/festa-privata-a-cagliari\\\/#breadcrumb\",\"itemListElement\":[{\"@type\":\"ListItem\",\"position\":1,\"name\":\"Home\",\"item\":\"https:\\\/\\\/chiarabevents.com\\\/\"},{\"@type\":\"ListItem\",\"position\":2,\"name\":\"Organizzazione feste private a Cagliari: idee e location\"}]},{\"@type\":\"WebSite\",\"@id\":\"https:\\\/\\\/chiarabevents.com\\\/#website\",\"url\":\"https:\\\/\\\/chiarabevents.com\\\/\",\"name\":\"ChiaraB Events Wedding Planner\",\"description\":\"Un meraviglioso percorso fatto insieme\",\"publisher\":{\"@id\":\"https:\\\/\\\/chiarabevents.com\\\/#organization\"},\"potentialAction\":[{\"@type\":\"SearchAction\",\"target\":{\"@type\":\"EntryPoint\",\"urlTemplate\":\"https:\\\/\\\/chiarabevents.com\\\/?s={search_term_string}\"},\"query-input\":{\"@type\":\"PropertyValueSpecification\",\"valueRequired\":true,\"valueName\":\"search_term_string\"}}],\"inLanguage\":\"cs-CZ\"},{\"@type\":\"Organization\",\"@id\":\"https:\\\/\\\/chiarabevents.com\\\/#organization\",\"name\":\"ChiaraB Events Wedding Planner\",\"url\":\"https:\\\/\\\/chiarabevents.com\\\/\",\"logo\":{\"@type\":\"ImageObject\",\"inLanguage\":\"cs-CZ\",\"@id\":\"https:\\\/\\\/chiarabevents.com\\\/#\\\/schema\\\/logo\\\/image\\\/\",\"url\":\"https:\\\/\\\/chiarabevents.com\\\/wp-content\\\/uploads\\\/2023\\\/12\\\/cropped-Monogramma_chiarab.png\",\"contentUrl\":\"https:\\\/\\\/chiarabevents.com\\\/wp-content\\\/uploads\\\/2023\\\/12\\\/cropped-Monogramma_chiarab.png\",\"width\":512,\"height\":512,\"caption\":\"ChiaraB Events Wedding Planner\"},\"image\":{\"@id\":\"https:\\\/\\\/chiarabevents.com\\\/#\\\/schema\\\/logo\\\/image\\\/\"},\"sameAs\":[\"https:\\\/\\\/www.facebook.com\\\/chiarabevent\",\"https:\\\/\\\/www.instagram.com\\\/chiarab_events\\\/\"]}]}<\/script>\n<!-- \/ Yoast SEO Premium plugin. -->","yoast_head_json":{"title":"Soukrom\u00fd ve\u010d\u00edrek v Cagliari: ChiaraB Events Wedding Planner","description":"Hled\u00e1te n\u00e1pady na soukromou oslavu v Cagliari? Spolehn\u011bte se na ChiaraB Events, kter\u00e1 nab\u00edz\u00ed jedine\u010dn\u00e1 m\u00edsta a individu\u00e1ln\u00ed uspo\u0159\u00e1d\u00e1n\u00ed.","robots":{"index":"index","follow":"follow","max-snippet":"max-snippet:-1","max-image-preview":"max-image-preview:large","max-video-preview":"max-video-preview:-1"},"canonical":"https:\/\/chiarabevents.com\/cs\/planovac-akci\/poradani-soukromych-oslav-v-cagliari-napady-a-mista\/","og_locale":"cs_CZ","og_type":"article","og_title":"Organizzazione feste private a Cagliari: idee e location","og_description":"Cerchi idee per una festa privata a Cagliari? Affidati a ChiaraB Events per location uniche e allestimenti personalizzati.","og_url":"https:\/\/chiarabevents.com\/cs\/planovac-akci\/poradani-soukromych-oslav-v-cagliari-napady-a-mista\/","og_site_name":"ChiaraB Events Wedding Planner","article_publisher":"https:\/\/www.facebook.com\/chiarabevent","og_image":[{"width":1500,"height":1000,"url":"https:\/\/chiarabevents.com\/wp-content\/uploads\/2025\/06\/984-1-18.jpg","type":"image\/jpeg"}],"twitter_card":"summary_large_image","twitter_misc":{"Est. reading time":"10 minutes"},"schema":{"@context":"https:\/\/schema.org","@graph":[{"@type":"WebPage","@id":"https:\/\/chiarabevents.com\/event-planner\/festa-privata-a-cagliari\/","url":"https:\/\/chiarabevents.com\/event-planner\/festa-privata-a-cagliari\/","name":"Soukrom\u00fd ve\u010d\u00edrek v Cagliari: ChiaraB Events Wedding Planner","isPartOf":{"@id":"https:\/\/chiarabevents.com\/#website"},"primaryImageOfPage":{"@id":"https:\/\/chiarabevents.com\/event-planner\/festa-privata-a-cagliari\/#primaryimage"},"image":{"@id":"https:\/\/chiarabevents.com\/event-planner\/festa-privata-a-cagliari\/#primaryimage"},"thumbnailUrl":"https:\/\/chiarabevents.com\/wp-content\/uploads\/2025\/06\/984-1-18.jpg","datePublished":"2025-06-28T12:23:49+00:00","description":"Hled\u00e1te n\u00e1pady na soukromou oslavu v Cagliari? Spolehn\u011bte se na ChiaraB Events, kter\u00e1 nab\u00edz\u00ed jedine\u010dn\u00e1 m\u00edsta a individu\u00e1ln\u00ed uspo\u0159\u00e1d\u00e1n\u00ed.","breadcrumb":{"@id":"https:\/\/chiarabevents.com\/event-planner\/festa-privata-a-cagliari\/#breadcrumb"},"inLanguage":"cs-CZ","potentialAction":[{"@type":"ReadAction","target":["https:\/\/chiarabevents.com\/event-planner\/festa-privata-a-cagliari\/"]}]},{"@type":"ImageObject","inLanguage":"cs-CZ","@id":"https:\/\/chiarabevents.com\/event-planner\/festa-privata-a-cagliari\/#primaryimage","url":"https:\/\/chiarabevents.com\/wp-content\/uploads\/2025\/06\/984-1-18.jpg","contentUrl":"https:\/\/chiarabevents.com\/wp-content\/uploads\/2025\/06\/984-1-18.jpg","width":1500,"height":1000,"caption":"festa privata a Cagliari"},{"@type":"BreadcrumbList","@id":"https:\/\/chiarabevents.com\/event-planner\/festa-privata-a-cagliari\/#breadcrumb","itemListElement":[{"@type":"ListItem","position":1,"name":"Home","item":"https:\/\/chiarabevents.com\/"},{"@type":"ListItem","position":2,"name":"Organizzazione feste private a Cagliari: idee e location"}]},{"@type":"WebSite","@id":"https:\/\/chiarabevents.com\/#website","url":"https:\/\/chiarabevents.com\/","name":"ChiaraB Ud\u00e1losti Svatebn\u00ed pl\u00e1nova\u010d","description":"N\u00e1dhern\u00e1 spole\u010dn\u00e1 cesta","publisher":{"@id":"https:\/\/chiarabevents.com\/#organization"},"potentialAction":[{"@type":"SearchAction","target":{"@type":"EntryPoint","urlTemplate":"https:\/\/chiarabevents.com\/?s={search_term_string}"},"query-input":{"@type":"PropertyValueSpecification","valueRequired":true,"valueName":"search_term_string"}}],"inLanguage":"cs-CZ"},{"@type":"Organization","@id":"https:\/\/chiarabevents.com\/#organization","name":"ChiaraB Ud\u00e1losti Svatebn\u00ed pl\u00e1nova\u010d","url":"https:\/\/chiarabevents.com\/","logo":{"@type":"ImageObject","inLanguage":"cs-CZ","@id":"https:\/\/chiarabevents.com\/#\/schema\/logo\/image\/","url":"https:\/\/chiarabevents.com\/wp-content\/uploads\/2023\/12\/cropped-Monogramma_chiarab.png","contentUrl":"https:\/\/chiarabevents.com\/wp-content\/uploads\/2023\/12\/cropped-Monogramma_chiarab.png","width":512,"height":512,"caption":"ChiaraB Events Wedding Planner"},"image":{"@id":"https:\/\/chiarabevents.com\/#\/schema\/logo\/image\/"},"sameAs":["https:\/\/www.facebook.com\/chiarabevent","https:\/\/www.instagram.com\/chiarab_events\/"]}]}},"_links":{"self":[{"href":"https:\/\/chiarabevents.com\/cs\/wp-json\/wp\/v2\/event-planner\/33208","targetHints":{"allow":["GET"]}}],"collection":[{"href":"https:\/\/chiarabevents.com\/cs\/wp-json\/wp\/v2\/event-planner"}],"about":[{"href":"https:\/\/chiarabevents.com\/cs\/wp-json\/wp\/v2\/types\/event-planner"}],"wp:featuredmedia":[{"embeddable":true,"href":"https:\/\/chiarabevents.com\/cs\/wp-json\/wp\/v2\/media\/33209"}],"wp:attachment":[{"href":"https:\/\/chiarabevents.com\/cs\/wp-json\/wp\/v2\/media?parent=33208"}],"curies":[{"name":"wp","href":"https:\/\/api.w.org\/{rel}","templated":true}]}}