{"id":33157,"date":"2025-06-26T14:06:27","date_gmt":"2025-06-26T12:06:27","guid":{"rendered":"https:\/\/chiarabevents.com\/?post_type=event-planner&#038;p=33157"},"modified":"2025-06-26T14:16:30","modified_gmt":"2025-06-26T12:16:30","slug":"vallalati-rendezvenyszervezes-sziciliaban-testreszabott-megoldasok-az-on-vallalata-szamara","status":"publish","type":"event-planner","link":"https:\/\/chiarabevents.com\/hu\/esemenyszervezo\/vallalati-rendezvenyszervezes-sziciliaban-testreszabott-megoldasok-az-on-vallalata-szamara\/","title":{"rendered":"V\u00e1llalati rendezv\u00e9nyszervez\u00e9s Szic\u00edli\u00e1ban: testreszabott megold\u00e1sok az \u00d6n v\u00e1llalata sz\u00e1m\u00e1ra"},"content":{"rendered":"<p>V\u00e1llalati esem\u00e9nyek Szic\u00edli\u00e1ban: Egy v\u00e1llalati esem\u00e9ny megszervez\u00e9se Szic\u00edli\u00e1ban azt jelenti, hogy egy olyan \u00e9lm\u00e9nybe mer\u00fclsz el, amely \u00f6tv\u00f6zi <strong>elegancia<\/strong>, <strong>t\u00f6rt\u00e9nelmet<\/strong> \u00e9s <strong>innov\u00e1ci\u00f3n<\/strong>, egyed\u00fcl\u00e1ll\u00f3 alkalmat k\u00edn\u00e1lva v\u00e1llalkoz\u00e1sodnak, hogy leny\u0171g\u00f6zze \u00fcgyfeleit, partnereit \u00e9s alkalmazottait. K\u00e9pzeld el, hogy a vil\u00e1g minden t\u00e1j\u00e1r\u00f3l \u00e9rkez\u0151 r\u00e9sztvev\u0151ket fogadsz egy olyan k\u00f6rnyezetben, amelyet \u0151si arisztokrata palot\u00e1k, a F\u00f6ldk\u00f6zi-tenger partjai \u00e9s sz\u0151l\u0151\u00fcltetv\u00e9nyekkel tark\u00edtott mez\u0151gazdas\u00e1gi birtokok alkotnak. A t\u00e1mogat\u00e1s\u00e1val <a href=\"https:\/\/chiarabevents.com\/hu\/\">Chiara Events<\/a>, minden r\u00e9szlet \u2013 az els\u0151 eligaz\u00edt\u00e1st\u00f3l a v\u00e9gs\u0151 jelent\u00e9s \u00e1tad\u00e1s\u00e1ig \u2013 a legnagyobb gondoss\u00e1ggal ker\u00fcl kidolgoz\u00e1sra, hogy olyan eredm\u00e9nyt garant\u00e1ljunk, amely t\u00fckr\u00f6zi v\u00e1llalati identit\u00e1sodat \u00e9s minden v\u00e1rakoz\u00e1st fel\u00fclm\u00fal.<\/p>\n<hr \/>\n<h2>Mi\u00e9rt v\u00e1laszd Szic\u00edli\u00e1t v\u00e1llalati esem\u00e9nyeid helysz\u00edn\u00e9\u00fcl<\/h2>\n<p>V\u00e1llalati esem\u00e9nyek Szic\u00edli\u00e1ban: Szic\u00edlia nem csup\u00e1n egy b\u00e1jos sziget; egy val\u00f3di \u201eterm\u00e9szetes sz\u00ednpad\u201d, ahol a m\u00falt \u00e9s a j\u00f6v\u0151 tal\u00e1lkozik. Az \u00e9p\u00edt\u00e9szeti \u00f6r\u00f6ks\u00e9g, amely g\u00f6r\u00f6g templomokb\u00f3l, normann v\u00e1rakb\u00f3l \u00e9s barokk vill\u00e1kb\u00f3l \u00e1ll, \u00f6tv\u00f6z\u0151dik a luxus l\u00e9tes\u00edtm\u00e9nyek k\u00edn\u00e1lat\u00e1val, amelyek minden modern k\u00e9nyelmet biztos\u00edtanak. Ez a kever\u00e9k lehet\u0151v\u00e9 teszi olyan megold\u00e1sok k\u00edn\u00e1lat\u00e1t, amelyek a high-tech kongresszust\u00f3l egy \u0151si, kongresszusi k\u00f6zpontt\u00e1 alak\u00edtott birtokon \u00e1t a csillagos \u00e9g alatt tartott g\u00e1lavacsor\u00e1ig terjednek, egy tengerre n\u00e9z\u0151 teraszon.<\/p>\n<p>A mediterr\u00e1n \u00e9ghajlatnak k\u00f6sz\u00f6nhet\u0151en, amely az \u00e9v nagy r\u00e9sz\u00e9ben enyhe h\u0151m\u00e9rs\u00e9kletet biztos\u00edt, m\u00e9g a \u201eh\u0171v\u00f6sebb\u201d h\u00f3napokban is lehet szabadt\u00e9ri programokat szervezni an\u00e9lk\u00fcl, hogy le kellene mondani a <strong>komfort<\/strong> \u00e9s <strong>st\u00edlust<\/strong>. K\u00e9pzelj el egy \u00fczleti reggelit egy \u00e9vsz\u00e1zados gy\u00fcm\u00f6lcs\u00f6skert narancsf\u00e1i k\u00f6z\u00f6tt, vagy egy naplementekor tartott aperitifet az Etna l\u00e1tv\u00e1ny\u00e1val: az ilyen jelenetek nemcsak eml\u00e9kezetess\u00e9 teszik az esem\u00e9nyt, hanem er\u0151s \u00e9rzelmi kapcsolatot teremtenek a r\u00e9sztvev\u0151k \u00e9s a m\u00e1rka k\u00f6z\u00f6tt, er\u0151s\u00edtve a v\u00e1llalati \u00fczenetet.<\/p>\n<p>Ezenk\u00edv\u00fcl a szigetet h\u00e1rom nemzetk\u00f6zi rep\u00fcl\u0151t\u00e9r (Palermo, Catania \u00e9s Trapani) szolg\u00e1lja ki, amelyek napi j\u00e1ratokat k\u00edn\u00e1lnak Olaszorsz\u00e1g \u00e9s Eur\u00f3pa f\u0151bb v\u00e1rosaiba. Ez a megk\u00f6zel\u00edthet\u0151s\u00e9g, egy hat\u00e9kony \u00fath\u00e1l\u00f3zattal \u00e9s a diz\u00e1jn hotelekt\u0151l a luxus \u00fcd\u00fcl\u0151helyekig terjed\u0151 sz\u00e1ll\u00e1slehet\u0151s\u00e9gek k\u00edn\u00e1lat\u00e1val egy\u00fctt, z\u00f6kken\u0151mentes \u00e9s probl\u00e9mamentes logisztik\u00e1t biztos\u00edt, ami kulcsfontoss\u00e1g\u00fa b\u00e1rmely v\u00e1llalati projekt siker\u00e9hez.<\/p>\n<hr \/>\n<h2>Testreszabott megold\u00e1sok v\u00e1llalkoz\u00e1sod sz\u00e1m\u00e1ra<\/h2>\n<p>A v\u00e1llalati esem\u00e9nyek vil\u00e1g\u00e1ban nincsenek standard formul\u00e1k: minden v\u00e1llalatnak m\u00e1sok a c\u00e9ljai, \u00e9rt\u00e9kei \u00e9s k\u00f6lts\u00e9gvet\u00e9se. Megk\u00f6zel\u00edt\u00e9s\u00fcnk mindig egy alapos<strong>ig\u00e9nyfelm\u00e9r\u00e9ssel<\/strong> kezd\u0151dik, hogy olyan koncepci\u00f3t \u00e9p\u00edts\u00fcnk fel, amely t\u00fckr\u00f6zi az \u00fcgyf\u00e9l identit\u00e1s\u00e1t \u00e9s val\u00f3ban bevonja a c\u00e9lk\u00f6z\u00f6ns\u00e9get.<\/p>\n<h3>V\u00e1llalati ig\u00e9nyek elemz\u00e9se<\/h3>\n<p>Az els\u0151 l\u00e9p\u00e9s egy egyeztet\u0151 tal\u00e1lkoz\u00f3, amely sor\u00e1n k\u00f6z\u00f6sen meghat\u00e1rozzuk az esem\u00e9ny c\u00e9lj\u00e1t \u2013 legyen az egy term\u00e9kbemutat\u00f3, strat\u00e9giai megbesz\u00e9l\u00e9s vagy csapat\u00e9p\u00edt\u0151 program \u2013, \u00e9s azonos\u00edtjuk a r\u00e9sztvev\u0151k c\u00e9lcsoportj\u00e1t. A vend\u00e9gek sz\u00e1m\u00e1nak, f\u00f6ldrajzi eredet\u00e9nek \u00e9s a v\u00e1rhat\u00f3 r\u00e9szv\u00e9teli szintnek a meg\u00e9rt\u00e9se lehet\u0151v\u00e9 teszi sz\u00e1munkra, hogy megfelel\u0151 form\u00e1tumokat javasoljunk, a plen\u00e1ris konferenci\u00e1t\u00f3l a legmodernebb hang- \u00e9s videotechnik\u00e1val felszerelt sz\u00ednpaddal kezdve, eg\u00e9szen a kis csoportos workshopokig.<\/p>\n<p>Miut\u00e1n meghat\u00e1roztuk a c\u00e9lokat, foglalkozunk a kulcsfontoss\u00e1g\u00fa t\u00e9m\u00e1val, a <strong>Re\u00e1lis<\/strong>. Nem csup\u00e1n egy \u00f6sszeget kell meghat\u00e1rozni, hanem egy r\u00e9szletes becsl\u00e9st kell kidolgozni, amely mag\u00e1ban foglalja a helysz\u00ednt, cateringet, berendez\u00e9seket, sz\u00f3rakoztat\u00e1st \u00e9s logisztik\u00e1t, mindig hagyva egy rugalmass\u00e1gi keretet esetleges fejleszt\u00e9sek vagy v\u00e1ratlan esem\u00e9nyek sz\u00e1m\u00e1ra. \u00cdgy el\u0151re l\u00e1tjuk a lehets\u00e9ges ig\u00e9nyeket, \u00e9s \u00e1tl\u00e1that\u00f3, ellen\u0151rz\u00f6tt p\u00e9nz\u00fcgyi kezel\u00e9st biztos\u00edtunk, elker\u00fclve az utols\u00f3 pillanatos meglepet\u00e9seket.<\/p>\n<h3>Koncepci\u00f3 tervez\u00e9se<\/h3>\n<p>Miut\u00e1n \u00f6sszegy\u0171jt\u00f6tt\u00fck az \u00f6sszes inform\u00e1ci\u00f3t, a Chiara Events kreat\u00edv csapata \u00e9letre kelti az esem\u00e9ny koncepci\u00f3j\u00e1t. A folyamat mag\u00e1ban foglalja egy <strong>hangulat-t\u00e1bl\u00e1zat<\/strong> l\u00e9trehoz\u00e1s\u00e1t, amely \u00f6sszefoglalja a sz\u00edneket, anyagokat \u00e9s vizu\u00e1lis inspir\u00e1ci\u00f3kat a v\u00e1lasztott t\u00e9m\u00e1b\u00f3l, valamint egy <strong>koordin\u00e1lt arculat<\/strong> meghat\u00e1roz\u00e1s\u00e1t, amelyet megh\u00edv\u00f3kon, aj\u00e1nd\u00e9kt\u00e1rgyakon \u00e9s kommunik\u00e1ci\u00f3s anyagokon alkalmazunk. Minden szakaszban a c\u00e9l az, hogy kiemelj\u00fck a v\u00e1llalati \u00e9rt\u00e9keket: ha v\u00e1llalkoz\u00e1sod az innov\u00e1ci\u00f3ra f\u00f3kusz\u00e1l, integr\u00e1lhatunk immersz\u00edv technol\u00f3gi\u00e1kat \u00e9s kiterjesztett val\u00f3s\u00e1got; ha pedig a fenntarthat\u00f3s\u00e1g a k\u00f6zponti elem, helyi besz\u00e1ll\u00edt\u00f3kat \u00e9s k\u00f6rnyezetbar\u00e1t megold\u00e1sokat r\u00e9szes\u00edt\u00fcnk el\u0151nyben.<\/p>\n<p>Az esem\u00e9ny programja g\u00f6rd\u00fcl\u00e9kenyen van megszervezve, v\u00e1ltogatva a plen\u00e1ris \u00fcl\u00e9seket a networking pillanatokkal \u00e9s az \u00e9lm\u00e9nyd\u00fas k\u00e1v\u00e9sz\u00fcnetekkel. Az id\u0151z\u00edt\u00e9s gondos megtervez\u00e9se alapvet\u0151: egy j\u00f3l kiegyens\u00falyozott menetrend fenntartja a figyelmet \u00e9s el\u0151seg\u00edti az akt\u00edv r\u00e9szv\u00e9telt, elker\u00fclve az energiaes\u00e9st vagy a hossz\u00fa holtid\u0151ket.<\/p>\n<h3>Exkluz\u00edv helysz\u00ednek keres\u00e9se<\/h3>\n<p>A helysz\u00edn kiv\u00e1laszt\u00e1sa az esem\u00e9ny val\u00f3di \u201en\u00e9vjegye\u201d. Szic\u00edli\u00e1ban a lehet\u0151s\u00e9gek rendk\u00edv\u00fcliek: a <strong>vill\u00e1i<\/strong> korabeli fresk\u00f3kkal \u00e9s monument\u00e1lis kertekkel, a <strong>luxussz\u00e1lloda,<\/strong> tengerre n\u00e9z\u0151 kil\u00e1t\u00e1ssal, eg\u00e9szen a <strong>bor\u00e1szatokig<\/strong> a sz\u0151l\u0151\u00fcltetv\u00e9nyek k\u00f6z\u00f6tt. Minden megold\u00e1st kiv\u00e1lasztunk a k\u00f6vetkez\u0151 szempontok alapj\u00e1n: <strong>hozz\u00e1f\u00e9rhet\u0151s\u00e9get<\/strong>, <strong>kapacit\u00e1s<\/strong> \u00e9s <strong>sz\u00f3rakoz\u00e1s<\/strong>, garant\u00e1lva a maxim\u00e1lis \u00f6sszhangot a koncepci\u00f3val \u00e9s a v\u00e1llalati arculattal.<\/p>\n<p>Az egyik legexkluz\u00edvabb aj\u00e1nlatunk felfedez\u00e9s\u00e9hez l\u00e1togass el a \u201eHelysz\u00ednek\u201d szekci\u00f3ba a <a href=\"https:\/\/chiarabevents.com\/hu\/\">Chiara Events<\/a>, ahol inspir\u00e1l\u00f3dhatsz a kiv\u00e1lasztott l\u00e9tes\u00edtm\u00e9nyek fot\u00f3ib\u00f3l, le\u00edr\u00e1saib\u00f3l \u00e9s virtu\u00e1lis t\u00far\u00e1ib\u00f3l.<\/p>\n<h3>Catering \u00e9s dekor\u00e1ci\u00f3<\/h3>\n<p>A catering nem csup\u00e1n egy \u00e9tkez\u00e9s: egy t\u00f6bb\u00e9rz\u00e9k\u0171 \u00e9lm\u00e9ny, amely hozz\u00e1j\u00e1rul az esem\u00e9ny identit\u00e1s\u00e1nak meghat\u00e1roz\u00e1s\u00e1hoz. Csillagos s\u00e9fekkel \u00e9s helyi besz\u00e1ll\u00edt\u00f3kkal dolgozunk egy\u00fctt, hogy szem\u00e9lyre szabott men\u00fcket alkossunk, amelyek \u00f6tv\u00f6zik a szic\u00edliai hagyom\u00e1nyt \u00e9s a kort\u00e1rs kreativit\u00e1st. Az \u00fczleti eb\u00e9dt\u0151l a \u201estreet food gourmet\u201d st\u00edlusban a g\u00e1lavacsor\u00e1ig, minden fog\u00e1s c\u00e9lja, hogy meglepjen \u00e9s bevonja az \u00e9rz\u00e9keket.<\/p>\n<p>A dekor\u00e1ci\u00f3k is alapvet\u0151 szerepet j\u00e1tszanak. Design csapatunk integr\u00e1lt m\u00f3don gondoskodik a b\u00fatorzatr\u00f3l, vil\u00e1g\u00edt\u00e1sr\u00f3l \u00e9s d\u00edszletr\u0151l, magas min\u0151s\u00e9g\u0171 anyagokat haszn\u00e1lva, hogy \u00f6sszhangban legyenek a v\u00e1lasztott t\u00e9m\u00e1val. A terek \u00e9rt\u00e9k\u00e9nek n\u00f6vel\u00e9se azt jelenti, hogy az esem\u00e9ny minden pillanata eml\u00e9kezetes \u00e9lm\u00e9nny\u00e9 v\u00e1lik.<\/p>\n<h3>Sz\u00f3rakoztat\u00e1s \u00e9s bevon\u00e1s<\/h3>\n<p>A r\u00e9szv\u00e9tel magas szinten tart\u00e1sa \u00e9rdek\u00e9ben profi el\u0151ad\u00f3k \u00e9s moder\u00e1torok beavatkoz\u00e1sait tervezz\u00fck, akik t\u00f6rt\u00e9netmes\u00e9l\u00e9si technik\u00e1kkal \u00e9s interakt\u00edv szekci\u00f3kkal \u00f6szt\u00f6nzik a k\u00f6z\u00f6ns\u00e9g k\u00edv\u00e1ncsis\u00e1g\u00e1t. Szabadid\u0151s pillanatokban \u00e9lm\u00e9nyalap\u00fa csapat\u00e9p\u00edt\u0151 tev\u00e9kenys\u00e9geket szervez\u00fcnk: kultur\u00e1lis kincskeres\u00e9st Taormina sik\u00e1toraiban, szic\u00edliai specialit\u00e1sok f\u0151z\u0151tanfolyam\u00e1t vagy mixol\u00f3giai m\u0171helyt, ahol az italok sziget jellegzetes \u00f6sszetev\u0151ib\u0151l k\u00e9sz\u00fclnek kokt\u00e9lok.<\/p>\n<p>Ezek az apr\u00f3l\u00e9kosan kidolgozott \u00e9lm\u00e9nyek el\u0151seg\u00edtik a csoport \u00f6sszetart\u00e1s\u00e1t, \u00e9s bizony\u00edtj\u00e1k a v\u00e1llalat elk\u00f6telezetts\u00e9g\u00e9t a tehets\u00e9gek \u00e9s a bels\u0151 kapcsolatok \u00e9rt\u00e9k\u00e9nek n\u00f6vel\u00e9se ir\u00e1nt.<\/p>\n<h3>Logisztika \u00e9s sz\u00e1ll\u00edt\u00e1s<\/h3>\n<p>A logisztik\u00e1t is sv\u00e1jci pontoss\u00e1ggal kezelj\u00fck. A rep\u00fcl\u0151terekre \u00e9s onnan t\u00f6rt\u00e9n\u0151 priv\u00e1t transzfereken t\u00fal koordin\u00e1ljuk a bels\u0151 utaz\u00e1sokat shuttle buszokkal \u00e9s aut\u00f3buszokkal, meghat\u00e1rozva az \u00fatvonalakat, id\u0151pontokat \u00e9s gy\u00fclekez\u00e9si helyeket az id\u0151 \u00e9s er\u0151forr\u00e1sok optimaliz\u00e1l\u00e1sa \u00e9rdek\u00e9ben. Egy val\u00f3di <strong>\u201emenetrend\u201d<\/strong> ker\u00fcl megoszt\u00e1sra minden \u00e9rintett besz\u00e1ll\u00edt\u00f3val, biztos\u00edtva, hogy minden f\u00e1zis z\u00f6kken\u0151mentesen \u00e9s az el\u0151re meghat\u00e1rozott \u00fctemterv szerint zajlik.<\/p>\n<hr \/>\n<h2>Szic\u00edlia legjobb helysz\u00ednei v\u00e1llalati esem\u00e9nyekhez<\/h2>\n<p>A sziget \u00e1ltal k\u00edn\u00e1lt v\u00e1ltozatos k\u00f6rnyezet lehet\u0151v\u00e9 teszi a t\u00f6k\u00e9letes keret kiv\u00e1laszt\u00e1s\u00e1t az esem\u00e9ny t\u00edpus\u00e1t\u00f3l \u00e9s a k\u00edv\u00e1nt hangulatt\u00f3l f\u00fcgg\u0151en.<\/p>\n<h3>Palermo \u00e9s k\u00f6rny\u00e9ke<\/h3>\n<p>Palerm\u00f3ban, a sziget kultur\u00e1lis f\u0151v\u00e1ros\u00e1ban, t\u00f6rt\u00e9nelmi palot\u00e1kban lehet esem\u00e9nyeket szervezni, mint p\u00e9ld\u00e1ul a Normann Palota, ahol fresk\u00f3kkal d\u00edsz\u00edtett termek \u00e9s bels\u0151 udvarok nagy hat\u00e1s\u00fa l\u00e1tv\u00e1nyt ny\u00fajtanak. A Villa Tasca, szabadt\u00e9ri Liberty kertjeivel \u00e9s purit\u00e1n tereivel ide\u00e1lis konferenci\u00e1khoz \u00e9s szabadt\u00e9ri \u00fczleti eb\u00e9dekhez.<\/p>\n<h3>Catania \u00e9s az I\u00f3n-tenger partja<\/h3>\n<p>A keleti parton leny\u0171g\u00f6z\u0151 helysz\u00ednek ny\u00edlnak, mint az Etna Golf Resort, amely t\u00f6k\u00e9letes \u00fczleti \u00fcl\u00e9sek \u00e9s pihen\u0151 pillanatok kombin\u00e1l\u00e1s\u00e1ra a z\u00f6ld ter\u00fcleten, vagy a Taormina partj\u00e1ra n\u00e9z\u0151 \u00fcd\u00fcl\u0151helyek, ahonnan l\u00e9legzetel\u00e1ll\u00edt\u00f3 kil\u00e1t\u00e1s ny\u00edlik az Isola Bella szikl\u00e1kra.<\/p>\n<h3>Siracusa \u00e9s Ortigia<\/h3>\n<p>Siracusa var\u00e1zsa az Ortigia \u0151si k\u00f6vei k\u00f6z\u00f6tt \u00e9rezhet\u0151: egy esem\u00e9ny szervez\u00e9se a Maniace kast\u00e9lyban k\u00f6z\u00e9pkori tengerre n\u00e9z\u0151 l\u00e1tv\u00e1nyt ny\u00fajt a r\u00e9sztvev\u0151knek, m\u00edg a XVIII. sz\u00e1zadi arisztokratikus otthon, a Beneventano del Bosco palota eleg\u00e1ns \u00e9s id\u0151tlen k\u00f6rnyezetet biztos\u00edt.<\/p>\n<hr \/>\n<h2>Esettanulm\u00e1ny: sikeres esem\u00e9nyek a Chiara Events-szel<\/h2>\n<p>Az \u00e9vek sor\u00e1n megtiszteltet\u00e9s volt sz\u00e1munkra, hogy fontos hazai \u00e9s nemzetk\u00f6zi v\u00e1llalatok sz\u00e1m\u00e1ra val\u00f3s\u00edthattunk meg projekteket.<\/p>\n<p>Egy nemr\u00e9giben Catania-ban tartott technol\u00f3giai bemutat\u00f3n az \u00fcgyf\u00e9lnek egy cs\u00facstechnol\u00f3gi\u00e1s be\u00e1ll\u00edt\u00e1sra volt sz\u00fcks\u00e9ge term\u00e9k\u00e9nek bemutat\u00e1s\u00e1hoz. Egy tengerparti vill\u00e1t v\u00e1lasztottunk, amelyet 4K st\u00fadi\u00f3v\u00e1 alak\u00edtottunk \u00e1t, \u00e9l\u0151 k\u00f6zvet\u00edt\u00e9si rendszerrel \u00e9s esti f\u00e9nyshow-val kieg\u00e9sz\u00edtve. Az eredm\u00e9ny a k\u00f6z\u00f6ss\u00e9gi m\u00e9dia elk\u00f6telez\u0151d\u00e9s\u00e9nek 30% n\u00f6veked\u00e9se \u00e9s orsz\u00e1gos sajt\u00f3megjelen\u00e9s volt.<\/p>\n<p>Egy nagy ipari csoport sz\u00e1m\u00e1ra egy incent\u00edv programot tervezt\u00fcnk Not\u00f3ban, amely egy kultur\u00e1lis kincskeres\u0151 j\u00e1t\u00e9kra \u00e9p\u00fclt a barokk v\u00e1rosban, majd egy csillagos vacsor\u00e1val egy fel\u00faj\u00edtott k\u00fari\u00e1ban. Az esem\u00e9ny a szem\u00e9lyzeti el\u00e9gedetts\u00e9g 90% feletti ar\u00e1ny\u00e1t \u00e9rte el, er\u0151s\u00edtve a csapatszellemet \u00e9s a v\u00e1llalathoz tartoz\u00e1s \u00e9rz\u00e9s\u00e9t.<\/p>\n<hr \/>\n<h2>Dedik\u00e1lt csapatunk<\/h2>\n<p>Minden projekt sikere a k\u00fcl\u00f6nb\u00f6z\u0151 szak\u00e9rtelmek szinergi\u00e1j\u00e1b\u00f3l sz\u00fcletik. A <strong>projektmenedzser<\/strong> koordin\u00e1lja a tev\u00e9kenys\u00e9geket \u00e9s folyamatosan t\u00e1j\u00e9koztatja az \u00fcgyfelet, az<strong>esem\u00e9nytervez\u0151<\/strong> a koncepci\u00f3t hangulat-t\u00e1bl\u00e1k \u00e9s protot\u00edpusok seg\u00edts\u00e9g\u00e9vel form\u00e1lja, a <strong>catering menedzser<\/strong> kezeli az \u00e9tlapokat \u00e9s a felszolg\u00e1l\u00f3 szem\u00e9lyzetet, m\u00edg a <strong>logisztikai koordin\u00e1tor<\/strong> minden sz\u00e1ll\u00edt\u00e1st megszervez \u00e9s ellen\u0151rzi, hogy a program a meghat\u00e1rozott id\u0151rend szerint halad-e. Ennek az operat\u00edv modellnek k\u00f6sz\u00f6nhet\u0151en \u00e1tfog\u00f3 \u00e9s szem\u00e9lyre szabott szolg\u00e1ltat\u00e1st tudunk ny\u00fajtani.<\/p>\n<hr \/>\n<h2>Tervez\u00e9si folyamat \u00e9s id\u0151vonal<\/h2>\n<p>Egy esem\u00e9ny tervez\u00e9se legal\u00e1bb k\u00e9t-h\u00e1rom h\u00f3nappal a kiv\u00e1lasztott d\u00e1tum el\u0151tt kezd\u0151dik. Az els\u0151 harminc napban meghat\u00e1rozzuk a c\u00e9lokat, a k\u00f6lts\u00e9gvet\u00e9st \u00e9s a kreat\u00edv koncepci\u00f3t. A k\u00f6vetkez\u0151 hatvan napban v\u00e9gleges\u00edtj\u00fck a helysz\u00ednt, a besz\u00e1ll\u00edt\u00f3kat \u00e9s az operat\u00edv r\u00e9szleteket, m\u00edg az utols\u00f3 k\u00e9t h\u00e9t a helysz\u00edni bej\u00e1r\u00e1sokra, technikai pr\u00f3b\u00e1kra \u00e9s az \u00f6sszes szolg\u00e1ltat\u00e1s meger\u0151s\u00edt\u00e9s\u00e9re szolg\u00e1l. Ez a s\u00e9ma \u2013 mindig az \u00fcgyf\u00e9l specifikus ig\u00e9nyeihez igaz\u00edtva \u2013 biztos\u00edtja a munkafolyamat z\u00f6kken\u0151mentess\u00e9g\u00e9t \u00e9s a minden f\u00e1zis pontos kezel\u00e9s\u00e9t.<\/p>\n<hr \/>\n<h2>K\u00f6lts\u00e9gvet\u00e9s kezel\u00e9se \u00e9s \u00e1tl\u00e1that\u00f3s\u00e1g<\/h2>\n<p>A gazdas\u00e1gi \u00e1tl\u00e1that\u00f3s\u00e1g alap\u00e9rt\u00e9k: minden \u00fcgyf\u00e9l r\u00e9szletes \u00e1raj\u00e1nlatot kap, amely felsorolja az egyes k\u00f6lts\u00e9gt\u00e9teleket \u00e9s alternat\u00edv\u00e1kat k\u00edn\u00e1l a k\u00f6lts\u00e9gek optimaliz\u00e1l\u00e1s\u00e1ra. A szervez\u00e9si szakasz alatt heti jelent\u00e9seket k\u00fcld\u00fcnk a kiad\u00e1sok alakul\u00e1s\u00e1r\u00f3l, \u00e9s \u201eokos\u201d megold\u00e1sokat javasolunk, hogy a meghat\u00e1rozott kereteken bel\u00fcl maradjunk, an\u00e9lk\u00fcl, hogy a min\u0151s\u00e9gr\u0151l \u00e9s st\u00edlusr\u00f3l le kellene mondani.<\/p>\n<hr \/>\n<h2>Marketing \u00e9s az esem\u00e9ny kommunik\u00e1ci\u00f3ja<\/h2>\n<p>A r\u00e9szv\u00e9tel n\u00f6vel\u00e9se \u00e9s az \u00e9rdekl\u0151d\u00e9s felkelt\u00e9se \u00e9rdek\u00e9ben koordin\u00e1ljuk a szem\u00e9lyre szabott megh\u00edv\u00f3k \u2013 digit\u00e1lis \u00e9s pap\u00edralap\u00fa \u2013 valamint tematikus landing oldalak l\u00e9trehoz\u00e1s\u00e1t regisztr\u00e1ci\u00f3s \u0171rlappal. E-mail marketing kamp\u00e1nyok \u00e9s SMS vagy WhatsApp eml\u00e9keztet\u0151k seg\u00edts\u00e9g\u00e9vel fenntartjuk a r\u00e9sztvev\u0151k \u00e9rdekl\u0151d\u00e9s\u00e9t az esem\u00e9ny napj\u00e1ig.<\/p>\n<p>Az esem\u00e9ny sor\u00e1n k\u00f6z\u00f6ss\u00e9gi m\u00e9dia menedzsereink kezelik az \u00e9l\u0151 k\u00f6zvet\u00edt\u00e9st LinkedIn-en, Facebookon \u00e9s YouTube-on, hivatalos hashtagek \u00e9s egys\u00e9ges grafik\u00e1k haszn\u00e1lat\u00e1val n\u00f6velve az online l\u00e1that\u00f3s\u00e1got. A v\u00e9g\u00e9n profi fot\u00f3kat \u00e9s vide\u00f3kat gy\u0171jt\u00fcnk \u00f6ssze egy \u00e9rzelmi \u00f6sszefoglal\u00f3 elk\u00e9sz\u00edt\u00e9s\u00e9hez, amelyet bels\u0151leg \u00e9s v\u00e1llalati csatorn\u00e1kon osztunk meg.<\/p>\n<hr \/>\n<h2>Esem\u00e9ny ut\u00e1ni monitoroz\u00e1s \u00e9s jelent\u00e9s<\/h2>\n<p>Az eredm\u00e9nyek elemz\u00e9se alapvet\u0151 a befektet\u00e9s megt\u00e9r\u00fcl\u00e9s\u00e9nek (ROI) \u00e9rt\u00e9kel\u00e9s\u00e9hez. Az esem\u00e9nyt k\u00f6vet\u0151 egy h\u00e9ten bel\u00fcl jelent\u00e9st k\u00fcld\u00fcnk, amely tartalmazza a r\u00e9szv\u00e9teli adatokat, az \u00fcgyf\u00e9l-el\u00e9gedetts\u00e9gi k\u00e9rd\u0151\u00edveken gy\u0171jt\u00f6tt visszajelz\u00e9seket \u00e9s egy ir\u00e1ny\u00edt\u00f3pultot a kulcsfontoss\u00e1g\u00fa mutat\u00f3kkal (elk\u00f6telez\u0151d\u00e9s, sajt\u00f3megjelen\u00e9s, k\u00f6z\u00f6ss\u00e9gi interakci\u00f3k). V\u00e9g\u00fcl egy megbesz\u00e9l\u00e9st szervez\u00fcnk az \u00fcgyf\u00e9llel az er\u0151ss\u00e9gek, fejlesztend\u0151 ter\u00fcletek \u00e1ttekint\u00e9s\u00e9re \u00e9s a k\u00f6vetkez\u0151 esem\u00e9nyek strat\u00e9gi\u00e1inak meghat\u00e1roz\u00e1s\u00e1ra.<\/p>\n<hr \/>\n<h2>\u00d6sszegz\u00e9s<\/h2>\n<p>Tapasztalt szakemberekre, mint a <a href=\"https:\/\/chiarabevents.com\/hu\/\">Chiara Events<\/a> b\u00edzni azt jelenti, hogy a szic\u00edliai v\u00e1llalati esem\u00e9ny szervez\u00e9se nem stresszes pillanatk\u00e9nt, hanem izgalmas utaz\u00e1sk\u00e9nt \u00e9lhet\u0151 meg, tele felfedez\u00e9sekkel \u00e9s lehet\u0151s\u00e9gekkel. A koncepci\u00f3 megalkot\u00e1s\u00e1t\u00f3l az eredm\u00e9nyek elemz\u00e9s\u00e9ig minden f\u00e1zist gondosan \u00e9s kreat\u00edvan kezel\u00fcnk, hogy az elk\u00e9pzel\u00e9sed felejthetetlen \u00e9lm\u00e9nny\u00e9 v\u00e1ljon.<\/p>\n<hr \/>\n<h2>GYIK<\/h2>\n<p><strong>Melyik a legjobb id\u0151szak egy v\u00e1llalati esem\u00e9ny tervez\u00e9s\u00e9re Szic\u00edli\u00e1ban?<\/strong><br \/>\nA mediterr\u00e1n \u00e9ghajlat kellemes szabadt\u00e9ri programok szervez\u00e9s\u00e9t teszi lehet\u0151v\u00e9 \u00e1prilis v\u00e9g\u00e9t\u0151l okt\u00f3ber elej\u00e9ig, de a l\u00e9gkondicion\u00e1lt l\u00e9tes\u00edtm\u00e9nyeknek \u00e9s a belt\u00e9ri termeknek k\u00f6sz\u00f6nhet\u0151en alacsony szezonban is sikeres esem\u00e9nyeket lehet tartani.<\/p>\n<p><strong>Lehet szem\u00e9lyre szabott csapat\u00e9p\u00edt\u0151 \u00e9lm\u00e9nyeket is beilleszteni?<\/strong><br \/>\nTerm\u00e9szetesen: csapat\u00e9p\u00edt\u0151ink a kultur\u00e1lis l\u00e1togat\u00e1sokt\u00f3l \u00e9s kincskeres\u00e9sekt\u0151l kezdve a f\u0151z\u0151tanfolyamokon \u00e9s sporttev\u00e9kenys\u00e9geken \u00e1t terjednek, mindegyik az adott c\u00e9g ig\u00e9nyeihez igaz\u00edtva.<\/p>\n<p><strong>Milyen garanci\u00e1kat ny\u00fajtanak a besz\u00e1ll\u00edt\u00f3k min\u0151s\u00e9g\u00e9re vonatkoz\u00f3an?<\/strong><br \/>\nCsak kiv\u00e1lasztott \u00e9s bev\u00e1lt partnerekkel dolgozunk, akiket egy \u00e9rt\u00e9kel\u00e9si folyamatnak vet\u00fcnk al\u00e1, amely figyelembe veszi a szolg\u00e1ltat\u00e1sok min\u0151s\u00e9g\u00e9t, megb\u00edzhat\u00f3s\u00e1g\u00e1t \u00e9s fenntarthat\u00f3s\u00e1g\u00e1t.<\/p>\n<p><strong>, t\u00f6ltse ki az online \u0171rlapot vagy h\u00edvjon minket k\u00f6zvetlen\u00fcl; munkat\u00e1rsunk 24 \u00f3r\u00e1n bel\u00fcl visszah\u00edvja egy ingyenes els\u0151 konzult\u00e1ci\u00f3ra.<\/strong><br \/>\nL\u00e1togassa meg a kapcsolat oldalt <a href=\"https:\/\/chiarabevents.com\/hu\/\">Chiara Events<\/a> \u00e9s t\u00f6ltse ki az online \u0171rlapot: 24 \u00f3r\u00e1n bel\u00fcl visszah\u00edvjuk egy ingyenes \u00e9s k\u00f6telezetts\u00e9gmentes konzult\u00e1ci\u00f3ra.<\/p>","protected":false},"featured_media":33159,"template":"","class_list":["post-33157","event-planner","type-event-planner","status-publish","has-post-thumbnail","hentry"],"yoast_head":"<!-- This site is optimized with the Yoast SEO Premium plugin v21.8 (Yoast SEO v27.3) - https:\/\/yoast.com\/product\/yoast-seo-premium-wordpress\/ -->\n<title>Eventi aziendali in Sicilia organizzazione ChiaraB Events Wedding Planner<\/title>\n<meta name=\"description\" content=\"Scopri come organizzare eventi aziendali di successo in Sicilia con ChiaraB Events. Soluzioni personalizzate, creativit\u00e0 e dettagli\" \/>\n<meta name=\"robots\" content=\"index, follow, max-snippet:-1, max-image-preview:large, max-video-preview:-1\" \/>\n<link rel=\"canonical\" href=\"https:\/\/chiarabevents.com\/hu\/esemenyszervezo\/vallalati-rendezvenyszervezes-sziciliaban-testreszabott-megoldasok-az-on-vallalata-szamara\/\" \/>\n<meta property=\"og:locale\" content=\"hu_HU\" \/>\n<meta property=\"og:type\" content=\"article\" \/>\n<meta property=\"og:title\" content=\"Organizzazione eventi aziendali in Sicilia: soluzioni su misura per la tua azienda\" \/>\n<meta property=\"og:description\" content=\"Scopri come organizzare eventi aziendali di successo in Sicilia con ChiaraB Events. Soluzioni personalizzate, creativit\u00e0 e dettagli\" \/>\n<meta property=\"og:url\" content=\"https:\/\/chiarabevents.com\/hu\/esemenyszervezo\/vallalati-rendezvenyszervezes-sziciliaban-testreszabott-megoldasok-az-on-vallalata-szamara\/\" \/>\n<meta property=\"og:site_name\" content=\"ChiaraB Events Wedding Planner\" \/>\n<meta property=\"article:publisher\" content=\"https:\/\/www.facebook.com\/chiarabevent\" \/>\n<meta property=\"article:modified_time\" content=\"2025-06-26T12:16:30+00:00\" \/>\n<meta property=\"og:image\" content=\"https:\/\/chiarabevents.com\/wp-content\/uploads\/2025\/06\/6018.jpg\" \/>\n\t<meta property=\"og:image:width\" content=\"1500\" \/>\n\t<meta property=\"og:image:height\" content=\"1000\" \/>\n\t<meta property=\"og:image:type\" content=\"image\/jpeg\" \/>\n<meta name=\"twitter:card\" content=\"summary_large_image\" \/>\n<meta name=\"twitter:label1\" content=\"Est. reading time\" \/>\n\t<meta name=\"twitter:data1\" content=\"11 minutes\" \/>\n<script type=\"application\/ld+json\" class=\"yoast-schema-graph\">{\"@context\":\"https:\\\/\\\/schema.org\",\"@graph\":[{\"@type\":\"WebPage\",\"@id\":\"https:\\\/\\\/chiarabevents.com\\\/event-planner\\\/organizzazione-eventi-aziendali-sicilia\\\/\",\"url\":\"https:\\\/\\\/chiarabevents.com\\\/event-planner\\\/organizzazione-eventi-aziendali-sicilia\\\/\",\"name\":\"Eventi aziendali in Sicilia organizzazione ChiaraB Events Wedding Planner\",\"isPartOf\":{\"@id\":\"https:\\\/\\\/chiarabevents.com\\\/#website\"},\"primaryImageOfPage\":{\"@id\":\"https:\\\/\\\/chiarabevents.com\\\/event-planner\\\/organizzazione-eventi-aziendali-sicilia\\\/#primaryimage\"},\"image\":{\"@id\":\"https:\\\/\\\/chiarabevents.com\\\/event-planner\\\/organizzazione-eventi-aziendali-sicilia\\\/#primaryimage\"},\"thumbnailUrl\":\"https:\\\/\\\/chiarabevents.com\\\/wp-content\\\/uploads\\\/2025\\\/06\\\/6018.jpg\",\"datePublished\":\"2025-06-26T12:06:27+00:00\",\"dateModified\":\"2025-06-26T12:16:30+00:00\",\"description\":\"Scopri come organizzare eventi aziendali di successo in Sicilia con ChiaraB Events. Soluzioni personalizzate, creativit\u00e0 e dettagli\",\"breadcrumb\":{\"@id\":\"https:\\\/\\\/chiarabevents.com\\\/event-planner\\\/organizzazione-eventi-aziendali-sicilia\\\/#breadcrumb\"},\"inLanguage\":\"hu-HU\",\"potentialAction\":[{\"@type\":\"ReadAction\",\"target\":[\"https:\\\/\\\/chiarabevents.com\\\/event-planner\\\/organizzazione-eventi-aziendali-sicilia\\\/\"]}]},{\"@type\":\"ImageObject\",\"inLanguage\":\"hu-HU\",\"@id\":\"https:\\\/\\\/chiarabevents.com\\\/event-planner\\\/organizzazione-eventi-aziendali-sicilia\\\/#primaryimage\",\"url\":\"https:\\\/\\\/chiarabevents.com\\\/wp-content\\\/uploads\\\/2025\\\/06\\\/6018.jpg\",\"contentUrl\":\"https:\\\/\\\/chiarabevents.com\\\/wp-content\\\/uploads\\\/2025\\\/06\\\/6018.jpg\",\"width\":1500,\"height\":1000,\"caption\":\"Organizzazione eventi aziendali in Sicilia: soluzioni su misura per la tua azienda\"},{\"@type\":\"BreadcrumbList\",\"@id\":\"https:\\\/\\\/chiarabevents.com\\\/event-planner\\\/organizzazione-eventi-aziendali-sicilia\\\/#breadcrumb\",\"itemListElement\":[{\"@type\":\"ListItem\",\"position\":1,\"name\":\"Home\",\"item\":\"https:\\\/\\\/chiarabevents.com\\\/\"},{\"@type\":\"ListItem\",\"position\":2,\"name\":\"Organizzazione eventi aziendali in Sicilia: soluzioni su misura per la tua azienda\"}]},{\"@type\":\"WebSite\",\"@id\":\"https:\\\/\\\/chiarabevents.com\\\/#website\",\"url\":\"https:\\\/\\\/chiarabevents.com\\\/\",\"name\":\"ChiaraB Events Wedding Planner\",\"description\":\"Un meraviglioso percorso fatto insieme\",\"publisher\":{\"@id\":\"https:\\\/\\\/chiarabevents.com\\\/#organization\"},\"potentialAction\":[{\"@type\":\"SearchAction\",\"target\":{\"@type\":\"EntryPoint\",\"urlTemplate\":\"https:\\\/\\\/chiarabevents.com\\\/?s={search_term_string}\"},\"query-input\":{\"@type\":\"PropertyValueSpecification\",\"valueRequired\":true,\"valueName\":\"search_term_string\"}}],\"inLanguage\":\"hu-HU\"},{\"@type\":\"Organization\",\"@id\":\"https:\\\/\\\/chiarabevents.com\\\/#organization\",\"name\":\"ChiaraB Events Wedding Planner\",\"url\":\"https:\\\/\\\/chiarabevents.com\\\/\",\"logo\":{\"@type\":\"ImageObject\",\"inLanguage\":\"hu-HU\",\"@id\":\"https:\\\/\\\/chiarabevents.com\\\/#\\\/schema\\\/logo\\\/image\\\/\",\"url\":\"https:\\\/\\\/chiarabevents.com\\\/wp-content\\\/uploads\\\/2023\\\/12\\\/cropped-Monogramma_chiarab.png\",\"contentUrl\":\"https:\\\/\\\/chiarabevents.com\\\/wp-content\\\/uploads\\\/2023\\\/12\\\/cropped-Monogramma_chiarab.png\",\"width\":512,\"height\":512,\"caption\":\"ChiaraB Events Wedding Planner\"},\"image\":{\"@id\":\"https:\\\/\\\/chiarabevents.com\\\/#\\\/schema\\\/logo\\\/image\\\/\"},\"sameAs\":[\"https:\\\/\\\/www.facebook.com\\\/chiarabevent\",\"https:\\\/\\\/www.instagram.com\\\/chiarab_events\\\/\"]}]}<\/script>\n<!-- \/ Yoast SEO Premium plugin. -->","yoast_head_json":{"title":"V\u00e1llalati esem\u00e9nyek Szic\u00edli\u00e1ban, szervez\u00e9s ChiaraB Events Wedding Planner \u00e1ltal","description":"Fedezze fel, hogyan szervezhet sikeres v\u00e1llalati esem\u00e9nyeket Szic\u00edli\u00e1ban a ChiaraB Events seg\u00edts\u00e9g\u00e9vel. Testreszabott megold\u00e1sok, kreativit\u00e1s \u00e9s r\u00e9szletek","robots":{"index":"index","follow":"follow","max-snippet":"max-snippet:-1","max-image-preview":"max-image-preview:large","max-video-preview":"max-video-preview:-1"},"canonical":"https:\/\/chiarabevents.com\/hu\/esemenyszervezo\/vallalati-rendezvenyszervezes-sziciliaban-testreszabott-megoldasok-az-on-vallalata-szamara\/","og_locale":"hu_HU","og_type":"article","og_title":"Organizzazione eventi aziendali in Sicilia: soluzioni su misura per la tua azienda","og_description":"Scopri come organizzare eventi aziendali di successo in Sicilia con ChiaraB Events. Soluzioni personalizzate, creativit\u00e0 e dettagli","og_url":"https:\/\/chiarabevents.com\/hu\/esemenyszervezo\/vallalati-rendezvenyszervezes-sziciliaban-testreszabott-megoldasok-az-on-vallalata-szamara\/","og_site_name":"ChiaraB Events Wedding Planner","article_publisher":"https:\/\/www.facebook.com\/chiarabevent","article_modified_time":"2025-06-26T12:16:30+00:00","og_image":[{"width":1500,"height":1000,"url":"https:\/\/chiarabevents.com\/wp-content\/uploads\/2025\/06\/6018.jpg","type":"image\/jpeg"}],"twitter_card":"summary_large_image","twitter_misc":{"Est. reading time":"11 minutes"},"schema":{"@context":"https:\/\/schema.org","@graph":[{"@type":"WebPage","@id":"https:\/\/chiarabevents.com\/event-planner\/organizzazione-eventi-aziendali-sicilia\/","url":"https:\/\/chiarabevents.com\/event-planner\/organizzazione-eventi-aziendali-sicilia\/","name":"V\u00e1llalati esem\u00e9nyek Szic\u00edli\u00e1ban, szervez\u00e9s ChiaraB Events Wedding Planner \u00e1ltal","isPartOf":{"@id":"https:\/\/chiarabevents.com\/#website"},"primaryImageOfPage":{"@id":"https:\/\/chiarabevents.com\/event-planner\/organizzazione-eventi-aziendali-sicilia\/#primaryimage"},"image":{"@id":"https:\/\/chiarabevents.com\/event-planner\/organizzazione-eventi-aziendali-sicilia\/#primaryimage"},"thumbnailUrl":"https:\/\/chiarabevents.com\/wp-content\/uploads\/2025\/06\/6018.jpg","datePublished":"2025-06-26T12:06:27+00:00","dateModified":"2025-06-26T12:16:30+00:00","description":"Fedezze fel, hogyan szervezhet sikeres v\u00e1llalati esem\u00e9nyeket Szic\u00edli\u00e1ban a ChiaraB Events seg\u00edts\u00e9g\u00e9vel. Testreszabott megold\u00e1sok, kreativit\u00e1s \u00e9s r\u00e9szletek","breadcrumb":{"@id":"https:\/\/chiarabevents.com\/event-planner\/organizzazione-eventi-aziendali-sicilia\/#breadcrumb"},"inLanguage":"hu-HU","potentialAction":[{"@type":"ReadAction","target":["https:\/\/chiarabevents.com\/event-planner\/organizzazione-eventi-aziendali-sicilia\/"]}]},{"@type":"ImageObject","inLanguage":"hu-HU","@id":"https:\/\/chiarabevents.com\/event-planner\/organizzazione-eventi-aziendali-sicilia\/#primaryimage","url":"https:\/\/chiarabevents.com\/wp-content\/uploads\/2025\/06\/6018.jpg","contentUrl":"https:\/\/chiarabevents.com\/wp-content\/uploads\/2025\/06\/6018.jpg","width":1500,"height":1000,"caption":"Organizzazione eventi aziendali in Sicilia: soluzioni su misura per la tua azienda"},{"@type":"BreadcrumbList","@id":"https:\/\/chiarabevents.com\/event-planner\/organizzazione-eventi-aziendali-sicilia\/#breadcrumb","itemListElement":[{"@type":"ListItem","position":1,"name":"Home","item":"https:\/\/chiarabevents.com\/"},{"@type":"ListItem","position":2,"name":"Organizzazione eventi aziendali in Sicilia: soluzioni su misura per la tua azienda"}]},{"@type":"WebSite","@id":"https:\/\/chiarabevents.com\/#website","url":"https:\/\/chiarabevents.com\/","name":"ChiaraB Esem\u00e9nyek Esk\u00fcv\u0151szervez\u0151","description":"Egy csod\u00e1latos \u00fat egy\u00fctt megt\u00e9ve","publisher":{"@id":"https:\/\/chiarabevents.com\/#organization"},"potentialAction":[{"@type":"SearchAction","target":{"@type":"EntryPoint","urlTemplate":"https:\/\/chiarabevents.com\/?s={search_term_string}"},"query-input":{"@type":"PropertyValueSpecification","valueRequired":true,"valueName":"search_term_string"}}],"inLanguage":"hu-HU"},{"@type":"Organization","@id":"https:\/\/chiarabevents.com\/#organization","name":"ChiaraB Esem\u00e9nyek Esk\u00fcv\u0151szervez\u0151","url":"https:\/\/chiarabevents.com\/","logo":{"@type":"ImageObject","inLanguage":"hu-HU","@id":"https:\/\/chiarabevents.com\/#\/schema\/logo\/image\/","url":"https:\/\/chiarabevents.com\/wp-content\/uploads\/2023\/12\/cropped-Monogramma_chiarab.png","contentUrl":"https:\/\/chiarabevents.com\/wp-content\/uploads\/2023\/12\/cropped-Monogramma_chiarab.png","width":512,"height":512,"caption":"ChiaraB Events Wedding Planner"},"image":{"@id":"https:\/\/chiarabevents.com\/#\/schema\/logo\/image\/"},"sameAs":["https:\/\/www.facebook.com\/chiarabevent","https:\/\/www.instagram.com\/chiarab_events\/"]}]}},"_links":{"self":[{"href":"https:\/\/chiarabevents.com\/hu\/wp-json\/wp\/v2\/event-planner\/33157","targetHints":{"allow":["GET"]}}],"collection":[{"href":"https:\/\/chiarabevents.com\/hu\/wp-json\/wp\/v2\/event-planner"}],"about":[{"href":"https:\/\/chiarabevents.com\/hu\/wp-json\/wp\/v2\/types\/event-planner"}],"wp:featuredmedia":[{"embeddable":true,"href":"https:\/\/chiarabevents.com\/hu\/wp-json\/wp\/v2\/media\/33159"}],"wp:attachment":[{"href":"https:\/\/chiarabevents.com\/hu\/wp-json\/wp\/v2\/media?parent=33157"}],"curies":[{"name":"wp","href":"https:\/\/api.w.org\/{rel}","templated":true}]}}