{"id":33160,"date":"2025-06-26T14:21:33","date_gmt":"2025-06-26T12:21:33","guid":{"rendered":"https:\/\/chiarabevents.com\/?post_type=event-planner&#038;p=33160"},"modified":"2025-06-26T14:21:59","modified_gmt":"2025-06-26T12:21:59","slug":"esemenyszervezo-kulonleges-unnepsegekhez-sziciliaban-tedd-egyedive-az-esemenyed","status":"publish","type":"event-planner","link":"https:\/\/chiarabevents.com\/hu\/esemenyszervezo\/esemenyszervezo-kulonleges-unnepsegekhez-sziciliaban-tedd-egyedive-az-esemenyed\/","title":{"rendered":"Esem\u00e9nyszervez\u0151 k\u00fcl\u00f6nleges \u00fcnneps\u00e9gekhez Szic\u00edli\u00e1ban: tedd egyediv\u00e9 az esem\u00e9nyed"},"content":{"rendered":"<h2>Bevezet\u00e9s<\/h2>\n<p>Egy <strong>professzion\u00e1lis rendezv\u00e9nyszervez\u0151<\/strong> k\u00fcl\u00f6nleges \u00fcnnepeid Szic\u00edli\u00e1ban azt jelentik, hogy egy fontos alkalmat felejthetetlen \u00e9lm\u00e9nny\u00e9 alak\u00edtanak. Legyen sz\u00f3 egy m\u00e9rf\u00f6ldk\u00f6vet jelent\u0151 sz\u00fclet\u00e9snapr\u00f3l, st\u00edlusos h\u00e1zass\u00e1gi \u00e9vfordul\u00f3r\u00f3l vagy csal\u00e1di keresztel\u0151r\u0151l, egy szak\u00e9rt\u0151 kiv\u00e1laszt\u00e1sa, aki minden r\u00e9szletre odafigyel, <strong>b\u00e9kess\u00e9g<\/strong>, <strong>kreativit\u00e1st\u00f3l<\/strong> \u00e9s <strong>elegancia<\/strong> az eg\u00e9sz esem\u00e9nyre kiterjed. A t\u00e1mogat\u00e1s\u00e1val <a href=\"https:\/\/chiarabevents.com\/hu\/\">Chiara Events<\/a>, szem\u00e9lyre szabott megold\u00e1sokra sz\u00e1m\u00edthatsz, amelyek kiemelik a sziget sz\u00e9ps\u00e9g\u00e9t \u00e9s az \u00fcnnepeltek szem\u00e9lyis\u00e9g\u00e9t.<\/p>\n<hr \/>\n<h2>Mi\u00e9rt v\u00e1lassz rendezv\u00e9nyszervez\u0151t Szic\u00edli\u00e1ban<\/h2>\n<h3>Stresszmentes \u00e9lm\u00e9ny<\/h3>\n<p>Amikor egy \u00fcnnepl\u00e9sre gondolunk, a kezdeti lelkesed\u00e9s hamar \u00e1tadhatja hely\u00e9t a szervez\u00e9si szorong\u00e1snak: helysz\u00edn keres\u00e9se, besz\u00e1ll\u00edt\u00f3k koordin\u00e1l\u00e1sa, dekor\u00e1ci\u00f3, catering \u00e9s vend\u00e9gek kezel\u00e9se. Egy <strong>esem\u00e9nyszervez\u0151<\/strong> \u00e1tveszi ezeket a feladatokat, megszabad\u00edtva a stresszt\u0151l, mik\u00f6zben professzion\u00e1lis ir\u00e1ny\u00edt\u00e1st biztos\u00edt. Egyetlen kapcsolattart\u00f3d lesz, aki k\u00e9pes kommunik\u00e1lni minden partnerrel \u2013 a vir\u00e1gbesz\u00e1ll\u00edt\u00f3t\u00f3l az audio-vizu\u00e1lis szolg\u00e1ltat\u00f3ig \u2013 \u00e9s el\u0151re l\u00e1tni az esetleges v\u00e1ratlan helyzeteket, hogy az esem\u00e9ny g\u00f6rd\u00fcl\u00e9keny \u00e9s fesz\u00fclts\u00e9gmentes legyen.<\/p>\n<h3>A ter\u00fclet \u00e9s a legjobb er\u0151forr\u00e1sok ismerete<\/h3>\n<p>Szic\u00edlia egyedi t\u00e1jakat k\u00edn\u00e1l, a tengerre n\u00e9z\u0151 arisztokrata vill\u00e1kt\u00f3l a citrusligetek k\u00f6z\u00f6tt megb\u00fav\u00f3 farmh\u00e1zakig, valamint barokk v\u00e1rosokra, mint Noto vagy Modica, n\u00e9z\u0151 teraszokig. Egy tapasztalt rendezv\u00e9nyszervez\u0151 m\u00e9lyrehat\u00f3an ismeri ezeket a helysz\u00edneket, \u00e9s egy megb\u00edzhat\u00f3 besz\u00e1ll\u00edt\u00f3i h\u00e1l\u00f3zattal rendelkezik \u2013 Michelin-csillagos s\u00e9fek, vir\u00e1gtervez\u0151k, zen\u00e9szek \u00e9s fot\u00f3sok \u2013, akiket min\u0151s\u00e9g \u00e9s megb\u00edzhat\u00f3s\u00e1g alapj\u00e1n v\u00e1lasztott ki. Ez a helyi know-how lehet\u0151v\u00e9 teszi autentikus \u00e9s szem\u00e9lyre szabott hangulatok megteremt\u00e9s\u00e9t, kiemelve a sziget saj\u00e1toss\u00e1gait.<\/p>\n<hr \/>\n<h2>K\u00fcl\u00f6nleges \u00fcnnepl\u00e9sek t\u00edpusai<\/h2>\n<h3>Mes\u00e9s esk\u00fcv\u0151k<\/h3>\n<p>Egy esk\u00fcv\u0151 megszervez\u00e9se Szic\u00edli\u00e1ban azt jelenti, hogy \u00e1lmodoz\u00e1sra k\u00e9szteti a menyasszonyt, v\u0151leg\u00e9nyt \u00e9s a vend\u00e9geket. A v\u00e1laszt\u00e1st\u00f3l kezdve a <strong>t\u00f6rt\u00e9nelmi templom<\/strong> vagy a szabadt\u00e9ri <strong>szimbolikus szertart\u00e1s<\/strong> helysz\u00edn\u00e9ig, eg\u00e9szen a baglioban vagy egy 18. sz\u00e1zadi vill\u00e1ban tartott \u00fcnnepl\u00e9sig, a tervez\u00e9si folyamat minden aspektust figyelembe vesz: ruh\u00e1k, vir\u00e1gok, men\u00fc, sz\u00f3rakoztat\u00e1s \u00e9s dekor\u00e1ci\u00f3k. Egy dedik\u00e1lt szervez\u0151 t\u00e1mogatja a p\u00e1rt minden d\u00f6nt\u00e9sben, \u00e1talak\u00edtva \u00f6tleteiket egy koherens \u00e9s meglep\u0151 koncepci\u00f3v\u00e1.<\/p>\n<h3>\u00c9vfordul\u00f3k \u00e9s csal\u00e1di megeml\u00e9kez\u00e9sek<\/h3>\n<p>Az olyan fontos m\u00e9rf\u00f6ldk\u00f6veket jelz\u0151 pillanatok \u2013 mint a 25., 50. vagy 60. h\u00e1zass\u00e1gi \u00e9vfordul\u00f3, vagy a kerek sz\u00fclet\u00e9snapok \u2013 k\u00fcl\u00f6nleges keretet \u00e9rdemelnek. Legyen sz\u00f3 egy bens\u0151s\u00e9ges vacsor\u00e1r\u00f3l sz\u0171k csal\u00e1di k\u00f6rben vagy egy bulir\u00f3l bar\u00e1tokkal \u00e9s koll\u00e9g\u00e1kkal, megk\u00f6zel\u00edt\u00e9s\u00fcnk egy kreat\u00edv t\u00e9m\u00e1t tartalmaz: egy t\u00e9m\u00e1t, egy sz\u00ednt vagy egy inspir\u00e1ci\u00f3t, amely elmes\u00e9li a p\u00e1r vagy az \u00fcnnepelt t\u00f6rt\u00e9net\u00e9t. Minden r\u00e9szlet, a menyasszonyi asztalt\u00e1bl\u00e1t\u00f3l a szem\u00e9lyre szabott fot\u00f3f\u00fclk\u00e9ig, hozz\u00e1j\u00e1rul egy megoszt\u00e1sra \u00e9s \u00f6r\u00f6mre \u00e9p\u00fcl\u0151 hangulat megteremt\u00e9s\u00e9hez.<\/p>\n<h3>Keresztel\u0151k, els\u0151\u00e1ldoz\u00e1sok \u00e9s b\u00e9rm\u00e1l\u00e1sok<\/h3>\n<p>A vall\u00e1si szertart\u00e1sok k\u00fcl\u00f6n\u00f6s \u00e9rz\u00e9kenys\u00e9get ig\u00e9nyelnek: miut\u00e1n meghat\u00e1rozt\u00e1k a templomot \u00e9s az id\u0151pontot, a figyelem a helysz\u00edni fogad\u00e1sra terel\u0151dik, vir\u00e1gdekor\u00e1ci\u00f3kkal, helyfoglal\u00f3kkal \u00e9s gourmet cukork\u00e1kkal. A catering olyan men\u00fcket k\u00edn\u00e1l, amelyek a legkisebbek sz\u00e1m\u00e1ra is megfelel\u0151ek, m\u00edg a sz\u00f3rakoztat\u00e1s csal\u00e1doknak \u00e9s gyerekeknek sz\u00f3l, k\u00e9pzett anim\u00e1torokkal \u00e9s dedik\u00e1lt j\u00e1tsz\u00f3terekkel. Egy rendezv\u00e9nyszervez\u0151 ezekr\u0151l az \u00fcnneps\u00e9gekr\u0151l gondoskodik <strong>elegancia<\/strong> \u00e9s <strong>funkcionalit\u00e1st<\/strong>, hogy maradand\u00f3 eml\u00e9ket aj\u00e1nd\u00e9kozzon az eg\u00e9sz csal\u00e1dnak.<\/p>\n<h3>Mag\u00e1nbulik \u00e9s c\u00e9ges \u00fcnneps\u00e9gek<\/h3>\n<p>A c\u00e9ges rendezv\u00e9nyek \u2013 mint egy term\u00e9kbemutat\u00f3, j\u00f3t\u00e9konys\u00e1gi g\u00e1la vagy \u00e9v v\u00e9gi vacsora \u2013 is k\u00fcl\u00f6nleges \u00fcnnepl\u00e9ss\u00e9 v\u00e1lhatnak egy kis kreativit\u00e1ssal. A szervez\u0151 koordin\u00e1lja a m\u0171sorvezet\u0151ket, a tematikus dekor\u00e1ci\u00f3kat, a zenei sz\u00f3rakoztat\u00e1st \u00e9s a k\u00f6nny\u0171 csapat\u00e9p\u00edt\u0151 tev\u00e9kenys\u00e9geket, \u00e1talak\u00edtva az esem\u00e9nyt egy h\u00e1l\u00f3zat\u00e9p\u00edt\u00e9si \u00e9s sz\u00f3rakoz\u00e1si alkalomm\u00e1, tiszteletben tartva a m\u00e1rka \u00e9rt\u00e9keit \u00e9s im\u00e1zs\u00e1t.<\/p>\n<hr \/>\n<h2>A tervez\u00e9si folyamat<\/h2>\n<h3>Els\u0151 tal\u00e1lkoz\u00f3 \u00e9s a koncepci\u00f3 meghat\u00e1roz\u00e1sa<\/h3>\n<p>Minden egy ismerked\u0151 besz\u00e9lget\u00e9ssel kezd\u0151dik, amely sor\u00e1n a tervez\u0151 meghallgatja az elv\u00e1r\u00e1saidat, \u00e9s inform\u00e1ci\u00f3kat gy\u0171jt az \u00edzl\u00e9sekr\u0151l, st\u00edlusr\u00f3l, k\u00f6lts\u00e9gvet\u00e9sr\u0151l \u00e9s a vend\u00e9gek sz\u00e1m\u00e1r\u00f3l. Ebben a szakaszban k\u00f6rvonalaz\u00f3dik a <strong>fil rouge-ja<\/strong> kreat\u00edv: a f\u0151 t\u00e9ma, a sz\u00ednek \u00e9s az esem\u00e9ny \u201eelbesz\u00e9l\u0151 st\u00edlusa\u201d, amely ir\u00e1nyt ad minden tov\u00e1bbi d\u00f6nt\u00e9shez.<\/p>\n<h3>Helysz\u00edn kiv\u00e1laszt\u00e1sa<\/h3>\n<p>Miut\u00e1n meg\u00e9rtett\u00fck a koncepci\u00f3t, a tervez\u0151 egy megfelel\u0151 helysz\u00ednekb\u0151l \u00e1ll\u00f3 list\u00e1t javasol: olasz st\u00edlus\u00fa kertekkel rendelkez\u0151 vill\u00e1k, panor\u00e1m\u00e1s teraszok, fel\u00faj\u00edtott t\u00f6rt\u00e9nelmi k\u00fari\u00e1k, term\u00e9szetk\u00f6zeli agriturizmusok. Minden javaslat tartalmaz helysz\u00edni bej\u00e1r\u00e1st, a rendelkez\u00e9sre \u00e1ll\u00f3 szolg\u00e1ltat\u00e1sok \u00e9rt\u00e9kel\u00e9s\u00e9t \u00e9s a k\u00f6lts\u00e9gek becsl\u00e9s\u00e9t, hogy megalapozott \u00e9s nyugodt d\u00f6nt\u00e9st lehessen hozni.<\/p>\n<h3>Dekor\u00e1ci\u00f3 \u00e9s catering tervez\u00e9se<\/h3>\n<p>A helysz\u00edn meger\u0151s\u00edt\u00e9se ut\u00e1n a dekor\u00e1ci\u00f3k meghat\u00e1roz\u00e1s\u00e1ra ker\u00fcl sor: vir\u00e1gok, f\u00e9nyek, b\u00fatorok \u00e9s kommunik\u00e1ci\u00f3s anyagok (megh\u00edv\u00f3k, n\u00e9vk\u00e1rty\u00e1k, men\u00fck). A cateringet a vend\u00e9gek ig\u00e9nyeihez igaz\u00edtj\u00e1k, szem\u00e9lyre szabott men\u00fckkel, amelyek kiemelik a szic\u00edliai tipikus term\u00e9keket \u2014 a kapon\u00e1t\u00e9t\u00f3l az aranciniig, a cannolit\u00f3l a granit\u00e1kig \u2014, mik\u00f6zben nem hi\u00e1nyoznak a nemzetk\u00f6zi opci\u00f3k sem, hogy minden \u00edzl\u00e9st kiel\u00e9g\u00edtsenek.<\/p>\n<h3>Sz\u00e1ll\u00edt\u00f3k \u00e9s logisztika koordin\u00e1l\u00e1sa<\/h3>\n<p>Egy profi tervez\u0151 gondoskodik a kapcsolatfelv\u00e9telr\u0151l minden sz\u00e1ll\u00edt\u00f3val, meghat\u00e1rozva a sz\u00e1ll\u00edt\u00e1si id\u0151pontokat \u00e9s a min\u0151s\u00e9gi param\u00e9tereket. P\u00e1rhuzamosan kidolgozza a logisztikai tervet: sz\u00e1ll\u00edt\u00e1s, parkol\u00e1s, fel\u00e1ll\u00edt\u00e1s \u00e9s lebont\u00e1s, minden f\u00e1zist r\u00e9szletes \u00fctemtervben tervezve a nap t\u00f6k\u00e9letes lebonyol\u00edt\u00e1sa \u00e9rdek\u00e9ben.<\/p>\n<hr \/>\n<h2>Az \u00e9rzelmi \u00e9lm\u00e9ny fontoss\u00e1ga<\/h2>\n<p>Egy t\u00f6k\u00e9letes esem\u00e9ny l\u00e9trehoz\u00e1sa nem csup\u00e1n a f\u00e9nyek, hangok \u00e9s \u00edzek tal\u00e1lkoz\u00e1s\u00e1t jelenti: \u00e9rzelmek megszervez\u00e9s\u00e9t is. Egy j\u00f3 rendezv\u00e9nyszervez\u0151 gondoskodik a <strong>moment of truth<\/strong>\u2014a cs\u00facspontokr\u00f3l, amelyek m\u00e9lyen bev\u00e9s\u0151dnek a vend\u00e9gek eml\u00e9kezet\u00e9be\u2014, mint p\u00e9ld\u00e1ul a menyasszony \u00e9s v\u0151leg\u00e9ny bevonul\u00e1sa vir\u00e1gszirom k\u00eds\u00e9ret\u00e9ben, a naplement\u00e9ben tartott tortav\u00e1g\u00e1s \u00e9l\u0151 zenei al\u00e1fest\u00e9ssel, vagy egy meglepet\u00e9s koccint\u00e1s egy tengerre n\u00e9z\u0151 teraszon. Ezek a r\u00e9szletekbe men\u0151en megtervezett pillanatok egy egyszer\u0171 \u00f6sszej\u00f6vetelt \u00e9rz\u00e9kszervi \u00e9s narrat\u00edv utaz\u00e1ss\u00e1 alak\u00edtanak.<\/p>\n<hr \/>\n<h2>A h\u00e1tt\u00e9rben dolgoz\u00f3 csapat<\/h2>\n<p>Egy sikeres esem\u00e9ny a k\u00fcl\u00f6nb\u00f6z\u0151 szakter\u00fcletek profi szakembereinek egy\u00fcttm\u0171k\u00f6d\u00e9s\u00e9nek eredm\u00e9nye. A <strong>esk\u00fcv\u0151szervez\u0151<\/strong> vagy <strong>party planner<\/strong> (a buli t\u00edpus\u00e1t\u00f3l f\u00fcgg\u0151en) szorosan egy\u00fcttm\u0171k\u00f6dik:<\/p>\n<ul>\n<li><strong>Vir\u00e1gk\u00f6t\u0151vel<\/strong>, aki szem\u00e9lyre szabott vir\u00e1gkompoz\u00edci\u00f3kat k\u00e9sz\u00edt<\/li>\n<li><strong>F\u00e9nytervez\u0151vel<\/strong>, aki f\u00e9nyj\u00e1t\u00e9kokat tervez a terek kiemel\u00e9s\u00e9re<\/li>\n<li><strong>S\u00e9ffel \u00e9s catering menedzserrel<\/strong>, hogy men\u00fct \u00e9s ter\u00edt\u00e9st alak\u00edtson ki<\/li>\n<li><strong>Hang- \u00e9s videotechnikussal<\/strong>, az audio, f\u00e9nyek \u00e9s multim\u00e9di\u00e1s vet\u00edt\u00e9sek kezel\u00e9s\u00e9re<\/li>\n<li><strong>Szolg\u00e1ltat\u00f3 szem\u00e9lyzettel<\/strong>, amelyek kifog\u00e1stalan \u00e9s figyelmes fogadtat\u00e1st garant\u00e1lnak<\/li>\n<\/ul>\n<p>Ezeknek a tehets\u00e9geknek az \u00f6sszehangol\u00e1sa az esem\u00e9nyszervez\u0151 feladata, aki biztos\u00edtja a st\u00edlusbeli \u00f6sszhangot \u00e9s a t\u00f6k\u00e9letes id\u0151z\u00edt\u00e9st.<\/p>\n<hr \/>\n<h2>Esettanulm\u00e1ny: egy felejthetetlen \u00fcnnepl\u00e9s<\/h2>\n<p>N\u00e9h\u00e1ny h\u00f3nappal ezel\u0151tt egy mil\u00e1n\u00f3i p\u00e1r \u00fagy d\u00f6nt\u00f6tt, hogy a 25. h\u00e1zass\u00e1gi \u00e9vfordul\u00f3jukat egy Ragusa melletti farmh\u00e1zban \u00fcnnepli. Csapatunk egy \u201eMediterr\u00e1n chic\u201d st\u00edlus\u00fa dekor\u00e1ci\u00f3t val\u00f3s\u00edtott meg: feh\u00e9r lenv\u00e1szon ter\u00edt\u0151k, citrusokkal \u00e9s sz\u00e1r\u00edtott vir\u00e1gokkal d\u00edsz\u00edtett asztald\u00edszek, illatos gyerty\u00e1k \u00e9s h\u00e1rfa- \u00e9s von\u00f3sn\u00e9gyes zenei al\u00e1fest\u00e9s. Naplementekor a vend\u00e9gek egy akusztikus koncertet \u00e9lvezhettek a r\u00e9ten, amit egy csillagos \u00e9g alatt elfogyasztott vacsora k\u00f6vetett. Minden vend\u00e9g egy helyi term\u00e9keket tartalmaz\u00f3 aj\u00e1nd\u00e9kdobozban \u00e9s egy eml\u00e9kk\u00f6nyvben r\u00e9szes\u00fclt, ami igaz\u00e1n egyediv\u00e9 \u00e9s kifinomultt\u00e1 tette az est\u00e9t.<\/p>\n<hr \/>\n<h2>Hogyan kezdj\u00fck el<\/h2>\n<p>Ha k\u00fcl\u00f6nlegess\u00e9 szeretn\u00e9d tenni a k\u00f6vetkez\u0151 \u00fcnnepl\u00e9sed Szic\u00edli\u00e1ban, az els\u0151 l\u00e9p\u00e9s, hogy kapcsolatba l\u00e9pj <a href=\"https:\/\/chiarabevents.com\/hu\/\">Chiara Events<\/a> az online \u0171rlapon vagy telefonon kereszt\u00fcl. Egy r\u00f6vid ig\u00e9nyfelm\u00e9r\u00e9s ut\u00e1n id\u0151pontot egyeztet\u00fcnk \u2013 ak\u00e1r virtu\u00e1lisan is \u2013 hogy egy\u00fctt felt\u00e9rk\u00e9pezz\u00fck a lehet\u0151s\u00e9geket \u00e9s meghat\u00e1rozzuk a <strong>szem\u00e9lyre szabott \u00e1raj\u00e1nlatot<\/strong>. K\u00f6telezetts\u00e9g n\u00e9lk\u00fcl megtudhatod, hogyan alak\u00edthatod \u00e1t a projekted t\u00f6k\u00e9letes, szem\u00e9lyre szabott esem\u00e9nny\u00e9.<\/p>\n<hr \/>\n<h2>GYIK<\/h2>\n<p><strong>1. Mikor a legjobb id\u0151szak szabadt\u00e9ri rendezv\u00e9nyek szervez\u00e9s\u00e9re Szic\u00edli\u00e1ban?<\/strong><br \/>\nA mediterr\u00e1n \u00e9ghajlat miatt \u00e1prilist\u00f3l okt\u00f3berig b\u00e1rmilyen \u00fcnnepl\u00e9s kellemes; a melegebb h\u00f3napokban aj\u00e1nlott \u00e1rny\u00e9kos ter\u00fcleteket vagy csillagos \u00e9g alatti est\u00e9ket biztos\u00edtani.<\/p>\n<p><strong>2. M\u00f3dos\u00edthatom az esem\u00e9ny t\u00e9m\u00e1j\u00e1t vagy st\u00edlus\u00e1t a szervez\u00e9s sor\u00e1n?<\/strong><br \/>\nA tervez\u00e9si f\u00e1zisban lehets\u00e9ges v\u00e1ltoztat\u00e1sokat eszk\u00f6z\u00f6lni; a dekor\u00e1ci\u00f3k gy\u00e1rt\u00e1s\u00e1nak megkezd\u00e9se ut\u00e1n az esetleges m\u00f3dos\u00edt\u00e1sok id\u0151- \u00e9s k\u00f6lts\u00e9gvonzat\u00e1t m\u00e9rlegelj\u00fck.<\/p>\n<p><strong>3. Milyen garanci\u00e1kat ny\u00fajtanak a besz\u00e1ll\u00edt\u00f3kra vonatkoz\u00f3an?<\/strong><br \/>\nCsak kiv\u00e1lasztott \u00e9s bev\u00e1lt partnerekkel dolgozunk, biztos\u00edtva, hogy magas min\u0151s\u00e9gi, pontoss\u00e1gi \u00e9s \u00e1tl\u00e1that\u00f3s\u00e1gi norm\u00e1knak feleljenek meg.<\/p>\n<p><strong>4. Biztos\u00edtanak-e t\u00e1mogat\u00e1st az esem\u00e9ny napj\u00e1n?<\/strong><br \/>\nIgen: a szervez\u0151 \u00e9s az operat\u00edv csapat az eg\u00e9sz rendezv\u00e9ny ideje alatt a helysz\u00ednen tart\u00f3zkodik, kezelve minden r\u00e9szletet \u00e9s gyorsan megoldva az esetleges v\u00e1ratlan helyzeteket.<\/p>\n<p><strong>5. Hogyan kezelik a v\u00e9szhelyzeteket vagy a programv\u00e1ltoz\u00e1sokat?<\/strong><br \/>\nMinden f\u00e1zisra kidolgozott B tervvel \u2013 alternat\u00edv helysz\u00edn, belt\u00e9ri berendez\u00e9s rossz id\u0151 eset\u00e9n \u00e9s tartal\u00e9k besz\u00e1ll\u00edt\u00f3k \u2013 garant\u00e1lni tudjuk az esem\u00e9ny siker\u00e9t v\u00e1ratlan helyzetekben is.<\/p>\n<hr \/>\n<p>B\u00edzd profira, hogy felejthetetlenn\u00e9 tegye az \u00fcnnepl\u00e9sed Szic\u00edli\u00e1ban: <strong>az \u00e9rzelmek<\/strong>var\u00e1zs\u00e1ba mer\u00fcl\u0151 esk\u00fcv\u0151t szeretn\u00e9nek, a <strong>sz\u00e9ps\u00e9get<\/strong> \u00e9s az<strong>hat\u00e9konys\u00e1got<\/strong> egy elk\u00f6telezett csapat \u00e1ltal teszik k\u00fcl\u00f6nlegess\u00e9, minden pillanatot \u00e9rt\u00e9kes eml\u00e9kk\u00e9 alak\u00edtva.<\/p>","protected":false},"featured_media":33161,"template":"","class_list":["post-33160","event-planner","type-event-planner","status-publish","has-post-thumbnail","hentry"],"yoast_head":"<!-- This site is optimized with the Yoast SEO Premium plugin v21.8 (Yoast SEO v27.3) - https:\/\/yoast.com\/product\/yoast-seo-premium-wordpress\/ -->\n<title>Celebrazioni Sicilia: Event planner ChiaraB Events Wedding Planner<\/title>\n<meta name=\"description\" content=\"Celebra i tuoi momenti pi\u00f9 importanti con ChiaraB Events: organizziamo celebrazioni uniche in tutta la Sicilia, curate nei minimi dettagli.\" \/>\n<meta name=\"robots\" content=\"index, follow, max-snippet:-1, max-image-preview:large, max-video-preview:-1\" \/>\n<link rel=\"canonical\" href=\"https:\/\/chiarabevents.com\/hu\/esemenyszervezo\/esemenyszervezo-kulonleges-unnepsegekhez-sziciliaban-tedd-egyedive-az-esemenyed\/\" \/>\n<meta property=\"og:locale\" content=\"hu_HU\" \/>\n<meta property=\"og:type\" content=\"article\" \/>\n<meta property=\"og:title\" content=\"Event planner per celebrazioni speciali in Sicilia: rendi unico il tuo evento\" \/>\n<meta property=\"og:description\" content=\"Celebra i tuoi momenti pi\u00f9 importanti con ChiaraB Events: organizziamo celebrazioni uniche in tutta la Sicilia, curate nei minimi dettagli.\" \/>\n<meta property=\"og:url\" content=\"https:\/\/chiarabevents.com\/hu\/esemenyszervezo\/esemenyszervezo-kulonleges-unnepsegekhez-sziciliaban-tedd-egyedive-az-esemenyed\/\" \/>\n<meta property=\"og:site_name\" content=\"ChiaraB Events Wedding Planner\" \/>\n<meta property=\"article:publisher\" content=\"https:\/\/www.facebook.com\/chiarabevent\" \/>\n<meta property=\"article:modified_time\" content=\"2025-06-26T12:21:59+00:00\" \/>\n<meta property=\"og:image\" content=\"https:\/\/chiarabevents.com\/wp-content\/uploads\/2025\/06\/984-1.jpg\" \/>\n\t<meta property=\"og:image:width\" content=\"1500\" \/>\n\t<meta property=\"og:image:height\" content=\"1000\" \/>\n\t<meta property=\"og:image:type\" content=\"image\/jpeg\" \/>\n<meta name=\"twitter:card\" content=\"summary_large_image\" \/>\n<meta name=\"twitter:label1\" content=\"Est. reading time\" \/>\n\t<meta name=\"twitter:data1\" content=\"8 minutes\" \/>\n<script type=\"application\/ld+json\" class=\"yoast-schema-graph\">{\"@context\":\"https:\\\/\\\/schema.org\",\"@graph\":[{\"@type\":\"WebPage\",\"@id\":\"https:\\\/\\\/chiarabevents.com\\\/event-planner\\\/event-planner-celebrazioni-sicilia\\\/\",\"url\":\"https:\\\/\\\/chiarabevents.com\\\/event-planner\\\/event-planner-celebrazioni-sicilia\\\/\",\"name\":\"Celebrazioni Sicilia: Event planner ChiaraB Events Wedding Planner\",\"isPartOf\":{\"@id\":\"https:\\\/\\\/chiarabevents.com\\\/#website\"},\"primaryImageOfPage\":{\"@id\":\"https:\\\/\\\/chiarabevents.com\\\/event-planner\\\/event-planner-celebrazioni-sicilia\\\/#primaryimage\"},\"image\":{\"@id\":\"https:\\\/\\\/chiarabevents.com\\\/event-planner\\\/event-planner-celebrazioni-sicilia\\\/#primaryimage\"},\"thumbnailUrl\":\"https:\\\/\\\/chiarabevents.com\\\/wp-content\\\/uploads\\\/2025\\\/06\\\/984-1.jpg\",\"datePublished\":\"2025-06-26T12:21:33+00:00\",\"dateModified\":\"2025-06-26T12:21:59+00:00\",\"description\":\"Celebra i tuoi momenti pi\u00f9 importanti con ChiaraB Events: organizziamo celebrazioni uniche in tutta la Sicilia, curate nei minimi dettagli.\",\"breadcrumb\":{\"@id\":\"https:\\\/\\\/chiarabevents.com\\\/event-planner\\\/event-planner-celebrazioni-sicilia\\\/#breadcrumb\"},\"inLanguage\":\"hu-HU\",\"potentialAction\":[{\"@type\":\"ReadAction\",\"target\":[\"https:\\\/\\\/chiarabevents.com\\\/event-planner\\\/event-planner-celebrazioni-sicilia\\\/\"]}]},{\"@type\":\"ImageObject\",\"inLanguage\":\"hu-HU\",\"@id\":\"https:\\\/\\\/chiarabevents.com\\\/event-planner\\\/event-planner-celebrazioni-sicilia\\\/#primaryimage\",\"url\":\"https:\\\/\\\/chiarabevents.com\\\/wp-content\\\/uploads\\\/2025\\\/06\\\/984-1.jpg\",\"contentUrl\":\"https:\\\/\\\/chiarabevents.com\\\/wp-content\\\/uploads\\\/2025\\\/06\\\/984-1.jpg\",\"width\":1500,\"height\":1000,\"caption\":\"celebrazioni sicilia\"},{\"@type\":\"BreadcrumbList\",\"@id\":\"https:\\\/\\\/chiarabevents.com\\\/event-planner\\\/event-planner-celebrazioni-sicilia\\\/#breadcrumb\",\"itemListElement\":[{\"@type\":\"ListItem\",\"position\":1,\"name\":\"Home\",\"item\":\"https:\\\/\\\/chiarabevents.com\\\/\"},{\"@type\":\"ListItem\",\"position\":2,\"name\":\"Event planner per celebrazioni speciali in Sicilia: rendi unico il tuo evento\"}]},{\"@type\":\"WebSite\",\"@id\":\"https:\\\/\\\/chiarabevents.com\\\/#website\",\"url\":\"https:\\\/\\\/chiarabevents.com\\\/\",\"name\":\"ChiaraB Events Wedding Planner\",\"description\":\"Un meraviglioso percorso fatto insieme\",\"publisher\":{\"@id\":\"https:\\\/\\\/chiarabevents.com\\\/#organization\"},\"potentialAction\":[{\"@type\":\"SearchAction\",\"target\":{\"@type\":\"EntryPoint\",\"urlTemplate\":\"https:\\\/\\\/chiarabevents.com\\\/?s={search_term_string}\"},\"query-input\":{\"@type\":\"PropertyValueSpecification\",\"valueRequired\":true,\"valueName\":\"search_term_string\"}}],\"inLanguage\":\"hu-HU\"},{\"@type\":\"Organization\",\"@id\":\"https:\\\/\\\/chiarabevents.com\\\/#organization\",\"name\":\"ChiaraB Events Wedding Planner\",\"url\":\"https:\\\/\\\/chiarabevents.com\\\/\",\"logo\":{\"@type\":\"ImageObject\",\"inLanguage\":\"hu-HU\",\"@id\":\"https:\\\/\\\/chiarabevents.com\\\/#\\\/schema\\\/logo\\\/image\\\/\",\"url\":\"https:\\\/\\\/chiarabevents.com\\\/wp-content\\\/uploads\\\/2023\\\/12\\\/cropped-Monogramma_chiarab.png\",\"contentUrl\":\"https:\\\/\\\/chiarabevents.com\\\/wp-content\\\/uploads\\\/2023\\\/12\\\/cropped-Monogramma_chiarab.png\",\"width\":512,\"height\":512,\"caption\":\"ChiaraB Events Wedding Planner\"},\"image\":{\"@id\":\"https:\\\/\\\/chiarabevents.com\\\/#\\\/schema\\\/logo\\\/image\\\/\"},\"sameAs\":[\"https:\\\/\\\/www.facebook.com\\\/chiarabevent\",\"https:\\\/\\\/www.instagram.com\\\/chiarab_events\\\/\"]}]}<\/script>\n<!-- \/ Yoast SEO Premium plugin. -->","yoast_head_json":{"title":"Sic\u00edliai \u00fcnneps\u00e9gek: Rendezv\u00e9nyszervez\u0151 ChiaraB Events Esk\u00fcv\u0151szervez\u0151","description":"\u00dcnnepeld meg legfontosabb pillanataidat a ChiaraB Events-szel: egyedi \u00fcnneps\u00e9geket szervez\u00fcnk eg\u00e9sz Szic\u00edli\u00e1ban, apr\u00f3l\u00e9kosan kidolgozva.","robots":{"index":"index","follow":"follow","max-snippet":"max-snippet:-1","max-image-preview":"max-image-preview:large","max-video-preview":"max-video-preview:-1"},"canonical":"https:\/\/chiarabevents.com\/hu\/esemenyszervezo\/esemenyszervezo-kulonleges-unnepsegekhez-sziciliaban-tedd-egyedive-az-esemenyed\/","og_locale":"hu_HU","og_type":"article","og_title":"Event planner per celebrazioni speciali in Sicilia: rendi unico il tuo evento","og_description":"Celebra i tuoi momenti pi\u00f9 importanti con ChiaraB Events: organizziamo celebrazioni uniche in tutta la Sicilia, curate nei minimi dettagli.","og_url":"https:\/\/chiarabevents.com\/hu\/esemenyszervezo\/esemenyszervezo-kulonleges-unnepsegekhez-sziciliaban-tedd-egyedive-az-esemenyed\/","og_site_name":"ChiaraB Events Wedding Planner","article_publisher":"https:\/\/www.facebook.com\/chiarabevent","article_modified_time":"2025-06-26T12:21:59+00:00","og_image":[{"width":1500,"height":1000,"url":"https:\/\/chiarabevents.com\/wp-content\/uploads\/2025\/06\/984-1.jpg","type":"image\/jpeg"}],"twitter_card":"summary_large_image","twitter_misc":{"Est. reading time":"8 minutes"},"schema":{"@context":"https:\/\/schema.org","@graph":[{"@type":"WebPage","@id":"https:\/\/chiarabevents.com\/event-planner\/event-planner-celebrazioni-sicilia\/","url":"https:\/\/chiarabevents.com\/event-planner\/event-planner-celebrazioni-sicilia\/","name":"Sic\u00edliai \u00fcnneps\u00e9gek: Rendezv\u00e9nyszervez\u0151 ChiaraB Events Esk\u00fcv\u0151szervez\u0151","isPartOf":{"@id":"https:\/\/chiarabevents.com\/#website"},"primaryImageOfPage":{"@id":"https:\/\/chiarabevents.com\/event-planner\/event-planner-celebrazioni-sicilia\/#primaryimage"},"image":{"@id":"https:\/\/chiarabevents.com\/event-planner\/event-planner-celebrazioni-sicilia\/#primaryimage"},"thumbnailUrl":"https:\/\/chiarabevents.com\/wp-content\/uploads\/2025\/06\/984-1.jpg","datePublished":"2025-06-26T12:21:33+00:00","dateModified":"2025-06-26T12:21:59+00:00","description":"\u00dcnnepeld meg legfontosabb pillanataidat a ChiaraB Events-szel: egyedi \u00fcnneps\u00e9geket szervez\u00fcnk eg\u00e9sz Szic\u00edli\u00e1ban, apr\u00f3l\u00e9kosan kidolgozva.","breadcrumb":{"@id":"https:\/\/chiarabevents.com\/event-planner\/event-planner-celebrazioni-sicilia\/#breadcrumb"},"inLanguage":"hu-HU","potentialAction":[{"@type":"ReadAction","target":["https:\/\/chiarabevents.com\/event-planner\/event-planner-celebrazioni-sicilia\/"]}]},{"@type":"ImageObject","inLanguage":"hu-HU","@id":"https:\/\/chiarabevents.com\/event-planner\/event-planner-celebrazioni-sicilia\/#primaryimage","url":"https:\/\/chiarabevents.com\/wp-content\/uploads\/2025\/06\/984-1.jpg","contentUrl":"https:\/\/chiarabevents.com\/wp-content\/uploads\/2025\/06\/984-1.jpg","width":1500,"height":1000,"caption":"celebrazioni sicilia"},{"@type":"BreadcrumbList","@id":"https:\/\/chiarabevents.com\/event-planner\/event-planner-celebrazioni-sicilia\/#breadcrumb","itemListElement":[{"@type":"ListItem","position":1,"name":"Home","item":"https:\/\/chiarabevents.com\/"},{"@type":"ListItem","position":2,"name":"Event planner per celebrazioni speciali in Sicilia: rendi unico il tuo evento"}]},{"@type":"WebSite","@id":"https:\/\/chiarabevents.com\/#website","url":"https:\/\/chiarabevents.com\/","name":"ChiaraB Esem\u00e9nyek Esk\u00fcv\u0151szervez\u0151","description":"Egy csod\u00e1latos \u00fat egy\u00fctt megt\u00e9ve","publisher":{"@id":"https:\/\/chiarabevents.com\/#organization"},"potentialAction":[{"@type":"SearchAction","target":{"@type":"EntryPoint","urlTemplate":"https:\/\/chiarabevents.com\/?s={search_term_string}"},"query-input":{"@type":"PropertyValueSpecification","valueRequired":true,"valueName":"search_term_string"}}],"inLanguage":"hu-HU"},{"@type":"Organization","@id":"https:\/\/chiarabevents.com\/#organization","name":"ChiaraB Esem\u00e9nyek Esk\u00fcv\u0151szervez\u0151","url":"https:\/\/chiarabevents.com\/","logo":{"@type":"ImageObject","inLanguage":"hu-HU","@id":"https:\/\/chiarabevents.com\/#\/schema\/logo\/image\/","url":"https:\/\/chiarabevents.com\/wp-content\/uploads\/2023\/12\/cropped-Monogramma_chiarab.png","contentUrl":"https:\/\/chiarabevents.com\/wp-content\/uploads\/2023\/12\/cropped-Monogramma_chiarab.png","width":512,"height":512,"caption":"ChiaraB Events Wedding Planner"},"image":{"@id":"https:\/\/chiarabevents.com\/#\/schema\/logo\/image\/"},"sameAs":["https:\/\/www.facebook.com\/chiarabevent","https:\/\/www.instagram.com\/chiarab_events\/"]}]}},"_links":{"self":[{"href":"https:\/\/chiarabevents.com\/hu\/wp-json\/wp\/v2\/event-planner\/33160","targetHints":{"allow":["GET"]}}],"collection":[{"href":"https:\/\/chiarabevents.com\/hu\/wp-json\/wp\/v2\/event-planner"}],"about":[{"href":"https:\/\/chiarabevents.com\/hu\/wp-json\/wp\/v2\/types\/event-planner"}],"wp:featuredmedia":[{"embeddable":true,"href":"https:\/\/chiarabevents.com\/hu\/wp-json\/wp\/v2\/media\/33161"}],"wp:attachment":[{"href":"https:\/\/chiarabevents.com\/hu\/wp-json\/wp\/v2\/media?parent=33160"}],"curies":[{"name":"wp","href":"https:\/\/api.w.org\/{rel}","templated":true}]}}