{"id":33164,"date":"2025-06-26T14:29:14","date_gmt":"2025-06-26T12:29:14","guid":{"rendered":"https:\/\/chiarabevents.com\/?post_type=event-planner&#038;p=33164"},"modified":"2025-06-26T14:29:14","modified_gmt":"2025-06-26T12:29:14","slug":"hogyan-szervezzunk-felejthetetlen-szuletesnapot-cataniaban","status":"publish","type":"event-planner","link":"https:\/\/chiarabevents.com\/hu\/esemenyszervezo\/hogyan-szervezzunk-felejthetetlen-szuletesnapot-cataniaban\/","title":{"rendered":"Hogyan szervezz\u00fcnk felejthetetlen sz\u00fclet\u00e9snapot Catani\u00e1ban"},"content":{"rendered":"<h2>Bevezet\u00e9s<\/h2>\n<p>Egy felejthetetlen sz\u00fclet\u00e9snap megszervez\u00e9se Catani\u00e1ban azt jelenti, hogy \u00e1t\u00e9lj\u00fck egy olyan v\u00e1ros var\u00e1zs\u00e1t, amely \u00f6tv\u00f6zi <strong>\u00e9vezredes t\u00f6rt\u00e9nelemnek<\/strong>, <strong>\u00e9l\u00e9nk modern \u00e9letet<\/strong> \u00e9s l\u00e9legzetel\u00e1ll\u00edt\u00f3 term\u00e9szeti t\u00e1jakat. Az Etna fens\u00e9g\u00e9t\u0151l, amely uralja a horizontot, a barokk tereken \u00e1t, amelyeket a helyiek melege \u00e9ltet, Catania egyed\u00fcl\u00e1ll\u00f3 sz\u00ednpadot k\u00edn\u00e1l egy k\u00fcl\u00f6nleges alkalom meg\u00fcnnepl\u00e9s\u00e9re. A t\u00e1mogat\u00e1s\u00e1val <a href=\"https:\/\/chiarabevents.com\/hu\/\">Chiara Events<\/a>, egy profi csapatra b\u00edzhatod magad, amely az \u00f6tleteidet izgalmas \u00e9lm\u00e9nny\u00e9 alak\u00edtja, gondoskodva minden r\u00e9szletr\u0151l: a helysz\u00edn kiv\u00e1laszt\u00e1s\u00e1t\u00f3l a catering kiv\u00e1laszt\u00e1s\u00e1n \u00e1t a dekor\u00e1ci\u00f3ig \u00e9s a sz\u00f3rakoztat\u00e1sig.<\/p>\n<hr \/>\n<h2>Mi\u00e9rt v\u00e1lasszuk Catani\u00e1t egy k\u00fcl\u00f6nleges sz\u00fclet\u00e9snaphoz<\/h2>\n<p>Catania nem csup\u00e1n Kelet-Szic\u00edlia kapuja, hanem kult\u00far\u00e1k \u00e9s hagyom\u00e1nyok tal\u00e1lkoz\u00e1si pontja. K\u0151zetl\u00e1v\u00e1b\u00f3l \u00e9p\u00fclt \u00e9p\u00fcletekkel szeg\u00e9lyezett utc\u00e1i g\u00f6r\u00f6g, r\u00f3mai \u00e9s normann uralmak t\u00f6rt\u00e9neteit mes\u00e9lik el, m\u00edg az J\u00f3n-tenger l\u00e1tv\u00e1nyos naplement\u00e9ket k\u00edn\u00e1l a tengerparton vagy a kik\u00f6t\u0151re n\u00e9z\u0151 teraszr\u00f3l. Egy sz\u00fclet\u00e9snap megszervez\u00e9se itt azt jelenti, hogy a vend\u00e9gek teljes \u00e9lm\u00e9nyt \u00e9lhetnek \u00e1t: <strong>m\u0171v\u00e9szet<\/strong>, <strong>sz\u00edvet<\/strong>, <strong>zene<\/strong> \u00e9s <strong>panor\u00e1m\u00e1kat,<\/strong> egyetlen k\u00f6z\u00f6s sz\u00e1lban fon\u00f3dnak \u00f6ssze.<\/p>\n<p>Ezenk\u00edv\u00fcl Catania mindenf\u00e9le rendezv\u00e9nyhez alkalmas helysz\u00ednekkel rendelkezik: h\u00edres t\u00f6rt\u00e9nelmi vill\u00e1k, amelyeket fogad\u00e1sok helysz\u00edn\u00e9v\u00e9 alak\u00edtottak \u00e1t, tengerre n\u00e9z\u0151 panor\u00e1m\u00e1s teraszok, az Etna l\u00e1b\u00e1n\u00e1l fekv\u0151 vid\u00e9ki k\u00fari\u00e1k, valamint kort\u00e1rs loftok a v\u00e1ros sz\u00edv\u00e9ben. Minden helysz\u00edn szem\u00e9lyre szabhat\u00f3, hogy t\u00fckr\u00f6zze az \u00fcnnepelt szem\u00e9lyis\u00e9g\u00e9t, garant\u00e1lva a romantikust\u00f3l a glam\u00farig, a rusztikus-chict\u0151l a minimalista hangulatig terjed\u0151 atmoszf\u00e9r\u00e1kat.<\/p>\n<hr \/>\n<h2>A v\u00edzi\u00f3t\u00f3l a koncepci\u00f3ig: a kreat\u00edv folyamat<\/h2>\n<p>Minden sikeres esem\u00e9ny egy <strong>vil\u00e1gos v\u00edzi\u00f3b\u00f3l<\/strong> sz\u00fcletik, \u00e9s egy struktur\u00e1lt kreat\u00edv folyamat r\u00e9v\u00e9n val\u00f3sul meg. A Chiara Eventsn\u00e9l a kiindul\u00f3pont mindig egy ismerked\u0151 tal\u00e1lkoz\u00f3, ahol meghallgatj\u00e1k az \u00fcnnepelt v\u00e1gyait, elv\u00e1r\u00e1sait \u00e9s st\u00edlus\u00e1t. Ebben a f\u00e1zisban alapvet\u0151 r\u00e9szletek der\u00fclnek ki: a f\u0151szerepl\u0151 \u00e9letkora, a vend\u00e9gek sz\u00e1ma, a k\u00edv\u00e1nt hangulat \u2014 amely visszautalhat a cataniai terek barokk var\u00e1zs\u00e1ra vagy a tengerparti est\u00e9k energi\u00e1j\u00e1ra.<\/p>\n<p>Ezek alapj\u00e1n a kreat\u00edv csapat digit\u00e1lis moodboardot k\u00e9sz\u00edt, amely k\u00e9pek, sz\u00ednpalett\u00e1k \u00e9s hangulatok koll\u00e1zsa, \u00e9s meg\u00f6r\u00f6k\u00edti a k\u00edv\u00e1nt atmoszf\u00e9r\u00e1t. Itt hat\u00e1rozz\u00e1k meg a koncepci\u00f3t, vagyis az esem\u00e9ny f\u0151 t\u00e9m\u00e1j\u00e1t: egy \u201eid\u0151utaz\u00e1st\u201d az Etna legend\u00e1i k\u00f6z\u00f6tt, egy \u201eMediterr\u00e1n Fusion\u201d st\u00edlus\u00fa partit etnikai hat\u00e1sokkal, vagy egy eleg\u00e1ns bulit, amely a tenger f\u00e9nyei \u00e9s t\u00fckr\u00f6z\u0151d\u00e9sei ihlettek.<\/p>\n<p>A koncepci\u00f3 j\u00f3v\u00e1hagy\u00e1sa ut\u00e1n v\u00e1zlatokat \u00e9s 3D renderel\u00e9seket k\u00e9sz\u00edtenek a helysz\u00ednek berendez\u00e9s\u00e9nek bemutat\u00e1s\u00e1ra. Ez a rendszer lehet\u0151v\u00e9 teszi az \u00fcnnepelt sz\u00e1m\u00e1ra, hogy pontosan megtekintse a v\u00e9gs\u0151 eredm\u00e9nyt, \u00e9s javasoljon esetleges m\u00f3dos\u00edt\u00e1sokat az operat\u00edv f\u00e1zisok megkezd\u00e9se el\u0151tt.<\/p>\n<hr \/>\n<h2>Helysz\u00ednv\u00e1laszt\u00e1s: az Etn\u00e1t\u00f3l a t\u00f6rt\u00e9nelmi belv\u00e1rosig<\/h2>\n<h3>T\u00f6rt\u00e9nelmi vill\u00e1k \u00e9s nemesi palot\u00e1k<\/h3>\n<p>Catania sz\u00edv\u00e9ben arisztokratikus otthonok tal\u00e1lhat\u00f3k bels\u0151 udvarokkal, barokk fresk\u00f3kkal \u00e9s fresk\u00f3kkal d\u00edsz\u00edtett mennyezet\u0171 termekkel, amelyek t\u00f6k\u00e9letesek egy olyan \u00fcnneps\u00e9ghez, amely a <strong>t\u00f6rt\u00e9nelmet<\/strong> \u00e9s <strong>modernit\u00e1s<\/strong>kontrasztj\u00e1val j\u00e1tszik. Ezek a helyek lehet\u0151s\u00e9get k\u00edn\u00e1lnak arra, hogy k\u0151zetl\u00e1v\u00e1b\u00f3l k\u00e9sz\u00fclt \u00edvek k\u00f6z\u00f6tt \u00fcdv\u00f6zl\u0151 kokt\u00e9lokat szervezzenek, majd \u00fcl\u0151 vacsor\u00e1t tartsanak d\u00edsz\u00edtett termekben, ahol a gyertyaf\u00e9ny l\u00e1gy f\u00e9nye kiemeli a m\u0171v\u00e9szi r\u00e9szleteket.<\/p>\n<h3>Tengerre n\u00e9z\u0151 teraszok \u00e9s tet\u0151teraszok<\/h3>\n<p>Egy modernebb \u00e9lm\u00e9nyhez a tengerre \u00e9s a vulk\u00e1nra n\u00e9z\u0151 panor\u00e1m\u00e1s teraszok az ide\u00e1lis v\u00e1laszt\u00e1s. Kanap\u00e9kkal, hangulatvil\u00e1g\u00edt\u00e1ssal \u00e9s min\u0151s\u00e9gi hangrendszerrel berendezve t\u00f6k\u00e9letes sz\u00ednpadot ny\u00fajtanak naplemente ut\u00e1ni aperitifekhez \u00e9s \u00e9jszakai DJ szettekhez. Az esti nyugodt tenger \u00e9s a v\u00e1ros f\u00e9nyei olyan h\u00e1tteret teremtenek, amely alkalmas mind a pihen\u00e9sre, mind \u00e9l\u0151 el\u0151ad\u00e1sokra.<\/p>\n<h3>K\u00fari\u00e1k \u00e9s agriturizmusok az Etna l\u00e1b\u00e1n\u00e1l<\/h3>\n<p>Ha a terv egy term\u00e9szetk\u00f6zeli sz\u00fclet\u00e9snap, Catania k\u00f6zel\u00e9ben t\u00f6rt\u00e9nelmi k\u00fari\u00e1k \u00e9rhet\u0151k el, sz\u0151l\u0151sorok \u00e9s citrusligetek k\u00f6z\u00f6tt. Ezek a helysz\u00ednek, vulk\u00e1nra n\u00e9z\u0151 teraszaikkal, t\u00e1gas szabadt\u00e9ri helyet biztos\u00edtanak egy gourmet grillez\u00e9shez, helyi borok k\u00f3stol\u00e1s\u00e1hoz \u00e9s kisebb t\u0171zij\u00e1t\u00e9kokhoz, amelyek megvil\u00e1g\u00edtj\u00e1k az \u00e9jszak\u00e1t.<\/p>\n<hr \/>\n<h2>Catering \u00e9s szem\u00e9lyre szabott men\u00fck<\/h2>\n<p>Amikor sz\u00fclet\u00e9snapr\u00f3l van sz\u00f3, az \u00e9tel az egyik legjobban v\u00e1rt elem a vend\u00e9gek k\u00f6r\u00e9ben. A Chiara Events seg\u00edts\u00e9g\u00e9vel a catering egy gasztron\u00f3miai utaz\u00e1ss\u00e1 v\u00e1lik Szic\u00edlia autentikus \u00edzei k\u00f6z\u00f6tt, kreat\u00edvan \u00e9rtelmezve azokat. A s\u00e9fek olyan men\u00fct k\u00edn\u00e1lnak, amely \u00f6tv\u00f6zi a hagyom\u00e1nyos \u00e9teleket \u2014 mint a ropog\u00f3s arancini, a pasta alla Norma \u00e9s a frissen t\u00f6lt\u00f6tt cannoli \u2014 a kort\u00e1rs k\u00e9sz\u00edtm\u00e9nyekkel \u00e9s gourmet t\u00e1lal\u00e1ssal.<\/p>\n<p>A vacsora alatt lehet\u0151s\u00e9g van az Etna kiv\u00e1l\u00f3s\u00e1gainak boraival p\u00e1ros\u00edtani, amelyeket helyi pinc\u00e9szetekkel egy\u00fcttm\u0171k\u00f6dve v\u00e1lasztanak ki, vagy tematikus kokt\u00e9lb\u00e1rt k\u00edn\u00e1lni, amely italai Szic\u00edlia citrusaira \u00e9s a mediterr\u00e1n f\u0171szerekre inspir\u00e1l\u00f3dnak. A k\u00f6z\u00f6s pillanatok \u00edgy alkalmat adnak a ter\u00fcletek t\u00f6rt\u00e9net\u00e9nek elmes\u00e9l\u00e9s\u00e9re, bevonva a vend\u00e9geket egy multiszenzoros \u00e9lm\u00e9nybe.<\/p>\n<hr \/>\n<h2>Dekor\u00e1ci\u00f3k \u00e9s d\u00edszletek: vizu\u00e1lis \u00e9lm\u00e9ny<\/h2>\n<p>Egy sikeres sz\u00fclet\u00e9snap azon m\u00falik, hogy k\u00e9pesek vagyunk meglepni a megh\u00edvottakat <strong>gondosan kidolgozott dekor\u00e1ci\u00f3kkal<\/strong> a legapr\u00f3bb r\u00e9szletekig. A d\u00edszletterv mag\u00e1ban foglalja az anyagok, vir\u00e1gok, f\u00e9nyek \u00e9s b\u00fatorok kiv\u00e1laszt\u00e1s\u00e1t, amelyek integr\u00e1lva vannak a kreat\u00edv f\u00e1zisban meghat\u00e1rozott koncepci\u00f3ba. Friss, szezon\u00e1lis vir\u00e1gok, mint a narancsvir\u00e1g \u00e9s a bazsar\u00f3zsa d\u00edsz\u00edtik az asztalokat \u00e9s a bej\u00e1rati \u00edveket, mik\u00f6zben k\u00f6nny\u0171 anyagok finoman mozognak a vend\u00e9gek \u00e9rkez\u00e9sekor.<\/p>\n<p>A vil\u00e1g\u00edt\u00e1s strat\u00e9giai szerepet j\u00e1tszik: meleg f\u00e9nyek teremtenek intimit\u00e1st a vacsora alatt, sz\u00ednj\u00e1t\u00e9kok a tortav\u00e1g\u00e1sn\u00e1l \u00e9s dinamikus vet\u00edt\u00e9sek a k\u0151falakon, amelyek a t\u00e9r \u00e1talak\u00edt\u00e1s\u00e1ra k\u00e9pesek az est k\u00fcl\u00f6nb\u00f6z\u0151 szakaszaiban. M\u00e9g a legapr\u00f3bb r\u00e9szletek, mint az asztald\u00edszek \u00e9s a szem\u00e9lyre szabott helyfoglal\u00f3k is hozz\u00e1j\u00e1rulnak a hangulat koherenci\u00e1j\u00e1hoz \u00e9s bevon\u00f3 erej\u00e9hez.<\/p>\n<hr \/>\n<h2>Sz\u00f3rakoztat\u00e1s \u00e9s cs\u00facspontok<\/h2>\n<p>Egy felejthetetlen sz\u00fclet\u00e9snapr\u00f3l nem hi\u00e1nyozhatnak a <strong>moment of truth<\/strong>, azok a pillanatok, amelyek \u00e9rzelmet \u00e9s r\u00e9szv\u00e9telt keltenek. A tortav\u00e1g\u00e1s a terem k\u00f6zep\u00e9n, \u00e9l\u0151 zenei al\u00e1fest\u00e9ssel k\u00eds\u00e9rve az este egyik f\u00e9nypontj\u00e1v\u00e1 v\u00e1lik. Az eredetis\u00e9g fokoz\u00e1s\u00e1ra lehet\u0151s\u00e9g van egy el\u0151ad\u00f3m\u0171v\u00e9szre b\u00edzni a l\u00e1tv\u00e1nyos bel\u00e9p\u0151t, vagy meglepet\u00e9s flash mobot szervezni, bevonva a vend\u00e9geket.<\/p>\n<p>A zene szint\u00e9n kulcsfontoss\u00e1g\u00fa elem: egy akusztikus egy\u00fcttes az aperitifhez, DJ szett a k\u00e9s\u0151 esti bulira, vagy egy mozg\u00f3 zenekar, amely az asztalok k\u00f6z\u00f6tt j\u00e1rva dinamikus \u00e9lm\u00e9nyt teremt. Az interaktivit\u00e1s n\u00f6vel\u00e9se \u00e9rdek\u00e9ben tematikus fot\u00f3f\u00fclk\u00e9ket lehet kialak\u00edtani, kieg\u00e9sz\u00edt\u0151kkel \u00e9s szem\u00e9lyre szabott h\u00e1tterekkel, ahol a vend\u00e9gek sz\u00f3rakoztat\u00f3 eml\u00e9keket \u00f6r\u00f6k\u00edthetnek meg \u00e9s oszthatnak meg a k\u00f6z\u00f6ss\u00e9gi m\u00e9di\u00e1ban.<\/p>\n<hr \/>\n<h2>Logisztika, biztons\u00e1g \u00e9s koordin\u00e1ci\u00f3<\/h2>\n<p>Minden z\u00f6kken\u0151mentes esem\u00e9ny m\u00f6g\u00f6tt alapos logisztikai tervez\u00e9s \u00e1ll. A Chiara Events koordin\u00e1lja az anyagok \u00e9s b\u00fatorok sz\u00e1ll\u00edt\u00e1s\u00e1t, a fel- \u00e9s leszerel\u00e9si id\u0151pontok kezel\u00e9s\u00e9t, a k\u00f6zter\u00fclet-haszn\u00e1lati enged\u00e9ly beszerz\u00e9s\u00e9t sz\u00fcks\u00e9g eset\u00e9n, \u00e9s biztos\u00edtja a biztons\u00e1gi el\u0151\u00edr\u00e1sok betart\u00e1s\u00e1t. Egy dedik\u00e1lt csapat k\u00f6veti az \u00fctemtervet, el\u0151re l\u00e1tva minden lehets\u00e9ges v\u00e1ratlan esem\u00e9nyt \u00e9s aktiv\u00e1lva tartal\u00e9k terveket, p\u00e9ld\u00e1ul fedett s\u00e1torszerkezetet biztos\u00edtva rossz id\u0151 eset\u00e9re.<\/p>\n<p>A vend\u00e9gek biztons\u00e1ga els\u0151dleges: a helyi hat\u00f3s\u00e1gokkal egyeztetve szervezik a fel\u00fcgyeleti szolg\u00e1latot, a bel\u00e9ptet\u00e9si ellen\u0151rz\u00e9seket \u00e9s az els\u0151seg\u00e9lyny\u00fajt\u00f3 szem\u00e9lyzet jelenl\u00e9t\u00e9t. Ezenk\u00edv\u00fcl minden helysz\u00ednre evaku\u00e1ci\u00f3s terv k\u00e9sz\u00fcl, \u00e9s ellen\u0151rzik az elektromos berendez\u00e9sek \u00e9s dekor\u00e1ci\u00f3k szab\u00e1lyoss\u00e1g\u00e1t.<\/p>\n<hr \/>\n<h2>Kommunik\u00e1ci\u00f3 \u00e9s megh\u00edv\u00f3k<\/h2>\n<p>A vend\u00e9gek bevon\u00e1s\u00e1hoz m\u00e1r a kezdeti szakaszokban elengedhetetlen a <strong>rendezv\u00e9ny el\u0151tti kommunik\u00e1ci\u00f3<\/strong>. A megh\u00edv\u00f3k lehetnek digit\u00e1lisak vagy pap\u00edralap\u00faak, szem\u00e9lyre szabott grafik\u00e1kkal, amelyek illeszkednek a koncepci\u00f3hoz, \u00e9s e-mailben, h\u00edrlev\u00e9lben vagy k\u00f6z\u00f6ss\u00e9gi m\u00e9di\u00e1n kereszt\u00fcl juttathat\u00f3k el. Egy n\u00e9h\u00e1ny nappal kor\u00e1bban k\u00fcld\u00f6tt eml\u00e9keztet\u0151 fenntartja az izgalmat \u00e9s lehet\u0151v\u00e9 teszi az utols\u00f3 pillanatban \u00e9rkez\u0151 visszajelz\u00e9sek kezel\u00e9s\u00e9t.<\/p>\n<p>A buli alatt \u00e9l\u0151 k\u00f6zvet\u00edt\u00e9s vagy k\u00f6z\u00f6ss\u00e9gi m\u00e9dia \u00e9l\u0151 ad\u00e1s \u2014 dedik\u00e1lt hashtaggel \u2014 lehet\u0151v\u00e9 teszi azok sz\u00e1m\u00e1ra, akik nem lehetnek jelen, hogy virtu\u00e1lisan r\u00e9szt vegyenek. A Chiara Events csapata gondoskodhat a fot\u00f3s \u00e9s vide\u00f3s tartalmak el\u0151\u00e1ll\u00edt\u00e1s\u00e1r\u00f3l is, hogy egy izgalmas vide\u00f3\u00f6sszefoglal\u00f3t k\u00e9sz\u00edtsen, amelyet az este v\u00e9g\u00e9n megoszthatnak.<\/p>\n<hr \/>\n<h2>Visszajelz\u00e9s \u00e9s ut\u00f3k\u00f6vet\u00e9s<\/h2>\n<p>Minden sikeres esem\u00e9ny utols\u00f3, elengedhetetlen l\u00e9p\u00e9se a <strong>visszajelz\u00e9sek gy\u0171jt\u00e9se<\/strong>. A sz\u00fclet\u00e9snap ut\u00e1n a csapat el\u00e9gedetts\u00e9gi k\u00e9rd\u0151\u00edvet k\u00fcld a megh\u00edvottaknak, hogy felm\u00e9rje az er\u0151ss\u00e9geket \u00e9s a fejlesztend\u0151 ter\u00fcleteket. A begy\u0171jt\u00f6tt v\u00e9lem\u00e9nyeket elemezik \u00e9s \u00f6sszefoglalj\u00e1k egy v\u00e9gs\u0151 jelent\u00e9sben, amely javaslatokat tartalmaz a j\u00f6v\u0151beli esem\u00e9nyekhez.<\/p>\n<p>Ezenk\u00edv\u00fcl a Chiara Events digit\u00e1lis fot\u00f3albumot \u00e9s vide\u00f3\u00f6sszefoglal\u00f3t ad \u00e1t, amelyek visszatekintenek a legjelent\u0151sebb pillanatokra. Ez a dokument\u00e1ci\u00f3 nemcsak \u00e9rzelmi \u00e9rt\u00e9ket k\u00e9pvisel az \u00fcnnepelt sz\u00e1m\u00e1ra, hanem kreativit\u00e1s \u00e9s professzionalizmus \u00f6r\u00f6ks\u00e9gek\u00e9nt szolg\u00e1l \u00faj potenci\u00e1lis \u00fcgyfelek sz\u00e1m\u00e1ra.<\/p>\n<hr \/>\n<h2>\u00d6sszegz\u00e9s<\/h2>\n<p>Egy felejthetetlen sz\u00fclet\u00e9snap megszervez\u00e9se Catani\u00e1ban egyfajta \u00f6sszhangot ig\u00e9nyel <strong>kreativit\u00e1st\u00f3l<\/strong>, <strong>tapasztalat\u00e1hoz<\/strong> \u00e9s <strong>figyelem a r\u00e9szletekre<\/strong>. Ha a %s seg\u00edts\u00e9g\u00e9vel nyugodtan \u00e9lvezheti az eg\u00e9sz folyamatot, tudva, hogy egy olyan szak\u00e9rt\u0151i csapat t\u00e1mogatja, amely minden k\u00edv\u00e1ns\u00e1got val\u00f3ra v\u00e1lt. A legelb\u0171v\u00f6l\u0151bb helysz\u00edn kiv\u00e1laszt\u00e1s\u00e1t\u00f3l a logisztika \u00e9s biztons\u00e1g koordin\u00e1l\u00e1s\u00e1ig, a gourmet men\u00fckt\u0151l a legsz\u00f3rakoztat\u00f3bb programokig minden l\u00e9p\u00e9st \u00fagy terveznek, hogy \u00e9rzelmeket v\u00e1ltson ki \u00e9s meglepjen, felejthetetlen eml\u00e9ket aj\u00e1nd\u00e9kozva az \u00fcnnepeltnek \u00e9s vend\u00e9geinek. <a href=\"https:\/\/chiarabevents.com\/hu\/\">Chiara Events<\/a>Melyik a legjobb id\u0151szak egy szabadt\u00e9ri sz\u00fclet\u00e9snaphoz Catani\u00e1ban?<\/p>\n<hr \/>\n<h2>GYIK<\/h2>\n<p><strong>A mediterr\u00e1n \u00e9ghajlat kellemes szabadt\u00e9ri \u00fcnnepl\u00e9st tesz lehet\u0151v\u00e9 \u00e1prilist\u00f3l okt\u00f3berig, enyhe h\u0151m\u00e9rs\u00e9klettel \u00e9s kisebb es\u00e9ly\u0171 es\u0151vel. Ugyanakkor fedett \u00e9s belt\u00e9ri megold\u00e1sok is lehet\u0151v\u00e9 teszik az esem\u00e9nyek szervez\u00e9s\u00e9t a h\u0171v\u00f6sebb h\u00f3napokban is.<\/strong><br \/>\nH\u00e1ny nappal el\u0151tte kell elkezdeni a felk\u00e9sz\u00fcl\u00e9st?<\/p>\n<p><strong>Kis m\u00e9ret\u0171 esem\u00e9ny eset\u00e9n k\u00e9t h\u00f3nap elegend\u0151 lehet; \u00f6sszetettebb rendezv\u00e9nyekn\u00e9l, sok szolg\u00e1ltat\u00f3val \u00e9s nagy dekor\u00e1ci\u00f3val, legal\u00e1bb n\u00e9gy h\u00f3nappal el\u0151bb \u00e9rdemes elkezdeni.<\/strong><br \/>\nLehet k\u00e9rni veget\u00e1ri\u00e1nus vagy veg\u00e1n men\u00fct?<\/p>\n<p><strong>Term\u00e9szetesen. A Chiara Events cateringje rendk\u00edv\u00fcl rugalmas, \u00e9s szem\u00e9lyre szabott men\u00fcket k\u00edn\u00e1l minden \u00e9tkez\u00e9si ig\u00e9nyhez, bele\u00e9rtve a veget\u00e1ri\u00e1nus, veg\u00e1n \u00e9s glut\u00e9nmentes opci\u00f3kat is.<\/strong><br \/>\nLehet gyerekprogramokat is szervezni?<\/p>\n<p><strong>Igen, a csapat j\u00e1tsz\u00f3tereket, dedik\u00e1lt anim\u00e1ci\u00f3t \u00e9s kreat\u00edv m\u0171helyeket szervezhet, hogy a legkisebbeket teljes biztons\u00e1gban sz\u00f3rakoztassa.<\/strong><br \/>\nHogyan k\u00e9rhetek szem\u00e9lyre szabott \u00e1raj\u00e1nlatot?<\/p>\n<p><strong>, t\u00f6ltse ki az online \u0171rlapot vagy h\u00edvjon minket k\u00f6zvetlen\u00fcl; munkat\u00e1rsunk 24 \u00f3r\u00e1n bel\u00fcl visszah\u00edvja egy ingyenes els\u0151 konzult\u00e1ci\u00f3ra.<\/strong><br \/>\nL\u00e1togasson el a \u201cKapcsolat\u201d oldalra <a href=\"https:\/\/chiarabevents.com\/hu\/\">Chiara Events<\/a>\u00f6tletek, helysz\u00ednek \u00e9s dekor\u00e1ci\u00f3k egy k\u00fcl\u00f6nleges sz\u00fclet\u00e9snaphoz Catani\u00e1ban. Tudja meg, hogyan alak\u00edthatja \u00e1t a ChiaraB Events az esem\u00e9ny\u00e9t felejthetetlen eml\u00e9kk\u00e9.<\/p>","protected":false},"featured_media":33165,"template":"","class_list":["post-33164","event-planner","type-event-planner","status-publish","has-post-thumbnail","hentry"],"yoast_head":"<!-- This site is optimized with the Yoast SEO Premium plugin v21.8 (Yoast SEO v27.3) - https:\/\/yoast.com\/product\/yoast-seo-premium-wordpress\/ -->\n<title>Compleanno indimenticabile a Catania ChiaraB Events Wedding Planner<\/title>\n<meta name=\"description\" content=\"Idee, location e allestimenti per un compleanno indimenticabile a Catania. Scopri come ChiaraB Events pu\u00f2 trasformare il tuo evento.\" \/>\n<meta name=\"robots\" content=\"index, follow, max-snippet:-1, max-image-preview:large, max-video-preview:-1\" \/>\n<link rel=\"canonical\" href=\"https:\/\/chiarabevents.com\/hu\/esemenyszervezo\/hogyan-szervezzunk-felejthetetlen-szuletesnapot-cataniaban\/\" \/>\n<meta property=\"og:locale\" content=\"hu_HU\" \/>\n<meta property=\"og:type\" content=\"article\" \/>\n<meta property=\"og:title\" content=\"Come organizzare un compleanno indimenticabile a Catania\" \/>\n<meta property=\"og:description\" content=\"Idee, location e allestimenti per un compleanno indimenticabile a Catania. Scopri come ChiaraB Events pu\u00f2 trasformare il tuo evento.\" \/>\n<meta property=\"og:url\" content=\"https:\/\/chiarabevents.com\/hu\/esemenyszervezo\/hogyan-szervezzunk-felejthetetlen-szuletesnapot-cataniaban\/\" \/>\n<meta property=\"og:site_name\" content=\"ChiaraB Events Wedding Planner\" \/>\n<meta property=\"article:publisher\" content=\"https:\/\/www.facebook.com\/chiarabevent\" \/>\n<meta property=\"og:image\" content=\"https:\/\/chiarabevents.com\/wp-content\/uploads\/2025\/06\/984-1-2.jpg\" \/>\n\t<meta property=\"og:image:width\" content=\"1500\" \/>\n\t<meta property=\"og:image:height\" content=\"1000\" \/>\n\t<meta property=\"og:image:type\" content=\"image\/jpeg\" \/>\n<meta name=\"twitter:card\" content=\"summary_large_image\" \/>\n<meta name=\"twitter:label1\" content=\"Est. reading time\" \/>\n\t<meta name=\"twitter:data1\" content=\"9 minutes\" \/>\n<script type=\"application\/ld+json\" class=\"yoast-schema-graph\">{\"@context\":\"https:\\\/\\\/schema.org\",\"@graph\":[{\"@type\":\"WebPage\",\"@id\":\"https:\\\/\\\/chiarabevents.com\\\/event-planner\\\/compleanno-indimenticabile-a-catania\\\/\",\"url\":\"https:\\\/\\\/chiarabevents.com\\\/event-planner\\\/compleanno-indimenticabile-a-catania\\\/\",\"name\":\"Compleanno indimenticabile a Catania ChiaraB Events Wedding Planner\",\"isPartOf\":{\"@id\":\"https:\\\/\\\/chiarabevents.com\\\/#website\"},\"primaryImageOfPage\":{\"@id\":\"https:\\\/\\\/chiarabevents.com\\\/event-planner\\\/compleanno-indimenticabile-a-catania\\\/#primaryimage\"},\"image\":{\"@id\":\"https:\\\/\\\/chiarabevents.com\\\/event-planner\\\/compleanno-indimenticabile-a-catania\\\/#primaryimage\"},\"thumbnailUrl\":\"https:\\\/\\\/chiarabevents.com\\\/wp-content\\\/uploads\\\/2025\\\/06\\\/984-1-2.jpg\",\"datePublished\":\"2025-06-26T12:29:14+00:00\",\"description\":\"Idee, location e allestimenti per un compleanno indimenticabile a Catania. Scopri come ChiaraB Events pu\u00f2 trasformare il tuo evento.\",\"breadcrumb\":{\"@id\":\"https:\\\/\\\/chiarabevents.com\\\/event-planner\\\/compleanno-indimenticabile-a-catania\\\/#breadcrumb\"},\"inLanguage\":\"hu-HU\",\"potentialAction\":[{\"@type\":\"ReadAction\",\"target\":[\"https:\\\/\\\/chiarabevents.com\\\/event-planner\\\/compleanno-indimenticabile-a-catania\\\/\"]}]},{\"@type\":\"ImageObject\",\"inLanguage\":\"hu-HU\",\"@id\":\"https:\\\/\\\/chiarabevents.com\\\/event-planner\\\/compleanno-indimenticabile-a-catania\\\/#primaryimage\",\"url\":\"https:\\\/\\\/chiarabevents.com\\\/wp-content\\\/uploads\\\/2025\\\/06\\\/984-1-2.jpg\",\"contentUrl\":\"https:\\\/\\\/chiarabevents.com\\\/wp-content\\\/uploads\\\/2025\\\/06\\\/984-1-2.jpg\",\"width\":1500,\"height\":1000,\"caption\":\"dee, location e allestimenti per un compleanno speciale a Catania. Scopri come ChiaraB Events pu\u00f2 trasformare il tuo evento in un ricordo indimenticabile.\"},{\"@type\":\"BreadcrumbList\",\"@id\":\"https:\\\/\\\/chiarabevents.com\\\/event-planner\\\/compleanno-indimenticabile-a-catania\\\/#breadcrumb\",\"itemListElement\":[{\"@type\":\"ListItem\",\"position\":1,\"name\":\"Home\",\"item\":\"https:\\\/\\\/chiarabevents.com\\\/\"},{\"@type\":\"ListItem\",\"position\":2,\"name\":\"Come organizzare un compleanno indimenticabile a Catania\"}]},{\"@type\":\"WebSite\",\"@id\":\"https:\\\/\\\/chiarabevents.com\\\/#website\",\"url\":\"https:\\\/\\\/chiarabevents.com\\\/\",\"name\":\"ChiaraB Events Wedding Planner\",\"description\":\"Un meraviglioso percorso fatto insieme\",\"publisher\":{\"@id\":\"https:\\\/\\\/chiarabevents.com\\\/#organization\"},\"potentialAction\":[{\"@type\":\"SearchAction\",\"target\":{\"@type\":\"EntryPoint\",\"urlTemplate\":\"https:\\\/\\\/chiarabevents.com\\\/?s={search_term_string}\"},\"query-input\":{\"@type\":\"PropertyValueSpecification\",\"valueRequired\":true,\"valueName\":\"search_term_string\"}}],\"inLanguage\":\"hu-HU\"},{\"@type\":\"Organization\",\"@id\":\"https:\\\/\\\/chiarabevents.com\\\/#organization\",\"name\":\"ChiaraB Events Wedding Planner\",\"url\":\"https:\\\/\\\/chiarabevents.com\\\/\",\"logo\":{\"@type\":\"ImageObject\",\"inLanguage\":\"hu-HU\",\"@id\":\"https:\\\/\\\/chiarabevents.com\\\/#\\\/schema\\\/logo\\\/image\\\/\",\"url\":\"https:\\\/\\\/chiarabevents.com\\\/wp-content\\\/uploads\\\/2023\\\/12\\\/cropped-Monogramma_chiarab.png\",\"contentUrl\":\"https:\\\/\\\/chiarabevents.com\\\/wp-content\\\/uploads\\\/2023\\\/12\\\/cropped-Monogramma_chiarab.png\",\"width\":512,\"height\":512,\"caption\":\"ChiaraB Events Wedding Planner\"},\"image\":{\"@id\":\"https:\\\/\\\/chiarabevents.com\\\/#\\\/schema\\\/logo\\\/image\\\/\"},\"sameAs\":[\"https:\\\/\\\/www.facebook.com\\\/chiarabevent\",\"https:\\\/\\\/www.instagram.com\\\/chiarab_events\\\/\"]}]}<\/script>\n<!-- \/ Yoast SEO Premium plugin. -->","yoast_head_json":{"title":"Felejthetetlen sz\u00fclet\u00e9snap Catani\u00e1ban ChiaraB Events Wedding Planner","description":"\u00d6tletek, helysz\u00ednek \u00e9s dekor\u00e1ci\u00f3k egy felejthetetlen sz\u00fclet\u00e9snaphoz Catani\u00e1ban. Fedezd fel, hogyan alak\u00edthatja \u00e1t a ChiaraB Events az esem\u00e9nyedet.","robots":{"index":"index","follow":"follow","max-snippet":"max-snippet:-1","max-image-preview":"max-image-preview:large","max-video-preview":"max-video-preview:-1"},"canonical":"https:\/\/chiarabevents.com\/hu\/esemenyszervezo\/hogyan-szervezzunk-felejthetetlen-szuletesnapot-cataniaban\/","og_locale":"hu_HU","og_type":"article","og_title":"Come organizzare un compleanno indimenticabile a Catania","og_description":"Idee, location e allestimenti per un compleanno indimenticabile a Catania. Scopri come ChiaraB Events pu\u00f2 trasformare il tuo evento.","og_url":"https:\/\/chiarabevents.com\/hu\/esemenyszervezo\/hogyan-szervezzunk-felejthetetlen-szuletesnapot-cataniaban\/","og_site_name":"ChiaraB Events Wedding Planner","article_publisher":"https:\/\/www.facebook.com\/chiarabevent","og_image":[{"width":1500,"height":1000,"url":"https:\/\/chiarabevents.com\/wp-content\/uploads\/2025\/06\/984-1-2.jpg","type":"image\/jpeg"}],"twitter_card":"summary_large_image","twitter_misc":{"Est. reading time":"9 minutes"},"schema":{"@context":"https:\/\/schema.org","@graph":[{"@type":"WebPage","@id":"https:\/\/chiarabevents.com\/event-planner\/compleanno-indimenticabile-a-catania\/","url":"https:\/\/chiarabevents.com\/event-planner\/compleanno-indimenticabile-a-catania\/","name":"Felejthetetlen sz\u00fclet\u00e9snap Catani\u00e1ban ChiaraB Events Wedding Planner","isPartOf":{"@id":"https:\/\/chiarabevents.com\/#website"},"primaryImageOfPage":{"@id":"https:\/\/chiarabevents.com\/event-planner\/compleanno-indimenticabile-a-catania\/#primaryimage"},"image":{"@id":"https:\/\/chiarabevents.com\/event-planner\/compleanno-indimenticabile-a-catania\/#primaryimage"},"thumbnailUrl":"https:\/\/chiarabevents.com\/wp-content\/uploads\/2025\/06\/984-1-2.jpg","datePublished":"2025-06-26T12:29:14+00:00","description":"\u00d6tletek, helysz\u00ednek \u00e9s dekor\u00e1ci\u00f3k egy felejthetetlen sz\u00fclet\u00e9snaphoz Catani\u00e1ban. Fedezd fel, hogyan alak\u00edthatja \u00e1t a ChiaraB Events az esem\u00e9nyedet.","breadcrumb":{"@id":"https:\/\/chiarabevents.com\/event-planner\/compleanno-indimenticabile-a-catania\/#breadcrumb"},"inLanguage":"hu-HU","potentialAction":[{"@type":"ReadAction","target":["https:\/\/chiarabevents.com\/event-planner\/compleanno-indimenticabile-a-catania\/"]}]},{"@type":"ImageObject","inLanguage":"hu-HU","@id":"https:\/\/chiarabevents.com\/event-planner\/compleanno-indimenticabile-a-catania\/#primaryimage","url":"https:\/\/chiarabevents.com\/wp-content\/uploads\/2025\/06\/984-1-2.jpg","contentUrl":"https:\/\/chiarabevents.com\/wp-content\/uploads\/2025\/06\/984-1-2.jpg","width":1500,"height":1000,"caption":"dee, location e allestimenti per un compleanno speciale a Catania. Scopri come ChiaraB Events pu\u00f2 trasformare il tuo evento in un ricordo indimenticabile."},{"@type":"BreadcrumbList","@id":"https:\/\/chiarabevents.com\/event-planner\/compleanno-indimenticabile-a-catania\/#breadcrumb","itemListElement":[{"@type":"ListItem","position":1,"name":"Home","item":"https:\/\/chiarabevents.com\/"},{"@type":"ListItem","position":2,"name":"Come organizzare un compleanno indimenticabile a Catania"}]},{"@type":"WebSite","@id":"https:\/\/chiarabevents.com\/#website","url":"https:\/\/chiarabevents.com\/","name":"ChiaraB Esem\u00e9nyek Esk\u00fcv\u0151szervez\u0151","description":"Egy csod\u00e1latos \u00fat egy\u00fctt megt\u00e9ve","publisher":{"@id":"https:\/\/chiarabevents.com\/#organization"},"potentialAction":[{"@type":"SearchAction","target":{"@type":"EntryPoint","urlTemplate":"https:\/\/chiarabevents.com\/?s={search_term_string}"},"query-input":{"@type":"PropertyValueSpecification","valueRequired":true,"valueName":"search_term_string"}}],"inLanguage":"hu-HU"},{"@type":"Organization","@id":"https:\/\/chiarabevents.com\/#organization","name":"ChiaraB Esem\u00e9nyek Esk\u00fcv\u0151szervez\u0151","url":"https:\/\/chiarabevents.com\/","logo":{"@type":"ImageObject","inLanguage":"hu-HU","@id":"https:\/\/chiarabevents.com\/#\/schema\/logo\/image\/","url":"https:\/\/chiarabevents.com\/wp-content\/uploads\/2023\/12\/cropped-Monogramma_chiarab.png","contentUrl":"https:\/\/chiarabevents.com\/wp-content\/uploads\/2023\/12\/cropped-Monogramma_chiarab.png","width":512,"height":512,"caption":"ChiaraB Events Wedding Planner"},"image":{"@id":"https:\/\/chiarabevents.com\/#\/schema\/logo\/image\/"},"sameAs":["https:\/\/www.facebook.com\/chiarabevent","https:\/\/www.instagram.com\/chiarab_events\/"]}]}},"_links":{"self":[{"href":"https:\/\/chiarabevents.com\/hu\/wp-json\/wp\/v2\/event-planner\/33164","targetHints":{"allow":["GET"]}}],"collection":[{"href":"https:\/\/chiarabevents.com\/hu\/wp-json\/wp\/v2\/event-planner"}],"about":[{"href":"https:\/\/chiarabevents.com\/hu\/wp-json\/wp\/v2\/types\/event-planner"}],"wp:featuredmedia":[{"embeddable":true,"href":"https:\/\/chiarabevents.com\/hu\/wp-json\/wp\/v2\/media\/33165"}],"wp:attachment":[{"href":"https:\/\/chiarabevents.com\/hu\/wp-json\/wp\/v2\/media?parent=33164"}],"curies":[{"name":"wp","href":"https:\/\/api.w.org\/{rel}","templated":true}]}}