{"id":33171,"date":"2025-06-26T15:42:23","date_gmt":"2025-06-26T13:42:23","guid":{"rendered":"https:\/\/chiarabevents.com\/?post_type=event-planner&#038;p=33171"},"modified":"2025-06-26T15:52:31","modified_gmt":"2025-06-26T13:52:31","slug":"szuletesnapok-maganrendezvenyek-vagy-kulonleges-esemenyek-a-chiarab-events-az-idealis-partner-az-esemenyszervezesedhez-ennaban","status":"publish","type":"event-planner","link":"https:\/\/chiarabevents.com\/hu\/esemenyszervezo\/szuletesnapok-maganrendezvenyek-vagy-kulonleges-esemenyek-a-chiarab-events-az-idealis-partner-az-esemenyszervezesedhez-ennaban\/","title":{"rendered":"Sz\u00fclet\u00e9snapok, mag\u00e1nrendezv\u00e9nyek vagy k\u00fcl\u00f6nleges esem\u00e9nyek: a ChiaraB Events az ide\u00e1lis partner az esem\u00e9nyszervez\u00e9sedhez Enn\u00e1ban."},"content":{"rendered":"<h2>Bevezet\u00e9s<\/h2>\n<p>Sz\u00fclet\u00e9snapok, priv\u00e1t partik vagy k\u00fcl\u00f6nleges esem\u00e9nyek: <strong>A ChiaraB Events az ide\u00e1lis partner<\/strong> az esem\u00e9nyszervez\u00e9sedhez Enn\u00e1ban.\u201d Ha szeretn\u00e9d egy \u00f6tletet felejthetetlen \u00e9lm\u00e9nny\u00e9 alak\u00edtani Szic\u00edlia sz\u00edv\u00e9ben, j\u00f3 helyen j\u00e1rsz. Enna t\u00f6rt\u00e9nelmi \u00f6r\u00f6ks\u00e9g\u00e9vel \u00e9s a k\u00f6rnyez\u0151 dombokra ny\u00edl\u00f3 panor\u00e1m\u00e1ival egyed\u00fcl\u00e1ll\u00f3 h\u00e1tteret k\u00edn\u00e1l minden \u00fcnnepl\u00e9shez. A ChiaraB Eventsszel minden f\u00e1zis \u2013 az els\u0151 koncepci\u00f3t\u00f3l a helysz\u00edni koordin\u00e1ci\u00f3ig \u2013 <strong>kreativit\u00e1st\u00f3l<\/strong>, <strong>szak\u00e9rtelemmel<\/strong> \u00e9s m\u00e9ly helyismerettel ker\u00fcl kidolgoz\u00e1sra, hogy egy szem\u00e9lyre szabott esem\u00e9nyt ny\u00fajthassunk, amely elvar\u00e1zsolja vend\u00e9geidet.<\/p>\n<h2>Mi\u00e9rt v\u00e1laszd Enn\u00e1t az esem\u00e9nyeid helysz\u00edn\u00e9\u00fcl<\/h2>\n<p>Enna, a \u201eSzic\u00edlia erk\u00e9lye\u201d, a t\u00f6rt\u00e9nelem, a term\u00e9szet \u00e9s a kult\u00fara tal\u00e1lkoz\u00e1si pontja. Strat\u00e9giai helyen fekszik, Palermo \u00e9s Catania k\u00f6z\u00f6tt f\u00e9l\u00faton, \u00edgy k\u00f6nny\u0171 megk\u00f6zel\u00edt\u00e9st biztos\u00edt a sziget eg\u00e9sz\u00e9r\u0151l \u00e9rkez\u0151 vend\u00e9gek sz\u00e1m\u00e1ra. Helysz\u00ednei a k\u00f6z\u00e9pkori palot\u00e1kt\u00f3l a bels\u0151 udvaros \u00e9p\u00fcleteken \u00e1t a fel\u00faj\u00edtott tany\u00e1kig terjednek, amelyek olajfaligetek k\u00f6z\u00f6tt helyezkednek el, valamint a Nebrodi-hegys\u00e9gre n\u00e9z\u0151 panor\u00e1m\u00e1s teraszokig. Ez a v\u00e1ltozatoss\u00e1g lehet\u0151v\u00e9 teszi olyan rendezv\u00e9nyek megval\u00f3s\u00edt\u00e1s\u00e1t, amelyek egyszerre \u00f6tv\u00f6zik a t\u00f6rt\u00e9nelmi eleganci\u00e1t \u00e9s a k\u00f6tetlenebb hangulatot, maxim\u00e1lisan kihaszn\u00e1lva a ter\u00fclet egyedi jellemz\u0151it.<\/p>\n<h2>A v\u00edzi\u00f3t\u00f3l a koncepci\u00f3ig<\/h2>\n<p>Minden egy ismerked\u0151 tal\u00e1lkoz\u00f3val kezd\u0151dik, ahol elmes\u00e9led a ChiaraB Eventsnak a projektedet: a vend\u00e9gek sz\u00e1m\u00e1t, a k\u00f6lts\u00e9gvet\u00e9st, a st\u00edlust \u00e9s az esem\u00e9ny c\u00e9ljait. Innen sz\u00fcletik az esem\u00e9ny <strong>fil rouge-ja<\/strong> egy sor c\u00e9lzott k\u00e9rd\u00e9s seg\u00edts\u00e9g\u00e9vel, amelyek seg\u00edtenek meghat\u00e1rozni a sz\u00edneket, anyagokat \u00e9s az \u00e1tadni k\u00edv\u00e1nt \u00e9rzelmeket.<\/p>\n<h3>Hangulatkoll\u00e1zs \u00e9s 3D l\u00e1tv\u00e1nyterv<\/h3>\n<p>A koncepci\u00f3 egy <strong>digit\u00e1lis moodboard-d\u00e1<\/strong>alakult, egy k\u00e9pekb\u0151l \u00e9s sz\u00ednpalett\u00e1kb\u00f3l \u00e1ll\u00f3 koll\u00e1zss\u00e1, amely \u00f6sszefoglalja a k\u00edv\u00e1nt hangulatot. Ezt k\u00f6vet\u0151en a 3D l\u00e1tv\u00e1nytervek lehet\u0151v\u00e9 teszik a berendez\u00e9sek el\u0151zetes megtekint\u00e9s\u00e9t, \u00edgy m\u00f3dos\u00edt\u00e1sokat javasolhatsz m\u00e9g az operat\u00edv f\u00e1zisok megkezd\u00e9se el\u0151tt.<\/p>\n<h2>Piazza Hercegeinek Palot\u00e1ja<\/h2>\n<p>Enna t\u00f6rt\u00e9nelmi belv\u00e1ros\u00e1nak sz\u00edv\u00e9ben \u00e1ll a Piazza Hercegeinek Palot\u00e1ja, egy 15. sz\u00e1zadi \u00e9p\u00fclet, amely fresk\u00f3kkal d\u00edsz\u00edtett termekkel \u00e9s bels\u0151 udvarokkal rendelkezik. Itt szervezhetsz:<\/p>\n<ul>\n<li>K\u00f6sz\u00f6nt\u0151 kokt\u00e9lt k\u0151\u00edvek k\u00f6z\u00f6tt<\/li>\n<li>\u00dcltetett vacsor\u00e1t t\u00f6rt\u00e9nelmi hangulat\u00fa termekben<\/li>\n<li>Akusztikus zenei sz\u00f3rakoztat\u00e1st meghitt l\u00e9gk\u00f6rben<\/li>\n<\/ul>\n<p>A vil\u00e1g\u00edt\u00e1st \u00fagy hangolj\u00e1k, hogy kiemelje az \u00e9p\u00edt\u00e9szeti r\u00e9szleteket, f\u00e9nyj\u00e1t\u00e9kokat teremtve, amelyek m\u00e9g var\u00e1zslatosabb\u00e1 teszik a palot\u00e1t.<\/p>\n<h2>Valle del Salso tany\u00e1ja<\/h2>\n<p>Enn\u00e1t\u00f3l n\u00e9h\u00e1ny kilom\u00e9terre, olajfa- \u00e9s mandulaligetek k\u00f6z\u00f6tt tal\u00e1lhat\u00f3 a Valle del Salso tany\u00e1ja, amely a vid\u00e9ki b\u00e1jt a kort\u00e1rs st\u00edlussal \u00f6tv\u00f6zi. A k\u00fcls\u0151 terek t\u00f6k\u00e9letesek:<\/p>\n<ul>\n<li>Naplementekor vir\u00e1gos r\u00e9ten tartott aperitifekhez<\/li>\n<li>T\u00e1ncos est\u00e9k eleg\u00e1ns fesz\u00edtett szerkezetek alatt<\/li>\n<li>Showcooking helyi s\u00e9fekkel egy \u00e9l\u0151 gasztron\u00f3miai \u00e9lm\u00e9ny\u00e9rt<\/li>\n<\/ul>\n<p>A massz\u00e9ria szabads\u00e1got k\u00edn\u00e1l, hogy v\u00e1ltogathasd a szabadt\u00e9ri t\u00e1rsas\u00e1gi pillanatokat \u00e9s a bels\u0151 termek intimebb hangulat\u00e1t.<\/p>\n<h2>Catering \u00e9s gasztron\u00f3miai \u00e9lm\u00e9ny<\/h2>\n<p>A ChiaraB Events \u00e1ltal k\u00edn\u00e1lt gasztron\u00f3miai \u00fatvonal kiemeli az <strong>enneai autentikus \u00edzeket.<\/strong> A helyi s\u00e9fek szem\u00e9lyre szabott men\u00fcket k\u00e9sz\u00edtenek, amelyek tartalmazz\u00e1k:<\/p>\n<ul>\n<li>Gourmet el\u0151\u00e9telek, mint a ropog\u00f3s panelle \u00e9s ricott\u00e1s krokettek<\/li>\n<li>F\u0151\u00e9telek, az ennai kolb\u00e1szos ragut\u00f3l a fasz\u00e9nen s\u00fclt h\u00fasokig<\/li>\n<li>Hagyom\u00e1nyos desszertek, kreat\u00edvan \u00fajra\u00e9rtelmezve \u00e9s v\u00e1logatott borokkal p\u00e1ros\u00edtva<\/li>\n<\/ul>\n<p>Egy profi sommelier r\u00f6vid bork\u00f3stol\u00f3t vezethet, bemutatva a t\u00e9rs\u00e9g felt\u00f6rekv\u0151 pinc\u00e9szeteinek c\u00edmk\u00e9it.<\/p>\n<h2>Dekor\u00e1ci\u00f3k \u00e9s \u00e9rzelmekkel teli d\u00edszletek<\/h2>\n<p>Minden dekor\u00e1ci\u00f3 \u00fagy van megtervezve, hogy egyes\u00edtse az <strong>eszt\u00e9tik\u00e1t<\/strong> \u00e9s <strong>funkcionalit\u00e1st<\/strong>. Kiv\u00e1l\u00f3 min\u0151s\u00e9g\u0171 sz\u00f6vetek, szezon\u00e1lis vir\u00e1gkompoz\u00edci\u00f3k \u00e9s f\u00e9nyj\u00e1t\u00e9kok var\u00e1zsolj\u00e1k a tereket val\u00f3di \u00e9rzelmi sz\u00ednpadokk\u00e1.<\/p>\n<h3>Apr\u00f3 r\u00e9szletek, amelyek sz\u00e1m\u00edtanak<\/h3>\n<p>Asztald\u00edszek helyi vir\u00e1gokkal, citrusokkal \u00e9s illatos gyerty\u00e1kkal, szem\u00e9lyre szabott \u00fcltet\u0151k\u00e1rty\u00e1k \u00e9s apr\u00f3 aj\u00e1nd\u00e9kok \u2013 p\u00e9ld\u00e1ul helyi term\u00e9kcsomagok \u2013 hozz\u00e1j\u00e1rulnak a nagy hat\u00e1s\u00fa l\u00e9gk\u00f6r megteremt\u00e9s\u00e9hez.<\/p>\n<h3>\u00c9p\u00edt\u00e9szeti vil\u00e1g\u00edt\u00e1s<\/h3>\n<p>Egy vil\u00e1g\u00edt\u00e1stervez\u00e9si projekt kiemeli az enneai helysz\u00ednek v\u00e1ratlan r\u00e9szleteit, \u00e1talak\u00edtva a bolt\u00edveket \u00e9s falakat hangulatos, f\u00e9nyl\u0151 h\u00e1tterekk\u00e9, amelyek k\u00eds\u00e9rik az esem\u00e9ny f\u0151 pillanatait.<\/p>\n<h2>Sz\u00f3rakoztat\u00e1s \u00e9s a pillanat var\u00e1zsa<\/h2>\n<p>A ChiaraB Events olyan sz\u00f3rakoztat\u00e1si form\u00e1kat v\u00e1laszt, amelyek akt\u00edvan bevonj\u00e1k vend\u00e9geidet.<\/p>\n<h3>\u00c9l\u0151 zene \u00e9s el\u0151ad\u00e1sok<\/h3>\n<p>Az akusztikus du\u00f3t\u00f3l a von\u00f3sn\u00e9gyesig a legeleg\u00e1nsabb pillanatokra, eg\u00e9szen a DJ szettig, hogy mindenki t\u00e1ncoljon, minden zenei v\u00e1laszt\u00e1s az esem\u00e9ny hangulat\u00e1hoz igazodik.<\/p>\n<h3>Flash mob, fot\u00f3f\u00fclke \u00e9s a v\u00e9gs\u0151 meglepet\u00e9s<\/h3>\n<p>V\u00e1ratlan koreogr\u00e1fi\u00e1k, tematikus fot\u00f3f\u00fclk\u00e9k szem\u00e9lyre szabott aj\u00e1nd\u00e9kt\u00e1rgyakkal \u00e9s nagy fin\u00e1l\u00e9\u2014p\u00e9ld\u00e1ul lebeg\u0151 l\u00e1mp\u00e1sok ind\u00edt\u00e1sa vagy egy diszkr\u00e9t t\u0171zij\u00e1t\u00e9k\u2014felejthetetlen \u00e9lm\u00e9nyeket ny\u00fajtanak.<\/p>\n<h2>Logisztika \u00e9s m\u0171szaki koordin\u00e1ci\u00f3<\/h2>\n<p>Minden sikeres buli m\u00f6g\u00f6tt gondos logisztikai szervez\u00e9s \u00e1ll. A ChiaraB Events kezeli:<\/p>\n<ol>\n<li>Enged\u00e9lyek \u00e9s hozz\u00e1j\u00e1rul\u00e1sok a k\u00f6zter\u00fclet haszn\u00e1lat\u00e1hoz<\/li>\n<li>\u00d6sszeszerel\u00e9s \u00e9s sz\u00e9tszerel\u00e9s egy dedik\u00e1lt \u00fctemterv szerint<\/li>\n<li>Biztons\u00e1g, stewardok \u00e9s els\u0151seg\u00e9lypontok<\/li>\n<li>V\u00e9szhelyzeti tervek a folyamatoss\u00e1g biztos\u00edt\u00e1s\u00e1ra v\u00e1ratlan esem\u00e9nyek eset\u00e9n<\/li>\n<\/ol>\n<p>Egyetlen kapcsolattart\u00f3 \u00e9s egy koordin\u00e1lt csapat biztos\u00edtja, hogy minden f\u00e1zis z\u00f6kken\u0151mentesen zajl\u00f3djon.<\/p>\n<h2>Esem\u00e9ny marketingje \u00e9s m\u00e9diamegoszt\u00e1s<\/h2>\n<p>Ha szeretn\u00e9d l\u00e1that\u00f3v\u00e1 tenni az esem\u00e9nyedet, integr\u00e1lt kommunik\u00e1ci\u00f3s szolg\u00e1ltat\u00e1sokra b\u00edzhatod magad:<\/p>\n<ul>\n<li>Digit\u00e1lis megh\u00edv\u00f3k \u00e9s szem\u00e9lyre szabott landing oldalak<\/li>\n<li>\u00c9l\u0151 k\u00f6zvet\u00edt\u00e9s a k\u00f6z\u00f6ss\u00e9gi m\u00e9di\u00e1ban profi rendez\u00e9ssel<\/li>\n<li>Fot\u00f3s \u00e9s vide\u00f3s szolg\u00e1ltat\u00e1sok egy \u00e9rzelmekkel teli \u00f6sszefoglal\u00f3hoz, amit megoszthatsz<\/li>\n<\/ul>\n<p>Fedezd fel az \u00f6sszes r\u00e9szletet a \u201eSzolg\u00e1ltat\u00e1sok\u201d szekci\u00f3ban <a href=\"https:\/\/chiarabevents.com\/hu\/\">ChiaraB Esem\u00e9nyek<\/a>.<\/p>\n<h2>Fenntarthat\u00f3s\u00e1g \u00e9s a ter\u00fclet ir\u00e1nti figyelem<\/h2>\n<p>A ChiaraB Events el\u0151seg\u00edti az <strong>\u00f6kobar\u00e1t<\/strong>:<\/p>\n<ul>\n<li>\u00dajrahasznos\u00edthat\u00f3 vagy \u00fajrahaszn\u00e1lhat\u00f3 anyagok a dekor\u00e1ci\u00f3kban<\/li>\n<li>Helyi term\u00e9kekb\u0151l k\u00e9sz\u00fclt catering \u00e9s szezon\u00e1lis men\u00fck<\/li>\n<li>Alacsony fogyaszt\u00e1s\u00fa LED vil\u00e1g\u00edt\u00e1s \u00e9s helysz\u00edni szelekt\u00edv hullad\u00e9kgy\u0171jt\u00e9s<\/li>\n<\/ul>\n<p>\u00cdgy cs\u00f6kkented a k\u00f6rnyezeti hat\u00e1st, mik\u00f6zben \u00e9rt\u00e9keled Enna sz\u00e9ps\u00e9g\u00e9t.<\/p>\n<h2>GYIK<\/h2>\n<p><strong>1. Mennyi id\u0151vel el\u0151re kell megterveznem az esem\u00e9nyemet Enn\u00e1ban?<\/strong><br \/>\nBonyolultabb dekor\u00e1ci\u00f3k eset\u00e9n aj\u00e1nlott legal\u00e1bb h\u00e1rom h\u00f3nappal kor\u00e1bban elkezdeni az el\u0151k\u00e9sz\u00fcleteket; inform\u00e1lisabb esem\u00e9nyekhez hat-nyolc h\u00e9t is elegend\u0151 lehet.<\/p>\n<p><strong>2. Teljesen testre szabhatom a t\u00e9m\u00e1t \u00e9s a st\u00edlust?<\/strong><br \/>\nTerm\u00e9szetesen igen: minden aspektus\u2014a dekor\u00e1ci\u00f3kt\u00f3l a cateringig, a zen\u00e9n \u00e1t az aj\u00e1nd\u00e9kt\u00e1rgyakig\u2014szem\u00e9lyre szabottan k\u00e9sz\u00fcl neked.<\/p>\n<p><strong>3. Milyen catering szolg\u00e1ltat\u00e1sokat k\u00edn\u00e1lnak?<\/strong><br \/>\nAperitif, sv\u00e9dasztal vagy \u00fcltetett vacsora, desszert \u00e9s helyi borok v\u00e1logat\u00e1sa, veget\u00e1ri\u00e1nus, veg\u00e1n \u00e9s glut\u00e9nmentes opci\u00f3kkal.<\/p>\n<p><strong>4. Mit tartalmaz a m\u0171szaki koordin\u00e1ci\u00f3?<\/strong><br \/>\nEnged\u00e9lyek kezel\u00e9se, fel\u00e1ll\u00edt\u00e1s\/bont\u00e1s, biztons\u00e1g, stewardok \u00e9s v\u00e9szhelyzeti tervek, a stresszmentes szervez\u00e9si folyamat \u00e9rdek\u00e9ben.<\/p>\n<p><strong>5. Hogyan k\u00e9rhetek szem\u00e9lyre szabott \u00e1raj\u00e1nlatot?<\/strong><br \/>\nL\u00e1togasson el a \u201cKapcsolat\u201d oldalra <a href=\"https:\/\/chiarabevents.com\/hu\/\">ChiaraB Esem\u00e9nyek<\/a> \u00e9s t\u00f6ltse ki az online \u0171rlapot: 24 \u00f3r\u00e1n bel\u00fcl visszah\u00edvjuk egy ingyenes konzult\u00e1ci\u00f3ra.<\/p>","protected":false},"featured_media":33172,"template":"","class_list":["post-33171","event-planner","type-event-planner","status-publish","has-post-thumbnail","hentry"],"yoast_head":"<!-- This site is optimized with the Yoast SEO Premium plugin v21.8 (Yoast SEO v27.3) - https:\/\/yoast.com\/product\/yoast-seo-premium-wordpress\/ -->\n<title>Compleanni feste private o eventi ChiaraB Events Wedding Planner<\/title>\n<meta name=\"description\" content=\"Compleanni, feste private o eventi speciali: ChiaraB Events \u00e8 il partner ideale per la tua organizzazione eventi a Enna.\" \/>\n<meta name=\"robots\" content=\"index, follow, max-snippet:-1, max-image-preview:large, max-video-preview:-1\" \/>\n<link rel=\"canonical\" href=\"https:\/\/chiarabevents.com\/hu\/esemenyszervezo\/szuletesnapok-maganrendezvenyek-vagy-kulonleges-esemenyek-a-chiarab-events-az-idealis-partner-az-esemenyszervezesedhez-ennaban\/\" \/>\n<meta property=\"og:locale\" content=\"hu_HU\" \/>\n<meta property=\"og:type\" content=\"article\" \/>\n<meta property=\"og:title\" content=\"Compleanni, feste private o eventi speciali: ChiaraB Events \u00e8 il partner ideale per la tua organizzazione eventi a Enna.\" \/>\n<meta property=\"og:description\" content=\"Compleanni, feste private o eventi speciali: ChiaraB Events \u00e8 il partner ideale per la tua organizzazione eventi a Enna.\" \/>\n<meta property=\"og:url\" content=\"https:\/\/chiarabevents.com\/hu\/esemenyszervezo\/szuletesnapok-maganrendezvenyek-vagy-kulonleges-esemenyek-a-chiarab-events-az-idealis-partner-az-esemenyszervezesedhez-ennaban\/\" \/>\n<meta property=\"og:site_name\" content=\"ChiaraB Events Wedding Planner\" \/>\n<meta property=\"article:publisher\" content=\"https:\/\/www.facebook.com\/chiarabevent\" \/>\n<meta property=\"article:modified_time\" content=\"2025-06-26T13:52:31+00:00\" \/>\n<meta property=\"og:image\" content=\"https:\/\/chiarabevents.com\/wp-content\/uploads\/2025\/06\/984-1-5.jpg\" \/>\n\t<meta property=\"og:image:width\" content=\"1500\" \/>\n\t<meta property=\"og:image:height\" content=\"1000\" \/>\n\t<meta property=\"og:image:type\" content=\"image\/jpeg\" \/>\n<meta name=\"twitter:card\" content=\"summary_large_image\" \/>\n<meta name=\"twitter:label1\" content=\"Est. reading time\" \/>\n\t<meta name=\"twitter:data1\" content=\"6 minutes\" \/>\n<script type=\"application\/ld+json\" class=\"yoast-schema-graph\">{\"@context\":\"https:\\\/\\\/schema.org\",\"@graph\":[{\"@type\":\"WebPage\",\"@id\":\"https:\\\/\\\/chiarabevents.com\\\/event-planner\\\/compleanni-feste-private-o-eventi-speciali\\\/\",\"url\":\"https:\\\/\\\/chiarabevents.com\\\/event-planner\\\/compleanni-feste-private-o-eventi-speciali\\\/\",\"name\":\"Compleanni feste private o eventi ChiaraB Events Wedding Planner\",\"isPartOf\":{\"@id\":\"https:\\\/\\\/chiarabevents.com\\\/#website\"},\"primaryImageOfPage\":{\"@id\":\"https:\\\/\\\/chiarabevents.com\\\/event-planner\\\/compleanni-feste-private-o-eventi-speciali\\\/#primaryimage\"},\"image\":{\"@id\":\"https:\\\/\\\/chiarabevents.com\\\/event-planner\\\/compleanni-feste-private-o-eventi-speciali\\\/#primaryimage\"},\"thumbnailUrl\":\"https:\\\/\\\/chiarabevents.com\\\/wp-content\\\/uploads\\\/2025\\\/06\\\/984-1-5.jpg\",\"datePublished\":\"2025-06-26T13:42:23+00:00\",\"dateModified\":\"2025-06-26T13:52:31+00:00\",\"description\":\"Compleanni, feste private o eventi speciali: ChiaraB Events \u00e8 il partner ideale per la tua organizzazione eventi a Enna.\",\"breadcrumb\":{\"@id\":\"https:\\\/\\\/chiarabevents.com\\\/event-planner\\\/compleanni-feste-private-o-eventi-speciali\\\/#breadcrumb\"},\"inLanguage\":\"hu-HU\",\"potentialAction\":[{\"@type\":\"ReadAction\",\"target\":[\"https:\\\/\\\/chiarabevents.com\\\/event-planner\\\/compleanni-feste-private-o-eventi-speciali\\\/\"]}]},{\"@type\":\"ImageObject\",\"inLanguage\":\"hu-HU\",\"@id\":\"https:\\\/\\\/chiarabevents.com\\\/event-planner\\\/compleanni-feste-private-o-eventi-speciali\\\/#primaryimage\",\"url\":\"https:\\\/\\\/chiarabevents.com\\\/wp-content\\\/uploads\\\/2025\\\/06\\\/984-1-5.jpg\",\"contentUrl\":\"https:\\\/\\\/chiarabevents.com\\\/wp-content\\\/uploads\\\/2025\\\/06\\\/984-1-5.jpg\",\"width\":1500,\"height\":1000,\"caption\":\"Compleanni, feste private o eventi speciali\"},{\"@type\":\"BreadcrumbList\",\"@id\":\"https:\\\/\\\/chiarabevents.com\\\/event-planner\\\/compleanni-feste-private-o-eventi-speciali\\\/#breadcrumb\",\"itemListElement\":[{\"@type\":\"ListItem\",\"position\":1,\"name\":\"Home\",\"item\":\"https:\\\/\\\/chiarabevents.com\\\/\"},{\"@type\":\"ListItem\",\"position\":2,\"name\":\"Compleanni, feste private o eventi speciali: ChiaraB Events \u00e8 il partner ideale per la tua organizzazione eventi a Enna.\"}]},{\"@type\":\"WebSite\",\"@id\":\"https:\\\/\\\/chiarabevents.com\\\/#website\",\"url\":\"https:\\\/\\\/chiarabevents.com\\\/\",\"name\":\"ChiaraB Events Wedding Planner\",\"description\":\"Un meraviglioso percorso fatto insieme\",\"publisher\":{\"@id\":\"https:\\\/\\\/chiarabevents.com\\\/#organization\"},\"potentialAction\":[{\"@type\":\"SearchAction\",\"target\":{\"@type\":\"EntryPoint\",\"urlTemplate\":\"https:\\\/\\\/chiarabevents.com\\\/?s={search_term_string}\"},\"query-input\":{\"@type\":\"PropertyValueSpecification\",\"valueRequired\":true,\"valueName\":\"search_term_string\"}}],\"inLanguage\":\"hu-HU\"},{\"@type\":\"Organization\",\"@id\":\"https:\\\/\\\/chiarabevents.com\\\/#organization\",\"name\":\"ChiaraB Events Wedding Planner\",\"url\":\"https:\\\/\\\/chiarabevents.com\\\/\",\"logo\":{\"@type\":\"ImageObject\",\"inLanguage\":\"hu-HU\",\"@id\":\"https:\\\/\\\/chiarabevents.com\\\/#\\\/schema\\\/logo\\\/image\\\/\",\"url\":\"https:\\\/\\\/chiarabevents.com\\\/wp-content\\\/uploads\\\/2023\\\/12\\\/cropped-Monogramma_chiarab.png\",\"contentUrl\":\"https:\\\/\\\/chiarabevents.com\\\/wp-content\\\/uploads\\\/2023\\\/12\\\/cropped-Monogramma_chiarab.png\",\"width\":512,\"height\":512,\"caption\":\"ChiaraB Events Wedding Planner\"},\"image\":{\"@id\":\"https:\\\/\\\/chiarabevents.com\\\/#\\\/schema\\\/logo\\\/image\\\/\"},\"sameAs\":[\"https:\\\/\\\/www.facebook.com\\\/chiarabevent\",\"https:\\\/\\\/www.instagram.com\\\/chiarab_events\\\/\"]}]}<\/script>\n<!-- \/ Yoast SEO Premium plugin. -->","yoast_head_json":{"title":"Sz\u00fclet\u00e9snapok, priv\u00e1t partik vagy esem\u00e9nyek ChiaraB Events Esk\u00fcv\u0151szervez\u0151","description":"Sz\u00fclet\u00e9snapok, mag\u00e1nrendezv\u00e9nyek vagy k\u00fcl\u00f6nleges esem\u00e9nyek: a ChiaraB Events az ide\u00e1lis partner az esem\u00e9nyszervez\u00e9sedhez Enn\u00e1ban.","robots":{"index":"index","follow":"follow","max-snippet":"max-snippet:-1","max-image-preview":"max-image-preview:large","max-video-preview":"max-video-preview:-1"},"canonical":"https:\/\/chiarabevents.com\/hu\/esemenyszervezo\/szuletesnapok-maganrendezvenyek-vagy-kulonleges-esemenyek-a-chiarab-events-az-idealis-partner-az-esemenyszervezesedhez-ennaban\/","og_locale":"hu_HU","og_type":"article","og_title":"Compleanni, feste private o eventi speciali: ChiaraB Events \u00e8 il partner ideale per la tua organizzazione eventi a Enna.","og_description":"Compleanni, feste private o eventi speciali: ChiaraB Events \u00e8 il partner ideale per la tua organizzazione eventi a Enna.","og_url":"https:\/\/chiarabevents.com\/hu\/esemenyszervezo\/szuletesnapok-maganrendezvenyek-vagy-kulonleges-esemenyek-a-chiarab-events-az-idealis-partner-az-esemenyszervezesedhez-ennaban\/","og_site_name":"ChiaraB Events Wedding Planner","article_publisher":"https:\/\/www.facebook.com\/chiarabevent","article_modified_time":"2025-06-26T13:52:31+00:00","og_image":[{"width":1500,"height":1000,"url":"https:\/\/chiarabevents.com\/wp-content\/uploads\/2025\/06\/984-1-5.jpg","type":"image\/jpeg"}],"twitter_card":"summary_large_image","twitter_misc":{"Est. reading time":"6 minutes"},"schema":{"@context":"https:\/\/schema.org","@graph":[{"@type":"WebPage","@id":"https:\/\/chiarabevents.com\/event-planner\/compleanni-feste-private-o-eventi-speciali\/","url":"https:\/\/chiarabevents.com\/event-planner\/compleanni-feste-private-o-eventi-speciali\/","name":"Sz\u00fclet\u00e9snapok, priv\u00e1t partik vagy esem\u00e9nyek ChiaraB Events Esk\u00fcv\u0151szervez\u0151","isPartOf":{"@id":"https:\/\/chiarabevents.com\/#website"},"primaryImageOfPage":{"@id":"https:\/\/chiarabevents.com\/event-planner\/compleanni-feste-private-o-eventi-speciali\/#primaryimage"},"image":{"@id":"https:\/\/chiarabevents.com\/event-planner\/compleanni-feste-private-o-eventi-speciali\/#primaryimage"},"thumbnailUrl":"https:\/\/chiarabevents.com\/wp-content\/uploads\/2025\/06\/984-1-5.jpg","datePublished":"2025-06-26T13:42:23+00:00","dateModified":"2025-06-26T13:52:31+00:00","description":"Sz\u00fclet\u00e9snapok, mag\u00e1nrendezv\u00e9nyek vagy k\u00fcl\u00f6nleges esem\u00e9nyek: a ChiaraB Events az ide\u00e1lis partner az esem\u00e9nyszervez\u00e9sedhez Enn\u00e1ban.","breadcrumb":{"@id":"https:\/\/chiarabevents.com\/event-planner\/compleanni-feste-private-o-eventi-speciali\/#breadcrumb"},"inLanguage":"hu-HU","potentialAction":[{"@type":"ReadAction","target":["https:\/\/chiarabevents.com\/event-planner\/compleanni-feste-private-o-eventi-speciali\/"]}]},{"@type":"ImageObject","inLanguage":"hu-HU","@id":"https:\/\/chiarabevents.com\/event-planner\/compleanni-feste-private-o-eventi-speciali\/#primaryimage","url":"https:\/\/chiarabevents.com\/wp-content\/uploads\/2025\/06\/984-1-5.jpg","contentUrl":"https:\/\/chiarabevents.com\/wp-content\/uploads\/2025\/06\/984-1-5.jpg","width":1500,"height":1000,"caption":"Compleanni, feste private o eventi speciali"},{"@type":"BreadcrumbList","@id":"https:\/\/chiarabevents.com\/event-planner\/compleanni-feste-private-o-eventi-speciali\/#breadcrumb","itemListElement":[{"@type":"ListItem","position":1,"name":"Home","item":"https:\/\/chiarabevents.com\/"},{"@type":"ListItem","position":2,"name":"Compleanni, feste private o eventi speciali: ChiaraB Events \u00e8 il partner ideale per la tua organizzazione eventi a Enna."}]},{"@type":"WebSite","@id":"https:\/\/chiarabevents.com\/#website","url":"https:\/\/chiarabevents.com\/","name":"ChiaraB Esem\u00e9nyek Esk\u00fcv\u0151szervez\u0151","description":"Egy csod\u00e1latos \u00fat egy\u00fctt megt\u00e9ve","publisher":{"@id":"https:\/\/chiarabevents.com\/#organization"},"potentialAction":[{"@type":"SearchAction","target":{"@type":"EntryPoint","urlTemplate":"https:\/\/chiarabevents.com\/?s={search_term_string}"},"query-input":{"@type":"PropertyValueSpecification","valueRequired":true,"valueName":"search_term_string"}}],"inLanguage":"hu-HU"},{"@type":"Organization","@id":"https:\/\/chiarabevents.com\/#organization","name":"ChiaraB Esem\u00e9nyek Esk\u00fcv\u0151szervez\u0151","url":"https:\/\/chiarabevents.com\/","logo":{"@type":"ImageObject","inLanguage":"hu-HU","@id":"https:\/\/chiarabevents.com\/#\/schema\/logo\/image\/","url":"https:\/\/chiarabevents.com\/wp-content\/uploads\/2023\/12\/cropped-Monogramma_chiarab.png","contentUrl":"https:\/\/chiarabevents.com\/wp-content\/uploads\/2023\/12\/cropped-Monogramma_chiarab.png","width":512,"height":512,"caption":"ChiaraB Events Wedding Planner"},"image":{"@id":"https:\/\/chiarabevents.com\/#\/schema\/logo\/image\/"},"sameAs":["https:\/\/www.facebook.com\/chiarabevent","https:\/\/www.instagram.com\/chiarab_events\/"]}]}},"_links":{"self":[{"href":"https:\/\/chiarabevents.com\/hu\/wp-json\/wp\/v2\/event-planner\/33171","targetHints":{"allow":["GET"]}}],"collection":[{"href":"https:\/\/chiarabevents.com\/hu\/wp-json\/wp\/v2\/event-planner"}],"about":[{"href":"https:\/\/chiarabevents.com\/hu\/wp-json\/wp\/v2\/types\/event-planner"}],"wp:featuredmedia":[{"embeddable":true,"href":"https:\/\/chiarabevents.com\/hu\/wp-json\/wp\/v2\/media\/33172"}],"wp:attachment":[{"href":"https:\/\/chiarabevents.com\/hu\/wp-json\/wp\/v2\/media?parent=33171"}],"curies":[{"name":"wp","href":"https:\/\/api.w.org\/{rel}","templated":true}]}}