{"id":33173,"date":"2025-06-26T15:57:22","date_gmt":"2025-06-26T13:57:22","guid":{"rendered":"https:\/\/chiarabevents.com\/?post_type=event-planner&#038;p=33173"},"modified":"2025-06-26T15:57:22","modified_gmt":"2025-06-26T13:57:22","slug":"szuletesnapi-bulik-szervezese-barcellona-pozzo-di-gotto-ban","status":"publish","type":"event-planner","link":"https:\/\/chiarabevents.com\/hu\/esemenyszervezo\/szuletesnapi-bulik-szervezese-barcellona-pozzo-di-gotto-ban\/","title":{"rendered":"Sz\u00fclet\u00e9snapi bulik szervez\u00e9se Barcellona Pozzo di Gotto-ban"},"content":{"rendered":"<h2>Bevezet\u00e9s<\/h2>\n<p>Egy sz\u00fclet\u00e9snapi buli szervez\u00e9se a <strong>Barcellona Pozzo di Gotto-ban<\/strong> egyszer\u0171 t\u00e1rsas\u00e1gi pillanatot egyed\u00fcl\u00e1ll\u00f3 \u00e9lm\u00e9nny\u00e9 var\u00e1zsol, amely k\u00e9pes \u00f6sszek\u00f6tni bar\u00e1tokat \u00e9s csal\u00e1dtagokat egy <strong>\u00f6r\u00f6m<\/strong>, <strong>st\u00edlust<\/strong> \u00e9s <strong>emozione<\/strong>hangulat\u00e1ban. Messina tirr\u00e9n tengerpartj\u00e1n fekv\u0151 Barcellona Pozzo di Gotto fest\u0151i t\u00e1jakat, hangulatos helysz\u00edneket \u00e9s kultur\u00e1lis \u00f6r\u00f6ks\u00e9get k\u00edn\u00e1l, amely ide\u00e1lis h\u00e1tteret ny\u00fajt egy fontos m\u00e9rf\u00f6ldk\u0151 meg\u00fcnnepl\u00e9s\u00e9hez. A t\u00e1mogat\u00e1s\u00e1val <a href=\"https:\/\/chiarabevents.com\/hu\/\">Chiara Events<\/a>, minden r\u00e9szlet \u2013 a koncepci\u00f3 megtervez\u00e9s\u00e9t\u0151l az esem\u00e9ny lez\u00e1r\u00e1s\u00e1ig \u2013 prec\u00edzen, kreat\u00edvan \u00e9s a helyismeret m\u00e9ly tudatoss\u00e1g\u00e1val ker\u00fcl kidolgoz\u00e1sra, hogy felejthetetlen sz\u00fclet\u00e9snapot aj\u00e1nd\u00e9kozzunk neked.<\/p>\n<h2>Mi\u00e9rt v\u00e1laszd Barcellona Pozzo di Gotto-t a sz\u00fclet\u00e9snapodhoz<\/h2>\n<p>Barcellona Pozzo di Gotto nem csup\u00e1n egy tengerparti v\u00e1ros, hanem egy keresztez\u0151d\u00e9s a <strong>t\u00f6rt\u00e9nelmet<\/strong>, <strong>hagyom\u00e1nyok<\/strong> \u00e9s <strong>egyedi t\u00e1jak k\u00f6z\u00f6tt. \u00c9l\u00e9nk tereivel, macskak\u00f6ves utc\u00e1ival \u00e9s a Milazzo-\u00f6b\u00f6lre ny\u00edl\u00f3 kil\u00e1t\u00e1saival t\u00f6k\u00e9letes kever\u00e9ke az urbanit\u00e1snak \u00e9s a term\u00e9szeti sz\u00e9ps\u00e9gnek. Itt sz\u00fclet\u00e9snapot szervezni azt jelenti:<\/strong> Elmer\u00fclni a 18. sz\u00e1zadi \u00e9p\u00edt\u00e9szet k\u00f6rnyezet\u00e9ben, amely minden eml\u00e9kk\u00e9pnek b\u00e1jt \u00e9s hiteless\u00e9get k\u00f6lcs\u00f6n\u00f6z.<\/p>\n<ul>\n<li>Kihaszn\u00e1lni a tenger k\u00f6zels\u00e9g\u00e9t szabadt\u00e9ri pillanatokhoz, a tengerparti naplement\u00e9t\u0151l a csillagos \u00e9g alatti vacsor\u00e1kig.<\/li>\n<li>\u00d6sszeegyeztetni a priv\u00e1t, z\u00e1rt tereket \u00e9s a nyilv\u00e1nos helysz\u00edneket, biztos\u00edtva a rugalmass\u00e1got \u00e9s a v\u00e1ltozatos k\u00f6rnyezetet.<\/li>\n<li>A Chiara Events \u00e9rt\u00e9keli ezeket a jellemz\u0151ket, olyan megold\u00e1sokat v\u00e1lasztva, amelyek t\u00fckr\u00f6zik az \u00fcnnepelt st\u00edlus\u00e1t \u00e9s garant\u00e1lj\u00e1k a z\u00f6kken\u0151mentes, stresszmentes szervez\u00e9st.<\/li>\n<\/ul>\n<p>Az els\u0151 l\u00e9p\u00e9s a sikeres bulihoz egy alapos besz\u00e9lget\u00e9s, amely sor\u00e1n meghallgatjuk a k\u00edv\u00e1ns\u00e1gaidat, a vend\u00e9gek sz\u00e1m\u00e1t \u00e9s a<\/p>\n<h2>A v\u00edzi\u00f3t\u00f3l a koncepci\u00f3ig<\/h2>\n<p>hangulat <strong>t\u00e9ma<\/strong>, <strong>v\u00e1rakoz\u00e1sait. Ebben a f\u00e1zisban hat\u00e1rozzuk meg az<\/strong> \u00e9s <strong>Re\u00e1lis<\/strong>esem\u00e9ny koncepci\u00f3j\u00e1t, vagyis azt a kreat\u00edv \u00f6tletet, amely az \u00f6sszes tov\u00e1bbi d\u00f6nt\u00e9st vez\u00e9rli. Esem\u00e9nyszervez\u0151ink kidolgoznak egy <strong>fil rouge-ja<\/strong> , egy k\u00e9pekb\u0151l, sz\u00ednpalett\u00e1kb\u00f3l \u00e9s anyagokb\u00f3l \u00e1ll\u00f3 koll\u00e1zst, amely \u00f6sszefoglalja a k\u00edv\u00e1nt atmoszf\u00e9r\u00e1t, \u00e9s 3D l\u00e1tv\u00e1nyterveket mutatnak be, amelyek el\u0151re megjelen\u00edtik a helysz\u00ednek berendez\u00e9s\u00e9t. <strong>digit\u00e1lis moodboard-d\u00e1<\/strong>Ez az egy\u00fcttm\u0171k\u00f6d\u0151 m\u00f3dszer lehet\u0151s\u00e9get ad arra, hogy minden r\u00e9szletbe belesz\u00f3lj: m\u00f3dos\u00edthatod a f\u00fcgg\u00f6ny\u00f6k sz\u00edn\u00e9t, javasolhatsz asztal- \u00e9s \u00fcl\u00e9sst\u00edlusokat, kiv\u00e1laszthatod a legmegfelel\u0151bb vil\u00e1g\u00edt\u00e1st, \u00e9s meghat\u00e1rozhatod a sz\u00f3rakoztat\u00e1s sorrendj\u00e9t. Az eredm\u00e9ny egy szem\u00e9lyre szabott koncepci\u00f3, amely h\u0171 a szem\u00e9lyis\u00e9gedhez \u00e9s az \u00e1tadni k\u00edv\u00e1nt \u00e9rzelmekhez.<\/p>\n<p>Exkluz\u00edv helysz\u00ednek Barcellona Pozzo di Gotto-ban<\/p>\n<h2>A helysz\u00edn kiv\u00e1laszt\u00e1sa alapvet\u0151 a megfelel\u0151 hangulat megteremt\u00e9s\u00e9hez. \u00cdme n\u00e9h\u00e1ny legn\u00e9pszer\u0171bb aj\u00e1nlatunk:<\/h2>\n<p>V\u00e1rosh\u00e1za \u00e9s t\u00f6rt\u00e9nelmi udvarok<\/p>\n<h3>A t\u00f6rt\u00e9nelmi belv\u00e1ros sz\u00edv\u00e9ben a V\u00e1rosh\u00e1za macskak\u00f6ves terekre \u00e9s b\u00e1jos utc\u00e1kra n\u00e9z. Bels\u0151 udvarai \u2013 megfelel\u0151en f\u0171t\u00f6ttek vagy klimatiz\u00e1ltak \u2013 alkalmasak eleg\u00e1ns \u00fcltetett vacsor\u00e1kra, valamint \u00e1ll\u00f3 fogad\u00e1sokra \u00e9s kokt\u00e9lokra. A l\u00e1that\u00f3 k\u0151falak \u00e9s a 18. sz\u00e1zadi bolt\u00edvek term\u00e9szetes d\u00edszletk\u00e9nt szolg\u00e1lnak, amelyet egy egyedi vil\u00e1g\u00edt\u00e1stervez\u00e9si projekt emel ki.<\/h3>\n<p>Nel cuore del centro storico, il Palazzo Comunale si affaccia su piazze lastricate e vicoli ricchi di fascino. I suoi cortili interni\u2014adeguatamente riscaldati o climatizzati\u2014possono ospitare sia eventi eleganti con cena seduta, sia cocktail e aperitivi in piedi. La pietra a vista e le arcate settecentesche diventano scenografia naturale, esaltata da un progetto di lighting design studiato ad hoc.<\/p>\n<h3>Tengerre n\u00e9z\u0151 panor\u00e1ma teraszok<\/h3>\n<p>N\u00e9h\u00e1ny l\u00e9p\u00e9sre a turistahaj\u00f3-kik\u00f6t\u0151t\u0151l, n\u00e9h\u00e1ny priv\u00e1t terasz p\u00e1ratlan kil\u00e1t\u00e1st k\u00edn\u00e1l a Milazzo-\u00f6b\u00f6lre. Ide\u00e1lisak naplemente ut\u00e1ni aperitifekhez vagy csillagos \u00e9g alatt tartott vacsor\u00e1khoz, ezek a szabadt\u00e9ri helysz\u00ednek eleg\u00e1ns pavilonokkal, lounge kanap\u00e9kkal \u00e9s diszkr\u00e9t hangrendszerrel vannak berendezve, amely kiemeli a besz\u00e9lget\u00e9seket. A s\u00f3s leveg\u0151 illata \u00e9s a hull\u00e1mok zaja term\u00e9szetes h\u00e1tt\u00e9rk\u00e9nt szolg\u00e1l, amely ellaz\u00edtja \u00e9s meglepi a vend\u00e9geket.<\/p>\n<h3>K\u00f6rny\u00e9kbeli gazdas\u00e1gok \u00e9s agriturizmusok<\/h3>\n<p>N\u00e9h\u00e1ny kilom\u00e9terre a partt\u00f3l, a bels\u0151 vid\u00e9ki v\u00f6lgyek t\u00f6rt\u00e9nelmi gazdas\u00e1gokat rejtenek, amelyek olajfaligetek \u00e9s sz\u0151l\u0151\u00fcltetv\u00e9nyek k\u00f6z\u00f6tt helyezkednek el. Ezek a rusztikus-chic helysz\u00ednek lehet\u0151v\u00e9 teszik a szabadt\u00e9ri k\u00f6z\u00f6ss\u00e9gi pillanatok v\u00e1ltakoz\u00e1s\u00e1t \u2014 mint p\u00e9ld\u00e1ul gourmet barbecue \u00e9s bork\u00f3stol\u00f3 \u2014, valamint a z\u00e1rt, k\u0151boltozatos, intimebb k\u00f6rnyezeteket. A konyha szigor\u00faan helyi alapanyagokb\u00f3l k\u00e9sz\u00fcl, \u00f6sszek\u00f6tve a ter\u00fcletet \u00e9s a hagyom\u00e1nyt.<\/p>\n<h3>T\u00f6bbfunkci\u00f3s termek \u00e9s v\u00e1rosi loftok<\/h3>\n<p>Azok sz\u00e1m\u00e1ra, akik a kort\u00e1rs hangulatot r\u00e9szes\u00edtik el\u0151nyben, fel\u00faj\u00edtott \u00e9p\u00fcletek termeit \u00e9s nagy \u00fcvegfel\u00fclettel rendelkez\u0151 loftokat v\u00e1lasztunk, ahol a minimalista design a b\u00e1jos r\u00e9szletekkel tal\u00e1lkozik. Ezek a modul\u00e1ris terek minden ig\u00e9nyhez alkalmazkodnak: t\u00e9glalap alak\u00fa asztalok vacsor\u00e1hoz, t\u00e1nct\u00e9r bulikhoz, valamint technol\u00f3giai felszerel\u00e9s vet\u00edt\u00e9sekhez vagy DJ szettekhez.<\/p>\n<h2>Catering \u00e9s gasztron\u00f3miai \u00e9lm\u00e9ny<\/h2>\n<p>A gasztron\u00f3miai \u00fatvonal az egyik legjobban v\u00e1rt pillanat. A Chiara Events-szel egy\u00fcttm\u0171k\u00f6dve csillagos s\u00e9fekkel \u00e9s fiatal helyi tehets\u00e9gekkel dolgozunk, hogy szem\u00e9lyre szabott men\u00fcket alkossunk, amelyek autentikus \u00edzek \u00e9s gourmet t\u00e1lal\u00e1sok r\u00e9v\u00e9n mes\u00e9lik el a ter\u00fclet t\u00f6rt\u00e9net\u00e9t. <strong>El\u0151\u00e9telek \u00e9s falatk\u00e1k<\/strong>Rizsgoly\u00f3k piszt\u00e1cia- \u00e9s bivalymozzarella t\u00f6ltel\u00e9kkel.<\/p>\n<h3>Mini grillezett z\u00f6lds\u00e9g caponata \u00e9s mandulapesto-s crostinik.<\/h3>\n<ul>\n<li>K\u00e9k hal tat\u00e1r szic\u00edliai citrusokkal.<\/li>\n<li>Els\u0151 \u00e9s m\u00e1sodik fog\u00e1sok<\/li>\n<li>K\u00e9zzel k\u00e9sz\u00edtett friss t\u00e9szta, hagyom\u00e1nyos sz\u00f3szokkal, mint p\u00e9ld\u00e1ul a szard\u00edni\u00e1s t\u00e9szta vagy kort\u00e1rs \u00e9rtelmez\u00e9sek a norm\u00e1k szerint.<\/li>\n<\/ul>\n<h3>S\u00fct\u00f6tt tonhalfil\u00e9 fekete ol\u00edvabund\u00e1val \u00e9s paprikakr\u00e9mmel.<\/h3>\n<ul>\n<li>Rozmaringos marhaszelet varg\u00e1nyagomb\u00e1kkal \u00e1gyazva.<\/li>\n<li>Desszertek \u00e9s hagyom\u00e1nyos \u00e9dess\u00e9gek<\/li>\n<li>Frissen t\u00f6lt\u00f6tt cannoli friss ricott\u00e1val \u00e9s piszt\u00e1ciadarabokkal.<\/li>\n<\/ul>\n<h3>F\u00fcg\u00e9s semifreddo.<\/h3>\n<ul>\n<li>Kan\u00e1ldesszertek az \u201eennesei risu\u201d ihlet\u00e9s\u00e9vel, modern \u00fajra\u00e9rtelmez\u00e9sben.<\/li>\n<li>Egy k\u00e9pzett sommelier az Etna \u00e9s a Nebrodi t\u00e9rs\u00e9g borait p\u00e1ros\u00edtja, r\u00f6vid \u00e9rz\u00e9kszervi \u00e9lm\u00e9nyt vezetve a vend\u00e9geknek, amely gazdag\u00edtja az est\u00e9t.<\/li>\n<li>A l\u00e1tv\u00e1nyos dekor\u00e1ci\u00f3 c\u00e9lja a kiv\u00e1lasztott helysz\u00edn megalkot\u00e1sa \u00e9s kiemel\u00e9se. Kiv\u00e1l\u00f3 min\u0151s\u00e9g\u0171 sz\u00f6vetek, szezon\u00e1lis vir\u00e1gok \u00e9s szem\u00e9lyre szabott b\u00fatorok kombin\u00e1ci\u00f3ja egy olyan projektet alkot, amely az eszt\u00e9tik\u00e1t \u00e9s a funkcionalit\u00e1st egyes\u00edti.<\/li>\n<\/ul>\n<p>F\u00e9nyj\u00e1t\u00e9kok<\/p>\n<h2>Dekor\u00e1ci\u00f3k \u00e9s \u00e9rzelmekkel teli d\u00edszletek<\/h2>\n<p>L\u2019allestimento scenografico \u00e8 pensato per creare <strong>\u00e9s k\u00fcl\u00f6nleges pillanatokkal.<\/strong> e valorizzare la location scelta. Tessuti pregiati, fiori di stagione e arredi personalizzati si combinano in un progetto che unisce estetica e funzionalit\u00e0.<\/p>\n<h3>Giochi di luce<\/h3>\n<p>Egy dinamikus vil\u00e1g\u00edt\u00e1si rendszer k\u00eds\u00e9ri a fontos pillanatokat: meleg, tomp\u00edtott f\u00e9nyek vacsora k\u00f6zben, diszkr\u00e9t villan\u00e1sok \u00e9s l\u00e9zerek a t\u00e1nct\u00e9ren, k\u00e9pek \u00e9s vide\u00f3k vet\u00edt\u00e9se a falakon, amikor a hangulat ink\u00e1bb \u201edigit\u00e1lis\u201d lesz.<\/p>\n<h3>Szem\u00e9lyre szabott r\u00e9szletek<\/h3>\n<p>L\u00e9zerrel grav\u00edrozott helyfoglal\u00f3k, k\u00e9zzel k\u00e9sz\u00edtett pap\u00edrra nyomtatott men\u00fck \u00e9s aj\u00e1nd\u00e9kdobozok helyi term\u00e9kekkel \u2014 mint p\u00e9ld\u00e1ul extra sz\u0171z ol\u00edvaolaj, narancsvir\u00e1gm\u00e9z \u00e9s citruslekv\u00e1r \u2014 k\u00e9zzelfoghat\u00f3 eml\u00e9ket adnak a vend\u00e9geknek az \u00fcnnepr\u0151l.<\/p>\n<h2>Sz\u00f3rakoztat\u00e1s \u00e9s a pillanat var\u00e1zsa<\/h2>\n<p>A r\u00e9szv\u00e9tel fenntart\u00e1sa \u00e9rdek\u00e9ben a Chiara Events olyan <strong>sz\u00f3rakoztat\u00f3<\/strong> pillanatokat k\u00edn\u00e1l, amelyek a k\u00f6z\u00f6ns\u00e9ghez \u00e9s az est hangulat\u00e1hoz igazodnak.<\/p>\n<h3>Zene \u00e9s el\u0151ad\u00e1sok<\/h3>\n<ul>\n<li>Akusztikus du\u00f3 vagy jazz tri\u00f3 az aperitifhez.<\/li>\n<li>Szaxofon \u00e9s soul \u00e9nek vacsora k\u00f6zben.<\/li>\n<li>DJ szett \u00e9s vokalista az est ut\u00e1ni id\u0151szakra.<\/li>\n<\/ul>\n<p>Lehet\u0151s\u00e9g van t\u00e1ncosok, \u00e9l\u0151 \u00e9nekesek vagy n\u00e9pzenei csoportok fell\u00e9p\u00e9seinek integr\u00e1l\u00e1s\u00e1ra, amelyek \u00e9rt\u00e9kelik a helyi hagyom\u00e1nyokat.<\/p>\n<h3>Interakt\u00edv sarok<\/h3>\n<p>Tematikus fot\u00f3f\u00fclk\u00e9k, kokt\u00e9lb\u00e1r tapasztalt bartenderekkel \u00e9s sminkes \u00e1llom\u00e1sok az azonnali szelfi-glam \u00e9lm\u00e9ny\u00e9rt bevonj\u00e1k a vend\u00e9geket, akik egy hivatalos hashtag seg\u00edts\u00e9g\u00e9vel megoszthatj\u00e1k a pillanatokat a k\u00f6z\u00f6ss\u00e9gi m\u00e9di\u00e1ban, amit egy m\u00e9dia koordin\u00e1tor kezel.<\/p>\n<h3>A nagy fin\u00e1l\u00e9<\/h3>\n<p>Egy meglepet\u00e9s pillanat \u2014 mint p\u00e9ld\u00e1ul rep\u00fcl\u0151 l\u00e1mp\u00e1sok ind\u00edt\u00e1sa vagy egy diszkr\u00e9t t\u0171zij\u00e1t\u00e9k \u2014 k\u00f6z\u00f6s \u00e9rzelemmel z\u00e1rja az est\u00e9t, igaz\u00e1n felejthetetlenn\u00e9 t\u00e9ve a sz\u00fclet\u00e9snapot.<\/p>\n<h2>Logisztika \u00e9s m\u0171szaki koordin\u00e1ci\u00f3<\/h2>\n<p>Egy esem\u00e9ny sikeress\u00e9ge a h\u00e1tt\u00e9rben zajl\u00f3 <strong>szervez\u00e9st\u0151l<\/strong>f\u00fcgg. Logisztikai koordin\u00e1torunk a k\u00f6vetkez\u0151kkel foglalkozik:<\/p>\n<ol>\n<li>Enged\u00e9lyek \u00e9s j\u00f3v\u00e1hagy\u00e1sok beszerz\u00e9se k\u00f6zter\u00fclet-haszn\u00e1lathoz vagy t\u00f6rt\u00e9nelmi helysz\u00ednek ig\u00e9nybev\u00e9tel\u00e9hez.<\/li>\n<li>Anyagok fel- \u00e9s lerakod\u00e1s\u00e1nak megtervez\u00e9se, a fel\u00e1ll\u00edt\u00e1s \u00e9s lebont\u00e1s id\u0151z\u00edt\u00e9s\u00e9nek koordin\u00e1l\u00e1sa.<\/li>\n<li>Parkol\u00f3helyek \u00e9s sz\u00fcks\u00e9g eset\u00e9n transzferszolg\u00e1ltat\u00e1sok biztos\u00edt\u00e1sa.<\/li>\n<li>Biztons\u00e1gi tervek el\u0151k\u00e9sz\u00edt\u00e9se, stewardokkal, els\u0151seg\u00e9lypontokkal \u00e9s egy\u00e9rtelm\u0171 menek\u00fcl\u00e9si \u00fatvonalakkal.<\/li>\n<li>Tartal\u00e9k tervek aktiv\u00e1l\u00e1sa rossz id\u0151 eset\u00e9n, fedett ter\u00fcletek vagy s\u00e1torszerkezetek biztos\u00edt\u00e1s\u00e1val.<\/li>\n<\/ol>\n<p>Egyetlen kapcsolattart\u00f3 koordin\u00e1lja a besz\u00e1ll\u00edt\u00f3kat, technikusokat \u00e9s munkat\u00e1rsakat, biztos\u00edtva, hogy minden f\u00e1zis z\u00f6kken\u0151mentesen menjen, \u00edgy \u00d6n nyugodtan \u00e9lvezheti az \u00fcnnepet.<\/p>\n<h2>Kommunik\u00e1ci\u00f3 \u00e9s megh\u00edv\u00f3k<\/h2>\n<p>Az esem\u00e9ny kommunik\u00e1l\u00e1s\u00e1hoz a vend\u00e9gek fel\u00e9 grafikai tervez\u00e9si <strong>szolg\u00e1ltat\u00e1sokat<\/strong> \u00e9s <strong>digit\u00e1lis marketing<\/strong>:<\/p>\n<ul>\n<li>Szem\u00e9lyre szabott megh\u00edv\u00f3k \u2013 pap\u00edralap\u00faak vagy digit\u00e1lisak \u2013 a koncepci\u00f3hoz igaz\u00edtva.<\/li>\n<li>Dedik\u00e1lt landing oldal RSVP \u0171rlappal.<\/li>\n<li>Eml\u00e9keztet\u0151 e-mailben, SMS-ben vagy WhatsApp-on kereszt\u00fcl.<\/li>\n<\/ul>\n<p>Az est folyam\u00e1n egy social media menedzser gondoskodik az \u00e9l\u0151 k\u00f6zvet\u00edt\u00e9sr\u0151l a k\u00f6z\u00f6ss\u00e9gi csatorn\u00e1kon, a hivatalos hashtag haszn\u00e1lat\u00e1val, \u00e9s magas min\u0151s\u00e9g\u0171 vide\u00f3- \u00e9s fot\u00f3tartalmakat k\u00e9sz\u00edt.<\/p>\n<h2>Fenntarthat\u00f3s\u00e1g \u00e9s a ter\u00fclet ir\u00e1nti figyelem<\/h2>\n<p>Chiara Events t\u00e1mogatja a gyakorlatokat <strong>\u00f6kobar\u00e1t<\/strong> minden szakaszban:<\/p>\n<ul>\n<li>\u00dajrahasznos\u00edthat\u00f3 vagy \u00fajrafelhaszn\u00e1lhat\u00f3 anyagok kiv\u00e1laszt\u00e1sa.<\/li>\n<li>Helyi alapanyagokb\u00f3l k\u00e9sz\u00fclt catering, az \u00e9lelmiszerpazarl\u00e1s cs\u00f6kkent\u00e9s\u00e9vel.<\/li>\n<li>Alacsony fogyaszt\u00e1s\u00fa LED vil\u00e1g\u00edt\u00e1s haszn\u00e1lata \u00e9s szelekt\u00edv hullad\u00e9kgy\u0171jt\u00e9s.<\/li>\n<\/ul>\n<p>Ez a k\u00f6rnyezettudatoss\u00e1g t\u00fckr\u00f6zi Barcellona Pozzo di Gotto ter\u00fclet\u00e9nek tisztelet\u00e9t \u00e9s \u00e9rt\u00e9keli a helyi kiv\u00e1l\u00f3s\u00e1gokat.<\/p>\n<h2>GYIK \u2013 \u00dcnneps\u00e9g Barcellona Pozzo di Gott\u00f3ban<\/h2>\n<p><strong>1. Mennyi id\u0151vel el\u0151tte kell elkezdenem a buli szervez\u00e9s\u00e9t?<\/strong><br \/>\nEgy \u00f6sszetett d\u00edsz\u00edt\u00e9ssel \u00e9s sok szolg\u00e1ltat\u00f3val rendelkez\u0151 sz\u00fclet\u00e9snap eset\u00e9n aj\u00e1nlott legal\u00e1bb <strong>h\u00e1rom h\u00f3nappal<\/strong> el\u0151bb megkezdeni az el\u0151k\u00e9sz\u00fcleteket. Egyszer\u0171bb esem\u00e9nyekn\u00e9l <strong>hat\u2013nyolc h\u00e9t<\/strong> is elegend\u0151 lehet.<\/p>\n<p><strong>2. Lehets\u00e9ges korl\u00e1tozott k\u00f6lts\u00e9gvet\u00e9ssel is st\u00edlusosan szervezni?<\/strong><br \/>\nIgen: a priorit\u00e1sok vil\u00e1gos meghat\u00e1roz\u00e1s\u00e1val a Chiara Events modul\u00e1ris megold\u00e1sokat \u00e9s okos anyagokat v\u00e1laszt, amelyek nagy hat\u00e1s\u00fa eredm\u00e9nyt garant\u00e1lnak m\u00e9g korl\u00e1tozott k\u00f6lts\u00e9gvet\u00e9s mellett is.<\/p>\n<p><strong>3. K\u00edn\u00e1lnak megold\u00e1sokat gyerekeknek \u00e9s csal\u00e1di bulikra?<\/strong><br \/>\nTerm\u00e9szetesen. J\u00e1tsz\u00f3tereket, dedik\u00e1lt anim\u00e1ci\u00f3t \u00e9s a legkisebbeknek megfelel\u0151 men\u00fcket tervez\u00fcnk, \u00f6tv\u00f6zve a biztons\u00e1got \u00e9s a sz\u00f3rakoz\u00e1st.<\/p>\n<p><strong>4. Hozz\u00e1adhatok fot\u00f3- \u00e9s vide\u00f3szolg\u00e1ltat\u00e1st?<\/strong><br \/>\nIgen: profi fot\u00f3sokkal \u00e9s vide\u00f3sokkal dolgozunk egy\u00fctt, hogy \u00e9rzelmes t\u00f6rt\u00e9netet k\u00e9sz\u00edts\u00fcnk az est\u00e9r\u0151l, digit\u00e1lis albumokkal \u00e9s vide\u00f3\u00f6sszefoglal\u00f3kkal.<\/p>\n<p><strong>5. Hogyan k\u00e9rhetek szem\u00e9lyre szabott \u00e1raj\u00e1nlatot?<\/strong><br \/>\nL\u00e1togasson el a \u201cKapcsolat\u201d oldalra <a href=\"https:\/\/chiarabevents.com\/hu\/\">Chiara Events<\/a>, t\u00f6ltsd ki az online \u0171rlapot vagy h\u00edvd k\u00f6zvetlen\u00fcl. 24 \u00f3r\u00e1n bel\u00fcl visszah\u00edvunk egy ingyenes \u00e9s k\u00f6telezetts\u00e9gmentes konzult\u00e1ci\u00f3ra.<\/p>\n<p>B\u00edzza a Chiara Events-re az<strong>Barcellona Pozzo di Gotto-i sz\u00fclet\u00e9snapi bulik szervez\u00e9s\u00e9t<\/strong>: profi csapatunk minden \u00f6tletedet izgalmas \u00e9lm\u00e9nny\u00e9 alak\u00edtja, apr\u00f3l\u00e9kosan kidolgozva \u00e9s t\u00f6k\u00e9letesen beillesztve Szic\u00edlia sz\u00edv\u00e9be.<\/p>","protected":false},"featured_media":33174,"template":"","class_list":["post-33173","event-planner","type-event-planner","status-publish","has-post-thumbnail","hentry"],"yoast_head":"<!-- This site is optimized with the Yoast SEO Premium plugin v21.8 (Yoast SEO v27.3) - https:\/\/yoast.com\/product\/yoast-seo-premium-wordpress\/ -->\n<title>Festa a Barcellona Pozzo di Gotto ChiaraB Events Wedding Planner<\/title>\n<meta name=\"description\" content=\"Festa di compleanno a Barcellona Pozzo di Gotto con un evento su misura: scegli ChiaraB Events per un compleanno curato in ogni dettaglio.\" \/>\n<meta name=\"robots\" content=\"index, follow, max-snippet:-1, max-image-preview:large, max-video-preview:-1\" \/>\n<link rel=\"canonical\" href=\"https:\/\/chiarabevents.com\/hu\/esemenyszervezo\/szuletesnapi-bulik-szervezese-barcellona-pozzo-di-gotto-ban\/\" \/>\n<meta property=\"og:locale\" content=\"hu_HU\" \/>\n<meta property=\"og:type\" content=\"article\" \/>\n<meta property=\"og:title\" content=\"Organizzazione feste di compleanno a Barcellona Pozzo di Gotto\" \/>\n<meta property=\"og:description\" content=\"Festa di compleanno a Barcellona Pozzo di Gotto con un evento su misura: scegli ChiaraB Events per un compleanno curato in ogni dettaglio.\" \/>\n<meta property=\"og:url\" content=\"https:\/\/chiarabevents.com\/hu\/esemenyszervezo\/szuletesnapi-bulik-szervezese-barcellona-pozzo-di-gotto-ban\/\" \/>\n<meta property=\"og:site_name\" content=\"ChiaraB Events Wedding Planner\" \/>\n<meta property=\"article:publisher\" content=\"https:\/\/www.facebook.com\/chiarabevent\" \/>\n<meta property=\"og:image\" content=\"https:\/\/chiarabevents.com\/wp-content\/uploads\/2025\/06\/984-1-6.jpg\" \/>\n\t<meta property=\"og:image:width\" content=\"1500\" \/>\n\t<meta property=\"og:image:height\" content=\"1000\" \/>\n\t<meta property=\"og:image:type\" content=\"image\/jpeg\" \/>\n<meta name=\"twitter:card\" content=\"summary_large_image\" \/>\n<meta name=\"twitter:label1\" content=\"Est. reading time\" \/>\n\t<meta name=\"twitter:data1\" content=\"9 minutes\" \/>\n<script type=\"application\/ld+json\" class=\"yoast-schema-graph\">{\"@context\":\"https:\\\/\\\/schema.org\",\"@graph\":[{\"@type\":\"WebPage\",\"@id\":\"https:\\\/\\\/chiarabevents.com\\\/hu\\\/esemenyszervezo\\\/szuletesnapi-bulik-szervezese-barcellona-pozzo-di-gotto-ban\\\/\",\"url\":\"https:\\\/\\\/chiarabevents.com\\\/hu\\\/esemenyszervezo\\\/szuletesnapi-bulik-szervezese-barcellona-pozzo-di-gotto-ban\\\/\",\"name\":\"Festa a Barcellona Pozzo di Gotto ChiaraB Events Wedding Planner\",\"isPartOf\":{\"@id\":\"https:\\\/\\\/chiarabevents.com\\\/#website\"},\"primaryImageOfPage\":{\"@id\":\"https:\\\/\\\/chiarabevents.com\\\/hu\\\/esemenyszervezo\\\/szuletesnapi-bulik-szervezese-barcellona-pozzo-di-gotto-ban\\\/#primaryimage\"},\"image\":{\"@id\":\"https:\\\/\\\/chiarabevents.com\\\/hu\\\/esemenyszervezo\\\/szuletesnapi-bulik-szervezese-barcellona-pozzo-di-gotto-ban\\\/#primaryimage\"},\"thumbnailUrl\":\"https:\\\/\\\/chiarabevents.com\\\/wp-content\\\/uploads\\\/2025\\\/06\\\/984-1-6.jpg\",\"datePublished\":\"2025-06-26T13:57:22+00:00\",\"description\":\"Festa di compleanno a Barcellona Pozzo di Gotto con un evento su misura: scegli ChiaraB Events per un compleanno curato in ogni dettaglio.\",\"breadcrumb\":{\"@id\":\"https:\\\/\\\/chiarabevents.com\\\/hu\\\/esemenyszervezo\\\/szuletesnapi-bulik-szervezese-barcellona-pozzo-di-gotto-ban\\\/#breadcrumb\"},\"inLanguage\":\"hu-HU\",\"potentialAction\":[{\"@type\":\"ReadAction\",\"target\":[\"https:\\\/\\\/chiarabevents.com\\\/hu\\\/esemenyszervezo\\\/szuletesnapi-bulik-szervezese-barcellona-pozzo-di-gotto-ban\\\/\"]}]},{\"@type\":\"ImageObject\",\"inLanguage\":\"hu-HU\",\"@id\":\"https:\\\/\\\/chiarabevents.com\\\/hu\\\/esemenyszervezo\\\/szuletesnapi-bulik-szervezese-barcellona-pozzo-di-gotto-ban\\\/#primaryimage\",\"url\":\"https:\\\/\\\/chiarabevents.com\\\/wp-content\\\/uploads\\\/2025\\\/06\\\/984-1-6.jpg\",\"contentUrl\":\"https:\\\/\\\/chiarabevents.com\\\/wp-content\\\/uploads\\\/2025\\\/06\\\/984-1-6.jpg\",\"width\":1500,\"height\":1000,\"caption\":\"festa a Barcellona Pozzo di Gotto\"},{\"@type\":\"BreadcrumbList\",\"@id\":\"https:\\\/\\\/chiarabevents.com\\\/hu\\\/esemenyszervezo\\\/szuletesnapi-bulik-szervezese-barcellona-pozzo-di-gotto-ban\\\/#breadcrumb\",\"itemListElement\":[{\"@type\":\"ListItem\",\"position\":1,\"name\":\"Home\",\"item\":\"https:\\\/\\\/chiarabevents.com\\\/\"},{\"@type\":\"ListItem\",\"position\":2,\"name\":\"Organizzazione feste di compleanno a Barcellona Pozzo di Gotto\"}]},{\"@type\":\"WebSite\",\"@id\":\"https:\\\/\\\/chiarabevents.com\\\/#website\",\"url\":\"https:\\\/\\\/chiarabevents.com\\\/\",\"name\":\"ChiaraB Events Wedding Planner\",\"description\":\"Un meraviglioso percorso fatto insieme\",\"publisher\":{\"@id\":\"https:\\\/\\\/chiarabevents.com\\\/#organization\"},\"potentialAction\":[{\"@type\":\"SearchAction\",\"target\":{\"@type\":\"EntryPoint\",\"urlTemplate\":\"https:\\\/\\\/chiarabevents.com\\\/?s={search_term_string}\"},\"query-input\":{\"@type\":\"PropertyValueSpecification\",\"valueRequired\":true,\"valueName\":\"search_term_string\"}}],\"inLanguage\":\"hu-HU\"},{\"@type\":\"Organization\",\"@id\":\"https:\\\/\\\/chiarabevents.com\\\/#organization\",\"name\":\"ChiaraB Events Wedding Planner\",\"url\":\"https:\\\/\\\/chiarabevents.com\\\/\",\"logo\":{\"@type\":\"ImageObject\",\"inLanguage\":\"hu-HU\",\"@id\":\"https:\\\/\\\/chiarabevents.com\\\/#\\\/schema\\\/logo\\\/image\\\/\",\"url\":\"https:\\\/\\\/chiarabevents.com\\\/wp-content\\\/uploads\\\/2023\\\/12\\\/cropped-Monogramma_chiarab.png\",\"contentUrl\":\"https:\\\/\\\/chiarabevents.com\\\/wp-content\\\/uploads\\\/2023\\\/12\\\/cropped-Monogramma_chiarab.png\",\"width\":512,\"height\":512,\"caption\":\"ChiaraB Events Wedding Planner\"},\"image\":{\"@id\":\"https:\\\/\\\/chiarabevents.com\\\/#\\\/schema\\\/logo\\\/image\\\/\"},\"sameAs\":[\"https:\\\/\\\/www.facebook.com\\\/chiarabevent\",\"https:\\\/\\\/www.instagram.com\\\/chiarab_events\\\/\"]}]}<\/script>\n<!-- \/ Yoast SEO Premium plugin. -->","yoast_head_json":{"title":"Fesztiv\u00e1l Barcellona Pozzo di Gotto ChiaraB Events Esk\u00fcv\u0151szervez\u0151","description":"Sz\u00fclet\u00e9snapi buli Barcellona Pozzo di Gotto-ban egy testreszabott esem\u00e9nnyel: v\u00e1laszd a ChiaraB Events-et egy minden r\u00e9szlet\u00e9ben gondosan megszervezett sz\u00fclet\u00e9snaphoz.","robots":{"index":"index","follow":"follow","max-snippet":"max-snippet:-1","max-image-preview":"max-image-preview:large","max-video-preview":"max-video-preview:-1"},"canonical":"https:\/\/chiarabevents.com\/hu\/esemenyszervezo\/szuletesnapi-bulik-szervezese-barcellona-pozzo-di-gotto-ban\/","og_locale":"hu_HU","og_type":"article","og_title":"Organizzazione feste di compleanno a Barcellona Pozzo di Gotto","og_description":"Festa di compleanno a Barcellona Pozzo di Gotto con un evento su misura: scegli ChiaraB Events per un compleanno curato in ogni dettaglio.","og_url":"https:\/\/chiarabevents.com\/hu\/esemenyszervezo\/szuletesnapi-bulik-szervezese-barcellona-pozzo-di-gotto-ban\/","og_site_name":"ChiaraB Events Wedding Planner","article_publisher":"https:\/\/www.facebook.com\/chiarabevent","og_image":[{"width":1500,"height":1000,"url":"https:\/\/chiarabevents.com\/wp-content\/uploads\/2025\/06\/984-1-6.jpg","type":"image\/jpeg"}],"twitter_card":"summary_large_image","twitter_misc":{"Est. reading time":"9 minutes"},"schema":{"@context":"https:\/\/schema.org","@graph":[{"@type":"WebPage","@id":"https:\/\/chiarabevents.com\/hu\/esemenyszervezo\/szuletesnapi-bulik-szervezese-barcellona-pozzo-di-gotto-ban\/","url":"https:\/\/chiarabevents.com\/hu\/esemenyszervezo\/szuletesnapi-bulik-szervezese-barcellona-pozzo-di-gotto-ban\/","name":"Fesztiv\u00e1l Barcellona Pozzo di Gotto ChiaraB Events Esk\u00fcv\u0151szervez\u0151","isPartOf":{"@id":"https:\/\/chiarabevents.com\/#website"},"primaryImageOfPage":{"@id":"https:\/\/chiarabevents.com\/hu\/esemenyszervezo\/szuletesnapi-bulik-szervezese-barcellona-pozzo-di-gotto-ban\/#primaryimage"},"image":{"@id":"https:\/\/chiarabevents.com\/hu\/esemenyszervezo\/szuletesnapi-bulik-szervezese-barcellona-pozzo-di-gotto-ban\/#primaryimage"},"thumbnailUrl":"https:\/\/chiarabevents.com\/wp-content\/uploads\/2025\/06\/984-1-6.jpg","datePublished":"2025-06-26T13:57:22+00:00","description":"Sz\u00fclet\u00e9snapi buli Barcellona Pozzo di Gotto-ban egy testreszabott esem\u00e9nnyel: v\u00e1laszd a ChiaraB Events-et egy minden r\u00e9szlet\u00e9ben gondosan megszervezett sz\u00fclet\u00e9snaphoz.","breadcrumb":{"@id":"https:\/\/chiarabevents.com\/hu\/esemenyszervezo\/szuletesnapi-bulik-szervezese-barcellona-pozzo-di-gotto-ban\/#breadcrumb"},"inLanguage":"hu-HU","potentialAction":[{"@type":"ReadAction","target":["https:\/\/chiarabevents.com\/hu\/esemenyszervezo\/szuletesnapi-bulik-szervezese-barcellona-pozzo-di-gotto-ban\/"]}]},{"@type":"ImageObject","inLanguage":"hu-HU","@id":"https:\/\/chiarabevents.com\/hu\/esemenyszervezo\/szuletesnapi-bulik-szervezese-barcellona-pozzo-di-gotto-ban\/#primaryimage","url":"https:\/\/chiarabevents.com\/wp-content\/uploads\/2025\/06\/984-1-6.jpg","contentUrl":"https:\/\/chiarabevents.com\/wp-content\/uploads\/2025\/06\/984-1-6.jpg","width":1500,"height":1000,"caption":"festa a Barcellona Pozzo di Gotto"},{"@type":"BreadcrumbList","@id":"https:\/\/chiarabevents.com\/hu\/esemenyszervezo\/szuletesnapi-bulik-szervezese-barcellona-pozzo-di-gotto-ban\/#breadcrumb","itemListElement":[{"@type":"ListItem","position":1,"name":"Home","item":"https:\/\/chiarabevents.com\/"},{"@type":"ListItem","position":2,"name":"Organizzazione feste di compleanno a Barcellona Pozzo di Gotto"}]},{"@type":"WebSite","@id":"https:\/\/chiarabevents.com\/#website","url":"https:\/\/chiarabevents.com\/","name":"ChiaraB Esem\u00e9nyek Esk\u00fcv\u0151szervez\u0151","description":"Egy csod\u00e1latos \u00fat egy\u00fctt megt\u00e9ve","publisher":{"@id":"https:\/\/chiarabevents.com\/#organization"},"potentialAction":[{"@type":"SearchAction","target":{"@type":"EntryPoint","urlTemplate":"https:\/\/chiarabevents.com\/?s={search_term_string}"},"query-input":{"@type":"PropertyValueSpecification","valueRequired":true,"valueName":"search_term_string"}}],"inLanguage":"hu-HU"},{"@type":"Organization","@id":"https:\/\/chiarabevents.com\/#organization","name":"ChiaraB Esem\u00e9nyek Esk\u00fcv\u0151szervez\u0151","url":"https:\/\/chiarabevents.com\/","logo":{"@type":"ImageObject","inLanguage":"hu-HU","@id":"https:\/\/chiarabevents.com\/#\/schema\/logo\/image\/","url":"https:\/\/chiarabevents.com\/wp-content\/uploads\/2023\/12\/cropped-Monogramma_chiarab.png","contentUrl":"https:\/\/chiarabevents.com\/wp-content\/uploads\/2023\/12\/cropped-Monogramma_chiarab.png","width":512,"height":512,"caption":"ChiaraB Events Wedding Planner"},"image":{"@id":"https:\/\/chiarabevents.com\/#\/schema\/logo\/image\/"},"sameAs":["https:\/\/www.facebook.com\/chiarabevent","https:\/\/www.instagram.com\/chiarab_events\/"]}]}},"_links":{"self":[{"href":"https:\/\/chiarabevents.com\/hu\/wp-json\/wp\/v2\/event-planner\/33173","targetHints":{"allow":["GET"]}}],"collection":[{"href":"https:\/\/chiarabevents.com\/hu\/wp-json\/wp\/v2\/event-planner"}],"about":[{"href":"https:\/\/chiarabevents.com\/hu\/wp-json\/wp\/v2\/types\/event-planner"}],"wp:featuredmedia":[{"embeddable":true,"href":"https:\/\/chiarabevents.com\/hu\/wp-json\/wp\/v2\/media\/33174"}],"wp:attachment":[{"href":"https:\/\/chiarabevents.com\/hu\/wp-json\/wp\/v2\/media?parent=33173"}],"curies":[{"name":"wp","href":"https:\/\/api.w.org\/{rel}","templated":true}]}}