{"id":33177,"date":"2025-06-26T16:05:59","date_gmt":"2025-06-26T14:05:59","guid":{"rendered":"https:\/\/chiarabevents.com\/?post_type=event-planner&#038;p=33177"},"modified":"2025-06-26T16:05:59","modified_gmt":"2025-06-26T14:05:59","slug":"privat-esemenyek-agrigentoban-hogyan-szervezzunk-kulonleges-bulit","status":"publish","type":"event-planner","link":"https:\/\/chiarabevents.com\/hu\/esemenyszervezo\/privat-esemenyek-agrigentoban-hogyan-szervezzunk-kulonleges-bulit\/","title":{"rendered":"Priv\u00e1t esem\u00e9nyek Agrigent\u00f3ban: hogyan szervezz\u00fcnk k\u00fcl\u00f6nleges bulit"},"content":{"rendered":"<h2>Bevezet\u00e9s<\/h2>\n<p>Szervezni egy <strong>priv\u00e1t esem\u00e9ny Agrigent\u00f3ban<\/strong> azt jelenti, hogy vend\u00e9geidnek olyan \u00e9lm\u00e9nyt k\u00edn\u00e1lsz, amely egyes\u00edti <strong>\u00e9vezredes t\u00f6rt\u00e9nelemnek<\/strong>, <strong>Siracusa g\u00f6r\u00f6g romjai<\/strong> \u00e9s <strong>egyedi dekor\u00e1ci\u00f3kat<\/strong>. K\u00e9pzelj el egy partit egy kertben, amely a V\u00f6lgy a Templomokkal n\u00e9z szembe naplementekor, vagy egy fogad\u00e1st egy 18. sz\u00e1zadi palot\u00e1ban a t\u00f6rt\u00e9nelmi belv\u00e1ros sz\u00edv\u00e9ben: minden elem hozz\u00e1j\u00e1rul egy egyedi hangulat megteremt\u00e9s\u00e9hez, amely k\u00e9pes \u00e9rzelmeket kiv\u00e1ltani \u00e9s meglepni. A t\u00e1mogat\u00e1s\u00e1val <a href=\"https:\/\/chiarabevents.com\/hu\/\">Chiara Events<\/a>, egy olyan szak\u00e9rt\u0151i csapatra sz\u00e1m\u00edthatsz, amely minden f\u00e1zist gondosan kezel \u2013 a koncepci\u00f3 megtervez\u00e9s\u00e9t\u0151l a logisztikai menedzsmentig \u2013 garant\u00e1lva a hib\u00e1tlan \u00e9s k\u00edv\u00e1ns\u00e1gaidnak megfelel\u0151 eredm\u00e9nyt.<\/p>\n<h2>Mi\u00e9rt v\u00e1lasszuk Agrigent\u00f3t<\/h2>\n<p>Agrigento sokkal t\u00f6bb, mint egy egyszer\u0171 szic\u00edliai v\u00e1ros: egy val\u00f3di \u201eszabadt\u00e9ri m\u00fazeum\u201d, ahol a V\u00f6lgy a Templomokkal uralja a dombokb\u00f3l \u00e9s aranypartb\u00f3l \u00e1ll\u00f3 ter\u00fcletet. Ez a <strong>kultur\u00e1lis \u00f6r\u00f6ks\u00e9g<\/strong>, <strong>tiszta tenger<\/strong> \u00e9s <strong>gasztron\u00f3miai hagyom\u00e1ny<\/strong> Agrigent\u00f3t ide\u00e1lis helysz\u00ednn\u00e9 teszi mindenf\u00e9le esem\u00e9nyhez. Az archeol\u00f3giai ter\u00fclet \u00e9s a v\u00e1rosk\u00f6zpont k\u00f6zels\u00e9ge lehet\u0151v\u00e9 teszi a szabadt\u00e9ri pillanatok \u2013 mint p\u00e9ld\u00e1ul teraszon tartott aperitifek a templomokra n\u00e9z\u0151 kil\u00e1t\u00e1ssal \u2013 \u00e9s a meghittebb, bels\u0151 terekben zajl\u00f3 esem\u00e9nyek kombin\u00e1l\u00e1s\u00e1t. Emellett a v\u00e1ros t\u00f6k\u00e9letesen kapcsol\u00f3dik Palerm\u00f3hoz \u00e9s Cataniahoz, megk\u00f6nny\u00edtve a vend\u00e9gek utaz\u00e1s\u00e1t.<\/p>\n<h2>A rendezv\u00e9ny koncepci\u00f3j\u00e1nak \u00e9s hangulat\u00e1nak meghat\u00e1roz\u00e1sa<\/h2>\n<p>A kiindul\u00f3pont mindig egy ismerked\u0151 tal\u00e1lkoz\u00f3, ahol elmondod a Chiara Eventsnek k\u00edv\u00e1ns\u00e1gaidat, a parti st\u00edlus\u00e1t, a vend\u00e9gek sz\u00e1m\u00e1t \u00e9s a rendelkez\u00e9sre \u00e1ll\u00f3 k\u00f6lts\u00e9gvet\u00e9st. Innen sz\u00fcletik meg a <strong>fil rouge-ja<\/strong> \u00e9s a hangulat, vagyis a t\u00e9ma \u00e9s az \u00e9rzelmek, amelyeket k\u00f6zvet\u00edteni szeretn\u00e9l: lehet egy kifinomult \u201eKlasszikus Aperitif\u201d a templomok \u0151si k\u00f6rnyezet\u00e9ben, egy \u201eSzic\u00edliai Kerti Parti\u201d citrusillat\u00fa \u00e9s mediterr\u00e1n sz\u00ednekben gazdag, vagy egy csillagos \u00e9g alatt tartott vacsora, amely eleg\u00e1nsabb l\u00e9gk\u00f6rt teremt. Ebben a szakaszban digit\u00e1lis moodboard k\u00e9sz\u00fcl, amely sz\u00ednpalett\u00e1kat, vir\u00e1gos inspir\u00e1ci\u00f3kat \u00e9s elrendez\u00e9si javaslatokat tartalmaz, lehet\u0151v\u00e9 t\u00e9ve, hogy el\u0151re megtekintsd a dekor\u00e1ci\u00f3t \u00e9s sz\u00fcks\u00e9g eset\u00e9n m\u00f3dos\u00edt\u00e1sokat javasolj.<\/p>\n<h2>Exkluz\u00edv helysz\u00ednek Agrigent\u00f3ban<\/h2>\n<h3>Panor\u00e1m\u00e1s kertek a V\u00f6lgy a Templomokra n\u00e9zve<\/h3>\n<p>Az egyik legleny\u0171g\u00f6z\u0151bb helysz\u00ednt a V\u00f6lgy a Templomokra n\u00e9z\u0151 kertek k\u00edn\u00e1lj\u00e1k. Itt lehet szervezni:<\/p>\n<ul>\n<li>Egy <strong>naplemente aperitifet<\/strong>, \u0151si oszlopok \u00e9s \u00e9vsz\u00e1zados olajf\u00e1k k\u00f6z\u00f6tt, helyi citrusok ihlette kokt\u00e9lokkal.<\/li>\n<li>\u00fcl\u0151vacsora <strong>szabadt\u00e9ri vacsor\u00e1t<\/strong>, hossz\u00fa f\u0171vel bor\u00edtott s\u00e9t\u00e1ny ment\u00e9n elhelyezett uralkod\u00f3i asztalokkal, citrusvir\u00e1gokkal \u00e9s buganvill\u00e1val d\u00edsz\u00edtett asztald\u00edszekkel.<\/li>\n<li>Egy <strong>csillagos \u00e9g alatti after-dinnert<\/strong>, tomp\u00edtott f\u00e9nyekkel \u00e9s l\u00e1gy lounge zen\u00e9vel, amely gyeng\u00e9den k\u00f6r\u00fcl\u00f6leli a vend\u00e9geket.<\/li>\n<\/ul>\n<h3>Nemesi palot\u00e1k a t\u00f6rt\u00e9nelmi belv\u00e1rosban<\/h3>\n<p>Agrigento t\u00f6rt\u00e9nelmi belv\u00e1ros\u00e1nak sz\u00edv\u00e9ben 18. sz\u00e1zadi arisztokratikus rezidenci\u00e1k \u00e1llnak, fresk\u00f3kkal d\u00edsz\u00edtett termekkel \u00e9s bels\u0151 udvarokkal. Ezek a l\u00e9gkondicion\u00e1lt, audiovizu\u00e1lis berendez\u00e9ssel felszerelt bels\u0151 terek eleg\u00e1ns fogad\u00e1sok, show cooking esem\u00e9nyek \u00e9s sz\u00f3rakoztat\u00f3 programok szervez\u00e9s\u00e9re alkalmasak, k\u00f6sz\u00f6nhet\u0151en a bels\u0151 d\u00edszletnek, amely kiemeli a stukk\u00f3kat \u00e9s a t\u00f6rt\u00e9nelmi boltozatokat.<\/p>\n<h3>Birtokok \u00e9s vid\u00e9ki k\u00fari\u00e1k a bels\u0151 ter\u00fcleteken<\/h3>\n<p>Csak n\u00e9h\u00e1ny kilom\u00e9terre a v\u00e1rost\u00f3l, az agrigento-i bels\u0151 vid\u00e9k t\u00f6rt\u00e9nelmi vill\u00e1kat \u00e9s fel\u00faj\u00edtott farmh\u00e1zakat k\u00edn\u00e1l, sz\u0151l\u0151\u00fcltetv\u00e9nyek \u00e9s citrusligetek k\u00f6z\u00f6tt. Ezek a priv\u00e1t helysz\u00ednek t\u00f6k\u00e9letesek:<\/p>\n<ul>\n<li>Egy <strong>vas\u00e1rnapi brunch-ra<\/strong>, helyi term\u00e9kekkel \u00e9s helyi borok k\u00f3stol\u00e1s\u00e1val.<\/li>\n<li>Egy <strong>medenceparti bulira<\/strong>, lounge \u00fcl\u00e9sekkel \u00e9s meleg f\u00e9nyekkel, amelyek \u00fcd\u00fcl\u0151helyi hangulatot teremtenek.<\/li>\n<li>\u00fcl\u0151vacsora <strong>g\u00e1lavacsor\u00e1ra<\/strong>, pomp\u00e1s vir\u00e1gdekor\u00e1ci\u00f3kkal \u00e9s audiovizu\u00e1lis szolg\u00e1ltat\u00e1ssal vet\u00edt\u00e9sekhez \u00e9s \u00e9l\u0151 show-khoz.<\/li>\n<\/ul>\n<h3>Jachtb\u00e9rl\u00e9s a Szic\u00edliai-tengeren<\/h3>\n<p>Az extr\u00e9m luxus \u00e9rdek\u00e9ben lehet\u0151s\u00e9g van jachtot foglalni a Porto Empedocle kik\u00f6t\u0151j\u00e9ben, Agrigent\u00f3t\u00f3l n\u00e9h\u00e1ny percre. A vend\u00e9gek \u00e9lvezhetik:<\/p>\n<ul>\n<li><strong>\u00dcdv\u00f6zl\u0151 kokt\u00e9lt<\/strong> szic\u00edliai pezsg\u0151vel \u00e9s friss hal alap\u00fa gourmet falatk\u00e1kkal.<\/li>\n<li><strong>Apericena a fed\u00e9lzeten<\/strong>, kil\u00e1t\u00e1ssal a szikl\u00e1kra \u00e9s a part f\u00e9ny\u00e9re.<\/li>\n<li><strong>Vacsora ut\u00e1ni programot<\/strong> a csillagos \u00e9g alatt, l\u00e1gy DJ szettel \u00e9s alacsony hat\u00e1s\u00fa vil\u00e1g\u00edt\u00e1ssal.<\/li>\n<\/ul>\n<h2>L\u00e1tv\u00e1nyos dekor\u00e1ci\u00f3k \u00e9s st\u00edlusos r\u00e9szletek<\/h2>\n<h3>\u00c9p\u00edt\u00e9szeti vil\u00e1g\u00edt\u00e1s<\/h3>\n<p>A vil\u00e1g\u00edt\u00e1s a kulcselem minden helysz\u00edn kiemel\u00e9s\u00e9hez. Haszn\u00e1lj\u00e1k:<\/p>\n<ul>\n<li><strong>Gobo vet\u00edt\u00e9s<\/strong> klasszikus mint\u00e1k vagy az esem\u00e9ny log\u00f3j\u00e1nak vet\u00edt\u00e9s\u00e9re az \u0151si falakon.<\/li>\n<li><strong>Alacsony intenzit\u00e1s\u00fa reflektorok<\/strong> \u00edvek \u00e9s oszlopok kiemel\u00e9s\u00e9re, nagy \u00e9rzelmi hat\u00e1s\u00fa jelenetek l\u00e9trehoz\u00e1s\u00e1ra.<\/li>\n<li><strong>F\u00e9nyf\u00fcz\u00e9rek<\/strong> \u00e9s f\u00fcgg\u0151 l\u00e1mp\u00e1sok, k\u00fclt\u00e9ri lounge ter\u00fcletek \u00e9s \u00e1tj\u00e1r\u00f3k kijel\u00f6l\u00e9s\u00e9re.<\/li>\n<\/ul>\n<h3>Vir\u00e1gkompoz\u00edci\u00f3k \u00e9s dekorat\u00edv z\u00f6ldek<\/h3>\n<p>Az \u00e9vszaknak megfelel\u0151 vir\u00e1gok \u00e9s helyi n\u00f6v\u00e9nyek \u2013 narancsvir\u00e1gok, buganvill\u00e1k, z\u00f6ld olajbogy\u00f3k, ol\u00edvaf\u00e1k \u00e1gai \u2013 v\u00e1laszt\u00e1sa autentikus \u00e9s a t\u00e1jhoz ill\u0151 hangulatot teremt. A kompoz\u00edci\u00f3k lehetnek:<\/p>\n<ul>\n<li><strong>Asztald\u00edsz<\/strong> \u00fcvegt\u00e1lc\u00e1kon, illatos gyerty\u00e1kkal v\u00e1ltogatva.<\/li>\n<li><strong>\u00cdv<\/strong> z\u00f6ldek a bej\u00e1ratn\u00e1l, f\u00fcgg\u0151leges fut\u00f3n\u00f6v\u00e9ny install\u00e1ci\u00f3kkal.<\/li>\n<li><strong>F\u00fcgg\u0151 csokrok<\/strong> \u00e9s kis vir\u00e1gdekor\u00e1ci\u00f3k a sz\u00e9keken vagy az asztalokon.<\/li>\n<\/ul>\n<h3>Sz\u00f6vetek \u00e9s berendez\u00e9sek mix&amp;match<\/h3>\n<p>A k\u00e9nyelem biztos\u00edt\u00e1sa \u00e9rdek\u00e9ben <strong>komfort<\/strong> \u00e9s <strong>st\u00edlust<\/strong>, kombin\u00e1lva:<\/p>\n<ul>\n<li><strong>Durva lenv\u00e1szon ter\u00edt\u0151k<\/strong> egy rusztikus-chic hangulathoz, vagy sz\u00ednes b\u00e1rsony egy luxusabb hat\u00e1s\u00e9rt.<\/li>\n<li><strong>Vintage sz\u00e9kek<\/strong> term\u00e9szetes anyag\u00fa puffokkal \u00e9s lounge kanap\u00e9kkal p\u00e1ros\u00edtva.<\/li>\n<li><strong>Cs\u00e1sz\u00e1ri asztalok<\/strong> vagy kerekek, a k\u00edv\u00e1nt t\u00e1rsas\u00e1gi hangulatt\u00f3l f\u00fcgg\u0151en.<\/li>\n<\/ul>\n<h3>Szem\u00e9lyre szabott r\u00e9szletek<\/h3>\n<p>Kis <strong>aj\u00e1nd\u00e9kok<\/strong> \u00e9s \u00fcltet\u0151k\u00e1rty\u00e1k mes\u00e9lik a vend\u00e9gek \u00e9s az \u00fcnnepelt t\u00f6rt\u00e9net\u00e9t:<\/p>\n<ul>\n<li><strong>Aj\u00e1nd\u00e9kdoboz<\/strong> tipikus agrigento-i term\u00e9kekkel (olaj, m\u00e9z, citruslekv\u00e1r).<\/li>\n<li><strong>L\u00e9zerrel grav\u00edrozott n\u00e9vt\u00e1bla<\/strong> a vend\u00e9g nev\u00e9vel.<\/li>\n<li><strong>K\u00e9zzel k\u00e9sz\u00edtett pap\u00edrra nyomtatott men\u00fck egyedi log\u00f3val.<\/strong> k\u00e9zm\u0171ves pap\u00edron, monogramokkal \u00e9s a t\u00e9m\u00e1hoz illeszked\u0151 grafik\u00e1kkal.<\/li>\n<\/ul>\n<h2>Catering \u00e9s gasztron\u00f3miai \u00e9lm\u00e9ny<\/h2>\n<h3>Finger food \u00e9s gourmet aperitif<\/h3>\n<p>Az aperitif az esem\u00e9ny els\u0151 \u201ek\u00f3stol\u00f3ja\u201d:<\/p>\n<ul>\n<li><strong>Klasszikus arancini<\/strong> \u00e9s innovat\u00edv mini gourmet adagok.<\/li>\n<li><strong>Mandulapesto-s crostinik<\/strong> \u00e9s Pachino paradicsomos bruschett\u00e1k.<\/li>\n<li><strong>K\u00e9k hal tat\u00e1r<\/strong> citrusokkal \u00e9s vad \u00e9desk\u00f6m\u00e9nnyel.<\/li>\n<\/ul>\n<h3>\u00dcl\u0151vacsora hagyom\u00e1nyos \u00e9telekkel<\/h3>\n<p>Egy \u00fcl\u0151vacsora kiemeli a szic\u00edliai konyh\u00e1t, amelyet kort\u00e1rs m\u00f3don \u00fajra\u00e9rtelmeznek:<\/p>\n<ol>\n<li><strong>: f\u00fcst\u00f6lt kardhal carpaccio, \u00e9desk\u00f6m\u00e9ny \u00e9s narancssal\u00e1ta.<\/strong>%s padlizs\u00e1n caponata, ropog\u00f3s panelle, kardhal tekercsek.<\/li>\n<li><strong>: spagetti bottarg\u00e1val \u00e9s citromh\u00e9jjal.<\/strong>%d piszt\u00e1cia pest\u00f3s busiate vagy \u00fajragondolt szard\u00edni\u00e1s t\u00e9szta.<\/li>\n<li><strong>: s\u00fclt hal burgony\u00e1val \u00e9s konfit\u00e1lt kokt\u00e9lparadicsommal, vagy rozmaringos marhaszelet.<\/strong>% s\u00fclt hal \u00fajburgony\u00e1val vagy szez\u00e1mmagos tonhalszeletek.<\/li>\n<li><strong>: frissen t\u00f6lt\u00f6tt cannoli, kaktuszf\u00fcge semifreddo, friss gy\u00fcm\u00f6lcs.<\/strong>$ frissen t\u00f6lt\u00f6tt cannoli, j\u00e1zmin granita meleg bri\u00f3s k\u00eds\u00e9ret\u00e9ben.<\/li>\n<\/ol>\n<p>Egy <strong>sommelier<\/strong> vezeti a p\u00e1ros\u00edt\u00e1st Etna \u00e9s Menfi borokkal, mes\u00e9lve minden c\u00edmke t\u00f6rt\u00e9net\u00e9r\u0151l \u00e9s jellemz\u0151ir\u0151l.<\/p>\n<h3>Kokt\u00e9lb\u00e1r \u00e9s mixol\u00f3giai \u00e9lm\u00e9ny<\/h3>\n<p>Az innov\u00e1ci\u00f3 \u00e9rdek\u00e9ben:<\/p>\n<ul>\n<li><strong>Al\u00e1\u00edr\u00e1s kokt\u00e9l<\/strong> helyi \u00f6sszetev\u0151kkel szem\u00e9lyre szabva (Ribera citrom, zagara lik\u0151r).<\/li>\n<li><strong>\u00c9l\u0151 \u00e1llom\u00e1s<\/strong> ahol a bartender azonnal k\u00e9sz\u00edti a kokt\u00e9lokat, bemutatva technik\u00e1kat \u00e9s \u00e9rdekess\u00e9geket.<\/li>\n<li><strong>Vezetett k\u00f3stol\u00f3k<\/strong> szic\u00edliai k\u00e9zm\u0171ves lik\u0151r\u00f6kb\u0151l, mint a Marsala superiore vagy a zibibbo.<\/li>\n<\/ul>\n<h2>Sz\u00f3rakoztat\u00e1s \u00e9s a pillanat var\u00e1zsa<\/h2>\n<h3>\u00c9l\u0151 zene \u00e9s el\u0151ad\u00e1sok<\/h3>\n<ul>\n<li><strong>Akusztikus du\u00f3<\/strong> az aperitifhez, git\u00e1rral \u00e9s \u00e9nekkel.<\/li>\n<li><strong>Von\u00f3sn\u00e9gyes<\/strong> vacsora alatt, klasszikus hangulat\u00e9rt.<\/li>\n<li><strong>DJ szett<\/strong> vacsora ut\u00e1ni id\u0151szakra, k\u00fclt\u00e9ri konzollal \u00e9s a helysz\u00ednhez igaz\u00edtott hangrendszerrel.<\/li>\n<\/ul>\n<h3>Interakt\u00edv sarok<\/h3>\n<ul>\n<li><strong>Fot\u00f3f\u00fclke<\/strong> a t\u00e9m\u00e1hoz ill\u0151 aj\u00e1nd\u00e9kt\u00e1rgyakkal, azonnali nyomtat\u00e1ssal \u00e9s azonnali megoszt\u00e1ssal a k\u00f6z\u00f6ss\u00e9gi m\u00e9di\u00e1ban.<\/li>\n<li><strong>Vide\u00f3 mapping<\/strong> az \u0151si falakon vagy a bels\u0151 falakon, amely folyamatosan mes\u00e9li az \u00fcnnepelt t\u00f6rt\u00e9net\u00e9t.<\/li>\n<li><strong>Flash mob<\/strong> vagy meglepet\u00e9sszer\u0171 koreograf\u00e1lt pillanatok, hogy akt\u00edvan bevonj\u00e1k a vend\u00e9geket.<\/li>\n<\/ul>\n<h3>Nagy fin\u00e1l\u00e9<\/h3>\n<ul>\n<li><strong>L\u00e9gg\u00f6mb l\u00e1mp\u00e1sok ind\u00edt\u00e1sa<\/strong> kertben vagy a strandon, k\u00f6lt\u0151i hat\u00e1s l\u00e9trehoz\u00e1s\u00e1val.<\/li>\n<li><strong>Mini t\u0171zij\u00e1t\u00e9k m\u0171sor<\/strong> diszkr\u00e9t, a biztons\u00e1ggal \u00e9s a helyi szab\u00e1lyok betart\u00e1s\u00e1val \u00f6sszehangolva.<\/li>\n<li><strong>Koccint\u00e1si szertart\u00e1s<\/strong> egy f\u00e9ny\u00edv alatt, magas min\u0151s\u00e9g\u0171 pezsg\u0151vel \u00e9s eml\u00e9kez\u0151 besz\u00e9ddel.<\/li>\n<\/ul>\n<h2>Logisztika, biztons\u00e1g \u00e9s koordin\u00e1ci\u00f3<\/h2>\n<ol>\n<li><strong>Enged\u00e9lyek \u00e9s j\u00f3v\u00e1hagy\u00e1sok<\/strong>%s Chiara Events gondoskodik minden sz\u00fcks\u00e9ges enged\u00e9lyr\u0151l r\u00e9g\u00e9szeti ter\u00fcletek, k\u00f6zter\u00fcletek \u00e9s mag\u00e1nhelysz\u00ednek haszn\u00e1lat\u00e1hoz.<\/li>\n<li><strong>\u00dctemterv<\/strong>%d egy r\u00e9szletes dokumentum szab\u00e1lyozza az \u00f6sszes f\u00e1zist a fel\u00e1ll\u00edt\u00e1st\u00f3l a f\u00e9ny- \u00e9s hangpr\u00f3b\u00e1n \u00e1t az esem\u00e9nyig \u00e9s a lebont\u00e1sig.<\/li>\n<li><strong>Sz\u00e1ll\u00edt\u00e1s \u00e9s parkol\u00e1s<\/strong>% transzfertervez\u00e9s, fenntartott parkol\u00f3k \u00e9s vezetett \u00fatvonalak a vend\u00e9gek sz\u00e1m\u00e1ra.<\/li>\n<li><strong>Biztons\u00e1g<\/strong>$ k\u00e9pzett stewardok, els\u0151seg\u00e9lypontok \u00e9s evaku\u00e1ci\u00f3s terv a helyi hat\u00f3s\u00e1gokkal egyeztetve.<\/li>\n<li><strong>B terv<\/strong># alternat\u00edv megold\u00e1sok (fesz\u00edtett szerkezetek, belt\u00e9ri termek) rossz id\u0151 vagy v\u00e1ratlan esem\u00e9nyek eset\u00e9re, hogy az esem\u00e9ny folytonoss\u00e1ga biztos\u00edtott legyen kompromisszumok n\u00e9lk\u00fcl.<\/li>\n<\/ol>\n<p>Egy <strong>esem\u00e9nyszervez\u0151<\/strong> dedik\u00e1lt 24\/7 rendelkez\u00e9sre \u00e1ll, koordin\u00e1lva a besz\u00e1ll\u00edt\u00f3kat, technikusokat \u00e9s szem\u00e9lyzetet, biztos\u00edtva a z\u00f6kken\u0151mentes szervez\u00e9st.<\/p>\n<h2>Fenntarthat\u00f3s\u00e1g \u00e9s k\u00f6rnyezeti felel\u0151ss\u00e9g<\/h2>\n<ul>\n<li><strong>\u00dajrahasznos\u00edthat\u00f3 anyagok<\/strong> \u00e9s komposzt\u00e1lhat\u00f3 \u00e9tk\u00e9szlet, a k\u00f6rnyezeti hat\u00e1s cs\u00f6kkent\u00e9se \u00e9rdek\u00e9ben.<\/li>\n<li><strong>Helyi alapanyag\u00fa catering<\/strong> helyi term\u00e9kekkel \u00e9s az \u00e9lelmiszerpazarl\u00e1s cs\u00f6kkent\u00e9s\u00e9vel.<\/li>\n<li><strong>LED vil\u00e1g\u00edt\u00e1s<\/strong> \u00e9s meg\u00fajul\u00f3 energiaforr\u00e1sok haszn\u00e1lat\u00e1val, ahol lehets\u00e9ges.<\/li>\n<li><strong>Szelekt\u00edv hullad\u00e9kgy\u0171jt\u00e9s<\/strong> helysz\u00ednen \u00e9s a marad\u00e9kok helyi szervezeteknek t\u00f6rt\u00e9n\u0151 adom\u00e1nyoz\u00e1sa.<\/li>\n<\/ul>\n<p>Ezek a v\u00e1laszt\u00e1sok t\u00fckr\u00f6zik a Chiara Events elk\u00f6telezetts\u00e9g\u00e9t a ter\u00fclet \u00e9rt\u00e9kes\u00edt\u00e9se \u00e9s a felel\u0151s gyakorlatok el\u0151mozd\u00edt\u00e1sa ir\u00e1nt.<\/p>\n<h2>Befejez\u00e9s \u2013 Priv\u00e1t esem\u00e9ny Agrigent\u00f3ban<\/h2>\n<p>Szervezni egy <strong>priv\u00e1t esem\u00e9ny Agrigent\u00f3ban<\/strong> integr\u00e1lt megk\u00f6zel\u00edt\u00e9st ig\u00e9nyel, amely k\u00e9pes \u00f6tv\u00f6zni <strong>kreativit\u00e1st\u00f3l<\/strong>, <strong>a helyismeretet<\/strong> \u00e9s <strong>logisztikai pontoss\u00e1got<\/strong>. K\u00f6sz\u00f6nhet\u0151en a <a href=\"https:\/\/chiarabevents.com\/hu\/\">Chiara Events<\/a>, nyugodtan \u00e9lvezheti az esem\u00e9ny minden f\u00e1zis\u00e1t, tudva, hogy egy megb\u00edzhat\u00f3 \u00e9s profi partner \u00e1ll rendelkez\u00e9s\u00e9re, aki az \u00f6tleteit felejthetetlen \u00e9lm\u00e9nny\u00e9 alak\u00edtja. A koncepci\u00f3 meghat\u00e1roz\u00e1s\u00e1t\u00f3l a d\u00edszlet kialak\u00edt\u00e1s\u00e1ig, a gasztron\u00f3miai \u00fatt\u00f3l a sz\u00f3rakoztat\u00e1sig minden r\u00e9szlet gondosan kidolgozott, hogy leny\u0171g\u00f6zz\u00f6n \u00e9s \u00e9rzelmeket v\u00e1ltson ki.<\/p>\n<h2>GYIK \u2013 Priv\u00e1t esem\u00e9ny Agrigent\u00f3ban<\/h2>\n<p><strong>1. Mennyi id\u0151vel el\u0151tte kell elkezdenem a felk\u00e9sz\u00fcl\u00e9st egy priv\u00e1t esem\u00e9nyre Agrigent\u00f3ban?<\/strong><br \/>\nEgy \u00f6sszetett esem\u00e9ny eset\u00e9n egy kiv\u00e9teles helysz\u00ednen legal\u00e1bb <strong>3\u20134 h\u00f3nappal<\/strong> el\u0151re \u00e9rdemes tervezni. Egyszer\u0171bb megold\u00e1sokn\u00e1l <strong>6\u20138 h\u00e9t<\/strong> is elegend\u0151 lehet, felt\u00e9ve, hogy azonnal meghat\u00e1rozzuk a koncepci\u00f3t \u00e9s a k\u00f6lts\u00e9gvet\u00e9st.<\/p>\n<p><strong>2. Teljesen testre szabhatom az esem\u00e9ny t\u00e9m\u00e1j\u00e1t?<\/strong><br \/>\nTerm\u00e9szetesen igen. Minden r\u00e9szlet \u2013 a sz\u00f6vetek sz\u00edneit\u0151l az \u00fcdv\u00f6zl\u0151 italokon \u00e1t a grafikai anyagokig \u00e9s a sz\u00f3rakoztat\u00f3 programokig \u2013 szem\u00e9lyre szabottan k\u00e9sz\u00fcl el sz\u00e1modra.<\/p>\n<p><strong>3. Milyen megold\u00e1sokat k\u00edn\u00e1lnak rossz id\u0151 eset\u00e9n?<\/strong><br \/>\nEleg\u00e1ns s\u00e1torszerkezeteken t\u00fal az esem\u00e9nyt \u00e1t tudjuk helyezni bels\u0151, exkluz\u00edv termekbe vagy l\u00e9gkondicion\u00e1lt vill\u00e1kba, biztos\u00edtva ugyanazt a hangulatot dedik\u00e1lt vil\u00e1g\u00edt\u00e1si \u00e9s d\u00edszlettervez\u00e9si projektekkel.<\/p>\n<p><strong>4. Lehets\u00e9ges alacsony k\u00f6lts\u00e9gvet\u00e9ssel is st\u00edlusosan megoldani?<\/strong><br \/>\nTerm\u00e9szetesen. Helyi besz\u00e1ll\u00edt\u00f3h\u00e1l\u00f3zatunknak \u00e9s modul\u00e1ris megold\u00e1sainknak k\u00f6sz\u00f6nhet\u0151en optimaliz\u00e1lni tudjuk a k\u00f6lts\u00e9geket okos anyagokkal \u00e9s kreat\u00edv \u00f6tletekkel, mindig magas min\u0151s\u00e9gi szinten.<\/p>\n<p><strong>5. Hogyan k\u00e9rhetek szem\u00e9lyre szabott \u00e1raj\u00e1nlatot?<\/strong><br \/>\nL\u00e1togasson el a \u201cKapcsolat\u201d oldalra <a href=\"https:\/\/chiarabevents.com\/hu\/\">Chiara Events<\/a>, t\u00f6ltsd ki az online \u0171rlapot, vagy h\u00edvd k\u00f6zvetlen\u00fcl: 24 \u00f3r\u00e1n bel\u00fcl r\u00e9szletes \u00e9s k\u00f6telezetts\u00e9gmentes aj\u00e1nlattal keres\u00fcnk vissza.<\/p>","protected":false},"featured_media":33178,"template":"","class_list":["post-33177","event-planner","type-event-planner","status-publish","has-post-thumbnail","hentry"],"yoast_head":"<!-- This site is optimized with the Yoast SEO Premium plugin v21.8 (Yoast SEO v27.3) - https:\/\/yoast.com\/product\/yoast-seo-premium-wordpress\/ -->\n<title>Evento privato ad Agrigento: soluzioni ChiaraB Events Wedding Planner<\/title>\n<meta name=\"description\" content=\"Scopri le migliori soluzioni per Evento privato ad Agrigento. Con ChiaraB Events ogni evento diventa unico e indimenticabile.\" \/>\n<meta name=\"robots\" content=\"index, follow, max-snippet:-1, max-image-preview:large, max-video-preview:-1\" \/>\n<link rel=\"canonical\" href=\"https:\/\/chiarabevents.com\/hu\/esemenyszervezo\/privat-esemenyek-agrigentoban-hogyan-szervezzunk-kulonleges-bulit\/\" \/>\n<meta property=\"og:locale\" content=\"hu_HU\" \/>\n<meta property=\"og:type\" content=\"article\" \/>\n<meta property=\"og:title\" content=\"Eventi privati ad Agrigento: come organizzare una festa speciale\" \/>\n<meta property=\"og:description\" content=\"Scopri le migliori soluzioni per Evento privato ad Agrigento. Con ChiaraB Events ogni evento diventa unico e indimenticabile.\" \/>\n<meta property=\"og:url\" content=\"https:\/\/chiarabevents.com\/hu\/esemenyszervezo\/privat-esemenyek-agrigentoban-hogyan-szervezzunk-kulonleges-bulit\/\" \/>\n<meta property=\"og:site_name\" content=\"ChiaraB Events Wedding Planner\" \/>\n<meta property=\"article:publisher\" content=\"https:\/\/www.facebook.com\/chiarabevent\" \/>\n<meta property=\"og:image\" content=\"https:\/\/chiarabevents.com\/wp-content\/uploads\/2025\/06\/984-1-8.jpg\" \/>\n\t<meta property=\"og:image:width\" content=\"1500\" \/>\n\t<meta property=\"og:image:height\" content=\"1000\" \/>\n\t<meta property=\"og:image:type\" content=\"image\/jpeg\" \/>\n<meta name=\"twitter:card\" content=\"summary_large_image\" \/>\n<meta name=\"twitter:label1\" content=\"Est. reading time\" \/>\n\t<meta name=\"twitter:data1\" content=\"9 minutes\" \/>\n<script type=\"application\/ld+json\" class=\"yoast-schema-graph\">{\"@context\":\"https:\\\/\\\/schema.org\",\"@graph\":[{\"@type\":\"WebPage\",\"@id\":\"https:\\\/\\\/chiarabevents.com\\\/event-planner\\\/evento-privato-ad-agrigento\\\/\",\"url\":\"https:\\\/\\\/chiarabevents.com\\\/event-planner\\\/evento-privato-ad-agrigento\\\/\",\"name\":\"Evento privato ad Agrigento: soluzioni ChiaraB Events Wedding Planner\",\"isPartOf\":{\"@id\":\"https:\\\/\\\/chiarabevents.com\\\/#website\"},\"primaryImageOfPage\":{\"@id\":\"https:\\\/\\\/chiarabevents.com\\\/event-planner\\\/evento-privato-ad-agrigento\\\/#primaryimage\"},\"image\":{\"@id\":\"https:\\\/\\\/chiarabevents.com\\\/event-planner\\\/evento-privato-ad-agrigento\\\/#primaryimage\"},\"thumbnailUrl\":\"https:\\\/\\\/chiarabevents.com\\\/wp-content\\\/uploads\\\/2025\\\/06\\\/984-1-8.jpg\",\"datePublished\":\"2025-06-26T14:05:59+00:00\",\"description\":\"Scopri le migliori soluzioni per Evento privato ad Agrigento. Con ChiaraB Events ogni evento diventa unico e indimenticabile.\",\"breadcrumb\":{\"@id\":\"https:\\\/\\\/chiarabevents.com\\\/event-planner\\\/evento-privato-ad-agrigento\\\/#breadcrumb\"},\"inLanguage\":\"hu-HU\",\"potentialAction\":[{\"@type\":\"ReadAction\",\"target\":[\"https:\\\/\\\/chiarabevents.com\\\/event-planner\\\/evento-privato-ad-agrigento\\\/\"]}]},{\"@type\":\"ImageObject\",\"inLanguage\":\"hu-HU\",\"@id\":\"https:\\\/\\\/chiarabevents.com\\\/event-planner\\\/evento-privato-ad-agrigento\\\/#primaryimage\",\"url\":\"https:\\\/\\\/chiarabevents.com\\\/wp-content\\\/uploads\\\/2025\\\/06\\\/984-1-8.jpg\",\"contentUrl\":\"https:\\\/\\\/chiarabevents.com\\\/wp-content\\\/uploads\\\/2025\\\/06\\\/984-1-8.jpg\",\"width\":1500,\"height\":1000,\"caption\":\"Evento privato ad Agrigento\"},{\"@type\":\"BreadcrumbList\",\"@id\":\"https:\\\/\\\/chiarabevents.com\\\/event-planner\\\/evento-privato-ad-agrigento\\\/#breadcrumb\",\"itemListElement\":[{\"@type\":\"ListItem\",\"position\":1,\"name\":\"Home\",\"item\":\"https:\\\/\\\/chiarabevents.com\\\/\"},{\"@type\":\"ListItem\",\"position\":2,\"name\":\"Eventi privati ad Agrigento: come organizzare una festa speciale\"}]},{\"@type\":\"WebSite\",\"@id\":\"https:\\\/\\\/chiarabevents.com\\\/#website\",\"url\":\"https:\\\/\\\/chiarabevents.com\\\/\",\"name\":\"ChiaraB Events Wedding Planner\",\"description\":\"Un meraviglioso percorso fatto insieme\",\"publisher\":{\"@id\":\"https:\\\/\\\/chiarabevents.com\\\/#organization\"},\"potentialAction\":[{\"@type\":\"SearchAction\",\"target\":{\"@type\":\"EntryPoint\",\"urlTemplate\":\"https:\\\/\\\/chiarabevents.com\\\/?s={search_term_string}\"},\"query-input\":{\"@type\":\"PropertyValueSpecification\",\"valueRequired\":true,\"valueName\":\"search_term_string\"}}],\"inLanguage\":\"hu-HU\"},{\"@type\":\"Organization\",\"@id\":\"https:\\\/\\\/chiarabevents.com\\\/#organization\",\"name\":\"ChiaraB Events Wedding Planner\",\"url\":\"https:\\\/\\\/chiarabevents.com\\\/\",\"logo\":{\"@type\":\"ImageObject\",\"inLanguage\":\"hu-HU\",\"@id\":\"https:\\\/\\\/chiarabevents.com\\\/#\\\/schema\\\/logo\\\/image\\\/\",\"url\":\"https:\\\/\\\/chiarabevents.com\\\/wp-content\\\/uploads\\\/2023\\\/12\\\/cropped-Monogramma_chiarab.png\",\"contentUrl\":\"https:\\\/\\\/chiarabevents.com\\\/wp-content\\\/uploads\\\/2023\\\/12\\\/cropped-Monogramma_chiarab.png\",\"width\":512,\"height\":512,\"caption\":\"ChiaraB Events Wedding Planner\"},\"image\":{\"@id\":\"https:\\\/\\\/chiarabevents.com\\\/#\\\/schema\\\/logo\\\/image\\\/\"},\"sameAs\":[\"https:\\\/\\\/www.facebook.com\\\/chiarabevent\",\"https:\\\/\\\/www.instagram.com\\\/chiarab_events\\\/\"]}]}<\/script>\n<!-- \/ Yoast SEO Premium plugin. -->","yoast_head_json":{"title":"Priv\u00e1t esem\u00e9ny Agrigent\u00f3ban: ChiaraB Events Wedding Planner megold\u00e1sok","description":"Fedezze fel a legjobb megold\u00e1sokat a Priv\u00e1t esem\u00e9ny Agrigent\u00f3ban t\u00e9m\u00e1hoz. A ChiaraB Events seg\u00edts\u00e9g\u00e9vel minden esem\u00e9ny egyedi \u00e9s felejthetetlen lesz.","robots":{"index":"index","follow":"follow","max-snippet":"max-snippet:-1","max-image-preview":"max-image-preview:large","max-video-preview":"max-video-preview:-1"},"canonical":"https:\/\/chiarabevents.com\/hu\/esemenyszervezo\/privat-esemenyek-agrigentoban-hogyan-szervezzunk-kulonleges-bulit\/","og_locale":"hu_HU","og_type":"article","og_title":"Eventi privati ad Agrigento: come organizzare una festa speciale","og_description":"Scopri le migliori soluzioni per Evento privato ad Agrigento. Con ChiaraB Events ogni evento diventa unico e indimenticabile.","og_url":"https:\/\/chiarabevents.com\/hu\/esemenyszervezo\/privat-esemenyek-agrigentoban-hogyan-szervezzunk-kulonleges-bulit\/","og_site_name":"ChiaraB Events Wedding Planner","article_publisher":"https:\/\/www.facebook.com\/chiarabevent","og_image":[{"width":1500,"height":1000,"url":"https:\/\/chiarabevents.com\/wp-content\/uploads\/2025\/06\/984-1-8.jpg","type":"image\/jpeg"}],"twitter_card":"summary_large_image","twitter_misc":{"Est. reading time":"9 minutes"},"schema":{"@context":"https:\/\/schema.org","@graph":[{"@type":"WebPage","@id":"https:\/\/chiarabevents.com\/event-planner\/evento-privato-ad-agrigento\/","url":"https:\/\/chiarabevents.com\/event-planner\/evento-privato-ad-agrigento\/","name":"Priv\u00e1t esem\u00e9ny Agrigent\u00f3ban: ChiaraB Events Wedding Planner megold\u00e1sok","isPartOf":{"@id":"https:\/\/chiarabevents.com\/#website"},"primaryImageOfPage":{"@id":"https:\/\/chiarabevents.com\/event-planner\/evento-privato-ad-agrigento\/#primaryimage"},"image":{"@id":"https:\/\/chiarabevents.com\/event-planner\/evento-privato-ad-agrigento\/#primaryimage"},"thumbnailUrl":"https:\/\/chiarabevents.com\/wp-content\/uploads\/2025\/06\/984-1-8.jpg","datePublished":"2025-06-26T14:05:59+00:00","description":"Fedezze fel a legjobb megold\u00e1sokat a Priv\u00e1t esem\u00e9ny Agrigent\u00f3ban t\u00e9m\u00e1hoz. A ChiaraB Events seg\u00edts\u00e9g\u00e9vel minden esem\u00e9ny egyedi \u00e9s felejthetetlen lesz.","breadcrumb":{"@id":"https:\/\/chiarabevents.com\/event-planner\/evento-privato-ad-agrigento\/#breadcrumb"},"inLanguage":"hu-HU","potentialAction":[{"@type":"ReadAction","target":["https:\/\/chiarabevents.com\/event-planner\/evento-privato-ad-agrigento\/"]}]},{"@type":"ImageObject","inLanguage":"hu-HU","@id":"https:\/\/chiarabevents.com\/event-planner\/evento-privato-ad-agrigento\/#primaryimage","url":"https:\/\/chiarabevents.com\/wp-content\/uploads\/2025\/06\/984-1-8.jpg","contentUrl":"https:\/\/chiarabevents.com\/wp-content\/uploads\/2025\/06\/984-1-8.jpg","width":1500,"height":1000,"caption":"Evento privato ad Agrigento"},{"@type":"BreadcrumbList","@id":"https:\/\/chiarabevents.com\/event-planner\/evento-privato-ad-agrigento\/#breadcrumb","itemListElement":[{"@type":"ListItem","position":1,"name":"Home","item":"https:\/\/chiarabevents.com\/"},{"@type":"ListItem","position":2,"name":"Eventi privati ad Agrigento: come organizzare una festa speciale"}]},{"@type":"WebSite","@id":"https:\/\/chiarabevents.com\/#website","url":"https:\/\/chiarabevents.com\/","name":"ChiaraB Esem\u00e9nyek Esk\u00fcv\u0151szervez\u0151","description":"Egy csod\u00e1latos \u00fat egy\u00fctt megt\u00e9ve","publisher":{"@id":"https:\/\/chiarabevents.com\/#organization"},"potentialAction":[{"@type":"SearchAction","target":{"@type":"EntryPoint","urlTemplate":"https:\/\/chiarabevents.com\/?s={search_term_string}"},"query-input":{"@type":"PropertyValueSpecification","valueRequired":true,"valueName":"search_term_string"}}],"inLanguage":"hu-HU"},{"@type":"Organization","@id":"https:\/\/chiarabevents.com\/#organization","name":"ChiaraB Esem\u00e9nyek Esk\u00fcv\u0151szervez\u0151","url":"https:\/\/chiarabevents.com\/","logo":{"@type":"ImageObject","inLanguage":"hu-HU","@id":"https:\/\/chiarabevents.com\/#\/schema\/logo\/image\/","url":"https:\/\/chiarabevents.com\/wp-content\/uploads\/2023\/12\/cropped-Monogramma_chiarab.png","contentUrl":"https:\/\/chiarabevents.com\/wp-content\/uploads\/2023\/12\/cropped-Monogramma_chiarab.png","width":512,"height":512,"caption":"ChiaraB Events Wedding Planner"},"image":{"@id":"https:\/\/chiarabevents.com\/#\/schema\/logo\/image\/"},"sameAs":["https:\/\/www.facebook.com\/chiarabevent","https:\/\/www.instagram.com\/chiarab_events\/"]}]}},"_links":{"self":[{"href":"https:\/\/chiarabevents.com\/hu\/wp-json\/wp\/v2\/event-planner\/33177","targetHints":{"allow":["GET"]}}],"collection":[{"href":"https:\/\/chiarabevents.com\/hu\/wp-json\/wp\/v2\/event-planner"}],"about":[{"href":"https:\/\/chiarabevents.com\/hu\/wp-json\/wp\/v2\/types\/event-planner"}],"wp:featuredmedia":[{"embeddable":true,"href":"https:\/\/chiarabevents.com\/hu\/wp-json\/wp\/v2\/media\/33178"}],"wp:attachment":[{"href":"https:\/\/chiarabevents.com\/hu\/wp-json\/wp\/v2\/media?parent=33177"}],"curies":[{"name":"wp","href":"https:\/\/api.w.org\/{rel}","templated":true}]}}