{"id":33181,"date":"2025-06-26T16:13:43","date_gmt":"2025-06-26T14:13:43","guid":{"rendered":"https:\/\/chiarabevents.com\/?post_type=event-planner&#038;p=33181"},"modified":"2025-06-26T16:13:43","modified_gmt":"2025-06-26T14:13:43","slug":"rendezvenyszervezo-portofinoban-privat-partik-es-exkluziv-esemenyek","status":"publish","type":"event-planner","link":"https:\/\/chiarabevents.com\/hu\/esemenyszervezo\/rendezvenyszervezo-portofinoban-privat-partik-es-exkluziv-esemenyek\/","title":{"rendered":"Rendezv\u00e9nyszervez\u0151 Portofin\u00f3ban: priv\u00e1t partik \u00e9s exkluz\u00edv esem\u00e9nyek"},"content":{"rendered":"<h2>Bevezet\u00e9s<\/h2>\n<p>Egy <strong>esem\u00e9nyszervez\u0151 Portofin\u00f3ban<\/strong> azt jelenti, hogy egy k\u00fcl\u00f6nleges alkalmat exkluz\u00edv esem\u00e9nny\u00e9 alak\u00edtunk, amely k\u00e9pes \u00f6tv\u00f6zni <strong>elegancia<\/strong>, <strong>olasz st\u00edlust<\/strong> \u00e9s <strong>mediterr\u00e1n hangulatot<\/strong>. Ez a liguriai falu, amely h\u00edres luxusjachtjair\u00f3l, pasztellsz\u00edn\u0171 vill\u00e1ir\u00f3l, amelyek a m\u00f3l\u00f3ra n\u00e9znek, \u00e9s a krist\u00e1lytiszta tengerbe mer\u00fcl\u0151 szikl\u00e1s partjair\u00f3l, t\u00f6k\u00e9letes h\u00e1tteret ny\u00fajt felejthetetlen priv\u00e1t partikhoz, \u00e1lomszer\u0171 esk\u00fcv\u0151kh\u00f6z vagy nagyszab\u00e1s\u00fa v\u00e1llalati esem\u00e9nyekhez. A tapasztalatnak k\u00f6sz\u00f6nhet\u0151en <strong>ChiaraB Esem\u00e9nyek<\/strong> (<a href=\"https:\/\/chiarabevents.com\/hu\/\">https:\/\/chiarabevents.com\/<\/a>), a szervez\u00e9s minden f\u00e1zis\u00e1t \u2013 a legelb\u0171v\u00f6l\u0151bb helysz\u00ednek kiv\u00e1laszt\u00e1s\u00e1t\u00f3l a szem\u00e9lyre szabott dekor\u00e1ci\u00f3kon \u00e1t a helysz\u00edni koordin\u00e1ci\u00f3ig \u2013 apr\u00f3l\u00e9kosan kidolgozz\u00e1k, hogy hib\u00e1tlan eredm\u00e9nyt ny\u00fajtsanak.<\/p>\n<h2>Portofino: a tenger gy\u00f6ngyszem\u00e9nek var\u00e1zsa<\/h2>\n<p>Portofino nem csup\u00e1n egy elit turisztikai c\u00e9lpont, hanem egy hely, ahol <strong>t\u00f6rt\u00e9nelmet<\/strong>, <strong>natura<\/strong> \u00e9s <strong>ikonikus helysz\u00ednek<\/strong> tal\u00e1lkoznak. A kis t\u00e9rre n\u00e9z\u0151 nemesi rezidenci\u00e1k, a szirtre \u00e9p\u00fclt San Giorgio-templom \u00e9s a citromf\u00e1kkal szeg\u00e9lyezett sik\u00e1torok ritka sz\u00e9ps\u00e9g\u0171 \u00f6r\u00f6ks\u00e9get alkotnak. Egy esem\u00e9ny megszervez\u00e9se itt azt jelenti, hogy vend\u00e9geit egy kifinomult exkluzivit\u00e1s l\u00e9gk\u00f6r\u00e9be mer\u00edtj\u00fck. Legyen sz\u00f3 egy esti kokt\u00e9loz\u00e1sr\u00f3l egy panor\u00e1m\u00e1s teraszon vagy egy form\u00e1lis vacsor\u00e1r\u00f3l egy r\u00e9gi, kik\u00f6t\u0151re n\u00e9z\u0151 vill\u00e1ban, minden helysz\u00edn egy olyan hely t\u00f6rt\u00e9net\u00e9t mes\u00e9li el, amelyet m\u0171v\u00e9szek, sz\u00edn\u00e9szek \u00e9s kir\u00e1lyi szem\u00e9lyek egyar\u00e1nt szeretnek vil\u00e1gszerte.<\/p>\n<h2>A t\u00f6k\u00e9letes helysz\u00edn kiv\u00e1laszt\u00e1sa<\/h2>\n<p>Az els\u0151 l\u00e9p\u00e9s egy sikeres esem\u00e9nyhez az ide\u00e1lis helysz\u00edn megtal\u00e1l\u00e1sa. Portofin\u00f3ban a lehet\u0151s\u00e9gek a <strong>k\u00f6z\u00e9pkori kast\u00e9lyt\u00f3l<\/strong> a tenger f\u00f6l\u00e9 magasod\u00f3 exkluz\u00edv teraszokig terjednek, mag\u00e1njachtokon \u00e9s a mediterr\u00e1n boz\u00f3tban rejt\u0151z\u0151 titkos kerteken \u00e1t. A ChiaraB Events szem\u00e9lyre szabott helysz\u00edni bej\u00e1r\u00e1sokat vezet, figyelembe v\u00e9ve a hozz\u00e1f\u00e9rhet\u0151s\u00e9get, a t\u00e9r intimit\u00e1s\u00e1t \u00e9s a d\u00edszlet lehet\u0151s\u00e9geit. A t\u00f6rt\u00e9nelmi villa szabadt\u00e9ri b\u00e1lteremm\u00e9 v\u00e1lhat, a szirt akusztikus koncert sz\u00ednpad\u00e1v\u00e1, m\u00edg a m\u00f3l\u00f3 alkonyati fogad\u00e1s helysz\u00edn\u00e9v\u00e9, l\u00e1gy f\u00e9nyekkel \u00e9s a sz\u00e9lben lengedez\u0151 feh\u00e9r ter\u00edt\u0151kkel. Minden esetben a c\u00e9l egy olyan helysz\u00edn biztos\u00edt\u00e1sa, amely kiemeli Portofino egyedis\u00e9g\u00e9t \u00e9s a szervez\u0151 v\u00edzi\u00f3j\u00e1t.<\/p>\n<h2>Egyedi koncepci\u00f3 megtervez\u00e9se<\/h2>\n<p>Minden esem\u00e9nynek t\u00fckr\u00f6znie kell a megb\u00edz\u00f3 szem\u00e9lyis\u00e9g\u00e9t \u00e9s sz\u00f3lnia kell a vend\u00e9gek sz\u00edv\u00e9hez. Ez\u00e9rt a ChiaraB Events egy <strong>kreat\u00edv koncepci\u00f3<\/strong> koncepci\u00f3t fejleszt ki, amely egyes\u00edti Portofino ikonikus elemeit \u2013 mint a tengerparti feny\u0151k m\u00e9ly z\u00f6ldj\u00e9t, a kik\u00f6t\u0151 pasztellsz\u00edn\u0171 h\u00e1zait \u00e9s a m\u00e9ly k\u00e9k vizet \u2013 szem\u00e9lyre szabott r\u00e9szletekkel: m\u00e1rk\u00e1zott aj\u00e1nd\u00e9kt\u00e1rgyakkal, egyedi sz\u00ednpalett\u00e1kkal \u00e9s helyi \u00f6r\u00f6ks\u00e9gre utal\u00f3 grafikai elemekkel. Digit\u00e1lis hangulat t\u00e1bl\u00e1k \u00e9s 3D l\u00e1tv\u00e1nytervek seg\u00edts\u00e9g\u00e9vel az \u00fcgyf\u00e9l el\u0151re megtekintheti az \u00f6sszes r\u00e9szletet, az asztalok elrendez\u00e9s\u00e9t\u0151l a vil\u00e1g\u00edt\u00e1s elhelyez\u00e9s\u00e9ig, \u00e9s egy\u00fcttm\u0171k\u00f6dve alak\u00edthatja a v\u00e9gs\u0151 eredm\u00e9nyt.<\/p>\n<h2>Dekor\u00e1ci\u00f3k \u00e9s \u00e9rz\u00e9kszervi \u00e9lm\u00e9nyek<\/h2>\n<p>A dekor\u00e1ci\u00f3 az \u00e9rzelmi \u00e9lm\u00e9ny sz\u00edve. Portofin\u00f3ban term\u00e9szetes anyagokat r\u00e9szes\u00edtenek el\u0151nyben, luxus \u00e9rint\u00e9sekkel kombin\u00e1lva: len- \u00e9s selyemsz\u00f6vetek, feh\u00e9r vir\u00e1gokkal \u00e9s citrusokkal d\u00edsz\u00edtett asztald\u00edszek, f\u00fajt \u00fcvegl\u00e1mp\u00e1sok, tengeri illat\u00fa gyerty\u00e1k. A vil\u00e1g\u00edt\u00e1s alapvet\u0151 szerepet j\u00e1tszik, kiemelve a t\u00f6rt\u00e9nelmi \u00e9p\u00fcleteket \u00e9s f\u00e9nyutakat teremtve a szikl\u00e1k \u00e9s kertek k\u00f6z\u00f6tt. \u00c9l\u0151 hanginstall\u00e1ci\u00f3k, mint egy von\u00f3sn\u00e9gyes vacsora k\u00f6zben vagy egy szaxofonos naplementekor, egyed\u00fcl\u00e1ll\u00f3 intenzit\u00e1ssal gazdag\u00edtj\u00e1k a hangulatot. Alternat\u00edvak\u00e9nt egy lounge st\u00edlus\u00fa DJ szett k\u00eds\u00e9rheti az after-dinnert, val\u00f3di \u00e9jszakai esem\u00e9nny\u00e9 alak\u00edtva a partit.<\/p>\n<h2>Gasztron\u00f3miai \u00fatvonal<\/h2>\n<p>Az olasz konyha abszol\u00fat f\u0151szerepl\u0151 minden ChiaraB Events \u00e1ltal szervezett partin. Portofin\u00f3ban nem hi\u00e1nyozhat a helyi hal\u00e1szati term\u00e9kek tisztelete: tengeri nyers el\u0151\u00e9telek, halfil\u00e9k finom kr\u00e9meken \u00e9s gondosan elk\u00e9sz\u00edtett rizott\u00f3k. Az apr\u00f3 falatok gourmet m\u00f3don \u00e9rtelmezik a ligur specialit\u00e1sokat, mint a Cantabrico szard\u00ednia friss burrat\u00e1val vagy az aranybarna f\u00f3k\u00e1k arom\u00e1s gy\u00f3gyn\u00f6v\u00e9nyekkel. A nagy fin\u00e1l\u00e9 desszertjei az olasz \u00e9dess\u00e9gek hagyom\u00e1ny\u00e1t mediterr\u00e1n hat\u00e1sokkal \u00f6tv\u00f6zik, friss gy\u00fcm\u00f6lcstort\u00e1kat, citrusos semifredd\u00f3kat \u00e9s kis habcs\u00f3kokat k\u00edn\u00e1lva. Egy sommelier szak\u00e9rt\u0151kkel kidolgozott borp\u00e1ros\u00edt\u00e1s emeli ki az egyes fog\u00e1sokat, a legjobb region\u00e1lis terroir-okb\u00f3l sz\u00e1rmaz\u00f3 k\u00fcl\u00f6nleges c\u00edmk\u00e9ket v\u00e1lasztva.<\/p>\n<h2>Exkluz\u00edv sz\u00f3rakoztat\u00e1s<\/h2>\n<p>A vend\u00e9gek bevon\u00e1sa val\u00f3di meglepet\u00e9seket teremt: egy heged\u0171m\u0171v\u00e9sz, aki egy evez\u0151s cs\u00f3nakb\u00f3l l\u00e9p el\u0151 az aperitif alatt, egy flash mob a kis t\u00e9ren vagy egy \u00e9l\u0151 festm\u00e9ny el\u0151ad\u00e1s a Golfo panor\u00e1m\u00e1j\u00e1val. A ChiaraB Events profi m\u0171v\u00e9szeket, sz\u00edn\u00e9szeket \u00e9s el\u0151ad\u00f3kat koordin\u00e1l, az esem\u00e9ny szellem\u00e9hez \u00e9s a portofin\u00f3i k\u00f6rnyezethez ill\u0151 aj\u00e1nlatokat v\u00e1lasztva. A dinamikusabbak sz\u00e1m\u00e1ra szabadt\u00e9ri \u00e9lm\u00e9nyeket is szerveznek, mint cs\u00f3nakos kir\u00e1ndul\u00e1sok rejtett \u00f6bl\u00f6kbe vagy vitorl\u00e1s t\u00far\u00e1k, helyi olaj- \u00e9s bor k\u00f3stol\u00f3kkal k\u00eds\u00e9rve. Ezek az aktivit\u00e1sok csapat\u00e9p\u00edt\u0151 pillanatokk\u00e1 vagy egyszer\u0171 alkalmak\u00e1 v\u00e1lnak a megh\u00edvottak k\u00f6z\u00f6tti k\u00f6tel\u00e9k meger\u0151s\u00edt\u00e9s\u00e9re.<\/p>\n<h2>Koordin\u00e1ci\u00f3 \u00e9s logisztikai menedzsment<\/h2>\n<p>Minden t\u00f6k\u00e9letes parti m\u00f6g\u00f6tt apr\u00f3l\u00e9kos szervez\u00e9s \u00e1ll. A ChiaraB Events minden gyakorlati r\u00e9szlettel foglalkozik: a k\u00f6zter\u00fcletek elfoglal\u00e1s\u00e1hoz sz\u00fcks\u00e9ges \u00f6nkorm\u00e1nyzati enged\u00e9lyek beszerz\u00e9s\u00e9t\u0151l a sz\u00e1ll\u00edt\u00e1sok \u00e9s priv\u00e1t parkol\u00f3k kezel\u00e9s\u00e9n \u00e1t a biztons\u00e1gi \u00e9s szem\u00e9lyzeti koordin\u00e1ci\u00f3ig. Egy r\u00e9szletes \u00fctemterv hat\u00e1rozza meg a fel\u00e1ll\u00edt\u00e1s \u00e9s bont\u00e1s id\u0151pontjait, mik\u00f6zben egy dedik\u00e1lt csapat val\u00f3s id\u0151ben k\u00f6veti a folyamatokat, k\u00e9szen \u00e1llva az esetleges v\u00e1ratlan helyzetek kezel\u00e9s\u00e9re. Egyetlen esem\u00e9nymenedzser jelenl\u00e9te folyamatos kapcsolattart\u00e1si pontot biztos\u00edt az \u00fcgyf\u00e9l sz\u00e1m\u00e1ra, \u00edgy az eg\u00e9sz \u00e9lm\u00e9ny nyugodt \u00e9s stresszmentes lesz.<\/p>\n<h2>Fenntarthat\u00f3s\u00e1g \u00e9s t\u00e1rsadalmi felel\u0151ss\u00e9gv\u00e1llal\u00e1s<\/h2>\n<p>Portofin\u00f3t v\u00e9deni kell, \u00e9s minden ChiaraB Events \u00e1ltal szervezett esem\u00e9ny fenntarthat\u00f3s\u00e1gi szempontokat tart szem el\u0151tt. Biol\u00f3giailag leboml\u00f3 t\u00e1ny\u00e9rok haszn\u00e1lata, helyi besz\u00e1ll\u00edt\u00f3k alkalmaz\u00e1sa a sz\u00e1ll\u00edt\u00e1si kibocs\u00e1t\u00e1sok cs\u00f6kkent\u00e9se \u00e9rdek\u00e9ben, valamint a hullad\u00e9k gondos kezel\u00e9se az etikus megk\u00f6zel\u00edt\u00e9s r\u00e9sze. Emellett lehets\u00e9ges k\u00f6rnyezetv\u00e9delmi projektek t\u00e1mogat\u00e1sa vagy helyi civil szervezetek bevon\u00e1sa, \u00edgy a parti j\u00f3t\u00e9konys\u00e1gi \u00e9s a Portofino kultur\u00e1lis \u00e9s term\u00e9szeti \u00f6r\u00f6ks\u00e9ge ir\u00e1nti figyelem kifejez\u0151d\u00e9se lesz.<\/p>\n<h2>\u00d6sszegz\u00e9s \u2013 esem\u00e9nyszervez\u0151 Portofin\u00f3ban<\/h2>\n<p>Egy <strong>esem\u00e9nyszervez\u0151 Portofin\u00f3ban<\/strong> ahogyan a ChiaraB Events egy olyan val\u00f3s\u00e1gra b\u00edzza mag\u00e1t, amely \u00f6sszekapcsolja <strong>kreativit\u00e1st\u00f3l<\/strong>, <strong>szak\u00e9rtelemmel<\/strong> \u00e9s <strong>a helyismeretet<\/strong> priv\u00e1t partik \u00e9s exkluz\u00edv, kiemelked\u0151 esem\u00e9nyek megval\u00f3s\u00edt\u00e1s\u00e1t. A legelb\u0171v\u00f6l\u0151bb helysz\u00ednek kiv\u00e1laszt\u00e1s\u00e1t\u00f3l a szem\u00e9lyre szabott dekor\u00e1ci\u00f3kon \u00e1t a kiv\u00e1l\u00f3 gasztron\u00f3miai \u00e9lm\u00e9nyig \u00e9s a testreszabott sz\u00f3rakoztat\u00e1sig, a projekt minden szakasz\u00e1t szenved\u00e9llyel \u00e9s precizit\u00e1ssal kezelik. Ha szeretn\u00e9d, hogy a k\u00f6vetkez\u0151 esem\u00e9nyed eredetis\u00e9g\u00e9vel \u00e9s kifog\u00e1stalan min\u0151s\u00e9g\u00e9vel eml\u00e9kezetes legyen, l\u00e1togass el <a href=\"https:\/\/chiarabevents.com\/hu\/\">ChiaraB Esem\u00e9nyek<\/a> \u00e9s fedezd fel, hogyan alak\u00edthatod \u00e1t \u00f6tleteidet felejthetetlen \u00e9lm\u00e9nny\u00e9.<\/p>","protected":false},"featured_media":33182,"template":"","class_list":["post-33181","event-planner","type-event-planner","status-publish","has-post-thumbnail","hentry"],"yoast_head":"<!-- This site is optimized with the Yoast SEO Premium plugin v21.8 (Yoast SEO v27.3) - https:\/\/yoast.com\/product\/yoast-seo-premium-wordpress\/ -->\n<title>Event planner a Portofino: feste private ChiaraB Events Wedding Planner<\/title>\n<meta name=\"description\" content=\"Sogni un Event planner a Portofino? Affidati a ChiaraB Events per organizzare feste private in una delle localit\u00e0 pi\u00f9 affascinanti.\" \/>\n<meta name=\"robots\" content=\"index, follow, max-snippet:-1, max-image-preview:large, max-video-preview:-1\" \/>\n<link rel=\"canonical\" href=\"https:\/\/chiarabevents.com\/hu\/esemenyszervezo\/rendezvenyszervezo-portofinoban-privat-partik-es-exkluziv-esemenyek\/\" \/>\n<meta property=\"og:locale\" content=\"hu_HU\" \/>\n<meta property=\"og:type\" content=\"article\" \/>\n<meta property=\"og:title\" content=\"Event planner a Portofino: feste private ed eventi esclusivi\" \/>\n<meta property=\"og:description\" content=\"Sogni un Event planner a Portofino? Affidati a ChiaraB Events per organizzare feste private in una delle localit\u00e0 pi\u00f9 affascinanti.\" \/>\n<meta property=\"og:url\" content=\"https:\/\/chiarabevents.com\/hu\/esemenyszervezo\/rendezvenyszervezo-portofinoban-privat-partik-es-exkluziv-esemenyek\/\" \/>\n<meta property=\"og:site_name\" content=\"ChiaraB Events Wedding Planner\" \/>\n<meta property=\"article:publisher\" content=\"https:\/\/www.facebook.com\/chiarabevent\" \/>\n<meta property=\"og:image\" content=\"https:\/\/chiarabevents.com\/wp-content\/uploads\/2025\/06\/984-1-9.jpg\" \/>\n\t<meta property=\"og:image:width\" content=\"1500\" \/>\n\t<meta property=\"og:image:height\" content=\"1000\" \/>\n\t<meta property=\"og:image:type\" content=\"image\/jpeg\" \/>\n<meta name=\"twitter:card\" content=\"summary_large_image\" \/>\n<meta name=\"twitter:label1\" content=\"Est. reading time\" \/>\n\t<meta name=\"twitter:data1\" content=\"12 minutes\" \/>\n<script type=\"application\/ld+json\" class=\"yoast-schema-graph\">{\"@context\":\"https:\\\/\\\/schema.org\",\"@graph\":[{\"@type\":\"WebPage\",\"@id\":\"https:\\\/\\\/chiarabevents.com\\\/event-planner\\\/event-planner-a-portofino\\\/\",\"url\":\"https:\\\/\\\/chiarabevents.com\\\/event-planner\\\/event-planner-a-portofino\\\/\",\"name\":\"Event planner a Portofino: feste private ChiaraB Events Wedding Planner\",\"isPartOf\":{\"@id\":\"https:\\\/\\\/chiarabevents.com\\\/#website\"},\"primaryImageOfPage\":{\"@id\":\"https:\\\/\\\/chiarabevents.com\\\/event-planner\\\/event-planner-a-portofino\\\/#primaryimage\"},\"image\":{\"@id\":\"https:\\\/\\\/chiarabevents.com\\\/event-planner\\\/event-planner-a-portofino\\\/#primaryimage\"},\"thumbnailUrl\":\"https:\\\/\\\/chiarabevents.com\\\/wp-content\\\/uploads\\\/2025\\\/06\\\/984-1-9.jpg\",\"datePublished\":\"2025-06-26T14:13:43+00:00\",\"description\":\"Sogni un Event planner a Portofino? Affidati a ChiaraB Events per organizzare feste private in una delle localit\u00e0 pi\u00f9 affascinanti.\",\"breadcrumb\":{\"@id\":\"https:\\\/\\\/chiarabevents.com\\\/event-planner\\\/event-planner-a-portofino\\\/#breadcrumb\"},\"inLanguage\":\"hu-HU\",\"potentialAction\":[{\"@type\":\"ReadAction\",\"target\":[\"https:\\\/\\\/chiarabevents.com\\\/event-planner\\\/event-planner-a-portofino\\\/\"]}]},{\"@type\":\"ImageObject\",\"inLanguage\":\"hu-HU\",\"@id\":\"https:\\\/\\\/chiarabevents.com\\\/event-planner\\\/event-planner-a-portofino\\\/#primaryimage\",\"url\":\"https:\\\/\\\/chiarabevents.com\\\/wp-content\\\/uploads\\\/2025\\\/06\\\/984-1-9.jpg\",\"contentUrl\":\"https:\\\/\\\/chiarabevents.com\\\/wp-content\\\/uploads\\\/2025\\\/06\\\/984-1-9.jpg\",\"width\":1500,\"height\":1000,\"caption\":\"Event planner a Portofino\"},{\"@type\":\"BreadcrumbList\",\"@id\":\"https:\\\/\\\/chiarabevents.com\\\/event-planner\\\/event-planner-a-portofino\\\/#breadcrumb\",\"itemListElement\":[{\"@type\":\"ListItem\",\"position\":1,\"name\":\"Home\",\"item\":\"https:\\\/\\\/chiarabevents.com\\\/\"},{\"@type\":\"ListItem\",\"position\":2,\"name\":\"Event planner a Portofino: feste private ed eventi esclusivi\"}]},{\"@type\":\"WebSite\",\"@id\":\"https:\\\/\\\/chiarabevents.com\\\/#website\",\"url\":\"https:\\\/\\\/chiarabevents.com\\\/\",\"name\":\"ChiaraB Events Wedding Planner\",\"description\":\"Un meraviglioso percorso fatto insieme\",\"publisher\":{\"@id\":\"https:\\\/\\\/chiarabevents.com\\\/#organization\"},\"potentialAction\":[{\"@type\":\"SearchAction\",\"target\":{\"@type\":\"EntryPoint\",\"urlTemplate\":\"https:\\\/\\\/chiarabevents.com\\\/?s={search_term_string}\"},\"query-input\":{\"@type\":\"PropertyValueSpecification\",\"valueRequired\":true,\"valueName\":\"search_term_string\"}}],\"inLanguage\":\"hu-HU\"},{\"@type\":\"Organization\",\"@id\":\"https:\\\/\\\/chiarabevents.com\\\/#organization\",\"name\":\"ChiaraB Events Wedding Planner\",\"url\":\"https:\\\/\\\/chiarabevents.com\\\/\",\"logo\":{\"@type\":\"ImageObject\",\"inLanguage\":\"hu-HU\",\"@id\":\"https:\\\/\\\/chiarabevents.com\\\/#\\\/schema\\\/logo\\\/image\\\/\",\"url\":\"https:\\\/\\\/chiarabevents.com\\\/wp-content\\\/uploads\\\/2023\\\/12\\\/cropped-Monogramma_chiarab.png\",\"contentUrl\":\"https:\\\/\\\/chiarabevents.com\\\/wp-content\\\/uploads\\\/2023\\\/12\\\/cropped-Monogramma_chiarab.png\",\"width\":512,\"height\":512,\"caption\":\"ChiaraB Events Wedding Planner\"},\"image\":{\"@id\":\"https:\\\/\\\/chiarabevents.com\\\/#\\\/schema\\\/logo\\\/image\\\/\"},\"sameAs\":[\"https:\\\/\\\/www.facebook.com\\\/chiarabevent\",\"https:\\\/\\\/www.instagram.com\\\/chiarab_events\\\/\"]}]}<\/script>\n<!-- \/ Yoast SEO Premium plugin. -->","yoast_head_json":{"title":"Esem\u00e9nyszervez\u0151 Portofin\u00f3ban: priv\u00e1t partik ChiaraB Events Esk\u00fcv\u0151szervez\u0151","description":"Egy rendezv\u00e9nyszervez\u0151t keres Portofin\u00f3ban? B\u00edzza a ChiaraB Events-re, hogy priv\u00e1t bulikat szervezzen az egyik legelb\u0171v\u00f6l\u0151bb helysz\u00ednen.","robots":{"index":"index","follow":"follow","max-snippet":"max-snippet:-1","max-image-preview":"max-image-preview:large","max-video-preview":"max-video-preview:-1"},"canonical":"https:\/\/chiarabevents.com\/hu\/esemenyszervezo\/rendezvenyszervezo-portofinoban-privat-partik-es-exkluziv-esemenyek\/","og_locale":"hu_HU","og_type":"article","og_title":"Event planner a Portofino: feste private ed eventi esclusivi","og_description":"Sogni un Event planner a Portofino? Affidati a ChiaraB Events per organizzare feste private in una delle localit\u00e0 pi\u00f9 affascinanti.","og_url":"https:\/\/chiarabevents.com\/hu\/esemenyszervezo\/rendezvenyszervezo-portofinoban-privat-partik-es-exkluziv-esemenyek\/","og_site_name":"ChiaraB Events Wedding Planner","article_publisher":"https:\/\/www.facebook.com\/chiarabevent","og_image":[{"width":1500,"height":1000,"url":"https:\/\/chiarabevents.com\/wp-content\/uploads\/2025\/06\/984-1-9.jpg","type":"image\/jpeg"}],"twitter_card":"summary_large_image","twitter_misc":{"Est. reading time":"12 minutes"},"schema":{"@context":"https:\/\/schema.org","@graph":[{"@type":"WebPage","@id":"https:\/\/chiarabevents.com\/event-planner\/event-planner-a-portofino\/","url":"https:\/\/chiarabevents.com\/event-planner\/event-planner-a-portofino\/","name":"Esem\u00e9nyszervez\u0151 Portofin\u00f3ban: priv\u00e1t partik ChiaraB Events Esk\u00fcv\u0151szervez\u0151","isPartOf":{"@id":"https:\/\/chiarabevents.com\/#website"},"primaryImageOfPage":{"@id":"https:\/\/chiarabevents.com\/event-planner\/event-planner-a-portofino\/#primaryimage"},"image":{"@id":"https:\/\/chiarabevents.com\/event-planner\/event-planner-a-portofino\/#primaryimage"},"thumbnailUrl":"https:\/\/chiarabevents.com\/wp-content\/uploads\/2025\/06\/984-1-9.jpg","datePublished":"2025-06-26T14:13:43+00:00","description":"Egy rendezv\u00e9nyszervez\u0151t keres Portofin\u00f3ban? B\u00edzza a ChiaraB Events-re, hogy priv\u00e1t bulikat szervezzen az egyik legelb\u0171v\u00f6l\u0151bb helysz\u00ednen.","breadcrumb":{"@id":"https:\/\/chiarabevents.com\/event-planner\/event-planner-a-portofino\/#breadcrumb"},"inLanguage":"hu-HU","potentialAction":[{"@type":"ReadAction","target":["https:\/\/chiarabevents.com\/event-planner\/event-planner-a-portofino\/"]}]},{"@type":"ImageObject","inLanguage":"hu-HU","@id":"https:\/\/chiarabevents.com\/event-planner\/event-planner-a-portofino\/#primaryimage","url":"https:\/\/chiarabevents.com\/wp-content\/uploads\/2025\/06\/984-1-9.jpg","contentUrl":"https:\/\/chiarabevents.com\/wp-content\/uploads\/2025\/06\/984-1-9.jpg","width":1500,"height":1000,"caption":"Event planner a Portofino"},{"@type":"BreadcrumbList","@id":"https:\/\/chiarabevents.com\/event-planner\/event-planner-a-portofino\/#breadcrumb","itemListElement":[{"@type":"ListItem","position":1,"name":"Home","item":"https:\/\/chiarabevents.com\/"},{"@type":"ListItem","position":2,"name":"Event planner a Portofino: feste private ed eventi esclusivi"}]},{"@type":"WebSite","@id":"https:\/\/chiarabevents.com\/#website","url":"https:\/\/chiarabevents.com\/","name":"ChiaraB Esem\u00e9nyek Esk\u00fcv\u0151szervez\u0151","description":"Egy csod\u00e1latos \u00fat egy\u00fctt megt\u00e9ve","publisher":{"@id":"https:\/\/chiarabevents.com\/#organization"},"potentialAction":[{"@type":"SearchAction","target":{"@type":"EntryPoint","urlTemplate":"https:\/\/chiarabevents.com\/?s={search_term_string}"},"query-input":{"@type":"PropertyValueSpecification","valueRequired":true,"valueName":"search_term_string"}}],"inLanguage":"hu-HU"},{"@type":"Organization","@id":"https:\/\/chiarabevents.com\/#organization","name":"ChiaraB Esem\u00e9nyek Esk\u00fcv\u0151szervez\u0151","url":"https:\/\/chiarabevents.com\/","logo":{"@type":"ImageObject","inLanguage":"hu-HU","@id":"https:\/\/chiarabevents.com\/#\/schema\/logo\/image\/","url":"https:\/\/chiarabevents.com\/wp-content\/uploads\/2023\/12\/cropped-Monogramma_chiarab.png","contentUrl":"https:\/\/chiarabevents.com\/wp-content\/uploads\/2023\/12\/cropped-Monogramma_chiarab.png","width":512,"height":512,"caption":"ChiaraB Events Wedding Planner"},"image":{"@id":"https:\/\/chiarabevents.com\/#\/schema\/logo\/image\/"},"sameAs":["https:\/\/www.facebook.com\/chiarabevent","https:\/\/www.instagram.com\/chiarab_events\/"]}]}},"_links":{"self":[{"href":"https:\/\/chiarabevents.com\/hu\/wp-json\/wp\/v2\/event-planner\/33181","targetHints":{"allow":["GET"]}}],"collection":[{"href":"https:\/\/chiarabevents.com\/hu\/wp-json\/wp\/v2\/event-planner"}],"about":[{"href":"https:\/\/chiarabevents.com\/hu\/wp-json\/wp\/v2\/types\/event-planner"}],"wp:featuredmedia":[{"embeddable":true,"href":"https:\/\/chiarabevents.com\/hu\/wp-json\/wp\/v2\/media\/33182"}],"wp:attachment":[{"href":"https:\/\/chiarabevents.com\/hu\/wp-json\/wp\/v2\/media?parent=33181"}],"curies":[{"name":"wp","href":"https:\/\/api.w.org\/{rel}","templated":true}]}}