{"id":33187,"date":"2025-06-26T16:22:56","date_gmt":"2025-06-26T14:22:56","guid":{"rendered":"https:\/\/chiarabevents.com\/?post_type=event-planner&#038;p=33187"},"modified":"2025-06-26T16:22:56","modified_gmt":"2025-06-26T14:22:56","slug":"maganrendezvenyek-szervezese-firenzeben-elegancia-es-eredetiseg","status":"publish","type":"event-planner","link":"https:\/\/chiarabevents.com\/hu\/esemenyszervezo\/maganrendezvenyek-szervezese-firenzeben-elegancia-es-eredetiseg\/","title":{"rendered":"Mag\u00e1nrendezv\u00e9nyek szervez\u00e9se Firenz\u00e9ben: elegancia \u00e9s eredetis\u00e9g"},"content":{"rendered":"<h2>Bevezet\u00e9s<\/h2>\n<p>Priv\u00e1t buli Firenz\u00e9ben, a renesz\u00e1nsz palot\u00e1ival, rejtett kolostoraival \u00e9s az Arno foly\u00f3ra n\u00e9z\u0151 teraszaival t\u00f6k\u00e9letes v\u00e1szon egyedi priv\u00e1t partik megalkot\u00e1s\u00e1hoz. Egy <strong>tapasztalt partnerre<\/strong> b\u00edzni magad, mint a ChiaraB Events (<a href=\"https:\/\/chiarabevents.com\/hu\/\">chiarabevents.com<\/a>) azt jelenti, hogy <strong>elegancia<\/strong> \u00e9s <strong>eredetis\u00e9get<\/strong>\u00f6tv\u00f6z\u00f6l, minden v\u00e1rosr\u00e9szletet \u00e9rzelmek sz\u00ednpad\u00e1v\u00e1 alak\u00edtva. Legyen sz\u00f3 egy bens\u0151s\u00e9ges sz\u00fclet\u00e9snapi \u00f6sszej\u00f6vetelr\u0151l bar\u00e1tok k\u00f6z\u00f6tt, egy nagyszab\u00e1s\u00fa \u00e9vfordul\u00f3 meg\u00fcnnepl\u00e9s\u00e9r\u0151l vagy egy eleg\u00e1ns v\u00e1llalati fogad\u00e1sr\u00f3l, a r\u00e9szletek gondos szab\u00e1smunk\u00e1ja igaz\u00e1n eml\u00e9kezetess\u00e9 teszi a priv\u00e1t esem\u00e9nyed Firenz\u00e9ben.<\/p>\n<h2>Firenz\u00e9t elmes\u00e9lni a helysz\u00ednen kereszt\u00fcl<\/h2>\n<p>A k\u00f6z\u00e9pkori sik\u00e1torok sz\u00edv\u00e9ben vagy a v\u00e1rost k\u00f6r\u00fcl\u00f6lel\u0151 panor\u00e1m\u00e1s dombokon Firenze id\u0151tlen b\u00e1jjal rendelkez\u0151 helysz\u00edneket k\u00edn\u00e1l. K\u00e9pzeld el, hogy egy eleg\u00e1ns palotakertben k\u00f6sz\u00f6nt\u00f6d a vend\u00e9geket egy aperitifre, ahol a fresk\u00f3kkal d\u00edsz\u00edtett homlokzatok \u00e9vsz\u00e1zados t\u00f6rt\u00e9neteket mes\u00e9lnek, vagy egy titkos kertben fogadod \u0151ket, amelyet szobrok \u00e9s 16. sz\u00e1zadi sz\u00f6k\u0151kutak tark\u00edtanak. Akik modernebb hangulatot keresnek, az Arno bal partj\u00e1n tal\u00e1lhat\u00f3 egykori t\u00e9glagy\u00e1rakb\u00f3l \u00e1talak\u00edtott ipari-chic terek ide\u00e1lisak az innovat\u00edv dekor\u00e1ci\u00f3khoz: f\u00fcggesztett l\u00e1mp\u00e1k, faasztalok \u00e9s f\u00e9mes r\u00e9szletek p\u00e1rbesz\u00e9det folytatnak a l\u00e1that\u00f3 fa gerend\u00e1kkal, meglep\u0151 kontrasztot teremtve. Minden esetben a helysz\u00ednv\u00e1laszt\u00e1s olyan \u00e9lm\u00e9nny\u00e9 v\u00e1lik, amely a vend\u00e9geket a t\u00f6rt\u00e9nelem \u00e9s a modernit\u00e1s k\u00f6z\u00f6tti utaz\u00e1s f\u0151szerepl\u0151iv\u00e9 teszi.<\/p>\n<h2>Egy szem\u00e9lyre szabott koncepci\u00f3<\/h2>\n<p>Minden priv\u00e1t buli l\u00e9nyege a koncepci\u00f3, amely \u00e9letre kelti azt. Miel\u0151tt felkapcsoln\u00e1k a f\u00e9nyeket vagy felbontan\u00e1k a pezsg\u0151t, a ChiaraB Events el\u0151sz\u00f6r meghallgatja a t\u00f6rt\u00e9netedet: szem\u00e9lyes \u00edzeket, kedvenc sz\u00edneket, a legkedvesebb eml\u00e9ket, amit \u00fcnnepelni szeretn\u00e9l. Ezekb\u0151l az inspir\u00e1ci\u00f3kb\u00f3l egy digit\u00e1lis moodboard form\u00e1l\u00f3dik, amely minden r\u00e9szletet inspir\u00e1l, a pap\u00edralap\u00fa megh\u00edv\u00f3t\u00f3l az utols\u00f3 aj\u00e1nd\u00e9kt\u00e1rgyig. Ha szereted a m\u0171v\u00e9szetet, a t\u00e9ma Botticelli vagy Michelangelo remekm\u0171veinek r\u00e9szleteit id\u00e9zheti, olyan dekor\u00e1ci\u00f3kkal, amelyek \u00fajra\u00e9rtelmezik azok \u00e1rnyalatait \u00e9s vir\u00e1gmot\u00edvumait. Ha ink\u00e1bb minimalista hangulatot kedvelsz, v\u00e1laszthatsz tiszta vonalakat \u00e9s monokr\u00f3m f\u00e9nyj\u00e1t\u00e9kkal hangs\u00falyozott kort\u00e1rs install\u00e1ci\u00f3kat. A c\u00e9l mindig ugyanaz: kiemelni a szem\u00e9lyis\u00e9gedet \u00e9s bevonni a vend\u00e9geket egy koherens \u00e9s meglep\u0151 \u00e9lm\u00e9nybe.<\/p>\n<h2>Dekor\u00e1ci\u00f3k, amelyek \u00e9rzelmeket keltenek<\/h2>\n<p>Amikor a vend\u00e9gek bel\u00e9pnek, a dekor\u00e1ci\u00f3 minden eleme fel kell, hogy keltse a figyelmet \u00e9s \u00e9rzelmeket v\u00e1ltson ki. Firenz\u00e9ben a priv\u00e1t partik eset\u00e9n a ChiaraB Events gyakran p\u00e1ros\u00edt <strong>\u00e9rt\u00e9kes anyagokat<\/strong>, mint a sz\u00ednes b\u00e1rsonyok vagy k\u00f6nny\u0171 selymek, <strong>szezon\u00e1lis vir\u00e1goknak<\/strong> helyi kiv\u00e1l\u00f3s\u00e1gok k\u00f6z\u00fcl v\u00e1lasztva: \u0151si r\u00f3zs\u00e1k, bazsar\u00f3zs\u00e1k \u00e9s Betlehem csillagai kombin\u00e1l\u00f3dnak l\u00e1tv\u00e1nyos kompoz\u00edci\u00f3kban, amelyek vizu\u00e1lis tal\u00e1lkoz\u00f3helyekk\u00e9 v\u00e1lnak. A vil\u00e1g\u00edt\u00e1st a vil\u00e1g\u00edt\u00e1stervez\u0151kkel egy\u00fcttm\u0171k\u00f6dve alak\u00edtj\u00e1k ki, amely vacsora alatt l\u00e1gy feh\u00e9r f\u00e9nyt, az ut\u00f3bulin pedig dinamikus effektusokat k\u00edn\u00e1l, visszat\u00fckr\u00f6zve a terrakotta padl\u00f3 meleg f\u00e9ny\u00e9t vagy az \u0151si vakolatok text\u00far\u00e1it. Minden r\u00e9szlet \u2013 a firenzei ker\u00e1mia n\u00e9vjegyt\u0151l a koordin\u00e1lt ter\u00edt\u00e9kig \u2013 arra szolg\u00e1l, hogy egy mag\u00e1val ragad\u00f3 l\u00e9gk\u00f6rt teremtsen, ahol a sz\u00e9ps\u00e9g \u00e9s a j\u00f3 \u00edzek harmonikusan egyes\u00fclnek.<\/p>\n<h2>\u00cdz\u00e9lm\u00e9ny a hagyom\u00e1ny \u00e9s az innov\u00e1ci\u00f3 k\u00f6z\u00f6tt<\/h2>\n<p>A renesz\u00e1nsz sz\u00fcl\u0151v\u00e1ros\u00e1ban a catering is m\u0171v\u00e9szett\u00e9 v\u00e1lik. Egy firenzei priv\u00e1t buli men\u00fcje \u00f6tv\u00f6zi a hagyom\u00e1nyos \u00e9teleket \u2013 a m\u00e1jkr\u00e9mes crostinit\u00f3l a fel\u00faj\u00edtott ribollit\u00e1ig \u2013 gourmet adagokban, valamint kort\u00e1rs kre\u00e1ci\u00f3kat, ahol a s\u00e9f \u00faj text\u00far\u00e1kkal \u00e9s szokatlan p\u00e1ros\u00edt\u00e1sokkal j\u00e1tszik. A toszk\u00e1n borok p\u00e1ros\u00edt\u00e1sa, amelyeket a r\u00e9gi\u00f3 legjobb termel\u0151i v\u00e1lasztanak ki, gazdag\u00edtja az \u00e9rz\u00e9kszervi \u00e9lm\u00e9nyt, m\u00edg az \u00e9l\u0151 f\u0151z\u0151\u00e1llom\u00e1sok lehet\u0151v\u00e9 teszik a vend\u00e9gek sz\u00e1m\u00e1ra, hogy \u00e9lvezz\u00e9k a friss t\u00e9szta vagy a tipikus desszertek, mint a cantucci \u00e9s a kr\u00e9mes fagylalt elk\u00e9sz\u00edt\u00e9s\u00e9t. Azok, akik egy kis eredetis\u00e9get szeretn\u00e9nek, k\u00e9rhetnek signature kokt\u00e9lokat, amelyek a Bagno a Ripoli narancsainak illataib\u00f3l vagy a Chianti f\u0171szeres arom\u00e1ib\u00f3l inspir\u00e1l\u00f3dnak, profi bartender kever\u00e9s\u00e9ben.<\/p>\n<h2>Apr\u00f3l\u00e9kosan kidolgozott sz\u00f3rakoztat\u00e1s<\/h2>\n<p>Egy esem\u00e9ny nem teljes olyan sz\u00f3rakoztat\u00f3 pillanatok n\u00e9lk\u00fcl, amelyek k\u00e9pesek meglepni. Firenz\u00e9ben a priv\u00e1t partikra a ChiaraB Events szem\u00e9lyre szabott megold\u00e1sokat k\u00edn\u00e1l: egy von\u00f3sn\u00e9gyes, amely kort\u00e1rs darabokat j\u00e1tszik az aperitif alatt, egy DJ szett lounge hangulatban az ut\u00f3bulira, vagy egy \u00e9l\u0151 fest\u0151m\u0171v\u00e9sz, aki az este inspir\u00e1ci\u00f3j\u00e1ra \u00e9l\u0151ben alkot. Alternat\u00edvak\u00e9nt, egy j\u00e1t\u00e9kosabb hangulat\u00e9rt, kis mozg\u00f3 szabadul\u00f3szob\u00e1kat lehet szervezni a helysz\u00edn zegzugos r\u00e9szein, interakt\u00edv f\u00e9nyj\u00e1t\u00e9kokat vagy egy digit\u00e1lis fot\u00f3f\u00fclk\u00e9t renesz\u00e1nsz-modern t\u00e9m\u00e1j\u00fa d\u00edszlettel. B\u00e1rmit is v\u00e1lasztanak, a c\u00e9l az, hogy a vend\u00e9gek r\u00e9sztvev\u0151 \u00e9lm\u00e9nyt kapjanak, amely val\u00f3di \u00e9rzelmeket v\u00e1lt ki.<\/p>\n<h2>Z\u00f6kken\u0151mentes koordin\u00e1ci\u00f3 \u00e9s logisztika<\/h2>\n<p>Minden sikeres buli m\u00f6g\u00f6tt pontos szervez\u00e9s \u00e1ll: az \u00f6nkorm\u00e1nyzati enged\u00e9lyek beszerz\u00e9s\u00e9t\u0151l a sz\u00e1ll\u00edt\u00e1s \u00e9s fel\u00e1ll\u00edt\u00e1s id\u0151pontjainak kezel\u00e9s\u00e9ig, a vend\u00e9gek seg\u00edt\u00e9s\u00e9t\u0151l a besz\u00e1ll\u00edt\u00f3k koordin\u00e1l\u00e1s\u00e1ig. A ChiaraB Events minden b\u00fcrokratikus \u00fcgyint\u00e9z\u00e9st lebonyol\u00edt, megszervezi a sz\u00e1ll\u00edt\u00e1sokat, \u00e9s r\u00e9szletes \u00fctemtervet k\u00e9sz\u00edt, hogy minden f\u00e1zis \u2013 a f\u00e9nypr\u00f3b\u00e1t\u00f3l a v\u00e9gs\u0151 z\u00e1r\u00e1sig \u2013 probl\u00e9mamentesen menjen. Egy dedik\u00e1lt rendezv\u00e9nymenedzser biztos\u00edtja az \u00e1lland\u00f3 kapcsolattart\u00e1st, m\u00edg a helysz\u00edni csapat folyamatosan figyelemmel k\u00eds\u00e9ri az este zavartalan menet\u00e9t, \u00e9s sz\u00fcks\u00e9g eset\u00e9n gyorsan beavatkozik.<\/p>\n<h2>Fenntarthat\u00f3s\u00e1g \u00e9s felel\u0151ss\u00e9gv\u00e1llal\u00e1s<\/h2>\n<p>Firenz\u00e9nek meg kell \u0151riznie sz\u00e9ps\u00e9g\u00e9t, \u00e9s minden ChiaraB Events \u00e1ltal szervezett priv\u00e1t esem\u00e9ny a fenntarthat\u00f3s\u00e1g elveit k\u00f6veti. El\u0151nyben r\u00e9szes\u00edtik a helyi besz\u00e1ll\u00edt\u00f3kat \u00e9s term\u00e9keket a k\u00f6rnyezeti l\u00e1bnyom cs\u00f6kkent\u00e9se \u00e9rdek\u00e9ben, komposzt\u00e1lhat\u00f3 ed\u00e9nyeket \u00e9s \u00fajrahasznos\u00edthat\u00f3 anyagokat haszn\u00e1lnak, \u00e9s gondosan kezelik a szelekt\u00edv hullad\u00e9kgy\u0171jt\u00e9st. Emellett lehet\u0151s\u00e9g van arra, hogy a bev\u00e9tel egy r\u00e9sz\u00e9t firenzei m\u0171v\u00e9szeti \u00f6r\u00f6ks\u00e9g v\u00e9delm\u00e9t c\u00e9lz\u00f3 projekteknek aj\u00e1nlj\u00e1k fel, \u00edgy a buli val\u00f3di hozz\u00e1j\u00e1rul\u00e1ss\u00e1 v\u00e1lik a k\u00f6z\u00f6ss\u00e9g sz\u00e1m\u00e1ra.<\/p>\n<h2>\u00d6sszegz\u00e9s \u2013 priv\u00e1t buli Firenz\u00e9ben<\/h2>\n<p>Egy <strong>esem\u00e9nyszervez\u0151 Firenz\u00e9ben<\/strong> ahogy a ChiaraB Events azt jelenti, hogy egy szem\u00e9lyre szabott kreat\u00edv \u00e9s szervez\u00e9si folyamatot \u00e9l\u00fcnk meg, amely k\u00e9pes \u00f6sszekapcsolni <strong>t\u00f6rt\u00e9nelmi elegancia<\/strong>, <strong>kort\u00e1rs \u00e9rint\u00e9s<\/strong> \u00e9s <strong>m\u00e1ni\u00e1kus figyelemmel<\/strong> a r\u00e9szletekkel. A helysz\u00edn kiv\u00e1laszt\u00e1s\u00e1t\u00f3l a sz\u00f3rakoztat\u00e1si megold\u00e1sokig, a gasztron\u00f3miai \u00fatt\u00f3l a fenntarthat\u00f3s\u00e1gi gyakorlatokig minden aspektus \u00fagy van megtervezve, hogy exkluz\u00edv \u00e9s autentikus \u00e9lm\u00e9nyt ny\u00fajtson. Ha szeretn\u00e9d, hogy a priv\u00e1t bulid Firenz\u00e9ben felejthetetlen eml\u00e9kk\u00e9 v\u00e1ljon, l\u00e9pj kapcsolatba vel\u00fcnk, \u00e9s fedezd fel, hogyan tehetj\u00fck egyediv\u00e9 az esem\u00e9nyed minden szakasz\u00e1t.<\/p>\n<h2>GYIK \u2013 priv\u00e1t buli Firenz\u00e9ben<\/h2>\n<p><strong>1. Mennyi id\u0151vel el\u0151re kell elkezdenem megtervezni egy priv\u00e1t bulit Firenz\u00e9ben?<\/strong><br \/>\nA legjobb helysz\u00ednek \u00e9s szolg\u00e1ltat\u00f3k eset\u00e9n legal\u00e1bb <strong>3\u20134 h\u00f3nappal<\/strong> el\u0151tt javasoljuk a kezd\u00e9st; egyszer\u0171bb esem\u00e9nyekhez <strong>6\u20138 h\u00e9t<\/strong> el\u00e9g lehet.<br \/>\n<strong>2. Teljesen testre szabhatom a t\u00e9m\u00e1t \u00e9s a koncepci\u00f3t?<\/strong><br \/>\nTerm\u00e9szetesen: minden \u00fcnnepl\u00e9s szem\u00e9lyre szabott, a megh\u00edv\u00f3k diz\u00e1jnj\u00e1t\u00f3l a sz\u00f3rakoztat\u00e1sig.<br \/>\n<strong>3. K\u00edn\u00e1ltok megold\u00e1sokat rossz id\u0151 eset\u00e9re?<\/strong><br \/>\nIgen, B-terveket biztos\u00edtunk eleg\u00e1ns s\u00e1torszerkezetekkel vagy alternat\u00edv belt\u00e9ri helysz\u00ednekkel az esem\u00e9ny folytonoss\u00e1g\u00e1nak garant\u00e1l\u00e1s\u00e1ra.<br \/>\n<strong>4. Lehet gyerekprogramokat is beilleszteni?<\/strong><br \/>\nIgen: j\u00e1tsz\u00f3terek, kreat\u00edv m\u0171helyek \u00e9s dedik\u00e1lt anim\u00e1ci\u00f3k \u00e1llnak rendelkez\u00e9sre a csal\u00e1dok ig\u00e9nyeinek kiel\u00e9g\u00edt\u00e9s\u00e9re.<br \/>\n<strong>5. Hogyan k\u00e9rhetek szem\u00e9lyre szabott \u00e1raj\u00e1nlatot?<\/strong><br \/>\nL\u00e1togasd meg a \u201eKapcsolat\u201d szekci\u00f3t a <a href=\"https:\/\/chiarabevents.com\/hu\/\">ChiaraB Esem\u00e9nyek<\/a>, t\u00f6ltsd ki az \u0171rlapot vagy h\u00edvd k\u00f6zvetlen\u00fcl: 24 \u00f3r\u00e1n bel\u00fcl v\u00e1laszolunk egy k\u00f6telezetts\u00e9g n\u00e9lk\u00fcli aj\u00e1nlattal.<\/p>","protected":false},"featured_media":33188,"template":"","class_list":["post-33187","event-planner","type-event-planner","status-publish","has-post-thumbnail","hentry"],"yoast_head":"<!-- This site is optimized with the Yoast SEO Premium plugin v21.8 (Yoast SEO v27.3) - https:\/\/yoast.com\/product\/yoast-seo-premium-wordpress\/ -->\n<title>festa privata a Firenze organizzazione ChiaraB Events Wedding Planner<\/title>\n<meta name=\"description\" content=\"Se cerchi eleganza e originalit\u00e0 per la tua festa privata a Firenze, ChiaraB Events \u00e8 la scelta giusta. Scopri le nostre proposte.\" \/>\n<meta name=\"robots\" content=\"index, follow, max-snippet:-1, max-image-preview:large, max-video-preview:-1\" \/>\n<link rel=\"canonical\" href=\"https:\/\/chiarabevents.com\/hu\/esemenyszervezo\/maganrendezvenyek-szervezese-firenzeben-elegancia-es-eredetiseg\/\" \/>\n<meta property=\"og:locale\" content=\"hu_HU\" \/>\n<meta property=\"og:type\" content=\"article\" \/>\n<meta property=\"og:title\" content=\"Organizzazione feste private a Firenze: eleganza e originalit\u00e0\" \/>\n<meta property=\"og:description\" content=\"Se cerchi eleganza e originalit\u00e0 per la tua festa privata a Firenze, ChiaraB Events \u00e8 la scelta giusta. Scopri le nostre proposte.\" \/>\n<meta property=\"og:url\" content=\"https:\/\/chiarabevents.com\/hu\/esemenyszervezo\/maganrendezvenyek-szervezese-firenzeben-elegancia-es-eredetiseg\/\" \/>\n<meta property=\"og:site_name\" content=\"ChiaraB Events Wedding Planner\" \/>\n<meta property=\"article:publisher\" content=\"https:\/\/www.facebook.com\/chiarabevent\" \/>\n<meta property=\"og:image\" content=\"https:\/\/chiarabevents.com\/wp-content\/uploads\/2025\/06\/984-2.jpg\" \/>\n\t<meta property=\"og:image:width\" content=\"1500\" \/>\n\t<meta property=\"og:image:height\" content=\"1000\" \/>\n\t<meta property=\"og:image:type\" content=\"image\/jpeg\" \/>\n<meta name=\"twitter:card\" content=\"summary_large_image\" \/>\n<meta name=\"twitter:label1\" content=\"Est. reading time\" \/>\n\t<meta name=\"twitter:data1\" content=\"7 minutes\" \/>\n<script type=\"application\/ld+json\" class=\"yoast-schema-graph\">{\"@context\":\"https:\\\/\\\/schema.org\",\"@graph\":[{\"@type\":\"WebPage\",\"@id\":\"https:\\\/\\\/chiarabevents.com\\\/zh\\\/%e6%b4%bb%e5%8b%95%e7%ad%96%e5%8a%83\\\/%e5%9c%a8%e4%bd%9b%e7%be%85%e5%80%ab%e6%96%af%e8%88%89%e8%be%a6%e7%a7%81%e4%ba%ba%e6%b4%be%e5%b0%8d%ef%bc%9a%e5%84%aa%e9%9b%85%e8%88%87%e7%8d%a8%e5%89%b5\\\/\",\"url\":\"https:\\\/\\\/chiarabevents.com\\\/zh\\\/%e6%b4%bb%e5%8b%95%e7%ad%96%e5%8a%83\\\/%e5%9c%a8%e4%bd%9b%e7%be%85%e5%80%ab%e6%96%af%e8%88%89%e8%be%a6%e7%a7%81%e4%ba%ba%e6%b4%be%e5%b0%8d%ef%bc%9a%e5%84%aa%e9%9b%85%e8%88%87%e7%8d%a8%e5%89%b5\\\/\",\"name\":\"festa privata a Firenze organizzazione ChiaraB Events Wedding Planner\",\"isPartOf\":{\"@id\":\"https:\\\/\\\/chiarabevents.com\\\/#website\"},\"primaryImageOfPage\":{\"@id\":\"https:\\\/\\\/chiarabevents.com\\\/zh\\\/%e6%b4%bb%e5%8b%95%e7%ad%96%e5%8a%83\\\/%e5%9c%a8%e4%bd%9b%e7%be%85%e5%80%ab%e6%96%af%e8%88%89%e8%be%a6%e7%a7%81%e4%ba%ba%e6%b4%be%e5%b0%8d%ef%bc%9a%e5%84%aa%e9%9b%85%e8%88%87%e7%8d%a8%e5%89%b5\\\/#primaryimage\"},\"image\":{\"@id\":\"https:\\\/\\\/chiarabevents.com\\\/zh\\\/%e6%b4%bb%e5%8b%95%e7%ad%96%e5%8a%83\\\/%e5%9c%a8%e4%bd%9b%e7%be%85%e5%80%ab%e6%96%af%e8%88%89%e8%be%a6%e7%a7%81%e4%ba%ba%e6%b4%be%e5%b0%8d%ef%bc%9a%e5%84%aa%e9%9b%85%e8%88%87%e7%8d%a8%e5%89%b5\\\/#primaryimage\"},\"thumbnailUrl\":\"https:\\\/\\\/chiarabevents.com\\\/wp-content\\\/uploads\\\/2025\\\/06\\\/984-2.jpg\",\"datePublished\":\"2025-06-26T14:22:56+00:00\",\"description\":\"Se cerchi eleganza e originalit\u00e0 per la tua festa privata a Firenze, ChiaraB Events \u00e8 la scelta giusta. Scopri le nostre proposte.\",\"breadcrumb\":{\"@id\":\"https:\\\/\\\/chiarabevents.com\\\/zh\\\/%e6%b4%bb%e5%8b%95%e7%ad%96%e5%8a%83\\\/%e5%9c%a8%e4%bd%9b%e7%be%85%e5%80%ab%e6%96%af%e8%88%89%e8%be%a6%e7%a7%81%e4%ba%ba%e6%b4%be%e5%b0%8d%ef%bc%9a%e5%84%aa%e9%9b%85%e8%88%87%e7%8d%a8%e5%89%b5\\\/#breadcrumb\"},\"inLanguage\":\"hu-HU\",\"potentialAction\":[{\"@type\":\"ReadAction\",\"target\":[\"https:\\\/\\\/chiarabevents.com\\\/zh\\\/%e6%b4%bb%e5%8b%95%e7%ad%96%e5%8a%83\\\/%e5%9c%a8%e4%bd%9b%e7%be%85%e5%80%ab%e6%96%af%e8%88%89%e8%be%a6%e7%a7%81%e4%ba%ba%e6%b4%be%e5%b0%8d%ef%bc%9a%e5%84%aa%e9%9b%85%e8%88%87%e7%8d%a8%e5%89%b5\\\/\"]}]},{\"@type\":\"ImageObject\",\"inLanguage\":\"hu-HU\",\"@id\":\"https:\\\/\\\/chiarabevents.com\\\/zh\\\/%e6%b4%bb%e5%8b%95%e7%ad%96%e5%8a%83\\\/%e5%9c%a8%e4%bd%9b%e7%be%85%e5%80%ab%e6%96%af%e8%88%89%e8%be%a6%e7%a7%81%e4%ba%ba%e6%b4%be%e5%b0%8d%ef%bc%9a%e5%84%aa%e9%9b%85%e8%88%87%e7%8d%a8%e5%89%b5\\\/#primaryimage\",\"url\":\"https:\\\/\\\/chiarabevents.com\\\/wp-content\\\/uploads\\\/2025\\\/06\\\/984-2.jpg\",\"contentUrl\":\"https:\\\/\\\/chiarabevents.com\\\/wp-content\\\/uploads\\\/2025\\\/06\\\/984-2.jpg\",\"width\":1500,\"height\":1000,\"caption\":\"festa privata a Firenze\"},{\"@type\":\"BreadcrumbList\",\"@id\":\"https:\\\/\\\/chiarabevents.com\\\/zh\\\/%e6%b4%bb%e5%8b%95%e7%ad%96%e5%8a%83\\\/%e5%9c%a8%e4%bd%9b%e7%be%85%e5%80%ab%e6%96%af%e8%88%89%e8%be%a6%e7%a7%81%e4%ba%ba%e6%b4%be%e5%b0%8d%ef%bc%9a%e5%84%aa%e9%9b%85%e8%88%87%e7%8d%a8%e5%89%b5\\\/#breadcrumb\",\"itemListElement\":[{\"@type\":\"ListItem\",\"position\":1,\"name\":\"Home\",\"item\":\"https:\\\/\\\/chiarabevents.com\\\/\"},{\"@type\":\"ListItem\",\"position\":2,\"name\":\"Organizzazione feste private a Firenze: eleganza e originalit\u00e0\"}]},{\"@type\":\"WebSite\",\"@id\":\"https:\\\/\\\/chiarabevents.com\\\/#website\",\"url\":\"https:\\\/\\\/chiarabevents.com\\\/\",\"name\":\"ChiaraB Events Wedding Planner\",\"description\":\"Un meraviglioso percorso fatto insieme\",\"publisher\":{\"@id\":\"https:\\\/\\\/chiarabevents.com\\\/#organization\"},\"potentialAction\":[{\"@type\":\"SearchAction\",\"target\":{\"@type\":\"EntryPoint\",\"urlTemplate\":\"https:\\\/\\\/chiarabevents.com\\\/?s={search_term_string}\"},\"query-input\":{\"@type\":\"PropertyValueSpecification\",\"valueRequired\":true,\"valueName\":\"search_term_string\"}}],\"inLanguage\":\"hu-HU\"},{\"@type\":\"Organization\",\"@id\":\"https:\\\/\\\/chiarabevents.com\\\/#organization\",\"name\":\"ChiaraB Events Wedding Planner\",\"url\":\"https:\\\/\\\/chiarabevents.com\\\/\",\"logo\":{\"@type\":\"ImageObject\",\"inLanguage\":\"hu-HU\",\"@id\":\"https:\\\/\\\/chiarabevents.com\\\/#\\\/schema\\\/logo\\\/image\\\/\",\"url\":\"https:\\\/\\\/chiarabevents.com\\\/wp-content\\\/uploads\\\/2023\\\/12\\\/cropped-Monogramma_chiarab.png\",\"contentUrl\":\"https:\\\/\\\/chiarabevents.com\\\/wp-content\\\/uploads\\\/2023\\\/12\\\/cropped-Monogramma_chiarab.png\",\"width\":512,\"height\":512,\"caption\":\"ChiaraB Events Wedding Planner\"},\"image\":{\"@id\":\"https:\\\/\\\/chiarabevents.com\\\/#\\\/schema\\\/logo\\\/image\\\/\"},\"sameAs\":[\"https:\\\/\\\/www.facebook.com\\\/chiarabevent\",\"https:\\\/\\\/www.instagram.com\\\/chiarab_events\\\/\"]}]}<\/script>\n<!-- \/ Yoast SEO Premium plugin. -->","yoast_head_json":{"title":"mag\u00e1n\u00fcnneps\u00e9g Firenz\u00e9ben, szervez\u0151 ChiaraB Events Wedding Planner","description":"Ha eleganci\u00e1t \u00e9s eredetis\u00e9get keres priv\u00e1t partij\u00e1hoz Firenz\u00e9ben, a ChiaraB Events a megfelel\u0151 v\u00e1laszt\u00e1s. Fedezze fel aj\u00e1nlatainkat.","robots":{"index":"index","follow":"follow","max-snippet":"max-snippet:-1","max-image-preview":"max-image-preview:large","max-video-preview":"max-video-preview:-1"},"canonical":"https:\/\/chiarabevents.com\/hu\/esemenyszervezo\/maganrendezvenyek-szervezese-firenzeben-elegancia-es-eredetiseg\/","og_locale":"hu_HU","og_type":"article","og_title":"Organizzazione feste private a Firenze: eleganza e originalit\u00e0","og_description":"Se cerchi eleganza e originalit\u00e0 per la tua festa privata a Firenze, ChiaraB Events \u00e8 la scelta giusta. Scopri le nostre proposte.","og_url":"https:\/\/chiarabevents.com\/hu\/esemenyszervezo\/maganrendezvenyek-szervezese-firenzeben-elegancia-es-eredetiseg\/","og_site_name":"ChiaraB Events Wedding Planner","article_publisher":"https:\/\/www.facebook.com\/chiarabevent","og_image":[{"width":1500,"height":1000,"url":"https:\/\/chiarabevents.com\/wp-content\/uploads\/2025\/06\/984-2.jpg","type":"image\/jpeg"}],"twitter_card":"summary_large_image","twitter_misc":{"Est. reading time":"7 minutes"},"schema":{"@context":"https:\/\/schema.org","@graph":[{"@type":"WebPage","@id":"https:\/\/chiarabevents.com\/zh\/%e6%b4%bb%e5%8b%95%e7%ad%96%e5%8a%83\/%e5%9c%a8%e4%bd%9b%e7%be%85%e5%80%ab%e6%96%af%e8%88%89%e8%be%a6%e7%a7%81%e4%ba%ba%e6%b4%be%e5%b0%8d%ef%bc%9a%e5%84%aa%e9%9b%85%e8%88%87%e7%8d%a8%e5%89%b5\/","url":"https:\/\/chiarabevents.com\/zh\/%e6%b4%bb%e5%8b%95%e7%ad%96%e5%8a%83\/%e5%9c%a8%e4%bd%9b%e7%be%85%e5%80%ab%e6%96%af%e8%88%89%e8%be%a6%e7%a7%81%e4%ba%ba%e6%b4%be%e5%b0%8d%ef%bc%9a%e5%84%aa%e9%9b%85%e8%88%87%e7%8d%a8%e5%89%b5\/","name":"mag\u00e1n\u00fcnneps\u00e9g Firenz\u00e9ben, szervez\u0151 ChiaraB Events Wedding Planner","isPartOf":{"@id":"https:\/\/chiarabevents.com\/#website"},"primaryImageOfPage":{"@id":"https:\/\/chiarabevents.com\/zh\/%e6%b4%bb%e5%8b%95%e7%ad%96%e5%8a%83\/%e5%9c%a8%e4%bd%9b%e7%be%85%e5%80%ab%e6%96%af%e8%88%89%e8%be%a6%e7%a7%81%e4%ba%ba%e6%b4%be%e5%b0%8d%ef%bc%9a%e5%84%aa%e9%9b%85%e8%88%87%e7%8d%a8%e5%89%b5\/#primaryimage"},"image":{"@id":"https:\/\/chiarabevents.com\/zh\/%e6%b4%bb%e5%8b%95%e7%ad%96%e5%8a%83\/%e5%9c%a8%e4%bd%9b%e7%be%85%e5%80%ab%e6%96%af%e8%88%89%e8%be%a6%e7%a7%81%e4%ba%ba%e6%b4%be%e5%b0%8d%ef%bc%9a%e5%84%aa%e9%9b%85%e8%88%87%e7%8d%a8%e5%89%b5\/#primaryimage"},"thumbnailUrl":"https:\/\/chiarabevents.com\/wp-content\/uploads\/2025\/06\/984-2.jpg","datePublished":"2025-06-26T14:22:56+00:00","description":"Ha eleganci\u00e1t \u00e9s eredetis\u00e9get keres priv\u00e1t partij\u00e1hoz Firenz\u00e9ben, a ChiaraB Events a megfelel\u0151 v\u00e1laszt\u00e1s. Fedezze fel aj\u00e1nlatainkat.","breadcrumb":{"@id":"https:\/\/chiarabevents.com\/zh\/%e6%b4%bb%e5%8b%95%e7%ad%96%e5%8a%83\/%e5%9c%a8%e4%bd%9b%e7%be%85%e5%80%ab%e6%96%af%e8%88%89%e8%be%a6%e7%a7%81%e4%ba%ba%e6%b4%be%e5%b0%8d%ef%bc%9a%e5%84%aa%e9%9b%85%e8%88%87%e7%8d%a8%e5%89%b5\/#breadcrumb"},"inLanguage":"hu-HU","potentialAction":[{"@type":"ReadAction","target":["https:\/\/chiarabevents.com\/zh\/%e6%b4%bb%e5%8b%95%e7%ad%96%e5%8a%83\/%e5%9c%a8%e4%bd%9b%e7%be%85%e5%80%ab%e6%96%af%e8%88%89%e8%be%a6%e7%a7%81%e4%ba%ba%e6%b4%be%e5%b0%8d%ef%bc%9a%e5%84%aa%e9%9b%85%e8%88%87%e7%8d%a8%e5%89%b5\/"]}]},{"@type":"ImageObject","inLanguage":"hu-HU","@id":"https:\/\/chiarabevents.com\/zh\/%e6%b4%bb%e5%8b%95%e7%ad%96%e5%8a%83\/%e5%9c%a8%e4%bd%9b%e7%be%85%e5%80%ab%e6%96%af%e8%88%89%e8%be%a6%e7%a7%81%e4%ba%ba%e6%b4%be%e5%b0%8d%ef%bc%9a%e5%84%aa%e9%9b%85%e8%88%87%e7%8d%a8%e5%89%b5\/#primaryimage","url":"https:\/\/chiarabevents.com\/wp-content\/uploads\/2025\/06\/984-2.jpg","contentUrl":"https:\/\/chiarabevents.com\/wp-content\/uploads\/2025\/06\/984-2.jpg","width":1500,"height":1000,"caption":"festa privata a Firenze"},{"@type":"BreadcrumbList","@id":"https:\/\/chiarabevents.com\/zh\/%e6%b4%bb%e5%8b%95%e7%ad%96%e5%8a%83\/%e5%9c%a8%e4%bd%9b%e7%be%85%e5%80%ab%e6%96%af%e8%88%89%e8%be%a6%e7%a7%81%e4%ba%ba%e6%b4%be%e5%b0%8d%ef%bc%9a%e5%84%aa%e9%9b%85%e8%88%87%e7%8d%a8%e5%89%b5\/#breadcrumb","itemListElement":[{"@type":"ListItem","position":1,"name":"Home","item":"https:\/\/chiarabevents.com\/"},{"@type":"ListItem","position":2,"name":"Organizzazione feste private a Firenze: eleganza e originalit\u00e0"}]},{"@type":"WebSite","@id":"https:\/\/chiarabevents.com\/#website","url":"https:\/\/chiarabevents.com\/","name":"ChiaraB Esem\u00e9nyek Esk\u00fcv\u0151szervez\u0151","description":"Egy csod\u00e1latos \u00fat egy\u00fctt megt\u00e9ve","publisher":{"@id":"https:\/\/chiarabevents.com\/#organization"},"potentialAction":[{"@type":"SearchAction","target":{"@type":"EntryPoint","urlTemplate":"https:\/\/chiarabevents.com\/?s={search_term_string}"},"query-input":{"@type":"PropertyValueSpecification","valueRequired":true,"valueName":"search_term_string"}}],"inLanguage":"hu-HU"},{"@type":"Organization","@id":"https:\/\/chiarabevents.com\/#organization","name":"ChiaraB Esem\u00e9nyek Esk\u00fcv\u0151szervez\u0151","url":"https:\/\/chiarabevents.com\/","logo":{"@type":"ImageObject","inLanguage":"hu-HU","@id":"https:\/\/chiarabevents.com\/#\/schema\/logo\/image\/","url":"https:\/\/chiarabevents.com\/wp-content\/uploads\/2023\/12\/cropped-Monogramma_chiarab.png","contentUrl":"https:\/\/chiarabevents.com\/wp-content\/uploads\/2023\/12\/cropped-Monogramma_chiarab.png","width":512,"height":512,"caption":"ChiaraB Events Wedding Planner"},"image":{"@id":"https:\/\/chiarabevents.com\/#\/schema\/logo\/image\/"},"sameAs":["https:\/\/www.facebook.com\/chiarabevent","https:\/\/www.instagram.com\/chiarab_events\/"]}]}},"_links":{"self":[{"href":"https:\/\/chiarabevents.com\/hu\/wp-json\/wp\/v2\/event-planner\/33187","targetHints":{"allow":["GET"]}}],"collection":[{"href":"https:\/\/chiarabevents.com\/hu\/wp-json\/wp\/v2\/event-planner"}],"about":[{"href":"https:\/\/chiarabevents.com\/hu\/wp-json\/wp\/v2\/types\/event-planner"}],"wp:featuredmedia":[{"embeddable":true,"href":"https:\/\/chiarabevents.com\/hu\/wp-json\/wp\/v2\/media\/33188"}],"wp:attachment":[{"href":"https:\/\/chiarabevents.com\/hu\/wp-json\/wp\/v2\/media?parent=33187"}],"curies":[{"name":"wp","href":"https:\/\/api.w.org\/{rel}","templated":true}]}}