{"id":11206,"date":"2024-09-04T13:19:00","date_gmt":"2024-09-04T13:19:00","guid":{"rendered":"https:\/\/chiarabevents.com\/?post_type=tendenze-e-stili&#038;p=11206"},"modified":"2024-09-04T13:19:00","modified_gmt":"2024-09-04T13:19:00","slug":"hegyi-eskuvo-a-legjobb-uti-celok","status":"publish","type":"tendenze-e-stili","link":"https:\/\/chiarabevents.com\/hu\/trendek-es-stilusok\/hegyi-eskuvo-a-legjobb-uti-celok\/","title":{"rendered":"Hegyi Esk\u00fcv\u0151: A Legjobb \u00dati C\u00e9lok"},"content":{"rendered":"<h2>Hegyi Esk\u00fcv\u0151: A Legjobb \u00dati C\u00e9lok Magaslati Esk\u00fcv\u0151h\u00f6z<\/h2>\n<p>Hegyi esk\u00fcv\u0151 t\u00f6k\u00e9letes v\u00e1laszt\u00e1s azoknak a p\u00e1roknak, akik romantikus \u00e9s leny\u0171g\u00f6z\u0151 esk\u00fcv\u0151t szeretn\u00e9nek l\u00e9legzetel\u00e1ll\u00edt\u00f3 term\u00e9szeti t\u00e1jak \u00e9s tiszta leveg\u0151 k\u00f6zepette. A hegyek egyed\u00fcl\u00e1ll\u00f3 h\u00e1tteret k\u00edn\u00e1lnak, l\u00e1tv\u00e1nyos panor\u00e1m\u00e1kkal \u00e9s intim, nyugodt l\u00e9gk\u00f6rrel. Ak\u00e1r t\u00e9li esk\u00fcv\u0151r\u0151l van sz\u00f3 a h\u00f3 k\u00f6z\u00f6tt, ak\u00e1r ny\u00e1ri cerem\u00f3ni\u00e1r\u00f3l a z\u00f6ld v\u00f6lgyekben, egy magaslati esk\u00fcv\u0151 k\u00e9pes igaz\u00e1n k\u00fcl\u00f6nlegess\u00e9 tenni a nagy napot. Ebben a cikkben a legjobb hegyi esk\u00fcv\u0151i \u00fati c\u00e9lokat vizsg\u00e1ljuk meg, \u00f6tleteket \u00e9s inspir\u00e1ci\u00f3kat adva az esem\u00e9ny felejthetetlenn\u00e9 t\u00e9tel\u00e9hez.<\/p>\n<h3>Mi\u00e9rt V\u00e1lasszunk Hegyi Esk\u00fcv\u0151t?<\/h3>\n<p>A hegyi esk\u00fcv\u0151 sz\u00e1mos el\u0151nyt k\u00edn\u00e1l a hagyom\u00e1nyosabb helysz\u00ednekkel szemben. A t\u00e1jak term\u00e9szeti sz\u00e9ps\u00e9ge, a friss leveg\u0151 \u00e9s a meghitt l\u00e9gk\u00f6r miatt a hegyek t\u00f6k\u00e9letes \u00fati c\u00e9lt jelentenek az esk\u00fcv\u0151h\u00f6z. \u00cdme n\u00e9h\u00e1ny ok, ami\u00e9rt \u00e9rdemes magaslati helysz\u00ednt v\u00e1lasztani:<\/p>\n<p><strong>F\u0151bb pontok:<\/strong><\/p>\n<ul>\n<li><strong>Leny\u0171g\u00f6z\u0151 Panor\u00e1m\u00e1k:<\/strong> A hegyek l\u00e9legzetel\u00e1ll\u00edt\u00f3 panor\u00e1m\u00e1kat k\u00edn\u00e1lnak, amelyekhez nem sz\u00fcks\u00e9ges sok kieg\u00e9sz\u00edt\u0151 dekor\u00e1ci\u00f3. A term\u00e9szet t\u00f6k\u00e9letes h\u00e1tteret ny\u00fajt a szabadt\u00e9ri cerem\u00f3ni\u00e1hoz.<\/li>\n<li><strong>Intim L\u00e9gk\u00f6r:<\/strong> A hegyi esk\u00fcv\u0151 lehet\u0151v\u00e9 teszi egy meghittebb, priv\u00e1tabb l\u00e9gk\u00f6r megteremt\u00e9s\u00e9t, t\u00e1vol a v\u00e1ros ny\u00fczsg\u00e9s\u00e9t\u0151l. T\u00f6k\u00e9letes azoknak, akik egy bens\u0151s\u00e9ges esem\u00e9nyt vagy egy <a href=\"https:\/\/chiarabevents.com\/hu\/destination-wedding-dolgok-miert-valasszuk-es-hogyan-szervezzuk-meg\/\">destination wedding<\/a>.<\/li>\n<li><strong>V\u00e1ltozatos \u00c9vszakok:<\/strong> Ak\u00e1r t\u00e9li esk\u00fcv\u0151t v\u00e1lasztunk, a <a href=\"https:\/\/chiarabevents.com\/hu\/eskuvo-a-maggiore-tonal-olaszorszag-egyik-legelbuvolobb-tava\/\">var\u00e1zslat<\/a> h\u00f3val, ak\u00e1r ny\u00e1ri esk\u00fcv\u0151t a buja z\u00f6ld k\u00f6rnyezetben, a hegy minden \u00e9vszakban k\u00edn\u00e1l lehet\u0151s\u00e9geket.<\/li>\n<\/ul>\n<h3>Az Olaszorsz\u00e1gi Legjobb Helysz\u00ednek Hegyi Esk\u00fcv\u0151h\u00f6z<\/h3>\n<p>Olaszorsz\u00e1g sz\u00e1mos hegyi \u00fati c\u00e9lt k\u00edn\u00e1l, amelyek ide\u00e1lisak egy mes\u00e9s esk\u00fcv\u0151 megtart\u00e1s\u00e1hoz. A Dolomitokt\u00f3l az Alpokig minden r\u00e9gi\u00f3nak megvannak a maga rejtett kincsei azok sz\u00e1m\u00e1ra, akik magaslati esk\u00fcv\u0151t szeretn\u00e9nek. <a href=\"https:\/\/chiarabevents.com\/hu\/trendek-es-stilusok\/tengeri-eskuvok-tippek-egy-alom-esemenyhez\/\">Miut\u00e1n kiv\u00e1lasztottad az esk\u00fcv\u0151 helysz\u00edn\u00e9t, fontos r\u00e9szletes kutat\u00e1st v\u00e9gezni a helyi szolg\u00e1ltat\u00f3kr\u00f3l \u00e9s szolg\u00e1ltat\u00e1sokr\u00f3l. Keresd a fot\u00f3sokat,<\/a> A Dolomitok \u2013 UNESCO Vil\u00e1g\u00f6r\u00f6ks\u00e9g<\/p>\n<h4>1. <strong>A Dolomitok impoz\u00e1ns cs\u00facsaival \u00e9s fest\u0151i v\u00f6lgyeivel az egyik legelb\u0171v\u00f6l\u0151bb helysz\u00ednt jelentik egy hegyi esk\u00fcv\u0151h\u00f6z. Olyan helysz\u00ednek, mint<\/strong><\/h4>\n<p>Cortina d\u2019Ampezzo <strong>Val Gardena<\/strong>, <strong>San Martino di Castrozza<\/strong> \u00e9s <strong>l\u00e9legzetel\u00e1ll\u00edt\u00f3 panor\u00e1m\u00e1kat \u00e9s magas sz\u00ednvonal\u00fa szolg\u00e1ltat\u00e1sokat k\u00edn\u00e1lnak exkluz\u00edv esk\u00fcv\u0151k sz\u00e1m\u00e1ra.<\/strong> Esk\u00fcv\u0151 Mened\u00e9kh\u00e1zban:<\/p>\n<ul>\n<li><strong>Egy autentikus \u00e9s k\u00f6tetlen esk\u00fcv\u0151h\u00f6z a Dolomitok hegyi mened\u00e9kh\u00e1zai egyedi helysz\u00edneket k\u00edn\u00e1lnak, t\u00f6k\u00e9letesek azoknak, akik \u00e9rintetlen term\u00e9szet k\u00f6zepette szeretn\u00e9k megtartani az esk\u00fcv\u0151t.<\/strong> Alpesi Templomok:<\/li>\n<li><strong>A Dolomitokban tal\u00e1lhat\u00f3 sok kis fa alpesi templom t\u00f6k\u00e9letes intim \u00e9s leny\u0171g\u00f6z\u0151 cerem\u00f3ni\u00e1khoz. A templomok s\u00f6t\u00e9t f\u00e1ja \u00e9s a hegyek vil\u00e1gos f\u00e9nye k\u00f6z\u00f6tti kontraszt egyed\u00fcl\u00e1ll\u00f3 l\u00e9gk\u00f6rt teremt.<\/strong> Aosta-v\u00f6lgy \u2013 Kast\u00e9lyok \u00e9s Impoz\u00e1ns Hegyek K\u00f6z\u00f6tt<\/li>\n<\/ul>\n<h4>2. <strong>Valle d\u2019Aosta \u2013 Tra Castelli e Montagne Imponenti<\/strong><\/h4>\n<p>Aosta-v\u00f6lgy egy h\u00edres r\u00e9gi\u00f3 alpesi sz\u00e9ps\u00e9g\u00e9r\u0151l \u00e9s Olaszorsz\u00e1g legszebb kast\u00e9lyainak jelenl\u00e9t\u00e9r\u0151l. Az impoz\u00e1ns cs\u00facsok, mint a <strong>Mont Blanc<\/strong> \u00e9s a <strong>Matterhorn<\/strong> leny\u0171g\u00f6z\u0151 h\u00e1tteret ny\u00fajtanak egy esk\u00fcv\u0151h\u00f6z.<\/p>\n<ul>\n<li><strong>Esk\u00fcv\u0151 a kast\u00e9lyokban:<\/strong> Il <strong>Fenis kast\u00e9ly<\/strong> vagy a <strong>Issogne kast\u00e9ly<\/strong> mes\u00e9s helysz\u00ednek, ahol nagyszer\u0171 st\u00edlusban \u00fcnnepelheted az esk\u00fcv\u0151det. Ezek a t\u00f6rt\u00e9nelmi kast\u00e9lyok, melyeket hegyek vesznek k\u00f6r\u00fcl, eleganci\u00e1t \u00e9s mesebeli hangulatot k\u00edn\u00e1lnak.<\/li>\n<li><strong>Exkluz\u00edv helysz\u00ednek:<\/strong> Luxus esk\u00fcv\u0151h\u00f6z olyan helysz\u00ednek, mint <strong>Courmayeur<\/strong> \u00e9s <strong>La Thuile<\/strong> magas sz\u00ednvonal\u00fa l\u00e9tes\u00edtm\u00e9nyeket k\u00edn\u00e1lnak, t\u00f6k\u00e9letesek nemzetk\u00f6zi vend\u00e9gek fogad\u00e1s\u00e1ra \u00e9s esk\u00fcv\u0151k \u00fcnnepl\u00e9s\u00e9re. <a href=\"https:\/\/chiarabevents.com\/hu\/trendek-es-stilusok\/eskuvo-cefaluban-a-tokeletes-keret-a-sziciliai-eskuvokhoz\/\">esk\u00fcv\u0151d<\/a>.<\/li>\n<\/ul>\n<h4>3. <strong>D\u00e9l-Tirol \u2013 Term\u00e9szet \u00e9s hagyom\u00e1ny<\/strong><\/h4>\n<p>D\u00e9l-Tirol h\u00edres az alpesi hagyom\u00e1nyok \u00e9s az olasz kult\u00fara kombin\u00e1ci\u00f3j\u00e1r\u00f3l. Itt a buja term\u00e9szet \u00e9s a helyi hagyom\u00e1nyok t\u00f6k\u00e9letesen egyes\u00fclnek, ide\u00e1lis keretet ny\u00fajtva azoknak, akik autentikus \u00e9s romantikus esk\u00fcv\u0151t keresnek.<\/p>\n<ul>\n<li><strong>K\u00f6z\u00e9pkori kast\u00e9lyok \u00e9s t\u00f6rt\u00e9nelmi rezidenci\u00e1k:<\/strong> Il <strong>Toblino kast\u00e9ly<\/strong> \u00e9s a <strong>Thun kast\u00e9ly<\/strong> t\u00f6k\u00e9letes p\u00e9ld\u00e1i a hegyek z\u00f6ldj\u00e9be \u00e1gyazott t\u00f6rt\u00e9nelmi helysz\u00edneknek. Ezek a helyek bens\u0151s\u00e9ges \u00e9s kifinomult l\u00e9gk\u00f6rt k\u00edn\u00e1lnak, ide\u00e1lisak eleg\u00e1ns esk\u00fcv\u0151k sz\u00e1m\u00e1ra.<\/li>\n<li><strong>Hegyi Fah\u00e1zak:<\/strong> Ha ink\u00e1bb rusztikus st\u00edlus\u00fa esk\u00fcv\u0151t szeretn\u00e9l, a hegyi fah\u00e1zak bar\u00e1ts\u00e1gos k\u00f6rnyezetet biztos\u00edtanak, t\u00f6k\u00e9letesek egy bens\u0151s\u00e9ges esem\u00e9nyhez, term\u00e9szet ihlette r\u00e9szletekkel.<\/li>\n<\/ul>\n<h4>4. <strong>Com\u00f3i-t\u00f3 \u2013 hegyek \u00e9s t\u00f3ra n\u00e9z\u0151 kil\u00e1t\u00e1s<\/strong><\/h4>\n<p>Ha a hegyeket a t\u00f3ra ny\u00edl\u00f3 kil\u00e1t\u00e1ssal szeretn\u00e9d \u00f6tv\u00f6zni, a <strong>Com\u00f3i-t\u00f3 <a href=\"https:\/\/chiarabevents.com\/hu\/eskuvo-a-comoi-tonal-elegans-es-kifinomult-destination-wedding-a-chiarab-events-szervezeseben\/\">k\u00f6rny\u00e9k\u00e9n, v\u00e1gyott c\u00e9lpont azok sz\u00e1m\u00e1ra, akik mes\u00e9s esk\u00fcv\u0151r\u0151l \u00e1lmodnak. A z\u00f6ldbe mer\u00fclve \u00e9s a t\u00f3 csillog\u00f3 vizei \u00e1ltal k\u00f6r\u00fclv\u00e9ve ez a t\u00f6rt\u00e9nelmi villa egyed\u00fcl\u00e1ll\u00f3 k\u00f6rnyezetet k\u00edn\u00e1l egy felejthetetlen esk\u00fcv\u0151h\u00f6z. Ak\u00e1r egy intim esk\u00fcv\u0151t, ak\u00e1r egy pomp\u00e1s \u00fcnneps\u00e9get tervezel, a Villa Sola Cabiatiban val\u00f3 h\u00e1zass\u00e1g luxus, elegancia \u00e9s olasz hagyom\u00e1nyok vil\u00e1g\u00e1ba mer\u00edt.<\/a><\/strong> egy rendk\u00edv\u00fcli \u00fati c\u00e9l. Ez a romantikus hely az Alpok keret\u00e9ben tal\u00e1lhat\u00f3, \u00e9s panor\u00e1m\u00e1t k\u00edn\u00e1l, amely a k\u00e9t vil\u00e1g legjav\u00e1t egyes\u00edti.<\/p>\n<ul>\n<li><strong>T\u00f6rt\u00e9nelmi Vill\u00e1k:<\/strong> Vill\u00e1k, mint a <strong>Balbianello villa<\/strong> \u00e9s <strong>Villa Carlotta<\/strong> l\u00e1tv\u00e1nyos kerteket k\u00edn\u00e1lnak kil\u00e1t\u00e1ssal a t\u00f3ra \u00e9s a k\u00f6rnyez\u0151 hegyekre. Ezek a helysz\u00ednek t\u00f6k\u00e9letesek azok sz\u00e1m\u00e1ra, akik egy luxus esk\u00fcv\u0151t szeretn\u00e9nek egy egyed\u00fcl\u00e1ll\u00f3 term\u00e9szeti k\u00f6rnyezetben.<\/li>\n<li><strong>Esk\u00fcv\u0151 haj\u00f3n:<\/strong> A cerem\u00f3nia ut\u00e1n meglepheted vend\u00e9geidet egy priv\u00e1t t\u00f3 k\u00f6r\u00fcli haj\u00f3kir\u00e1ndul\u00e1ssal, amely lehet\u0151s\u00e9get ad sz\u00e1mukra, hogy a hegyi panor\u00e1m\u00e1t m\u00e1s n\u00e9z\u0151pontb\u00f3l csod\u00e1lhass\u00e1k meg.<\/li>\n<\/ul>\n<h3>Dekor\u00e1ci\u00f3k \u00e9s berendez\u00e9sek hegyi esk\u00fcv\u0151h\u00f6z<\/h3>\n<p>A hegyi esk\u00fcv\u0151 dekor\u00e1ci\u00f3inak harmoniz\u00e1lniuk kell a k\u00f6rnyez\u0151 term\u00e9szet sz\u00e9ps\u00e9g\u00e9vel. \u00cdme n\u00e9h\u00e1ny \u00f6tlet egy egyedi \u00e9s hangulatos l\u00e9gk\u00f6r megteremt\u00e9s\u00e9hez.<\/p>\n<p><strong>F\u0151bb pontok:<\/strong><\/p>\n<ul>\n<li><strong>Eleg\u00e1ns rusztikus st\u00edlus:<\/strong> Haszn\u00e1lj term\u00e9szetes anyagokat, mint a fa, k\u0151 \u00e9s gyapj\u00fa, hogy meleg \u00e9s bar\u00e1ts\u00e1gos l\u00e9gk\u00f6rt teremts. Durva fa asztalok, gyerty\u00e1k \u00e9s l\u00e1mp\u00e1sok hozz\u00e1adhatnak egy rusztikus elegancia \u00e9rzet\u00e9t.<\/li>\n<li><strong>Term\u00e9szetes sz\u00ednpaletta:<\/strong> V\u00e1lassz egy sz\u00ednpalett\u00e1t, amely a hegyi term\u00e9szetb\u0151l mer\u00edt, mint az erdei z\u00f6ld, szikla sz\u00fcrke, f\u00f6ldbarna \u00e9s h\u00f3feh\u00e9r. Ezek a sz\u00ednek t\u00f6k\u00e9letesen illeszkednek a hegyi t\u00e1jhoz.<\/li>\n<li><strong>Hegyi vir\u00e1gok:<\/strong> Haszn\u00e1lj helyi vir\u00e1gokat, mint a havasi gyop\u00e1r, bog\u00e1ncs \u00e9s bogl\u00e1rka az asztald\u00edszekhez \u00e9s csokrokhoz. Ezek a vir\u00e1gok, amelyek a hegyi ter\u00fcletekre jellemz\u0151ek, autentikus \u00e9s term\u00e9szetes hangulatot k\u00f6lcs\u00f6n\u00f6znek a dekor\u00e1ci\u00f3nak.<\/li>\n<\/ul>\n<h3>\u00d6lt\u00f6zet hegyi esk\u00fcv\u0151h\u00f6z<\/h3>\n<p>A hegyi esk\u00fcv\u0151 ruh\u00e1zat\u00e1nak figyelembe kell vennie az \u00e9ghajlatot \u00e9s a term\u00e9szetes k\u00f6rnyezetet, an\u00e9lk\u00fcl, hogy feladn\u00e1 a st\u00edlust.<\/p>\n<p><strong>F\u0151bb pontok:<\/strong><\/p>\n<ul>\n<li><strong>T\u00e9li menyasszonyi ruh\u00e1k:<\/strong> Ha t\u00e9len h\u00e1zasodsz, v\u00e1lassz neh\u00e9z anyagokb\u00f3l k\u00e9sz\u00fclt menyasszonyi ruh\u00e1t, mint a b\u00e1rsony vagy mik\u00e1d\u00f3. Adj hozz\u00e1 kieg\u00e9sz\u00edt\u0151ket, mint gyapj\u00fa st\u00f3l\u00e1k vagy m\u0171sz\u0151rme, hogy meleg \u00e9s st\u00edlusos maradj.<\/li>\n<li><strong>Eleg\u00e1ns hegyi cip\u0151k:<\/strong> A menyasszony sz\u00e1m\u00e1ra a hegyi cip\u0151ket eleg\u00e1nsabb\u00e1 teheted \u00e9rt\u00e9kes r\u00e9szletek hozz\u00e1ad\u00e1s\u00e1val. Fontold meg divatos bokacsizm\u00e1k visel\u00e9s\u00e9t, amelyek talpa alkalmas a neh\u00e9z terepre, h\u00edmz\u00e9sekkel vagy csipk\u00e9kkel d\u00edsz\u00edtve.<\/li>\n<li><strong>V\u0151leg\u00e9ny \u00f6lt\u00f6ny\u00f6k:<\/strong> A v\u0151leg\u00e9ny is v\u00e1laszthat nehezebb, melegebb anyagokat, mint a gyapj\u00fa vagy tweed. S\u00f6t\u00e9t sz\u00edn\u0171 \u00f6lt\u00f6ny\u00f6k, mint az \u00e9jszakai k\u00e9k vagy erdei z\u00f6ld, t\u00f6k\u00e9letesen illenek egy hegyi esk\u00fcv\u0151h\u00f6z.<\/li>\n<\/ul>\n<h3>Catering \u00e9s men\u00fc hegyi esk\u00fcv\u0151h\u00f6z<\/h3>\n<p>Az \u00e9tel minden esk\u00fcv\u0151 alapvet\u0151 r\u00e9sze, \u00e9s a hegyekben kihaszn\u00e1lhatod a helyi konyh\u00e1t, hogy egyed\u00fcl\u00e1ll\u00f3 gasztron\u00f3miai \u00e9lm\u00e9nyt teremts.<\/p>\n<p><strong>F\u0151bb pontok:<\/strong><\/p>\n<ul>\n<li><strong>Hegyi \u00e9telek:<\/strong> A hegyi r\u00e9gi\u00f3k jellegzetes \u00e9telei, mint a kn\u00e9dli, polenta, helyi sajtok \u00e9s grillezett h\u00fasok, t\u00f6k\u00e9letesek egy hagyom\u00e1nyos \u00edzeket \u00fcnnepl\u0151 lakom\u00e1hoz. V\u00e1lassz olyan men\u00fct, amely kiemeli a helyi \u00e9s szezon\u00e1lis term\u00e9keket.<\/li>\n<li><strong>Meleg Italok:<\/strong> T\u00e9li esk\u00fcv\u0151n k\u00edn\u00e1lj vend\u00e9geidnek meleg italokat, mint a forralt bor, forr\u00f3 csokol\u00e1d\u00e9 vagy f\u0171szeres tea. Ezek az italok bar\u00e1ts\u00e1gos l\u00e9gk\u00f6rt teremtenek, \u00e9s t\u00f6k\u00e9letesek a szabadt\u00e9ri \u00fcnnepl\u00e9s k\u00f6zbeni felmeleged\u00e9shez.<\/li>\n<li><strong>Hegyi Esk\u00fcv\u0151i Torta:<\/strong> Az esk\u00fcv\u0151i torta d\u00edsz\u00edthet\u0151 term\u00e9szetes elemekkel, mint p\u00e9ld\u00e1ul tobozokkal, bogy\u00f3kkal vagy feny\u0151\u00e1gakkal, utalva a hegyi t\u00e9m\u00e1ra. V\u00e1lassz meleg, t\u00e9li \u00edzeket, mint a s\u00f6t\u00e9t csokol\u00e1d\u00e9 vagy gesztenyekr\u00e9m.<\/li>\n<\/ul>\n<h3>Fot\u00f3z\u00e1s \u00e9s Vide\u00f3<\/h3>\n<p>A hegyek leny\u0171g\u00f6z\u0151 h\u00e1tteret ny\u00fajtanak az esk\u00fcv\u0151i fot\u00f3khoz. \u00cdgy haszn\u00e1lhatod ki a term\u00e9szetes k\u00f6rnyezetet a legszebb pillanatok meg\u00f6r\u00f6k\u00edt\u00e9s\u00e9hez.<\/p>\n<p><strong>F\u0151bb pontok:<\/strong><\/p>\n<ul>\n<li><strong>Naplement\u00e9s Fot\u00f3k:<\/strong> A hegyek l\u00e9legzetel\u00e1ll\u00edt\u00f3 naplement\u00e9ket k\u00edn\u00e1lnak, ide\u00e1lisak romantikus \u00e9s hangulatos k\u00e9pekhez. Tervezd meg a fot\u00f3z\u00e1st naplementekor, hogy meleg, arany f\u00e9ny\u0171 k\u00e9peket kapj.<\/li>\n<li><strong>\u0150szinte Fot\u00f3z\u00e1s:<\/strong> A spont\u00e1n pillanatok meg\u00f6r\u00f6k\u00edt\u00e9se a h\u00f3ban vagy az erd\u0151ben hiteless\u00e9get adhat az esk\u00fcv\u0151i albumodnak. Az \u0151szinte fot\u00f3k, amelyek megragadj\u00e1k a pillanat \u00e9rzelmeit, t\u00f6k\u00e9letesek egy term\u00e9szetes, hegyi k\u00f6rnyezetben.<\/li>\n<li><strong>Dr\u00f3nfelv\u00e9telek:<\/strong> A dr\u00f3nnal k\u00e9sz\u00fclt l\u00e9gifelv\u00e9telek ide\u00e1lisak a hegyek sz\u00e9ps\u00e9g\u00e9nek meg\u00f6r\u00f6k\u00edt\u00e9s\u00e9re. Egy dr\u00f3nvide\u00f3 bemutathatja a helysz\u00edn nagyszer\u0171s\u00e9g\u00e9t fel\u00fclr\u0151l, l\u00e1tv\u00e1nyos elemet adva az esk\u00fcv\u0151i filmedhez.<\/li>\n<\/ul>\n<h3>, id\u0151tlen sz\u00e9ps\u00e9g\u00e9vel, l\u00e9legzetel\u00e1ll\u00edt\u00f3 panor\u00e1m\u00e1j\u00e1val \u00e9s p\u00e1ratlan luxus\u00e1val ide\u00e1lis v\u00e1laszt\u00e1s azok sz\u00e1m\u00e1ra, akik egy<\/h3>\n<p>Hegyi esk\u00fcv\u0151 t\u00f6k\u00e9letes v\u00e1laszt\u00e1s azoknak, akik term\u00e9szet k\u00f6zeli, v\u00e1rosi zajt\u00f3l t\u00e1voli, intim \u00e9s romantikus l\u00e9gk\u00f6r\u0171 esk\u00fcv\u0151t szeretn\u00e9nek. Az olaszorsz\u00e1gi magashegyi helysz\u00ednek l\u00e9legzetel\u00e1ll\u00edt\u00f3 t\u00e1jakat, egyedi helysz\u00edneket \u00e9s kiv\u00e1l\u00f3 szolg\u00e1ltat\u00e1sokat k\u00edn\u00e1lnak, hogy az esk\u00fcv\u0151 napja felejthetetlen legyen. Hogy minden t\u00f6k\u00e9letes legyen, b\u00edzhatsz egy <a href=\"https:\/\/chiarabevents.com\/hu\/\">esk\u00fcv\u0151szervez\u0151<\/a> szakemberre, mint p\u00e9ld\u00e1ul <strong>-re b\u00edzni a szervez\u00e9st, nagy k\u00fcl\u00f6nbs\u00e9get jelenthet. Tapasztalatuknak \u00e9s a luxus t\u00f6rt\u00e9nelmi helysz\u00ednek szervez\u00e9si dinamik\u00e1inak ismeret\u00e9nek k\u00f6sz\u00f6nhet\u0151en a<\/strong>, aki val\u00f3ra v\u00e1ltja az elk\u00e9pzel\u00e9seidet. Tov\u00e1bbi inform\u00e1ci\u00f3k\u00e9rt l\u00e1togass el a hivatalos oldalra <a href=\"https:\/\/chiarabevents.com\/hu\/\" target=\"_new\" rel=\"noopener\">-re b\u00edzni a szervez\u00e9st, nagy k\u00fcl\u00f6nbs\u00e9get jelenthet. Tapasztalatuknak \u00e9s a luxus t\u00f6rt\u00e9nelmi helysz\u00ednek szervez\u00e9si dinamik\u00e1inak ismeret\u00e9nek k\u00f6sz\u00f6nhet\u0151en a<\/a>.<\/p>\n<h3>GYIK<\/h3>\n<p><strong>Mikor a legjobb id\u0151pont hegyi esk\u00fcv\u0151re?<\/strong> Az ide\u00e1lis id\u0151szak az \u00e1ltalad k\u00edv\u00e1nt hangulatt\u00f3l f\u00fcgg. Ha h\u00f3val bor\u00edtott esk\u00fcv\u0151r\u0151l \u00e1lmodsz, a t\u00e9li h\u00f3napok t\u00f6k\u00e9letesek. Ha ink\u00e1bb z\u00f6ld \u00e9s vir\u00e1gz\u00f3 term\u00e9szetet szeretn\u00e9l, a ny\u00e1r \u00e9s az \u0151sz eleje a legjobb id\u0151szak.<\/p>\n<p><strong>Mennyibe ker\u00fcl egy hegyi esk\u00fcv\u0151 megszervez\u00e9se?<\/strong> A k\u00f6lts\u00e9gek a helysz\u00ednt\u0151l, a vend\u00e9gek sz\u00e1m\u00e1t\u00f3l \u00e9s a v\u00e1lasztott szolg\u00e1ltat\u00e1sokt\u00f3l f\u00fcgg\u0151en v\u00e1ltoznak. Azonban a hegyi helysz\u00ednek minden p\u00e9nzt\u00e1rc\u00e1hoz k\u00edn\u00e1lnak megold\u00e1sokat, a rusztikus mened\u00e9kh\u00e1zakt\u00f3l a luxus helysz\u00ednekig.<\/p>","protected":false},"featured_media":8089,"template":"","class_list":["post-11206","tendenze-e-stili","type-tendenze-e-stili","status-publish","has-post-thumbnail","hentry"],"yoast_head":"<!-- This site is optimized with the Yoast SEO Premium plugin v21.8 (Yoast SEO v27.3) - https:\/\/yoast.com\/product\/yoast-seo-premium-wordpress\/ -->\n<title>Sposarsi in Montagna: Le Migliori Destinazioni - ChiaraB Events Wedding Planner<\/title>\n<meta name=\"description\" content=\"Sposarsi in montagna \u00e8 la scelta perfetta per le coppie che desiderano un matrimonio romantico e suggestivo\" \/>\n<meta name=\"robots\" content=\"index, follow, max-snippet:-1, max-image-preview:large, max-video-preview:-1\" \/>\n<link rel=\"canonical\" href=\"https:\/\/chiarabevents.com\/hu\/trendek-es-stilusok\/hegyi-eskuvo-a-legjobb-uti-celok\/\" \/>\n<meta property=\"og:locale\" content=\"hu_HU\" \/>\n<meta property=\"og:type\" content=\"article\" \/>\n<meta property=\"og:title\" content=\"Sposarsi in Montagna: Le Migliori Destinazioni\" \/>\n<meta property=\"og:description\" content=\"Sposarsi in montagna \u00e8 la scelta perfetta per le coppie che desiderano un matrimonio romantico e suggestivo\" \/>\n<meta property=\"og:url\" content=\"https:\/\/chiarabevents.com\/hu\/trendek-es-stilusok\/hegyi-eskuvo-a-legjobb-uti-celok\/\" \/>\n<meta property=\"og:site_name\" content=\"ChiaraB Events Wedding Planner\" \/>\n<meta property=\"article:publisher\" content=\"https:\/\/www.facebook.com\/chiarabevent\" \/>\n<meta property=\"og:image\" content=\"https:\/\/chiarabevents.com\/wp-content\/uploads\/2024\/05\/destination-wedding-scaled.jpg\" \/>\n\t<meta property=\"og:image:width\" content=\"2100\" \/>\n\t<meta property=\"og:image:height\" content=\"1400\" \/>\n\t<meta property=\"og:image:type\" content=\"image\/jpeg\" \/>\n<meta name=\"twitter:card\" content=\"summary_large_image\" \/>\n<meta name=\"twitter:label1\" content=\"Est. reading time\" \/>\n\t<meta name=\"twitter:data1\" content=\"8 minutes\" \/>\n<script type=\"application\/ld+json\" class=\"yoast-schema-graph\">{\"@context\":\"https:\\\/\\\/schema.org\",\"@graph\":[{\"@type\":\"WebPage\",\"@id\":\"https:\\\/\\\/chiarabevents.com\\\/en\\\/trends-and-styles\\\/getting-married-in-the-mountains-the-best-destinations\\\/\",\"url\":\"https:\\\/\\\/chiarabevents.com\\\/en\\\/trends-and-styles\\\/getting-married-in-the-mountains-the-best-destinations\\\/\",\"name\":\"Sposarsi in Montagna: Le Migliori Destinazioni - ChiaraB Events Wedding Planner\",\"isPartOf\":{\"@id\":\"https:\\\/\\\/chiarabevents.com\\\/#website\"},\"primaryImageOfPage\":{\"@id\":\"https:\\\/\\\/chiarabevents.com\\\/en\\\/trends-and-styles\\\/getting-married-in-the-mountains-the-best-destinations\\\/#primaryimage\"},\"image\":{\"@id\":\"https:\\\/\\\/chiarabevents.com\\\/en\\\/trends-and-styles\\\/getting-married-in-the-mountains-the-best-destinations\\\/#primaryimage\"},\"thumbnailUrl\":\"https:\\\/\\\/chiarabevents.com\\\/wp-content\\\/uploads\\\/2024\\\/05\\\/destination-wedding-scaled.jpg\",\"datePublished\":\"2024-09-04T13:19:00+00:00\",\"description\":\"Sposarsi in montagna \u00e8 la scelta perfetta per le coppie che desiderano un matrimonio romantico e suggestivo\",\"breadcrumb\":{\"@id\":\"https:\\\/\\\/chiarabevents.com\\\/en\\\/trends-and-styles\\\/getting-married-in-the-mountains-the-best-destinations\\\/#breadcrumb\"},\"inLanguage\":\"hu-HU\",\"potentialAction\":[{\"@type\":\"ReadAction\",\"target\":[\"https:\\\/\\\/chiarabevents.com\\\/en\\\/trends-and-styles\\\/getting-married-in-the-mountains-the-best-destinations\\\/\"]}]},{\"@type\":\"ImageObject\",\"inLanguage\":\"hu-HU\",\"@id\":\"https:\\\/\\\/chiarabevents.com\\\/en\\\/trends-and-styles\\\/getting-married-in-the-mountains-the-best-destinations\\\/#primaryimage\",\"url\":\"https:\\\/\\\/chiarabevents.com\\\/wp-content\\\/uploads\\\/2024\\\/05\\\/destination-wedding-scaled.jpg\",\"contentUrl\":\"https:\\\/\\\/chiarabevents.com\\\/wp-content\\\/uploads\\\/2024\\\/05\\\/destination-wedding-scaled.jpg\",\"width\":2100,\"height\":1400,\"caption\":\"Groom and bride embrace while standing on the observation deck above the island of Sveti Stefan. Montenegro. Drone. High quality photo\"},{\"@type\":\"BreadcrumbList\",\"@id\":\"https:\\\/\\\/chiarabevents.com\\\/en\\\/trends-and-styles\\\/getting-married-in-the-mountains-the-best-destinations\\\/#breadcrumb\",\"itemListElement\":[{\"@type\":\"ListItem\",\"position\":1,\"name\":\"Home\",\"item\":\"https:\\\/\\\/chiarabevents.com\\\/\"},{\"@type\":\"ListItem\",\"position\":2,\"name\":\"Sposarsi in Montagna: Le Migliori Destinazioni\"}]},{\"@type\":\"WebSite\",\"@id\":\"https:\\\/\\\/chiarabevents.com\\\/#website\",\"url\":\"https:\\\/\\\/chiarabevents.com\\\/\",\"name\":\"ChiaraB Events Wedding Planner\",\"description\":\"Un meraviglioso percorso fatto insieme\",\"publisher\":{\"@id\":\"https:\\\/\\\/chiarabevents.com\\\/#organization\"},\"potentialAction\":[{\"@type\":\"SearchAction\",\"target\":{\"@type\":\"EntryPoint\",\"urlTemplate\":\"https:\\\/\\\/chiarabevents.com\\\/?s={search_term_string}\"},\"query-input\":{\"@type\":\"PropertyValueSpecification\",\"valueRequired\":true,\"valueName\":\"search_term_string\"}}],\"inLanguage\":\"hu-HU\"},{\"@type\":\"Organization\",\"@id\":\"https:\\\/\\\/chiarabevents.com\\\/#organization\",\"name\":\"ChiaraB Events Wedding Planner\",\"url\":\"https:\\\/\\\/chiarabevents.com\\\/\",\"logo\":{\"@type\":\"ImageObject\",\"inLanguage\":\"hu-HU\",\"@id\":\"https:\\\/\\\/chiarabevents.com\\\/#\\\/schema\\\/logo\\\/image\\\/\",\"url\":\"https:\\\/\\\/chiarabevents.com\\\/wp-content\\\/uploads\\\/2023\\\/12\\\/cropped-Monogramma_chiarab.png\",\"contentUrl\":\"https:\\\/\\\/chiarabevents.com\\\/wp-content\\\/uploads\\\/2023\\\/12\\\/cropped-Monogramma_chiarab.png\",\"width\":512,\"height\":512,\"caption\":\"ChiaraB Events Wedding Planner\"},\"image\":{\"@id\":\"https:\\\/\\\/chiarabevents.com\\\/#\\\/schema\\\/logo\\\/image\\\/\"},\"sameAs\":[\"https:\\\/\\\/www.facebook.com\\\/chiarabevent\",\"https:\\\/\\\/www.instagram.com\\\/chiarab_events\\\/\"]}]}<\/script>\n<!-- \/ Yoast SEO Premium plugin. -->","yoast_head_json":{"title":"Hegyi Esk\u00fcv\u0151: A Legjobb \u00dati C\u00e9lok - ChiaraB Events Esk\u00fcv\u0151szervez\u0151","description":"Hegyi esk\u00fcv\u0151 a t\u00f6k\u00e9letes v\u00e1laszt\u00e1s azoknak a p\u00e1roknak, akik romantikus \u00e9s hangulatos esk\u00fcv\u0151t szeretn\u00e9nek","robots":{"index":"index","follow":"follow","max-snippet":"max-snippet:-1","max-image-preview":"max-image-preview:large","max-video-preview":"max-video-preview:-1"},"canonical":"https:\/\/chiarabevents.com\/hu\/trendek-es-stilusok\/hegyi-eskuvo-a-legjobb-uti-celok\/","og_locale":"hu_HU","og_type":"article","og_title":"Sposarsi in Montagna: Le Migliori Destinazioni","og_description":"Sposarsi in montagna \u00e8 la scelta perfetta per le coppie che desiderano un matrimonio romantico e suggestivo","og_url":"https:\/\/chiarabevents.com\/hu\/trendek-es-stilusok\/hegyi-eskuvo-a-legjobb-uti-celok\/","og_site_name":"ChiaraB Events Wedding Planner","article_publisher":"https:\/\/www.facebook.com\/chiarabevent","og_image":[{"width":2100,"height":1400,"url":"https:\/\/chiarabevents.com\/wp-content\/uploads\/2024\/05\/destination-wedding-scaled.jpg","type":"image\/jpeg"}],"twitter_card":"summary_large_image","twitter_misc":{"Est. reading time":"8 minutes"},"schema":{"@context":"https:\/\/schema.org","@graph":[{"@type":"WebPage","@id":"https:\/\/chiarabevents.com\/en\/trends-and-styles\/getting-married-in-the-mountains-the-best-destinations\/","url":"https:\/\/chiarabevents.com\/en\/trends-and-styles\/getting-married-in-the-mountains-the-best-destinations\/","name":"Hegyi Esk\u00fcv\u0151: A Legjobb \u00dati C\u00e9lok - ChiaraB Events Esk\u00fcv\u0151szervez\u0151","isPartOf":{"@id":"https:\/\/chiarabevents.com\/#website"},"primaryImageOfPage":{"@id":"https:\/\/chiarabevents.com\/en\/trends-and-styles\/getting-married-in-the-mountains-the-best-destinations\/#primaryimage"},"image":{"@id":"https:\/\/chiarabevents.com\/en\/trends-and-styles\/getting-married-in-the-mountains-the-best-destinations\/#primaryimage"},"thumbnailUrl":"https:\/\/chiarabevents.com\/wp-content\/uploads\/2024\/05\/destination-wedding-scaled.jpg","datePublished":"2024-09-04T13:19:00+00:00","description":"Hegyi esk\u00fcv\u0151 a t\u00f6k\u00e9letes v\u00e1laszt\u00e1s azoknak a p\u00e1roknak, akik romantikus \u00e9s hangulatos esk\u00fcv\u0151t szeretn\u00e9nek","breadcrumb":{"@id":"https:\/\/chiarabevents.com\/en\/trends-and-styles\/getting-married-in-the-mountains-the-best-destinations\/#breadcrumb"},"inLanguage":"hu-HU","potentialAction":[{"@type":"ReadAction","target":["https:\/\/chiarabevents.com\/en\/trends-and-styles\/getting-married-in-the-mountains-the-best-destinations\/"]}]},{"@type":"ImageObject","inLanguage":"hu-HU","@id":"https:\/\/chiarabevents.com\/en\/trends-and-styles\/getting-married-in-the-mountains-the-best-destinations\/#primaryimage","url":"https:\/\/chiarabevents.com\/wp-content\/uploads\/2024\/05\/destination-wedding-scaled.jpg","contentUrl":"https:\/\/chiarabevents.com\/wp-content\/uploads\/2024\/05\/destination-wedding-scaled.jpg","width":2100,"height":1400,"caption":"Groom and bride embrace while standing on the observation deck above the island of Sveti Stefan. Montenegro. Drone. High quality photo"},{"@type":"BreadcrumbList","@id":"https:\/\/chiarabevents.com\/en\/trends-and-styles\/getting-married-in-the-mountains-the-best-destinations\/#breadcrumb","itemListElement":[{"@type":"ListItem","position":1,"name":"Home","item":"https:\/\/chiarabevents.com\/"},{"@type":"ListItem","position":2,"name":"Sposarsi in Montagna: Le Migliori Destinazioni"}]},{"@type":"WebSite","@id":"https:\/\/chiarabevents.com\/#website","url":"https:\/\/chiarabevents.com\/","name":"ChiaraB Esem\u00e9nyek Esk\u00fcv\u0151szervez\u0151","description":"Egy csod\u00e1latos \u00fat egy\u00fctt megt\u00e9ve","publisher":{"@id":"https:\/\/chiarabevents.com\/#organization"},"potentialAction":[{"@type":"SearchAction","target":{"@type":"EntryPoint","urlTemplate":"https:\/\/chiarabevents.com\/?s={search_term_string}"},"query-input":{"@type":"PropertyValueSpecification","valueRequired":true,"valueName":"search_term_string"}}],"inLanguage":"hu-HU"},{"@type":"Organization","@id":"https:\/\/chiarabevents.com\/#organization","name":"ChiaraB Esem\u00e9nyek Esk\u00fcv\u0151szervez\u0151","url":"https:\/\/chiarabevents.com\/","logo":{"@type":"ImageObject","inLanguage":"hu-HU","@id":"https:\/\/chiarabevents.com\/#\/schema\/logo\/image\/","url":"https:\/\/chiarabevents.com\/wp-content\/uploads\/2023\/12\/cropped-Monogramma_chiarab.png","contentUrl":"https:\/\/chiarabevents.com\/wp-content\/uploads\/2023\/12\/cropped-Monogramma_chiarab.png","width":512,"height":512,"caption":"ChiaraB Events Wedding Planner"},"image":{"@id":"https:\/\/chiarabevents.com\/#\/schema\/logo\/image\/"},"sameAs":["https:\/\/www.facebook.com\/chiarabevent","https:\/\/www.instagram.com\/chiarab_events\/"]}]}},"_links":{"self":[{"href":"https:\/\/chiarabevents.com\/hu\/wp-json\/wp\/v2\/tendenze-e-stili\/11206","targetHints":{"allow":["GET"]}}],"collection":[{"href":"https:\/\/chiarabevents.com\/hu\/wp-json\/wp\/v2\/tendenze-e-stili"}],"about":[{"href":"https:\/\/chiarabevents.com\/hu\/wp-json\/wp\/v2\/types\/tendenze-e-stili"}],"version-history":[{"count":0,"href":"https:\/\/chiarabevents.com\/hu\/wp-json\/wp\/v2\/tendenze-e-stili\/11206\/revisions"}],"wp:featuredmedia":[{"embeddable":true,"href":"https:\/\/chiarabevents.com\/hu\/wp-json\/wp\/v2\/media\/8089"}],"wp:attachment":[{"href":"https:\/\/chiarabevents.com\/hu\/wp-json\/wp\/v2\/media?parent=11206"}],"curies":[{"name":"wp","href":"https:\/\/api.w.org\/{rel}","templated":true}]}}